{"id":19783,"date":"2024-02-26T13:30:07","date_gmt":"2024-02-26T12:30:07","guid":{"rendered":"https:\/\/www.swecobelgium.be\/carrieretestpagina\/"},"modified":"2026-02-05T11:17:12","modified_gmt":"2026-02-05T10:17:12","slug":"carriere","status":"publish","type":"page","link":"https:\/\/www.swecobelgium.be\/fr\/carriere\/","title":{"rendered":"Carri\u00e8re"},"content":{"rendered":"<section class=\"block page-intro page-intro--big page-intro--bg bg-darken\" >\n\t\t\t<div class=\"page-intro__layout\" >\n\t\t\t<img width=\"1680\" height=\"800\" src=\"https:\/\/www.swecobelgium.be\/wp-content\/uploads\/sites\/12\/2025\/04\/\u00a9fayepynaert_atwork_leuven__O8A3993052-1680x800.jpg\" class=\"page-intro__bg-img\" alt=\"\" fetchpriority=\"high\" decoding=\"async\" sizes=\"(max-width: 767px) 1080px, 1920px\" \/>\t\t\t<div class=\"block__inner page-intro__inner page-intro__inner--top\">\n\t\t\t\t<div class=\"col--11\">\n\t\t\t\t\t<div class=\"editor-content editor-content--white editor-content--top col--5\">\n\t\t\t\t\t\t<div class=\"editor-content__inner \">\n\t\t\t\t\t\t\t<h1 class=\"h1\">Be the change.<br \/>\nTransform tomorrow<br \/>\nwith us.<\/h1>\n<p class=\"h5\">JOIN OUR COMMUNITY M|V|X<\/p>\n<p>&nbsp;<\/p>\n\t\t\t\t\t\t\t\t\t\t\t\t\t\t<div class=\"buttons-wrapper buttons-wrapper--left\"><a href=\"https:\/\/www.sweco.careers\/belgium\/job\/Postulez-spontan%C3%A9\/157-fr_FR\" target=\"_blank\" class=\"btn btn__primary \">POSTULEZ SPONTAN\u00c9MENT<\/a><a href=\"https:\/\/www.sweco.careers\/belgium\/search\/?locale=fr_FR\" target=\"_blank\" class=\"btn btn__primary \">TOUTES LES OFFRES D&rsquo;EMPLOI<\/a><\/div>\t\t\t\t\t\t<\/div>\n\t\t\t\t\t<\/div>\n\t\t\t\t<\/div>\n\t\t\t<\/div>\n\t\t<\/div>\n\t\n\t\t\n\t<\/section>\n\n<section class=\"block cb block--lightgray\" >\n\t<div class=\"block__inner cb__inner cb__inner--title-block\">\n\t<div class=\"col--11 col--start col--wrapper editor-content\">\n\t\t\t\t\t<div class=\"col col--5\">\n\t\t\t\t<h2 class=\"h2 hyphenate\">Vous souhaitez que votre travail ait un impact positif ? Sweco est fait pour vous.<\/h2>\t\t\t<\/div>\n\t\t\n\t\t\t\t\t<div class=\"col col--4 push--1\">\n\t\t\t\t<p><p>Bienvenue chez Sweco \u2013 chez nous, nous ne nous contentons pas de concevoir des villes, nous travaillons ensemble \u00e0 un nouvel avenir. Gr\u00e2ce \u00e0 nos projets multidisciplinaires ax\u00e9s sur l&rsquo;innovation et la <a href=\"https:\/\/www.swecobelgium.be\/fr\/durabilite\/\">durabilit\u00e9<\/a>, vous pouvez vraiment faire une diff\u00e9rence. Votre talent fa\u00e7onne un monde r\u00e9silient dans lequel tout le monde peut s&rsquo;\u00e9panouir. Rejoignez Sweco et jouez un r\u00f4le cl\u00e9 pour \u00ab\u00a0<em>Transforming society together\u00a0\u00bb<\/em>.<\/p>\n<\/p>\n\t\t\t\t\t\t\t<\/div>\n\t\t\n\t<\/div>\n<\/div><\/section>\n\n\n<section class=\"block block--white grid\" >\n\t<div class=\"block__inner\">\n\t\t<div class=\"col--11 col--wrapper col--stretch\">\n\t\t\t\t\n\t\t\t\n\t\t\t<div class=\"col item item--1-3 col--4\"><a class=\"reset\" href=\"https:\/\/www.sweco.careers\/belgium\/job\/Stage%2C-emploi-saisonnier%2C-emploi-%C3%A9tudiant\/959-fr_FR\" target=\"_blank\"><img loading=\"lazy\" decoding=\"async\" width=\"520\" height=\"296\" src=\"https:\/\/www.swecobelgium.be\/wp-content\/uploads\/sites\/12\/2025\/04\/\u00a9fayepynaert_atwork_leuven__O8A4313_071-520x296.jpg\" class=\"attachment-insights-featured size-insights-featured\" alt=\"\" \/><\/a><div class=\"item__content editor-content\" data-clickable=\"false\"><h3><\/h3><h3>Study &amp; work<\/h3>\n<p>Stagiaire, \u00e9tudiant en emploi ou emploi saisonnier ? Nous consid\u00e9rons cela comme une occasion id\u00e9ale de vous faire d\u00e9couvrir notre entreprise et de vous permettre de d\u00e9couvrir \u00e0 quoi pourrait ressembler votre futur poste.<\/p>\n<div class=\"buttons-wrapper buttons-wrapper--left\"><a href=\"https:\/\/www.sweco.careers\/belgium\/job\/Stage%2C-emploi-saisonnier%2C-emploi-%C3%A9tudiant\/959-fr_FR\" target=\"_blank\" class=\"btn btn__plain \">D\u00e9marrez sur les chapeaux de roue<\/a><\/div><\/div><\/a><\/div><div class=\"col item item--1-3 col--4\"><a class=\"reset\" href=\"https:\/\/www.sweco.careers\/belgium\/job\/Young-Professional\/294-fr_FR\" target=\"_blank\"><img loading=\"lazy\" decoding=\"async\" width=\"520\" height=\"296\" src=\"https:\/\/www.swecobelgium.be\/wp-content\/uploads\/sites\/12\/2025\/04\/\u00a9fayepynaert_atwork_leuven__O8A4166_058-520x296.jpg\" class=\"attachment-insights-featured size-insights-featured\" alt=\"\" \/><\/a><div class=\"item__content editor-content\" data-clickable=\"false\"><h3><\/h3><h3>Young Professional<\/h3>\n<p>Faites vos premiers pas comme stagiaire chez Sweco. Plongez dans des projets pluridisciplinaires, ajoutez des cordes \u00e0 votre arc et \u00e9panouissez-vous dans un environnement passionnant.<\/p>\n<div class=\"buttons-wrapper buttons-wrapper--left\"><a href=\"https:\/\/www.sweco.careers\/belgium\/job\/Young-Professional\/294-fr_FR\" target=\"_blank\" class=\"btn btn__plain \">Sautez le pas<\/a><\/div><\/div><\/a><\/div><div class=\"col item item--1-3 col--4\"><a class=\"reset\" href=\"https:\/\/www.sweco.careers\/belgium\/job\/Postulez-spontan%C3%A9\/157-fr_FR\" target=\"_blank\"><img loading=\"lazy\" decoding=\"async\" width=\"520\" height=\"296\" src=\"https:\/\/www.swecobelgium.be\/wp-content\/uploads\/sites\/12\/2025\/04\/\u00a9fayepynaert_atwork_leuven__O8A3868_049-520x296.jpg\" class=\"attachment-insights-featured size-insights-featured\" alt=\"\" \/><\/a><div class=\"item__content editor-content\" data-clickable=\"false\"><h3><\/h3><h3>Postulez spontan\u00e9<\/h3>\n<p>Voyez-vous une correspondance entre vous et Sweco ? Chez Sweco, nous recherchons toujours des professionnels enthousiastes et exp\u00e9riment\u00e9s.<\/p>\n<div class=\"buttons-wrapper buttons-wrapper--left\"><a href=\"https:\/\/www.sweco.careers\/belgium\/job\/Postulez-spontan%C3%A9\/157-fr_FR\" target=\"_blank\" class=\"btn btn__plain \">Changeons le monde ensemble<\/a><\/div><\/div><\/a><\/div>\t\t\t\n\t\t\t\t\t<\/div>\n\t<\/div>\n<\/section>\n\n\n<section class=\"block cb block--lightgray\" >\n\t<div class=\"block__inner cb__inner cb__inner--one\">\n\t<div class=\"col--12 col--center col--wrapper\">\n\t\t<div class=\"col col--6 editor-content\">\n\t\t\t<h2>Sweco est fier d&rsquo;\u00eatre un Top Employer 2025-2026<\/h2>\n<p>Chez Sweco, tout tourne autour de nos collaborateurs. Nous nous engageons \u00e0 faire grandir votre talent en investissant dans le d\u00e9veloppement personnel, une culture de travail saine et un accueil chaleureux d\u00e8s le premier jour. En tant qu&#8217;employeur certifi\u00e9 et fier Top Employer, nous cr\u00e9ons un environnement de travail inspirant o\u00f9 vous pouvez donner le meilleur de vous-m\u00eame et construire un avenir r\u00e9ussi avec nous.<\/p>\n<p><img loading=\"lazy\" decoding=\"async\" class=\"alignnone wp-image-29789 size-medium\" src=\"https:\/\/www.swecobelgium.be\/wp-content\/uploads\/sites\/12\/2025\/01\/top-employer-belgium-2025-200x93.png\" alt=\"Top \" width=\"200\" height=\"93\" srcset=\"https:\/\/www.swecobelgium.be\/wp-content\/uploads\/sites\/12\/2025\/01\/top-employer-belgium-2025-200x93.png 200w, https:\/\/www.swecobelgium.be\/wp-content\/uploads\/sites\/12\/2025\/01\/top-employer-belgium-2025-768x356.png 768w, https:\/\/www.swecobelgium.be\/wp-content\/uploads\/sites\/12\/2025\/01\/top-employer-belgium-2025-520x241.png 520w, https:\/\/www.swecobelgium.be\/wp-content\/uploads\/sites\/12\/2025\/01\/top-employer-belgium-2025-800x371.png 800w, https:\/\/www.swecobelgium.be\/wp-content\/uploads\/sites\/12\/2025\/01\/top-employer-belgium-2025-647x300.png 647w, https:\/\/www.swecobelgium.be\/wp-content\/uploads\/sites\/12\/2025\/01\/top-employer-belgium-2025-652x302.png 652w, https:\/\/www.swecobelgium.be\/wp-content\/uploads\/sites\/12\/2025\/01\/top-employer-belgium-2025.png 900w\" sizes=\"auto, (max-width: 200px) 100vw, 200px\" \/><img loading=\"lazy\" decoding=\"async\" class=\"alignleft wp-image-47037 size-medium\" src=\"https:\/\/www.swecobelgium.be\/wp-content\/uploads\/sites\/12\/2025\/01\/Top_Employer_Belgium_2026-2-200x93.png\" alt=\"Top Employer 2026\" width=\"200\" height=\"93\" srcset=\"https:\/\/www.swecobelgium.be\/wp-content\/uploads\/sites\/12\/2025\/01\/Top_Employer_Belgium_2026-2-200x93.png 200w, https:\/\/www.swecobelgium.be\/wp-content\/uploads\/sites\/12\/2025\/01\/Top_Employer_Belgium_2026-2-768x356.png 768w, https:\/\/www.swecobelgium.be\/wp-content\/uploads\/sites\/12\/2025\/01\/Top_Employer_Belgium_2026-2-1536x711.png 1536w, https:\/\/www.swecobelgium.be\/wp-content\/uploads\/sites\/12\/2025\/01\/Top_Employer_Belgium_2026-2-2048x948.png 2048w, https:\/\/www.swecobelgium.be\/wp-content\/uploads\/sites\/12\/2025\/01\/Top_Employer_Belgium_2026-2-520x241.png 520w, https:\/\/www.swecobelgium.be\/wp-content\/uploads\/sites\/12\/2025\/01\/Top_Employer_Belgium_2026-2-800x370.png 800w, https:\/\/www.swecobelgium.be\/wp-content\/uploads\/sites\/12\/2025\/01\/Top_Employer_Belgium_2026-2-648x300.png 648w, https:\/\/www.swecobelgium.be\/wp-content\/uploads\/sites\/12\/2025\/01\/Top_Employer_Belgium_2026-2-972x450.png 972w, https:\/\/www.swecobelgium.be\/wp-content\/uploads\/sites\/12\/2025\/01\/Top_Employer_Belgium_2026-2-652x302.png 652w\" sizes=\"auto, (max-width: 200px) 100vw, 200px\" \/><\/p>\n\t\t<\/div>\n\t<\/div>\n<\/div>\n<\/section>\n\n\n<section class=\"block block--white grid\" >\n\t<div class=\"block__inner\">\n\t\t<div class=\"col--11 col--wrapper col--stretch\">\n\t\t\t\t\t\t<div class=\"col col--12 editor-content grid__title\">\n\t\t\t\t<h2 class=\"h2 hyphenate\">Sweco, c&rsquo;est \u00e7a<\/h2>\t\t\t<\/div>\n\t\t\t\t\n\t\t\t\n\t\t\t<div class=\"col item item--1-3 col--4\"><img loading=\"lazy\" decoding=\"async\" width=\"520\" height=\"296\" src=\"https:\/\/www.swecobelgium.be\/wp-content\/uploads\/sites\/12\/2025\/05\/Mobilite-chez-Sweco_green-520x296.jpg\" class=\"attachment-insights-featured size-insights-featured\" alt=\"\" \/><div class=\"item__content editor-content\" data-clickable=\"false\"><h3><\/h3><p>La <a href=\"https:\/\/www.swecobelgium.be\/fr\/expertise\/transport-mobilite\/\">mobilit\u00e9 durable<\/a> n&rsquo;est pas un vain mot chez nous. Que vous veniez en v\u00e9lo, en <a href=\"https:\/\/www.swecobelgium.be\/fr\/expertise\/transport-mobilite\/\">transports publics<\/a> ou en voiture, notre Mobility Policy couvre tous les moyens de transport.<\/p>\n<\/div><\/div><div class=\"col item item--1-3 col--4\"><img loading=\"lazy\" decoding=\"async\" width=\"520\" height=\"296\" src=\"https:\/\/www.swecobelgium.be\/wp-content\/uploads\/sites\/12\/2025\/05\/Flexibilite-chez-Sweco_green-520x296.jpg\" class=\"attachment-insights-featured size-insights-featured\" alt=\"\" \/><div class=\"item__content editor-content\" data-clickable=\"false\"><h3><\/h3><p>T\u00e9l\u00e9travail ou journ\u00e9e au bureau avec les coll\u00e8gues ? Pour un bon \u00e9quilibre entre travail et vie priv\u00e9e, vous planifiez vous-m\u00eame une semaine de travail flexible.<\/p>\n<\/div><\/div><div class=\"col item item--1-3 col--4\"><img loading=\"lazy\" decoding=\"async\" width=\"520\" height=\"296\" src=\"https:\/\/www.swecobelgium.be\/wp-content\/uploads\/sites\/12\/2025\/05\/Fun-at-Sweco_green-520x296.jpg\" class=\"attachment-insights-featured size-insights-featured\" alt=\"\" \/><div class=\"item__content editor-content\" data-clickable=\"false\"><h3><\/h3><p>Outre les missions passionnantes, vous passez d\u2019agr\u00e9ables moments avec vos coll\u00e8gues pendant et apr\u00e8s le bureau. Nous prenons le temps pour un team building ou un ap\u00e9ritif.<\/p>\n<\/div><\/div><div class=\"col item item--1-3 col--4\"><img loading=\"lazy\" decoding=\"async\" width=\"520\" height=\"296\" src=\"https:\/\/www.swecobelgium.be\/wp-content\/uploads\/sites\/12\/2025\/05\/Young-Sweco_green-520x296.jpg\" class=\"attachment-insights-featured size-insights-featured\" alt=\"\" \/><div class=\"item__content editor-content\" data-clickable=\"false\"><h3><\/h3><p>La troupe de Young Sweco fait en sorte que les coll\u00e8gues de moins de 30 ans se sentent tout de suite \u00e0 l\u2019aise en organisant de nombreuses activit\u00e9s.<\/p>\n<\/div><\/div><div class=\"col item item--1-3 col--4\"><img loading=\"lazy\" decoding=\"async\" width=\"520\" height=\"296\" src=\"https:\/\/www.swecobelgium.be\/wp-content\/uploads\/sites\/12\/2025\/05\/Sport-at-Sweco_green-520x296.jpg\" class=\"attachment-insights-featured size-insights-featured\" alt=\"\" \/><div class=\"item__content editor-content\" data-clickable=\"false\"><h3><\/h3><p>\u00ab\u00a0Un esprit sain dans un corps sain\u00a0\u00bb, voil\u00e0 une devise que Sweco a prise au mot ! Aux couleurs de Sweco, participez \u00e0 une course avec votre \u00e9quipe.<\/p>\n<\/div><\/div><div class=\"col item item--1-3 col--4\"><img loading=\"lazy\" decoding=\"async\" width=\"520\" height=\"296\" src=\"https:\/\/www.swecobelgium.be\/wp-content\/uploads\/sites\/12\/2025\/05\/Seeds-for-Good-Deeds_green-520x296.jpg\" class=\"attachment-insights-featured size-insights-featured\" alt=\"\" \/><div class=\"item__content editor-content\" data-clickable=\"false\"><h3><\/h3><p>Chaque ann\u00e9e, nos collaborateurs peuvent nominer des associations qui leur tiennent \u00e0 c\u0153ur. Les organisations s\u00e9lectionn\u00e9es re\u00e7oivent un soutien financier pour accro\u00eetre leur impact et rendre le monde un peu meilleur.<\/p>\n<\/div><\/div>\t\t\t\n\t\t\t\t\t<\/div>\n\t<\/div>\n<\/section>\n\n\n<section class=\"block block--white gallery-block\" id=\"\">\n\t<div class=\"block__inner person-list__inner\">\n\t\t<div class=\"col--12 col--center col--wrapper\">\n                        <div class=\"col col--10 col--md--12\">\n                                    <div class=\"gallery-block__slider\">\n                        <div class=\"glide gallery-block-slider\">\n                            <div class=\"glide__track\" data-glide-el=\"track\">\n                                <ul class=\"glide__slides\">\n                                    <li class=\"glide__slide \"><a class=\"lightbox-link\" href=\"https:\/\/www.swecobelgium.be\/wp-content\/uploads\/sites\/12\/2024\/03\/20230926-family-day-walibi-43-1-scaled.jpg\" data-fancybox=\"images-block_9fc69936d00a335b3b219bf362742bc4\" data-type=\"image\" data-height=\"600\" data-copyright=\"\" style=\"width: 264px;\"><img decoding=\"async\" src=\"https:\/\/www.swecobelgium.be\/wp-content\/uploads\/sites\/12\/2024\/03\/20230926-family-day-walibi-43-1-264x300.jpg\"><span class=\"copyright\"><\/span><\/a><a class=\"lightbox-link\" href=\"https:\/\/www.swecobelgium.be\/wp-content\/uploads\/sites\/12\/2025\/05\/Family-Day_quoteFR.png\" data-fancybox=\"images-block_9fc69936d00a335b3b219bf362742bc4\" data-type=\"image\" data-height=\"600\" data-copyright=\"\" style=\"width: 264px;\"><img decoding=\"async\" src=\"https:\/\/www.swecobelgium.be\/wp-content\/uploads\/sites\/12\/2025\/05\/Family-Day_quoteFR-264x300.png\"><span class=\"copyright\"><\/span><\/a><a class=\"lightbox-link\" href=\"https:\/\/www.swecobelgium.be\/wp-content\/uploads\/sites\/12\/2024\/03\/Young-Sweco-weekend-Amsterdam_long.jpg\" data-fancybox=\"images-block_9fc69936d00a335b3b219bf362742bc4\" data-type=\"image\" data-height=\"600\" data-copyright=\"\" style=\"width: 449px;\"><img decoding=\"async\" src=\"https:\/\/www.swecobelgium.be\/wp-content\/uploads\/sites\/12\/2024\/03\/Young-Sweco-weekend-Amsterdam_long-449x300.jpg\"><span class=\"copyright\"><\/span><\/a><a class=\"lightbox-link\" href=\"https:\/\/www.swecobelgium.be\/wp-content\/uploads\/sites\/12\/2025\/05\/Young-Sweco_quoteFR.png\" data-fancybox=\"images-block_9fc69936d00a335b3b219bf362742bc4\" data-type=\"image\" data-height=\"600\" data-copyright=\"\" style=\"width: 264px;\"><img decoding=\"async\" src=\"https:\/\/www.swecobelgium.be\/wp-content\/uploads\/sites\/12\/2025\/05\/Young-Sweco_quoteFR-264x300.png\"><span class=\"copyright\"><\/span><\/a><\/li><li class=\"glide__slide \"><a class=\"lightbox-link\" href=\"https:\/\/www.swecobelgium.be\/wp-content\/uploads\/sites\/12\/2024\/03\/Sweco-10-miles.jpg\" data-fancybox=\"images-block_9fc69936d00a335b3b219bf362742bc4\" data-type=\"image\" data-height=\"600\" data-copyright=\"\" style=\"width: 449px;\"><img decoding=\"async\" src=\"https:\/\/www.swecobelgium.be\/wp-content\/uploads\/sites\/12\/2024\/03\/Sweco-10-miles-449x300.jpg\"><span class=\"copyright\"><\/span><\/a><a class=\"lightbox-link\" href=\"https:\/\/www.swecobelgium.be\/wp-content\/uploads\/sites\/12\/2025\/05\/10-miles_quoteFR.png\" data-fancybox=\"images-block_9fc69936d00a335b3b219bf362742bc4\" data-type=\"image\" data-height=\"600\" data-copyright=\"\" style=\"width: 264px;\"><img decoding=\"async\" src=\"https:\/\/www.swecobelgium.be\/wp-content\/uploads\/sites\/12\/2025\/05\/10-miles_quoteFR-264x300.png\"><span class=\"copyright\"><\/span><\/a><a class=\"lightbox-link\" href=\"https:\/\/www.swecobelgium.be\/wp-content\/uploads\/sites\/12\/2024\/03\/MicrosoftTeams-image-48-1-scaled.jpg\" data-fancybox=\"images-block_9fc69936d00a335b3b219bf362742bc4\" data-type=\"image\" data-height=\"600\" data-copyright=\"\" style=\"width: 264px;\"><img decoding=\"async\" src=\"https:\/\/www.swecobelgium.be\/wp-content\/uploads\/sites\/12\/2024\/03\/MicrosoftTeams-image-48-1-264x300.jpg\"><span class=\"copyright\"><\/span><\/a><a class=\"lightbox-link\" href=\"https:\/\/www.swecobelgium.be\/wp-content\/uploads\/sites\/12\/2025\/05\/Sweco-sport_quoteFR.png\" data-fancybox=\"images-block_9fc69936d00a335b3b219bf362742bc4\" data-type=\"image\" data-height=\"600\" data-copyright=\"\" style=\"width: 264px;\"><img decoding=\"async\" src=\"https:\/\/www.swecobelgium.be\/wp-content\/uploads\/sites\/12\/2025\/05\/Sweco-sport_quoteFR-264x300.png\"><span class=\"copyright\"><\/span><\/a><\/li><li class=\"glide__slide \"><a class=\"lightbox-link\" href=\"https:\/\/www.swecobelgium.be\/wp-content\/uploads\/sites\/12\/2024\/03\/Bowling-De-Vriendenkring_long-scaled.jpg\" data-fancybox=\"images-block_9fc69936d00a335b3b219bf362742bc4\" data-type=\"image\" data-height=\"600\" data-copyright=\"\" style=\"width: 449px;\"><img decoding=\"async\" src=\"https:\/\/www.swecobelgium.be\/wp-content\/uploads\/sites\/12\/2024\/03\/Bowling-De-Vriendenkring_long-449x300.jpg\"><span class=\"copyright\"><\/span><\/a><a class=\"lightbox-link\" href=\"https:\/\/www.swecobelgium.be\/wp-content\/uploads\/sites\/12\/2025\/05\/De-Vriendenkring_quoteFR.png\" data-fancybox=\"images-block_9fc69936d00a335b3b219bf362742bc4\" data-type=\"image\" data-height=\"600\" data-copyright=\"\" style=\"width: 264px;\"><img decoding=\"async\" src=\"https:\/\/www.swecobelgium.be\/wp-content\/uploads\/sites\/12\/2025\/05\/De-Vriendenkring_quoteFR-264x300.png\"><span class=\"copyright\"><\/span><\/a><\/li>                                <\/ul>\n                            <\/div>\n                            <div data-glide-el=\"controls\">\n                                <button class=\"slider-nav prev\" data-glide-dir=\"&#60;\" style=\"display: none;\"><i class=\"icon icon-arrow-right\"><\/i><\/button>\n                                <button class=\"slider-nav next\" data-glide-dir=\"&#62;\" style=\"display: none;\"><i class=\"icon icon-arrow-right\"><\/i><\/button>\n                            <\/div>\n                        <\/div>\n                    <\/div>\n                            <\/div>\n        <\/div>\n    <\/div>\n<\/section>\n\n\n<section class=\"block fwmb\" >\n\t<div class=\"block__inner editor-content fwmb__inner fwmb__inner--right fwmb__inner--video\">\n\n        <div class=\"fwmb__media col col--10 col--md--11\">\n\t\t\t                <div class=\"fwmb__embed fwmb__embed--loading\">\n                    <iframe src=\"https:\/\/fast.wistia.net\/embed\/iframe\/dhq0vzzq7z?dnt=1&#038;controls=0&#038;hd=1&#038;autohide=1&#038;autoplay=1&#038;wmode=transparent\" frameborder=\"0\" allow=\"accelerometer; autoplay; clipboard-write; encrypted-media; gyroscope; picture-in-picture\" allowfullscreen=\"\"><\/iframe>\n                <\/div>\n            \t\t<\/div>\n\n        \n        \n\t<\/div>\n<\/section>\n\n<section class=\"block sweco-model\" >\n\t<div class=\"block__inner\">\n\t\t<div class=\"col--11 col--wrapper col--end sweco-model__wrapper\">\n\t\t\t\t\t\t\t\t\t\t\t<div class=\"col col--4 editor-content sweco-model__column\">\n\t\t\t\t\t<h3 class=\"sweco-model__title\">Nos valeurs, vos opportunit\u00e9s<\/h3>\n\t\t\t\t\t\t\t\t\t\t\t\t\t\t\t\t\t\t<div class=\"sweco-model__item\" style=\"--bg-color: #E2E0DA\">\n\t\t\t\t\t\t\t\t<h3>Full lifecycle vision<\/h3>\n<p>Chez Sweco, vous avez l\u2019occasion de vous plonger dans toutes les facettes d&rsquo;un projet, de son lancement \u00e0 sa r\u00e9ception. Votre expertise contribue \u00e0 clarifier et \u00e0 r\u00e9ussir des projets complexes.<\/p>\n\t\t\t\t\t\t\t<\/div>\n\t\t\t\t\t\t\t\t\t\t\t\t\t\t\t<\/div>\n\t\t\t\t\t\t\t\t\t\t\t\t\t\t\t<div class=\"col col--4 editor-content sweco-model__column\">\n\t\t\t\t\t<h3 class=\"sweco-model__title\"><\/h3>\n\t\t\t\t\t\t\t\t\t\t\t\t\t\t\t\t\t\t<div class=\"sweco-model__item\" style=\"--bg-color: #E2E0DA\">\n\t\t\t\t\t\t\t\t<h3>Synergy builders<\/h3>\n<p>Ensemble, nous sommes plus forts ! Vous ferez partie d&rsquo;un collectif dans lequel l&rsquo;innovation est le fruit de l\u2019union de diff\u00e9rentes perspectives.<\/p>\n\t\t\t\t\t\t\t<\/div>\n\t\t\t\t\t\t\t\t\t\t\t\t\t<div class=\"sweco-model__item\" style=\"--bg-color: #E2E0DA\">\n\t\t\t\t\t\t\t\t<h3>Personal ownership<\/h3>\n<p>Chez Sweco, vous jouirez de la libert\u00e9 et de la confiance n\u00e9cessaires pour briller et r\u00e9aliser de grandes choses avec votre \u00e9quipe. D\u00e9cider sans h\u00e9siter et avoir un impact &#8211; c&rsquo;est ainsi que nous faisons vraiment la diff\u00e9rence.<\/p>\n\t\t\t\t\t\t\t<\/div>\n\t\t\t\t\t\t\t\t\t\t\t\t\t\t\t<\/div>\n\t\t\t\t\t\t\t\t\t\t\t\t\t\t\t<div class=\"col col--4 editor-content sweco-model__column\">\n\t\t\t\t\t<h3 class=\"sweco-model__title\"><\/h3>\n\t\t\t\t\t\t\t\t\t\t\t\t\t\t\t\t\t\t<div class=\"sweco-model__item\" style=\"--bg-color: #E2E0DA\">\n\t\t\t\t\t\t\t\t<h3>Architects of change<\/h3>\n<p>Votre expertise contribue \u00e0 des solutions innovantes qui d\u00e9passent les fronti\u00e8res de l&rsquo;ordinaire. Avec le courage n\u00e9cessaire, vous et vos coll\u00e8gues inspirez vos clients et partenaires \u00e0 transformer la soci\u00e9t\u00e9.<\/p>\n\t\t\t\t\t\t\t<\/div>\n\t\t\t\t\t\t\t\t\t\t\t\t\t<div class=\"sweco-model__item\" style=\"--bg-color: #E2E0DA\">\n\t\t\t\t\t\t\t\t<h3>Human flourishing<\/h3>\n<p>Vous contribuez \u00e0 cr\u00e9er des environnements inspirants qui enrichissent la vie de chacun. Chaque projet vous donne l\u2019occasion d&rsquo;am\u00e9liorer le bien-\u00eatre et de renforcer la coh\u00e9sion de la soci\u00e9t\u00e9.<\/p>\n\t\t\t\t\t\t\t<\/div>\n\t\t\t\t\t\t\t\t\t\t\t\t\t\t\t<\/div>\n\t\t\t\t\t\t\t\t\t<\/div>\n\t<\/div>\n<\/section>","protected":false},"excerpt":{"rendered":"","protected":false},"author":55,"featured_media":0,"parent":0,"menu_order":0,"comment_status":"closed","ping_status":"closed","template":"","meta":{"_acf_changed":false,"_seopress_robots_primary_cat":"","_seopress_titles_title":"Carri\u00e8res chez Sweco : Construisez l'avenir - Rejoignez-nous !","_seopress_titles_desc":"Rejoignez Sweco et contribuez \u00e0 un monde durable avec nos projets multidisciplinaires. Explorez une carri\u00e8re o\u00f9 votre talent transforme la soci\u00e9t\u00e9.","_seopress_robots_index":"","footnotes":""},"class_list":["post-19783","page","type-page","status-publish","hentry"],"acf":[],"_links":{"self":[{"href":"https:\/\/www.swecobelgium.be\/fr\/wp-json\/wp\/v2\/pages\/19783","targetHints":{"allow":["GET"]}}],"collection":[{"href":"https:\/\/www.swecobelgium.be\/fr\/wp-json\/wp\/v2\/pages"}],"about":[{"href":"https:\/\/www.swecobelgium.be\/fr\/wp-json\/wp\/v2\/types\/page"}],"author":[{"embeddable":true,"href":"https:\/\/www.swecobelgium.be\/fr\/wp-json\/wp\/v2\/users\/55"}],"replies":[{"embeddable":true,"href":"https:\/\/www.swecobelgium.be\/fr\/wp-json\/wp\/v2\/comments?post=19783"}],"version-history":[{"count":15,"href":"https:\/\/www.swecobelgium.be\/fr\/wp-json\/wp\/v2\/pages\/19783\/revisions"}],"predecessor-version":[{"id":47978,"href":"https:\/\/www.swecobelgium.be\/fr\/wp-json\/wp\/v2\/pages\/19783\/revisions\/47978"}],"wp:attachment":[{"href":"https:\/\/www.swecobelgium.be\/fr\/wp-json\/wp\/v2\/media?parent=19783"}],"curies":[{"name":"wp","href":"https:\/\/api.w.org\/{rel}","templated":true}]}}