{"id":23230,"date":"2024-08-12T13:11:22","date_gmt":"2024-08-12T11:11:22","guid":{"rendered":"https:\/\/www.swecobelgium.be\/welkom\/"},"modified":"2025-08-25T11:43:01","modified_gmt":"2025-08-25T09:43:01","slug":"bienvenue","status":"publish","type":"page","link":"https:\/\/www.swecobelgium.be\/fr\/bienvenue\/","title":{"rendered":"Bienvenue chez Sweco"},"content":{"rendered":"<section class=\"block page-intro page-intro--big page-intro--bg bg-darken\" >\n\t\t\t<div class=\"page-intro__layout\" >\n\t\t\t<img width=\"1680\" height=\"800\" src=\"https:\/\/www.swecobelgium.be\/wp-content\/uploads\/sites\/12\/2025\/04\/\u00a9fayepynaert_atwork_leuven__O8A3993052-1680x800.jpg\" class=\"page-intro__bg-img\" alt=\"\" fetchpriority=\"high\" decoding=\"async\" sizes=\"(max-width: 767px) 1080px, 1920px\" \/>\t\t\t<div class=\"block__inner page-intro__inner page-intro__inner--top\">\n\t\t\t\t<div class=\"col--11\">\n\t\t\t\t\t<div class=\"editor-content editor-content--white editor-content--top col--5\">\n\t\t\t\t\t\t<div class=\"editor-content__inner \">\n\t\t\t\t\t\t\t<h1>Bienvenue. Transform tomorrow with us.<\/h1>\n\t\t\t\t\t\t\t\t\t\t\t\t\t\t<div class=\"buttons-wrapper buttons-wrapper--left\"><\/div>\t\t\t\t\t\t<\/div>\n\t\t\t\t\t<\/div>\n\t\t\t\t<\/div>\n\t\t\t<\/div>\n\t\t<\/div>\n\t\n\t\t\n\t<\/section>\n\n<section class=\"block cb block--white\" >\n\t<div class=\"block__inner cb__inner cb__inner--title-block\">\n\t<div class=\"col--11 col--start col--wrapper editor-content\">\n\t\t\t\t\t<div class=\"col col--5\">\n\t\t\t\t<h2 class=\"h2 hyphenate\">Bienvenue chez Sweco !<\/h2>\t\t\t<\/div>\n\t\t\n\t\t\t\t\t<div class=\"col col--4 push--1\">\n\t\t\t\t<p><p>Nous sommes heureux que vous fassiez d\u00e9sormais partie de notre \u00e9quipe. Sur cette page, vous trouverez plus d&rsquo;informations sur votre onboarding. Nous voulons nous assurer que vos d\u00e9buts chez nous se passent bien et que vous vous sentez rapidement \u00e0 votre aise dans notre organisation.<\/p>\n<\/p>\n\t\t\t\t\t\t\t<\/div>\n\t\t\n\t<\/div>\n<\/div><\/section>\n\n\n<section class=\"block cb block--lightgray\" >\n\t<div class=\"block__inner cb__inner cb__inner--media-content media-content media-content--left\">\n\t<div class=\"col--10 col--wrapper media-content__wrapper\">\n\t\t\t\t\t<div class=\"col col--6 media-content__content editor-content\">\n\t\t\t\t<p><strong>Erwin Malcorps<\/strong>, notre Business Area President, vous souhaite le bienvenue par ce message.<\/p>\n<p>Nous vous souhaitons beaucoup de succ\u00e8s et de plaisir dans vos nouvelles fonctions !<\/p>\n\t\t\t<\/div>\n\t\t\t\t<div class=\"col col--6 media-content__media media-content__media--video\">\n\t\t\t\n\t\t\t\t\t\t\t\t\t\t\t<div class=\"embed-container \">\n\t\t\t\t\t<iframe loading=\"lazy\" title=\"Preboarding FR2 Video\" src=\"\" data-src-defer=\"https:\/\/fast.wistia.net\/embed\/iframe\/apr1xrmah1?dnt=1&#038;hd=1&#038;autohide=1\" allow=\"autoplay; fullscreen\" allowtransparency=\"true\" frameborder=\"0\" scrolling=\"no\" class=\"wistia_embed\" name=\"wistia_embed\" msallowfullscreen width=\"640\" height=\"360\" frameborder=\"0\" tabindex=\"-1\"><\/iframe><script src=\"\" data-src-defer=\"https:\/\/fast.wistia.net\/assets\/external\/E-v1.js\" async><\/script>\t\t\t\t<\/div>\n\t\t\t\n\t\t<\/div>\n\t<\/div>\n<\/div><\/section>\n\n\n<section class=\"block block--white columns\" >\n\t<div class=\"block__inner columns__inner\">\n\t\t<div class=\"col--11 col--wrapper col--stretch\">\n\t\t\t\t\t\t<div class=\"col col--12 editor-content columns__title\">\n\t\t\t\t<h2 class=\"h2 hyphenate\">Ton onboarding journey<\/h2>\t\t\t<\/div>\n\t\t\t\n\t\t\t\t\t\t\t<div class=\"columns__col col col--6\">\n\t\t\t\t\t<div class=\"editor-content columns__content columns__content--content\">\n\t\t\t\t\t\t<h4>A quoi ressemblera votre premier jour chez Sweco ?<\/h4>\n<p>Votre premi\u00e8re journ\u00e9e sera l&rsquo;occasion de d\u00e9couvrir notre organisation de mani\u00e8re interactive avec d&rsquo;autres nouveaux collaborateurs. Nous vous attendons dans nos bureaux de Bruxelles, <strong>Rue d&rsquo;Arenberg 13<\/strong>, situ\u00e9s \u00e0 5 minutes \u00e0 pied de<a href=\"https:\/\/maps.app.goo.gl\/WZG7rYm8WrXXxZys9\" target=\"_blank\" rel=\"noopener\"> la gare centrale de Bruxelles<\/a>. L&rsquo;onboarding commence \u00e0 <strong>9h30<\/strong>, mais vous \u00eates les bienvenus \u00e0 l\u2019accueil d\u00e8s <strong>9h00<\/strong>.<\/p>\n<p>Vers midi, le lunch sera servi (donc pas besoin de pr\u00e9voir un lunch). La premi\u00e8re journ\u00e9e se termine vers <strong>16h00<\/strong>, sauf si vous avez choisi une voiture de soci\u00e9t\u00e9. Dans ce cas, un transport \u00e0 Groot-Bijgaarden sera pr\u00e9vu vers <strong>17h00<\/strong> pour r\u00e9cup\u00e9rer votre voiture.<\/p>\n<p>Hormis votre carte SIM (normalement incluse dans votre t\u00e9l\u00e9phone portable) et votre enthousiasme bien s\u00fbr, vous n&rsquo;avez rien \u00e0 amener. Nous nous occupons de tout. Vous recevrez votre ordinateur portable dans un sac \u00e0 dos pratique, ainsi que d&rsquo;autres petites surprises.<\/p>\n<p>Veuillez noter qu&rsquo;un photographe sera pr\u00e9sent pour vous prendre en photo.<\/p>\n<p>Si vous ne pouvez pas \u00eatre pr\u00e9sent ce premier jour en raison de circonstances impr\u00e9vues, veuillez nous en informer via <strong><a href=\"mailto:brussels@swecobelgium.be\" target=\"_blank\" rel=\"noopener\">brussels@swecobelgium.be<\/a><\/strong>.<\/p>\n\t\t\t\t\t<\/div>\n\t\t\t\t<\/div>\n\t\t\t\t\t\t\t<div class=\"columns__col col col--6\">\n\t\t\t\t\t<div class=\"editor-content columns__content columns__content--content\">\n\t\t\t\t\t\t<h4>Que pouvez-vous attendre de votre deuxi\u00e8me jour de travail ?<\/h4>\n<p>Lors de votre deuxi\u00e8me jour de travail, votre Team Manager vous accueillera dans votre bureau \u00e0 partir de <strong>9h00<\/strong>. Vous recevrez ensuite plus de d\u00e9tails sur votre fonction et les projets. Et vous serez pr\u00e9sent\u00e9 au reste de l\u2019\u00e9quipe.<\/p>\n<p>En outre, l&rsquo;assistant de bureau se fera un plaisir de vous faire visiter le bureau, afin que vous y sentiez rapidement \u00e0 l\u2019aise.<\/p>\n\t\t\t\t\t<\/div>\n\t\t\t\t<\/div>\n\t\t\t\n\t\t<\/div>\n\t<\/div>\n<\/section>\n","protected":false},"excerpt":{"rendered":"","protected":false},"author":55,"featured_media":0,"parent":0,"menu_order":0,"comment_status":"closed","ping_status":"closed","template":"","meta":{"_acf_changed":false,"_seopress_robots_primary_cat":"","_seopress_titles_title":"","_seopress_titles_desc":"","_seopress_robots_index":"yes","footnotes":""},"class_list":["post-23230","page","type-page","status-publish","hentry"],"acf":[],"_links":{"self":[{"href":"https:\/\/www.swecobelgium.be\/fr\/wp-json\/wp\/v2\/pages\/23230","targetHints":{"allow":["GET"]}}],"collection":[{"href":"https:\/\/www.swecobelgium.be\/fr\/wp-json\/wp\/v2\/pages"}],"about":[{"href":"https:\/\/www.swecobelgium.be\/fr\/wp-json\/wp\/v2\/types\/page"}],"author":[{"embeddable":true,"href":"https:\/\/www.swecobelgium.be\/fr\/wp-json\/wp\/v2\/users\/55"}],"replies":[{"embeddable":true,"href":"https:\/\/www.swecobelgium.be\/fr\/wp-json\/wp\/v2\/comments?post=23230"}],"version-history":[{"count":15,"href":"https:\/\/www.swecobelgium.be\/fr\/wp-json\/wp\/v2\/pages\/23230\/revisions"}],"predecessor-version":[{"id":40095,"href":"https:\/\/www.swecobelgium.be\/fr\/wp-json\/wp\/v2\/pages\/23230\/revisions\/40095"}],"wp:attachment":[{"href":"https:\/\/www.swecobelgium.be\/fr\/wp-json\/wp\/v2\/media?parent=23230"}],"curies":[{"name":"wp","href":"https:\/\/api.w.org\/{rel}","templated":true}]}}