{"id":46987,"date":"2026-01-14T16:32:10","date_gmt":"2026-01-14T15:32:10","guid":{"rendered":"https:\/\/www.swecobelgium.be\/durabilite\/walk-the-talk\/"},"modified":"2026-01-16T11:56:01","modified_gmt":"2026-01-16T10:56:01","slug":"walk-the-talk","status":"publish","type":"page","link":"https:\/\/www.swecobelgium.be\/fr\/durabilite\/walk-the-talk\/","title":{"rendered":"Walk the talk"},"content":{"rendered":"<section class=\"block page-intro page-intro--big page-intro--bg bg-darken\" >\n\t\t\t<div class=\"page-intro__layout\" >\n\t\t\t<img width=\"1680\" height=\"800\" src=\"https:\/\/www.swecobelgium.be\/wp-content\/uploads\/sites\/12\/2026\/01\/@bramgoots-hermanteirlinck-brussels_building_2025-5-1-1680x800.jpg\" class=\"page-intro__bg-img\" alt=\"\" fetchpriority=\"high\" decoding=\"async\" sizes=\"(max-width: 767px) 1080px, 1920px\" \/>\t\t\t<div class=\"block__inner page-intro__inner page-intro__inner--top\">\n\t\t\t\t<div class=\"col--11\">\n\t\t\t\t\t<div class=\"editor-content editor-content--white editor-content--top col--5\">\n\t\t\t\t\t\t<div class=\"editor-content__inner \">\n\t\t\t\t\t\t\t<h1>We walk the talk<\/h1>\n\t\t\t\t\t\t\t\t\t\t\t\t\t\t\t\t\t\t\t\t<\/div>\n\t\t\t\t\t<\/div>\n\t\t\t\t<\/div>\n\t\t\t<\/div>\n\t\t<\/div>\n\t\n\t\t\n\t\t<div class=\"block__inner page-intro__inner page-intro__inner--bottom \">\n\t\t<div class=\"editor-content editor-content--bottom col--6\">\n\t\t\t<div class=\"editor-content__inner\">\n\t\t\t\t\t\n\t\t\t\t<p><strong>Chez Sweco, nous entendons durabiliser nos op\u00e9rations dans la plus large mesure possible, que ce soit en termes d\u2019empreinte environnementale, d\u2019incidences sociales ou de gouvernance d\u2019entreprise (ESG). \u00a0<\/strong><\/p>\n<p><strong>\u00ab\u00a0Nous joignons le geste \u00e0 la parole\u00a0\u00bb\u00a0 sur quatre fronts\u00a0\u00a0:<\/strong><\/p>\n<ul>\n<li>Nos bureaux\u00a0: \u00e9co\u00e9nerg\u00e9tiques et tourn\u00e9s vers l\u2019avenir<\/li>\n<li>Notre mobilit\u00e9\u00a0: intelligente et peu \u00e9mettrice<\/li>\n<li>Nos achats\u00a0: des services et des produits durables<\/li>\n<li>Notre fonctionnement quotidien\u00a0: des choix raisonn\u00e9s dans chacun de nos actes<\/li>\n<\/ul>\n\n\t\t\t\t\n\t\t\t\t\t\t\t<\/div>\n\t\t<\/div>\n\t<\/div>\n\t<\/section>\n\n<section class=\"block block--white columns\" >\n\t<div class=\"block__inner columns__inner\">\n\t\t<div class=\"col--11 col--wrapper col--stretch\">\n\t\t\t\n\t\t\t\t\t\t\t<div class=\"columns__col col col--6\">\n\t\t\t\t\t<div class=\"editor-content columns__content columns__content--content\">\n\t\t\t\t\t\t<h2>Objectifs fond\u00e9s sur la science<\/h2>\n<p>En 2024, Sweco a \u00e9labor\u00e9 un <strong>plan de <a href=\"https:\/\/www.swecobelgium.be\/fr\/expertise\/resilience-climatique-nature\/\">transition climatique<\/a><\/strong> dont l\u2019ambition est claire\u00a0: atteindre la neutralit\u00e9 climatique nette \u00e0 l\u2019horizon\u00a02030 pour les p\u00e9rim\u00e8tres (\u00ab\u00a0Scopes\u00a0\u00bb) 1 et 2, soit une r\u00e9duction des \u00e9missions de 97\u00a0% par rapport \u00e0 2020. Pour le p\u00e9rim\u00e8tre\u00a03, nous visons une r\u00e9duction de 33\u00a0% d\u2019ici 2030, de 60\u00a0% d\u2019ici 2035 et de 86\u00a0% d\u2019ici 2040. Ces objectifs ont \u00e9t\u00e9 valid\u00e9s par l\u2019initiative \u00ab\u00a0<a href=\"https:\/\/sciencebasedtargets.org\/\" target=\"_blank\" rel=\"noopener\">Science Based Targets<\/a>\u00a0\u00bb (SBTi). Compte tenu de notre croissance continue (qui s\u2019op\u00e8re notamment \u00e0 travers le rachat d\u2019entreprises), ces objectifs se veulent particuli\u00e8rement ambitieux.<\/p>\n\t\t\t\t\t<\/div>\n\t\t\t\t<\/div>\n\t\t\t\t\t\t\t<div class=\"columns__col col col--6\">\n\t\t\t\t\t<div class=\"editor-content columns__content columns__content--content\">\n\t\t\t\t\t\t<h2>Un suivi et des rapports transparents<\/h2>\n<p>Nous contr\u00f4lons et d\u00e9clarons nos \u00e9missions de CO\u2082 conform\u00e9ment au protocole des GES, en nous appuyant sur notre propre <strong>plateforme \u00ab\u00a0Futureproofed Business\u00a0\u00bb<\/strong>. Ce suivi est continuellement affin\u00e9 pour correspondre le plus pr\u00e9cis\u00e9ment possible \u00e0 la r\u00e9alit\u00e9. Ainsi, nous sommes en mesure de suivre distinctement nos progr\u00e8s et de proc\u00e9der aux \u00e9ventuels ajustements n\u00e9cessaires. Sweco rend compte de mani\u00e8re transparente de la <a href=\"https:\/\/www.swecobelgium.be\/fr\/durabilite\/\">durabilit\u00e9<\/a> de ses propres activit\u00e9s dans son <a href=\"https:\/\/www.swecogroup.com\/sustainability\/sustainability-report\/\"><strong>rapport annuel sur le d\u00e9veloppement durable.<\/strong><\/a><\/p>\n\t\t\t\t\t<\/div>\n\t\t\t\t<\/div>\n\t\t\t\n\t\t<\/div>\n\t<\/div>\n<\/section>\n\n\n<section class=\"block fwmb\" >\n\t<div class=\"block__inner editor-content fwmb__inner fwmb__inner--left fwmb__inner--image\">\n\n        <div class=\"fwmb__media col col-12\">\n\t\t\t<img loading=\"lazy\" decoding=\"async\" width=\"1680\" height=\"560\" src=\"https:\/\/www.swecobelgium.be\/wp-content\/uploads\/sites\/12\/2025\/12\/\u00a9Tom-Dhaenens-Laadinfrastructuur-BAC-Zaventem-2025-07-1680x560.jpg\" class=\"attachment-fwmb-image size-fwmb-image\" alt=\"\" \/>\t\t<\/div>\n\n        \n                    <div class=\"col col--5 col--md--11 fwmb__content  left\">\n                                                                    <h2>Politique de mobilit\u00e9<\/h2>\n<p>La collaboration avec les coll\u00e8gues, les clients et les partenaires est essentielle \u00e0 la r\u00e9ussite de nos projets. Avec 2\u00a0700\u00a0collaborateurs, cette collaboration implique de nombreux d\u00e9placements. Aussi, nous avons mis en \u0153uvre une <strong>politique de <a href=\"https:\/\/www.swecobelgium.be\/fr\/expertise\/transport-mobilite\/\">mobilit\u00e9 durable<\/a><\/strong>, que nous actualisons en permanence afin de r\u00e9duire davantage encore notre incidence.<\/p>\n<p>Nos fondements sont les suivants\u00a0:<\/p>\n<ul>\n<li>La collaboration est essentielle\u00a0: nous n\u2019\u00e9vitons pas les d\u00e9placements, mais encourageons une organisation flexible du travail. Les collaborateurs peuvent se rendre dans n\u2019importe quel bureau. Le t\u00e9l\u00e9travail est autoris\u00e9 dans la mesure o\u00f9 il ne compromet en rien le travail d\u2019\u00e9quipe ni les projets.<\/li>\n<li>La promotion de choix durables\u00a0: nous offrons de la flexibilit\u00e9, mais encourageons les alternatives \u00e0 la voiture, telles que la marche, le v\u00e9lo, les <a href=\"https:\/\/www.swecobelgium.be\/fr\/expertise\/transport-mobilite\/\">transports publics<\/a> et la mobilit\u00e9 partag\u00e9e. Sweco est un pr\u00e9curseur dans la mise \u00e0 disposition d\u2019un budget mobilit\u00e9 comme alternative au v\u00e9hicule de soci\u00e9t\u00e9. Notre objectif\u00a0: effectuer au moins deux tiers de tous les d\u00e9placements par des modes de transport durables (repr\u00e9sentant au moins 50\u00a0% de la distance parcourue) \u00e0 l\u2019horizon\u00a02030.<\/li>\n<li>La r\u00e9duction des \u00e9missions\u00a0: notre flotte de v\u00e9hicules de soci\u00e9t\u00e9 sera enti\u00e8rement \u00e9lectrique \u00e0 l\u2019horizon\u00a02030. Nous proc\u00e9dons d\u2019ores et d\u00e9j\u00e0 au remplacement acc\u00e9l\u00e9r\u00e9 de tous nos v\u00e9hicules \u00e0 moteur thermique.<\/li>\n<li>Pour les voyages internationaux, nous nous engageons \u00e0 minimiser les d\u00e9placements en avion. Nous privil\u00e9gions des alternatives telles que le train ou la voiture pour les courtes et moyennes distances chaque fois que c\u2019est possible.<\/li>\n<\/ul>\n                            <\/div>\n        \n\t<\/div>\n<\/section>\n\n<section class=\"block fwmb\" >\n\t<div class=\"block__inner editor-content fwmb__inner fwmb__inner--right fwmb__inner--image\">\n\n        <div class=\"fwmb__media col col-12\">\n\t\t\t<img loading=\"lazy\" decoding=\"async\" width=\"1680\" height=\"560\" src=\"https:\/\/www.swecobelgium.be\/wp-content\/uploads\/sites\/12\/2026\/01\/Kantoor-Gent-Elfjulistraat-2021-5-large-1680x560.jpg\" class=\"attachment-fwmb-image size-fwmb-image\" alt=\"\" \/>\t\t<\/div>\n\n        \n                    <div class=\"col col--5 col--md--11 fwmb__content  right\">\n                                                                    <h2>Plan d\u2019action pour des installations z\u00e9ro \u00e9mission<\/h2>\n<p>Sweco Belgium \u00a0poss\u00e8de plus de 20\u00a0bureaux en Belgique et \u00e0 l\u2019\u00e9tranger. Nous nous dirigeons vers des bureaux qui se veulent durables au sens large\u00a0: <a href=\"https:\/\/www.swecobelgium.be\/fr\/expertise\/solutions-energetiques\/\">efficacit\u00e9 \u00e9nerg\u00e9tique<\/a>, utilisation des mat\u00e9riaux, adaptabilit\u00e9, accent sur la sant\u00e9 et le bien-\u00eatre.<\/p>\n<p>Notre strat\u00e9gie \u00e9nerg\u00e9tique suit la <strong>m\u00e9thodologie<\/strong> <strong>CRREM<\/strong> et repose sur des ambitions claires\u00a0:<\/p>\n<ul>\n<li>Chauffage non fossile dans tous les b\u00e2timents<\/li>\n<li><a href=\"https:\/\/www.swecobelgium.be\/fr\/expertise\/solutions-energetiques\/\">Efficacit\u00e9 \u00e9nerg\u00e9tique<\/a>, doubl\u00e9e d\u2019une consommation d\u2019\u00e9nergie maximale de 85\u00a0kWh\/m\u00b2<\/li>\n<li>Neutralit\u00e9 carbone dans tous les bureaux, avec une production d\u2019<a href=\"https:\/\/www.swecobelgium.be\/fr\/expertise\/solutions-energetiques\/\">\u00e9nergie verte<\/a> \u00e9gale \u00e0 la consommation<\/li>\n<li>Consommation restante assur\u00e9e exclusivement par des fournisseurs d\u2019\u00e9lectricit\u00e9 verte<\/li>\n<\/ul>\n<p>La sant\u00e9 et le bien-\u00eatre de nos collaborateurs au bureau sont au c\u0153ur de nos pr\u00e9occupations. Aussi, nous suivons les <strong>principes WELL<\/strong> lors de l\u2019am\u00e9nagement de nos locaux. Comme la quasi-totalit\u00e9 de nos bureaux sont lou\u00e9s, nous travaillons en \u00e9troite collaboration avec les bailleurs afin de r\u00e9aliser ces ambitions. Notre plan d\u2019action pour des installations durables d\u00e9finit pour chaque bureau les mesures n\u00e9cessaires \u00e0 l\u2019am\u00e9lioration de la <a href=\"https:\/\/www.swecobelgium.be\/fr\/durabilite\/\">durabilit\u00e9<\/a>.<\/p>\n<p>&nbsp;<\/p>\n<p>&nbsp;<\/p>\n                            <\/div>\n        \n\t<\/div>\n<\/section>\n\n<section class=\"block fwmb\" >\n\t<div class=\"block__inner editor-content fwmb__inner fwmb__inner--left fwmb__inner--image\">\n\n        <div class=\"fwmb__media col col-12\">\n\t\t\t<img loading=\"lazy\" decoding=\"async\" width=\"1680\" height=\"560\" src=\"https:\/\/www.swecobelgium.be\/wp-content\/uploads\/sites\/12\/2025\/12\/fayepynaert_atwork_poincarre_O8A0968-1680x560.jpg\" class=\"attachment-fwmb-image size-fwmb-image\" alt=\"\" \/>\t\t<\/div>\n\n        \n                    <div class=\"col col--5 col--md--11 fwmb__content  left\">\n                                                                    <h2>Politique environnementale<\/h2>\n<p>Nous entendons organiser nos <strong>activit\u00e9s quotidiennes<\/strong> \u2013 au bureau, \u00e0 l\u2019occasion d\u2019\u00e9v\u00e9nements, etc. \u2013 de la mani\u00e8re la plus durable qui soit. C\u2019est pourquoi nous misons sur\u00a0:<\/p>\n<ul>\n<li>Les \u00e9conomies d\u2019\u00e9nergie et d\u2019eau reposant sur des choix raisonn\u00e9s et des syst\u00e8mes efficaces.<\/li>\n<li>L\u2019utilisation intelligente de l\u2019espace gr\u00e2ce \u00e0 des postes de travail flexibles et partag\u00e9s.<\/li>\n<li>La r\u00e9duction de la consommation de mat\u00e9riaux gr\u00e2ce \u00e0 l\u2019utilisation prolong\u00e9e et au recyclage du mat\u00e9riel informatique et du mobilier, et \u00e0 la mise en \u0153uvre de bureaux sans papier.<\/li>\n<li>La consommation durable \u00e0 travers des options saines, locales et v\u00e9g\u00e9tariennes lors d\u2019\u00e9v\u00e9nements et dans nos cantines.<\/li>\n<li>La pr\u00e9vention des d\u00e9chets et le recyclage maximal des d\u00e9chets in\u00e9vitables.<\/li>\n<\/ul>\n<p>Ces mesures sont regroup\u00e9es dans notre politique environnementale.<\/p>\n                            <\/div>\n        \n\t<\/div>\n<\/section>\n\n<section class=\"block fwmb\" >\n\t<div class=\"block__inner editor-content fwmb__inner fwmb__inner--right fwmb__inner--image\">\n\n        <div class=\"fwmb__media col col-12\">\n\t\t\t<img loading=\"lazy\" decoding=\"async\" width=\"1680\" height=\"560\" src=\"https:\/\/www.swecobelgium.be\/wp-content\/uploads\/sites\/12\/2026\/01\/\u00a9fayepynaert-atwork_arenberg_O8A8128_146-large-1680x560.jpg\" class=\"attachment-fwmb-image size-fwmb-image\" alt=\"\" \/>\t\t<\/div>\n\n        \n                    <div class=\"col col--5 col--md--11 fwmb__content  right\">\n                                                                    <h2>Politique de march\u00e9s publics<\/h2>\n<p>Notre ambition en mati\u00e8re de <a href=\"https:\/\/www.swecobelgium.be\/fr\/durabilite\/\">d\u00e9veloppement durable<\/a> ne se confine pas \u00e0 nos propres activit\u00e9s\u00a0: nous entendons durabiliser l\u2019ensemble de notre cha\u00eene de valeur. Nous attendons de nos fournisseurs, sous-traitants et partenaires qu\u2019ils souscrivent \u00e0 notre <strong>Code de Conduite<\/strong> et qu\u2019ils contribuent activement \u00e0 nos objectifs en mati\u00e8re de <a href=\"https:\/\/www.swecobelgium.be\/fr\/durabilite\/\">d\u00e9veloppement durable<\/a>. La <a href=\"https:\/\/www.swecobelgium.be\/fr\/durabilite\/\">durabilit\u00e9<\/a> constitue un facteur d\u00e9cisif dans la coop\u00e9ration avec nos partenaires dans le cadre de notre politique d\u2019achat. Nous contr\u00f4lons les performances de nos fournisseurs et sous-traitants en mati\u00e8re de <a href=\"https:\/\/www.swecobelgium.be\/fr\/durabilite\/\">d\u00e9veloppement durable<\/a> et sommes dispos\u00e9s \u00e0 les aider \u00e0 mettre en \u0153uvre leur propre programme de <a href=\"https:\/\/www.swecobelgium.be\/fr\/durabilite\/\">d\u00e9veloppement durable<\/a>.<\/p>\n                            <\/div>\n        \n\t<\/div>\n<\/section>\n\n<section class=\"block cb block--lightgray\" >\n\t<div class=\"block__inner cb__inner cb__inner--one\">\n\t<div class=\"col--12 col--center col--wrapper\">\n\t\t<div class=\"col col--6 editor-content\">\n\t\t\t<h2>Int\u00e9gration du d\u00e9veloppement durable dans une strat\u00e9gie ESG globale<\/h2>\n<p>Notre approche du <a href=\"https:\/\/www.swecobelgium.be\/fr\/durabilite\/\">d\u00e9veloppement durable<\/a> s\u2019inscrit dans le cadre d\u2019une <a href=\"https:\/\/www.swecobelgium.be\/fr\/services\/consultance-durabilite-esg-et-csrd\/\">strat\u00e9gie ESG<\/a> plus large, dans laquelle Sweco \u00e9nonce sa valeur ajout\u00e9e sociale sur les plans environnemental, social et politique comme suit. Sweco Belgium obtient depuis 5\u00a0ans une certification ESG ind\u00e9pendante, d\u00e9livr\u00e9e par Ecovadis et syst\u00e9matiquement assortie d\u2019un <strong>label Gold<\/strong> (2025 en cours d\u2019\u00e9valuation). Notre politique ESG se concentre sur les priorit\u00e9s suivantes, qui impr\u00e8gnent \u00e0 la fois nos projets et nos activit\u00e9s.<\/p>\n\t\t<\/div>\n\t<\/div>\n<\/div>\n<\/section>\n\n\n<section class=\"block block--white grid\" >\n\t<div class=\"block__inner\">\n\t\t<div class=\"col--11 col--wrapper col--stretch\">\n\t\t\t\t\n\t\t\t\n\t\t\t<div class=\"col item item--1-3 col--4\"><img loading=\"lazy\" decoding=\"async\" width=\"520\" height=\"296\" src=\"https:\/\/www.swecobelgium.be\/wp-content\/uploads\/sites\/12\/2025\/12\/ESG-E-520x296.jpg\" class=\"attachment-insights-featured size-insights-featured\" alt=\"\" srcset=\"https:\/\/www.swecobelgium.be\/wp-content\/uploads\/sites\/12\/2025\/12\/ESG-E-520x296.jpg 520w, https:\/\/www.swecobelgium.be\/wp-content\/uploads\/sites\/12\/2025\/12\/ESG-E-200x113.jpg 200w\" sizes=\"auto, (max-width: 520px) 100vw, 520px\" \/><div class=\"item__content editor-content\" data-clickable=\"false\"><h3><\/h3><h3 style=\"text-align: center\">Environnement<\/h3>\n<ul>\n<li><strong>Changement climatique\u00a0<\/strong>: r\u00e9duction des \u00e9missions de CO<sub>2<\/sub> et des risques li\u00e9s au changement climatique.<\/li>\n<li><strong>Consommation d\u2019\u00e9nergie\u00a0<\/strong>: efficacit\u00e9 et sources d\u2019\u00e9nergie renouvelables.<\/li>\n<li><strong><a href=\"https:\/\/www.swecobelgium.be\/fr\/expertise\/eau\/\">Gestion de l\u2019eau<\/a>\u00a0<\/strong>: consommation raisonn\u00e9e et contribution \u00e0 la qualit\u00e9 de l\u2019eau.<\/li>\n<li><strong>Circularit\u00e9\u00a0<\/strong>: pr\u00e9vention des d\u00e9chets et recours limit\u00e9 aux ressources naturelles.<\/li>\n<li><strong><a href=\"https:\/\/www.swecobelgium.be\/fr\/expertise\/resilience-climatique-nature\/\">Biodiversit\u00e9<\/a>\u00a0<\/strong>: contribution \u00e0 la protection des \u00e9cosyst\u00e8mes et des habitats naturels, y compris par la r\u00e9duction des polluants.<\/li>\n<\/ul>\n<\/div><\/div><div class=\"col item item--1-3 col--4\"><img loading=\"lazy\" decoding=\"async\" width=\"520\" height=\"296\" src=\"https:\/\/www.swecobelgium.be\/wp-content\/uploads\/sites\/12\/2025\/12\/ESG-S-520x296.jpg\" class=\"attachment-insights-featured size-insights-featured\" alt=\"\" srcset=\"https:\/\/www.swecobelgium.be\/wp-content\/uploads\/sites\/12\/2025\/12\/ESG-S-520x296.jpg 520w, https:\/\/www.swecobelgium.be\/wp-content\/uploads\/sites\/12\/2025\/12\/ESG-S-200x113.jpg 200w\" sizes=\"auto, (max-width: 520px) 100vw, 520px\" \/><div class=\"item__content editor-content\" data-clickable=\"false\"><h3><\/h3><h3 style=\"text-align: center\">Soci\u00e9t\u00e9<\/h3>\n<ul>\n<li><strong>Conditions de travail\u00a0<\/strong>: La s\u00e9curit\u00e9, la sant\u00e9 et le bien-\u00eatre de nos collaborateurs, de nos fournisseurs et de nos partenaires (de la construction).<\/li>\n<li>Promouvoir la <strong>diversit\u00e9, l\u2019inclusion et l\u2019\u00e9galit\u00e9<\/strong>, dans nos activit\u00e9s comme dans nos projets.<\/li>\n<li><strong>Engagement des collaborateurs <\/strong>et apprentissage continu.<\/li>\n<li><strong>Engagement communautaire\u00a0<\/strong>: engagement et influence aupr\u00e8s des communaut\u00e9s \u00e0 travers nos projets et initiatives sociales.<\/li>\n<\/ul>\n<\/div><\/div><div class=\"col item item--1-3 col--4\"><img loading=\"lazy\" decoding=\"async\" width=\"520\" height=\"296\" src=\"https:\/\/www.swecobelgium.be\/wp-content\/uploads\/sites\/12\/2025\/12\/ESG-G-520x296.jpg\" class=\"attachment-insights-featured size-insights-featured\" alt=\"\" srcset=\"https:\/\/www.swecobelgium.be\/wp-content\/uploads\/sites\/12\/2025\/12\/ESG-G-520x296.jpg 520w, https:\/\/www.swecobelgium.be\/wp-content\/uploads\/sites\/12\/2025\/12\/ESG-G-200x113.jpg 200w\" sizes=\"auto, (max-width: 520px) 100vw, 520px\" \/><div class=\"item__content editor-content\" data-clickable=\"false\"><h3><\/h3><h3 style=\"text-align: center\">Gouvernance<\/h3>\n<ul>\n<li>Entreprise <strong>responsable, \u00e9thique et int\u00e8gre<\/strong>: conduite \u00e9quitable des affaires, pr\u00e9vention de la corruption et de la fraude.<\/li>\n<li><strong>Conformit\u00e9\u00a0<\/strong>: respect des lois et r\u00e8glements.<\/li>\n<li><strong>Prise de d\u00e9cision<\/strong> objective et <strong>d\u00e9l\u00e9gation<\/strong> de pouvoirs.<\/li>\n<li><strong><a href=\"https:\/\/www.swecobelgium.be\/fr\/services\/gestion-de-projets-et-de-contrats-dinfrastructures\/\">Gestion des risques<\/a>\u00a0<\/strong>: identification et ma\u00eetrise des risques.<\/li>\n<li><strong>Transparence\u00a0<\/strong>: des rapports et une communication ouverts et honn\u00eates.<\/li>\n<\/ul>\n<\/div><\/div>\t\t\t\n\t\t\t\t\t<\/div>\n\t<\/div>\n<\/section>\n\n\n<section class=\"block form-block block--lightgray\" id=\"contactez\">\n\t<div class=\"block__inner form-block__inner \">\n\n                    <div class=\"col--11 col--wrapper\">\n                                    <div class=\"col col--4 editor-content form-block__title\">\n                        <h3 class=\"h3 hyphenate\">Comment pouvons-nous vous aider ?<\/h3>                    <\/div>\n                    <div class=\"col--12 col\"><\/div>\n                \n                <div class=\"col col--4 editor-content\">\n                    Comment pouvons-nous aider votre entreprise ? Une \u00e9quipe d\u2019experts est pr\u00eate \u00e0 vous soutenir et \u00e0 voir comment nous pouvons vous aider avec votre demande. Lorsque vous soumettez ce formulaire, quelqu\u2019un de notre \u00e9quipe vous contactera. Ce formulaire est uniquement destin\u00e9 \u00e0 obtenir plus d\u2019informations sur nos solutions d\u2019entreprise Sweco.\r\n                <\/div>\n\n                <div class=\"col col--7\">\n                    <script type=\"text\/javascript\">\n\/* <![CDATA[ *\/\nvar gform;gform||(document.addEventListener(\"gform_main_scripts_loaded\",function(){gform.scriptsLoaded=!0}),document.addEventListener(\"gform\/theme\/scripts_loaded\",function(){gform.themeScriptsLoaded=!0}),window.addEventListener(\"DOMContentLoaded\",function(){gform.domLoaded=!0}),gform={domLoaded:!1,scriptsLoaded:!1,themeScriptsLoaded:!1,isFormEditor:()=>\"function\"==typeof InitializeEditor,callIfLoaded:function(o){return!(!gform.domLoaded||!gform.scriptsLoaded||!gform.themeScriptsLoaded&&!gform.isFormEditor()||(gform.isFormEditor()&&console.warn(\"The use of gform.initializeOnLoaded() is deprecated in the form editor context and will be removed in Gravity Forms 3.1.\"),o(),0))},initializeOnLoaded:function(o){gform.callIfLoaded(o)||(document.addEventListener(\"gform_main_scripts_loaded\",()=>{gform.scriptsLoaded=!0,gform.callIfLoaded(o)}),document.addEventListener(\"gform\/theme\/scripts_loaded\",()=>{gform.themeScriptsLoaded=!0,gform.callIfLoaded(o)}),window.addEventListener(\"DOMContentLoaded\",()=>{gform.domLoaded=!0,gform.callIfLoaded(o)}))},hooks:{action:{},filter:{}},addAction:function(o,r,e,t){gform.addHook(\"action\",o,r,e,t)},addFilter:function(o,r,e,t){gform.addHook(\"filter\",o,r,e,t)},doAction:function(o){gform.doHook(\"action\",o,arguments)},applyFilters:function(o){return gform.doHook(\"filter\",o,arguments)},removeAction:function(o,r){gform.removeHook(\"action\",o,r)},removeFilter:function(o,r,e){gform.removeHook(\"filter\",o,r,e)},addHook:function(o,r,e,t,n){null==gform.hooks[o][r]&&(gform.hooks[o][r]=[]);var d=gform.hooks[o][r];null==n&&(n=r+\"_\"+d.length),gform.hooks[o][r].push({tag:n,callable:e,priority:t=null==t?10:t})},doHook:function(r,o,e){var t;if(e=Array.prototype.slice.call(e,1),null!=gform.hooks[r][o]&&((o=gform.hooks[r][o]).sort(function(o,r){return o.priority-r.priority}),o.forEach(function(o){\"function\"!=typeof(t=o.callable)&&(t=window[t]),\"action\"==r?t.apply(null,e):e[0]=t.apply(null,e)})),\"filter\"==r)return e[0]},removeHook:function(o,r,t,n){var e;null!=gform.hooks[o][r]&&(e=(e=gform.hooks[o][r]).filter(function(o,r,e){return!!(null!=n&&n!=o.tag||null!=t&&t!=o.priority)}),gform.hooks[o][r]=e)}});\n\/* ]]> *\/\n<\/script>\n\n                <div class='gf_browser_gecko gform_wrapper gform_legacy_markup_wrapper gform-theme--no-framework' data-form-theme='legacy' data-form-index='0' id='gform_wrapper_19' ><form class=\"gform_analytics_tracking\" method='post' enctype='multipart\/form-data' target='gform_ajax_frame_19' id='gform_19'  action='\/fr\/wp-json\/wp\/v2\/pages\/46987' data-formid='19' novalidate autocomplete=\"off\">\n                        <div class='gform-body gform_body'><ul id='gform_fields_19' class='gform_fields top_label form_sublabel_below description_below validation_below'><li id=\"field_19_17\" class=\"gfield gfield--type-honeypot gform_validation_container field_sublabel_below gfield--has-description field_description_below field_validation_below gfield_visibility_visible gform_honeypot\"  data-field-class=\"gform_honeypot\" ><label class='gfield_label gform-field-label' for='input_19_17'>Phone<\/label><div class='ginput_container'><input autocomplete=\"off\"  name='input_17' id='input_19_17' type='text' value='' autocomplete='new-password'\/><\/div><div class='gfield_description' id='gfield_description_19_17'>Ce champ n\u2019est utilis\u00e9 qu\u2019\u00e0 des fins de validation et devrait rester inchang\u00e9.<\/div><\/li><li id=\"field_19_14\" class=\"gfield gfield--type-text gfield--input-type-text gfield--width-full gf_left_half gfield_contains_required field_sublabel_below gfield--no-description field_description_below field_validation_below gfield_visibility_visible gform_text\"  data-field-class=\"gform_text\" ><label class='gfield_label gform-field-label' for='input_19_14'>Pr\u00e9nom et nom<span class=\"gfield_required\"><span class=\"gfield_required gfield_required_asterisk\">*<\/span><\/span><\/label><div class='ginput_container ginput_container_text'><input autocomplete=\"off\"  name='input_14' id='input_19_14' type='text' value='' class='small'     aria-required=\"true\" aria-invalid=\"false\"   \/><\/div><\/li><li id=\"field_19_13\" class=\"gfield gfield--type-text gfield--input-type-text gfield--width-full gf_right_half gfield_contains_required field_sublabel_below gfield--no-description field_description_below field_validation_below gfield_visibility_visible gform_text\"  data-field-class=\"gform_text\" ><label class='gfield_label gform-field-label' for='input_19_13'>Entreprise<span class=\"gfield_required\"><span class=\"gfield_required gfield_required_asterisk\">*<\/span><\/span><\/label><div class='ginput_container ginput_container_text'><input autocomplete=\"off\"  name='input_13' id='input_19_13' type='text' value='' class='small'     aria-required=\"true\" aria-invalid=\"false\"   \/><\/div><\/li><li id=\"field_19_10\" class=\"gfield gfield--type-email gfield--input-type-email gfield--width-full gfield_contains_required field_sublabel_below gfield--no-description field_description_below field_validation_below gfield_visibility_visible gform_email\"  data-field-class=\"gform_email\" ><label class='gfield_label gform-field-label' for='input_19_10'>E-mail<span class=\"gfield_required\"><span class=\"gfield_required gfield_required_asterisk\">*<\/span><\/span><\/label><div class='ginput_container ginput_container_email'>\n                            <input autocomplete=\"off\"  name='input_10' id='input_19_10' type='email' value='' class='small'    aria-required=\"true\" aria-invalid=\"false\"  \/>\n                        <\/div><\/li><li id=\"field_19_11\" class=\"gfield gfield--type-phone gfield--input-type-phone gfield--width-full field_sublabel_below gfield--no-description field_description_below field_validation_below gfield_visibility_visible gform_phone\"  data-field-class=\"gform_phone\" ><label class='gfield_label gform-field-label' for='input_19_11'>Num\u00e9ro de t\u00e9l\u00e9phone<\/label><div class='ginput_container ginput_container_phone'><input autocomplete=\"off\"  name='input_11' id='input_19_11' type='tel' value='' class='small'    aria-invalid=\"false\"   \/><\/div><\/li><li id=\"field_19_8\" class=\"gfield gfield--type-textarea gfield--input-type-textarea gfield--width-full full expanding-textarea gfield_contains_required field_sublabel_below gfield--no-description field_description_below field_validation_below gfield_visibility_visible gform_textarea\"  data-field-class=\"gform_textarea\" ><label class='gfield_label gform-field-label' for='input_19_8'>Comment pouvons-nous vous aider ?<span class=\"gfield_required\"><span class=\"gfield_required gfield_required_asterisk\">*<\/span><\/span><\/label><div class='ginput_container ginput_container_textarea'><textarea autocomplete=\"off\"  name='input_8' id='input_19_8' class='textarea medium'     aria-required=\"true\" aria-invalid=\"false\"   rows='10' cols='50'><\/textarea><\/div><\/li><li id=\"field_19_15\" class=\"gfield gfield--type-fileupload gfield--input-type-fileupload gfield--width-full field_sublabel_below gfield--no-description field_description_below field_validation_below gfield_visibility_visible gform_fileupload\"  data-field-class=\"gform_fileupload\" ><label class='gfield_label gform-field-label' for='gform_browse_button_19_15'>Ajoutez des fichiers joints<\/label><div class='ginput_container ginput_container_fileupload'><div id='gform_multifile_upload_19_15' data-settings='{&quot;runtimes&quot;:&quot;html5,flash,html4&quot;,&quot;browse_button&quot;:&quot;gform_browse_button_19_15&quot;,&quot;container&quot;:&quot;gform_multifile_upload_19_15&quot;,&quot;drop_element&quot;:&quot;gform_drag_drop_area_19_15&quot;,&quot;filelist&quot;:&quot;gform_preview_19_15&quot;,&quot;unique_names&quot;:true,&quot;file_data_name&quot;:&quot;file&quot;,&quot;url&quot;:&quot;https:\\\/\\\/www.swecobelgium.be\\\/fr\\\/?gf_page=6e53c2b1b13add7&quot;,&quot;flash_swf_url&quot;:&quot;https:\\\/\\\/www.swecobelgium.be\\\/wp-includes\\\/js\\\/plupload\\\/plupload.flash.swf&quot;,&quot;silverlight_xap_url&quot;:&quot;https:\\\/\\\/www.swecobelgium.be\\\/wp-includes\\\/js\\\/plupload\\\/plupload.silverlight.xap&quot;,&quot;filters&quot;:{&quot;mime_types&quot;:[{&quot;title&quot;:&quot;Fichiers autoris\\u00e9s&quot;,&quot;extensions&quot;:&quot;*&quot;}],&quot;max_file_size&quot;:&quot;52224000b&quot;},&quot;multipart&quot;:true,&quot;urlstream_upload&quot;:false,&quot;multipart_params&quot;:{&quot;form_id&quot;:19,&quot;field_id&quot;:15,&quot;_gform_file_upload_nonce_19_15&quot;:&quot;c4e6778347&quot;},&quot;gf_vars&quot;:{&quot;max_files&quot;:0,&quot;message_id&quot;:&quot;gform_multifile_messages_19_15&quot;,&quot;disallowed_extensions&quot;:[&quot;php&quot;,&quot;asp&quot;,&quot;aspx&quot;,&quot;cmd&quot;,&quot;csh&quot;,&quot;bat&quot;,&quot;html&quot;,&quot;htm&quot;,&quot;hta&quot;,&quot;jar&quot;,&quot;exe&quot;,&quot;com&quot;,&quot;js&quot;,&quot;lnk&quot;,&quot;htaccess&quot;,&quot;phar&quot;,&quot;phtml&quot;,&quot;ps1&quot;,&quot;ps2&quot;,&quot;php3&quot;,&quot;php4&quot;,&quot;php5&quot;,&quot;php6&quot;,&quot;py&quot;,&quot;rb&quot;,&quot;tmp&quot;]}}' class='gform_fileupload_multifile'>\n\t\t\t\t\t\t\t\t\t\t<div id='gform_drag_drop_area_19_15' class='gform_drop_area gform-theme-field-control'>\n\t\t\t\t\t\t\t\t\t\t\t<span class='gform_drop_instructions'>D\u00e9posez des fichiers ici ou <\/span>\n\t\t\t\t\t\t\t\t\t\t\t<button type='button' id='gform_browse_button_19_15' class='button gform_button_select_files gform-theme-button gform-theme-button--control' aria-describedby=\"gfield_upload_rules_19_15\"  >S\u00e9lectionner des fichiers<\/button>\n\t\t\t\t\t\t\t\t\t\t<\/div>\n\t\t\t\t\t\t\t\t\t<\/div><span class='gfield_description gform_fileupload_rules' id='gfield_upload_rules_19_15'>Taille max. des fichiers\u00a0: 50 MB.<\/span><ul class='validation_message--hidden-on-empty gform-ul-reset' id='gform_multifile_messages_19_15'><\/ul> <div id='gform_preview_19_15' class='ginput_preview_list'><\/div><\/div><\/li><li id=\"field_19_12\" class=\"gfield gfield--type-consent gfield--type-choice gfield--input-type-consent gfield--width-full gfield_contains_required field_sublabel_below gfield--no-description field_description_below field_validation_below gfield_visibility_visible gform_consent\"  data-field-class=\"gform_consent\" ><label class='gfield_label gform-field-label gfield_label_before_complex' >Consentement<span class=\"gfield_required\"><span class=\"gfield_required gfield_required_asterisk\">*<\/span><\/span><\/label><div class='ginput_container ginput_container_consent'><input autocomplete=\"off\"  name='input_12.1' id='input_19_12_1' type='checkbox' value='1'   aria-required=\"true\" aria-invalid=\"false\"   \/> <label class=\"gform-field-label gform-field-label--type-inline gfield_consent_label\" for='input_19_12_1' >En envoyant vos informations, vous marquez votre accord avec la politique en mati\u00e8re de protection de la vie priv\u00e9e de Sweco. <a href=\"https:\/\/www.swecobelgium.be\/fr\/privacy-notice\/\">Cliquez ici<\/a> pour en savoir plus sur la mani\u00e8re dont nous sauvegardons vos donn\u00e9es.<\/label><input autocomplete=\"off\"  type='hidden' name='input_12.2' value='En envoyant vos informations, vous marquez votre accord avec la politique en mati\u00e8re de protection de la vie priv\u00e9e de Sweco. &lt;a href=&quot;https:\/\/www.swecobelgium.be\/fr\/privacy-notice\/&quot;&gt;Cliquez ici&lt;\/a&gt; pour en savoir plus sur la mani\u00e8re dont nous sauvegardons vos donn\u00e9es.' class='gform_hidden' \/><input autocomplete=\"off\"  type='hidden' name='input_12.3' value='16' class='gform_hidden' \/><\/div><\/li><li id=\"field_19_16\" class=\"gfield gfield--type-checkbox gfield--type-choice gfield--input-type-checkbox gfield--width-full field_sublabel_below gfield--has-description field_description_below field_validation_below gfield_visibility_visible gform_checkbox\"  data-field-class=\"gform_checkbox\" ><label class='gfield_label gform-field-label gfield_label_before_complex' >Communications par e-mail<\/label><div class='ginput_container ginput_container_checkbox'><ul class='gfield_checkbox' id='input_19_16'><li class='gchoice gchoice_19_16_1'>\n\t\t\t\t\t\t\t\t<input autocomplete=\"off\"  class='gfield-choice-input' name='input_16.1' type='checkbox'  value='J\u2019autorise l\u2019envoi de communications par e-mail concernant des mises \u00e0 jour, services ou \u00e9v\u00e9nements pertinents.'  id='choice_19_16_1'   aria-describedby=\"gfield_description_19_16\"\/>\n\t\t\t\t\t\t\t\t<label for='choice_19_16_1' id='label_19_16_1' class='gform-field-label gform-field-label--type-inline'>J\u2019autorise l\u2019envoi de communications par e-mail concernant des mises \u00e0 jour, services ou \u00e9v\u00e9nements pertinents.<\/label>\n\t\t\t\t\t\t\t<\/li><\/ul><\/div><div class='gfield_description' id='gfield_description_19_16'>Vous pouvez retirer votre consentement \u00e0 tout moment via le lien de d\u00e9sinscription dans nos e-mails.<\/div><\/li><\/ul><\/div>\n        <div class='gform-footer gform_footer top_label'> <button class='btn btn__primary' id='gform_submit_button_19'><span>Envoyer<\/span><\/button> <input type='hidden' name='gform_ajax' value='form_id=19&amp;title=&amp;description=&amp;tabindex=0&amp;theme=legacy&amp;hash=fb82e8c340f9a833bcde1600c4755eed' \/>\n            <input type='hidden' class='gform_hidden' name='gform_submission_method' data-js='gform_submission_method_19' value='iframe' \/>\n            <input type='hidden' class='gform_hidden' name='gform_theme' data-js='gform_theme_19' id='gform_theme_19' value='legacy' \/>\n            <input type='hidden' class='gform_hidden' name='gform_style_settings' data-js='gform_style_settings_19' id='gform_style_settings_19' value='' \/>\n            <input type='hidden' class='gform_hidden' name='is_submit_19' value='1' \/>\n            <input type='hidden' class='gform_hidden' name='gform_submit' value='19' \/>\n            \n            <input type='hidden' class='gform_hidden' name='gform_unique_id' value='' \/>\n            <input type='hidden' class='gform_hidden' name='state_19' value='WyJ7XCIxMi4xXCI6XCI1YWFlZWZiNzU3NDE1NWIwNWU5MDY0MTFiNjFlZTRmYlwiLFwiMTIuMlwiOlwiOTBhMzRkZWNiMzRmYmU2MjM2Y2M2ZmZiZGIyM2MyYmFcIixcIjEyLjNcIjpcIjMwZjY3OGY4NzQyNGVjMThjYzU2YjlkNzNlOTM1NWIyXCIsXCIxNi4xXCI6XCJlNDA1ZWNkY2NhMjVkMWE5ODNiMjc4MWY5ZDMwMzJmYlwifSIsIjI2MTVjYmM0OTI2MGM3Y2M2OTZkMDJiZTkyNmYyMjgzIl0=' \/>\n            <input type='hidden' autocomplete='off' class='gform_hidden' name='gform_target_page_number_19' id='gform_target_page_number_19' value='0' \/>\n            <input type='hidden' autocomplete='off' class='gform_hidden' name='gform_source_page_number_19' id='gform_source_page_number_19' value='1' \/>\n            <input type='hidden' name='gform_field_values' value='' \/>\n            <input type='hidden' name='gform_uploaded_files' id='gform_uploaded_files_19' value='' \/>\n        <\/div>\n                        <\/form>\n                        <\/div>\n\t\t                <iframe style='display:none;width:0px;height:0px;' src='about:blank' name='gform_ajax_frame_19' id='gform_ajax_frame_19' title='Cette iframe contient la logique n\u00e9cessaire pour manipuler Gravity Forms avec Ajax.'><\/iframe>\n\t\t                <script type=\"text\/javascript\">\n\/* <![CDATA[ *\/\n gform.initializeOnLoaded( function() {gformInitSpinner( 19, 'https:\/\/www.swecobelgium.be\/wp-content\/themes\/sweco\/assets\/dist\/oval.svg', true );jQuery('#gform_ajax_frame_19').on('load',function(){var contents = jQuery(this).contents().find('*').html();var is_postback = contents.indexOf('GF_AJAX_POSTBACK') >= 0;if(!is_postback){return;}var form_content = jQuery(this).contents().find('#gform_wrapper_19');var is_confirmation = jQuery(this).contents().find('#gform_confirmation_wrapper_19').length > 0;var is_redirect = contents.indexOf('gformRedirect(){') >= 0;var is_form = form_content.length > 0 && ! is_redirect && ! is_confirmation;var mt = parseInt(jQuery('html').css('margin-top'), 10) + parseInt(jQuery('body').css('margin-top'), 10) + 100;if(is_form){jQuery('#gform_wrapper_19').html(form_content.html());if(form_content.hasClass('gform_validation_error')){jQuery('#gform_wrapper_19').addClass('gform_validation_error');} else {jQuery('#gform_wrapper_19').removeClass('gform_validation_error');}setTimeout( function() { \/* delay the scroll by 50 milliseconds to fix a bug in chrome *\/  }, 50 );if(window['gformInitDatepicker']) {gformInitDatepicker();}if(window['gformInitPriceFields']) {gformInitPriceFields();}var current_page = jQuery('#gform_source_page_number_19').val();gformInitSpinner( 19, 'https:\/\/www.swecobelgium.be\/wp-content\/themes\/sweco\/assets\/dist\/oval.svg', true );jQuery(document).trigger('gform_page_loaded', [19, current_page]);window['gf_submitting_19'] = false;}else if(!is_redirect){var confirmation_content = jQuery(this).contents().find('.GF_AJAX_POSTBACK').html();if(!confirmation_content){confirmation_content = contents;}jQuery('#gform_wrapper_19').replaceWith(confirmation_content);jQuery(document).trigger('gform_confirmation_loaded', [19]);window['gf_submitting_19'] = false;wp.a11y.speak(jQuery('#gform_confirmation_message_19').text());}else{jQuery('#gform_19').append(contents);if(window['gformRedirect']) {gformRedirect();}}jQuery(document).trigger(\"gform_pre_post_render\", [{ formId: \"19\", currentPage: \"current_page\", abort: function() { this.preventDefault(); } }]);        if (event && event.defaultPrevented) {                return;        }        const gformWrapperDiv = document.getElementById( \"gform_wrapper_19\" );        if ( gformWrapperDiv ) {            const visibilitySpan = document.createElement( \"span\" );            visibilitySpan.id = \"gform_visibility_test_19\";            gformWrapperDiv.insertAdjacentElement( \"afterend\", visibilitySpan );        }        const visibilityTestDiv = document.getElementById( \"gform_visibility_test_19\" );        let postRenderFired = false;        function triggerPostRender() {            if ( postRenderFired ) {                return;            }            postRenderFired = true;            gform.core.triggerPostRenderEvents( 19, current_page );            if ( visibilityTestDiv ) {                visibilityTestDiv.parentNode.removeChild( visibilityTestDiv );            }        }        function debounce( func, wait, immediate ) {            var timeout;            return function() {                var context = this, args = arguments;                var later = function() {                    timeout = null;                    if ( !immediate ) func.apply( context, args );                };                var callNow = immediate && !timeout;                clearTimeout( timeout );                timeout = setTimeout( later, wait );                if ( callNow ) func.apply( context, args );            };        }        const debouncedTriggerPostRender = debounce( function() {            triggerPostRender();        }, 200 );        if ( visibilityTestDiv && visibilityTestDiv.offsetParent === null ) {            const observer = new MutationObserver( ( mutations ) => {                mutations.forEach( ( mutation ) => {                    if ( mutation.type === 'attributes' && visibilityTestDiv.offsetParent !== null ) {                        debouncedTriggerPostRender();                        observer.disconnect();                    }                });            });            observer.observe( document.body, {                attributes: true,                childList: false,                subtree: true,                attributeFilter: [ 'style', 'class' ],            });        } else {            triggerPostRender();        }    } );} ); \n\/* ]]> *\/\n<\/script>\n                <\/div>\n            <\/div>\n        \n\t<\/div>\n<\/section>\n","protected":false},"excerpt":{"rendered":"","protected":false},"author":185,"featured_media":47000,"parent":46913,"menu_order":0,"comment_status":"closed","ping_status":"closed","template":"","meta":{"_acf_changed":false,"_seopress_robots_primary_cat":"","_seopress_titles_title":"We walk the talk","_seopress_titles_desc":"Sweco agit concr\u00e8tement pour une durabilit\u00e9 cr\u00e9dible gr\u00e2ce \u00e0 une strat\u00e9gie ESG ambitieuse ax\u00e9e sur le climat, la mobilit\u00e9, les bureaux et la gouvernance.","_seopress_robots_index":"","footnotes":""},"class_list":["post-46987","page","type-page","status-publish","has-post-thumbnail","hentry"],"acf":[],"_links":{"self":[{"href":"https:\/\/www.swecobelgium.be\/fr\/wp-json\/wp\/v2\/pages\/46987","targetHints":{"allow":["GET"]}}],"collection":[{"href":"https:\/\/www.swecobelgium.be\/fr\/wp-json\/wp\/v2\/pages"}],"about":[{"href":"https:\/\/www.swecobelgium.be\/fr\/wp-json\/wp\/v2\/types\/page"}],"author":[{"embeddable":true,"href":"https:\/\/www.swecobelgium.be\/fr\/wp-json\/wp\/v2\/users\/185"}],"replies":[{"embeddable":true,"href":"https:\/\/www.swecobelgium.be\/fr\/wp-json\/wp\/v2\/comments?post=46987"}],"version-history":[{"count":2,"href":"https:\/\/www.swecobelgium.be\/fr\/wp-json\/wp\/v2\/pages\/46987\/revisions"}],"predecessor-version":[{"id":47083,"href":"https:\/\/www.swecobelgium.be\/fr\/wp-json\/wp\/v2\/pages\/46987\/revisions\/47083"}],"up":[{"embeddable":true,"href":"https:\/\/www.swecobelgium.be\/fr\/wp-json\/wp\/v2\/pages\/46913"}],"wp:featuredmedia":[{"embeddable":true,"href":"https:\/\/www.swecobelgium.be\/fr\/wp-json\/wp\/v2\/media\/47000"}],"wp:attachment":[{"href":"https:\/\/www.swecobelgium.be\/fr\/wp-json\/wp\/v2\/media?parent=46987"}],"curies":[{"name":"wp","href":"https:\/\/api.w.org\/{rel}","templated":true}]}}