{"id":37066,"date":"2025-05-06T12:24:10","date_gmt":"2025-05-06T10:24:10","guid":{"rendered":"https:\/\/www.swecobelgium.be\/?post_type=podcast&#038;p=37066"},"modified":"2025-05-06T12:24:11","modified_gmt":"2025-05-06T10:24:11","slug":"podcast-energy","status":"publish","type":"podcast","link":"https:\/\/www.swecobelgium.be\/fr\/podcast\/podcast-energy\/","title":{"rendered":"Podcast energy"},"content":{"rendered":"<section class=\"block page-intro page-intro--big page-intro--bg\" >\n\t\t\t<div class=\"page-intro__layout\" >\n\t\t\t<img width=\"1580\" height=\"640\" src=\"https:\/\/www.swecobelgium.be\/wp-content\/uploads\/sites\/12\/2021\/06\/Header_transforming-society-together.jpg\" class=\"page-intro__bg-img\" alt=\"\" fetchpriority=\"high\" decoding=\"async\" sizes=\"(max-width: 767px) 1080px, 1920px\" srcset=\"https:\/\/www.swecobelgium.be\/wp-content\/uploads\/sites\/12\/2021\/06\/Header_transforming-society-together.jpg 1580w, https:\/\/www.swecobelgium.be\/wp-content\/uploads\/sites\/12\/2021\/06\/Header_transforming-society-together-200x81.jpg 200w, https:\/\/www.swecobelgium.be\/wp-content\/uploads\/sites\/12\/2021\/06\/Header_transforming-society-together-768x311.jpg 768w, https:\/\/www.swecobelgium.be\/wp-content\/uploads\/sites\/12\/2021\/06\/Header_transforming-society-together-1536x622.jpg 1536w, https:\/\/www.swecobelgium.be\/wp-content\/uploads\/sites\/12\/2021\/06\/Header_transforming-society-together-520x211.jpg 520w, https:\/\/www.swecobelgium.be\/wp-content\/uploads\/sites\/12\/2021\/06\/Header_transforming-society-together-800x324.jpg 800w, https:\/\/www.swecobelgium.be\/wp-content\/uploads\/sites\/12\/2021\/06\/Header_transforming-society-together-741x300.jpg 741w\" \/>\t\t\t<div class=\"block__inner page-intro__inner page-intro__inner--top\">\n\t\t\t\t<div class=\"col--11\">\n\t\t\t\t\t<div class=\"editor-content editor-content--white editor-content--top col--5\">\n\t\t\t\t\t\t<div class=\"editor-content__inner \">\n\t\t\t\t\t\t\t\t\t\t\t\t\t\t\t\t\t\t\t\t\t\t\t\t\t\t\t<\/div>\n\t\t\t\t\t<\/div>\n\t\t\t\t<\/div>\n\t\t\t<\/div>\n\t\t<\/div>\n\t\n\t\t\n\t\t<div class=\"block__inner page-intro__inner page-intro__inner--bottom \">\n\t\t<div class=\"editor-content editor-content--bottom col--6\">\n\t\t\t<div class=\"editor-content__inner\">\n\t\t\t\t\t\n\t\t\t\t<h1>Podcast energy<\/h1>\n\n\t\t\t\t\n\t\t\t\t\t\t\t<\/div>\n\t\t<\/div>\n\t<\/div>\n\t<\/section>\n\n<section class=\"block cb block--white\" >\n\t<div class=\"block__inner cb__inner cb__inner--title-block\">\n\t<div class=\"col--11 col--start col--wrapper editor-content\">\n\t\t\t\t\t<div class=\"col col--5\">\n\t\t\t\t<h3 class=\"h3 hyphenate\">TRANSFORMING SOCIETY TOGETHER #02<\/h3>\t\t\t<\/div>\n\t\t\n\t\t\t\t\t<div class=\"col col--4 push--1\">\n\t\t\t\t<p><h4>L&rsquo;auteur Johan Op de Beeck a interview\u00e9 Tinne Van der Straeten, Ministre de l\u2019\u00c9nergie, et Tom Van Den Noortgaete, Division Director Energy, sur les enjeux soci\u00e9taux en mati\u00e8re d\u2019\u00e9nergie. \u00c9coutez cette interview sur la cha\u00eene de podcasts de Sweco.<\/h4>\n<p>L\u2019Union europ\u00e9enne ambitionne d\u2019atteindre la neutralit\u00e9 climatique d\u2019ici 2050 au plus tard, mais, bien entendu, sans que cette transformation se fasse au d\u00e9triment de l\u2019approvisionnement en \u00e9nergie. Un d\u00e9fi de taille ! C\u2019est la raison pour laquelle, nous sommes en train de nous livrer, en Belgique, \u00e0 la transformation la plus ambitieuse jamais r\u00e9alis\u00e9e de notre syst\u00e8me \u00e9nerg\u00e9tique. <a href=\"https:\/\/www.swecobelgium.be\/fr\/expertise\/solutions-energetiques\/\">Efficacit\u00e9 \u00e9nerg\u00e9tique<\/a>, <a href=\"https:\/\/www.swecobelgium.be\/fr\/expertise\/solutions-energetiques\/\">\u00e9nergies renouvelables<\/a>, technologie de production et de stockage de l\u2019<a href=\"https:\/\/www.swecobelgium.be\/fr\/expertise\/solutions-energetiques\/\">hydrog\u00e8ne<\/a>, interconnectivit\u00e9, CCUS (Carbon Capture Usage and Storage), \u2026 autant de termes qui ne font pas encore partie de notre vocabulaire quotidien, mais immanquablement de la solution vers une <a href=\"https:\/\/www.swecobelgium.be\/fr\/expertise\/solutions-energetiques\/\">transition \u00e9nerg\u00e9tique<\/a> durable.<\/p>\n<p>L\u2019optimisme de Tinne Van der Straeten, Ministre de l\u2019\u00c9nergie, et de Tom Van Den Noortgaete, Division Director Energy aupr\u00e8s de Sweco Belgium, est d\u2019ores et d\u00e9j\u00e0 communicatif\u00a0: \u00ab\u00a0Dans les dix ann\u00e9es \u00e0 venir, nous allons assister \u00e0 une s\u00e9rie d\u2019\u00e9volutions passionnantes dans le domaine de la <a href=\"https:\/\/www.swecobelgium.be\/fr\/expertise\/solutions-energetiques\/\">transition \u00e9nerg\u00e9tique<\/a>.<\/p>\n<p><iframe loading=\"lazy\" src=\"https:\/\/open.spotify.com\/embed\/episode\/4lqnOispnCUMeWxyhCsXOq\" width=\"100%\" height=\"232\" frameborder=\"0\"><\/iframe><\/p>\n<\/p>\n\t\t\t\t\t\t\t<\/div>\n\t\t\n\t<\/div>\n<\/div><\/section>\n\n\n<section class=\"block cb block--lightgray\" >\n\t<div class=\"block__inner cb__inner cb__inner--one\">\n\t<div class=\"col--12 col--center col--wrapper\">\n\t\t<div class=\"col col--6 editor-content\">\n\t\t\t<h3>Transformation la plus importante jamais entreprise de notre syst\u00e8me \u00e9nerg\u00e9tique<\/h3>\n<p>Nous pouvons d\u00e9peindre la situation \u00e9nerg\u00e9tique sous un jour sombre, mais Mme Van der Straeten envisage l\u2019avenir avec un optimisme certain. \u00ab Je per\u00e7ois un secteur riche de perspectives et d\u2019opportunit\u00e9s \u00bb, d\u00e9clare-t-elle avec conviction. \u00ab Comme en t\u00e9moigne le programme de gouvernement actuel, nous avons fait deux choix clairs : (1) celui de la <a href=\"https:\/\/www.swecobelgium.be\/fr\/expertise\/solutions-energetiques\/\">transition \u00e9nerg\u00e9tique<\/a> vers les <a href=\"https:\/\/www.swecobelgium.be\/fr\/expertise\/solutions-energetiques\/\">\u00e9nergies renouvelables<\/a> et (2) celui de la r\u00e9duction des \u00e9missions de CO2, lesquels d\u00e9coulent d\u2019une vision \u00e0 long terme sans \u00e9quivoque qui va largement au-del\u00e0 de la pr\u00e9sente l\u00e9gislature. Pour atteindre une r\u00e9duction de 55 % des \u00e9missions de CO2 d\u2019ici 2030, nous allons prendre d\u00e8s aujourd\u2019hui une s\u00e9rie de mesures concr\u00e8tes qui reposent sur trois piliers clairs : <a href=\"https:\/\/www.swecobelgium.be\/fr\/durabilite\/\">durabilit\u00e9<\/a>, prix raisonnables et s\u00e9curit\u00e9 d\u2019approvisionnement \u00bb.<\/p>\n<p>Le cadre dans lequel, les pouvoirs publics donnent corps \u00e0 leur politique \u00e9nerg\u00e9tique doit permettre aux entreprises et autres parties prenantes de contribuer \u00e0 la r\u00e9alisation de cette transition. Nous avons besoin non seulement d\u2019un nombre ph\u00e9nom\u00e9nal d\u2019investisseurs, mais aussi d\u2019experts pointus dans le domaine des nouvelles technologies.<\/p>\n<p>Les ing\u00e9nieurs, concepteurs et conseillers qui \u0153uvrent au service de Sweco poss\u00e8dent ces comp\u00e9tences. En tant que bureau sp\u00e9cialis\u00e9, Sweco est appel\u00e9 \u00e0 jouer un r\u00f4le d\u00e9terminant dans la plupart des projets \u00e9nerg\u00e9tiques innovants men\u00e9s dans notre pays. Du premier parc photovolta\u00efque flottant \u00e0 une infrastructure de stockage de l\u2019<a href=\"https:\/\/www.swecobelgium.be\/fr\/expertise\/solutions-energetiques\/\">hydrog\u00e8ne<\/a>, en passant par l\u2019\u00e9change international d\u2019\u00e9nergie \u00e9lectrique verte. Tom Van Den Noortgaete : \u00ab En conformit\u00e9 avec notre d\u00e9claration de mission \u00ab Transforming Society Together \u00bb, nos experts \u00e9bauchent les contours techniques et spatialis\u00e9s de la <a href=\"https:\/\/www.swecobelgium.be\/fr\/expertise\/solutions-energetiques\/\">transition \u00e9nerg\u00e9tique<\/a>. Sweco a d\u00e9velopp\u00e9 ses activit\u00e9s d\u2019un bout \u00e0 l\u2019autre de la cha\u00eene \u00e9nerg\u00e9tique, de la production \u00e0 la consommation en passant par la distribution. Cette particularit\u00e9 nous distingue des autres entreprises de ce secteur. Nous pouvons vous r\u00e9v\u00e9ler en exclusivit\u00e9 que Sweco s\u2019est vu confier la conception de deux installations Power-to-Gas de grande envergure. Cette expression difficile \u00e0 rendre fait r\u00e9f\u00e9rence \u00e0 la production d\u2019<a href=\"https:\/\/www.swecobelgium.be\/fr\/expertise\/solutions-energetiques\/\">hydrog\u00e8ne<\/a> \u00e0 partir d\u2019une <a href=\"https:\/\/www.swecobelgium.be\/fr\/expertise\/solutions-energetiques\/\">\u00e9nergie verte<\/a> (en l\u2019occurrence, l\u2019\u00e9nergie \u00e9olienne) en vue de son application dans un certain nombre de secteurs d\u2019activit\u00e9 \u00bb.<\/p>\n<p><strong>\u00c9lectrons et mol\u00e9cules verts du futur<\/strong><br \/>\n\u00c0 l\u2019heure actuelle, notre approvisionnement en \u00e9nergie d\u00e9pend \u00e0 80 % de l\u2019\u00e9tranger et de facteurs g\u00e9opolitiques. Les mesures que nous prenons, chacune des \u00e9oliennes que nous installons, contribuent \u00e0 fortifier notre ind\u00e9pendance. L\u2019avenir appartient aux \u00e9nergies vertes, mais nous ne parviendrons pas \u00e0 une \u00e9lectrification totale. \u00c0 titre d\u2019exemple, l\u2019industrie pr\u00e9sente une foule de processus dont les temp\u00e9ratures de fonctionnement sont \u00e9lev\u00e9es. Ces processus requi\u00e8rent plut\u00f4t l\u2019utilisation de <a href=\"https:\/\/www.swecobelgium.be\/fr\/services\/hydrogene-et-molecules-verts\/\">mol\u00e9cules vertes<\/a> telles que l\u2019<a href=\"https:\/\/www.swecobelgium.be\/fr\/expertise\/solutions-energetiques\/\">hydrog\u00e8ne<\/a>, voire certains biogaz. Il en va de m\u00eame pour le secteur des transports. Par ailleurs, les possibilit\u00e9s de <a href=\"https:\/\/www.swecobelgium.be\/fr\/expertise\/solutions-energetiques\/\">transition \u00e9nerg\u00e9tique<\/a> sont l\u00e9gion \u00e0 l\u2019\u00e9chelle des villes et communes. \u00c0 cet \u00e9gard, il convient de citer un projet couronn\u00e9 de succ\u00e8s, lequel r\u00e9side dans une \u00e9tude men\u00e9e avec la collaboration de Sweco et consacr\u00e9e au quartier sans combustibles fossiles Muide Meulestede situ\u00e9 \u00e0 Gand.<\/p>\n<p>Pour r\u00e9aliser une <a href=\"https:\/\/www.swecobelgium.be\/fr\/expertise\/solutions-energetiques\/\">transition \u00e9nerg\u00e9tique<\/a> durable, nous devons d\u2019abord r\u00e9duire notre demande d\u2019\u00e9nergie en mettant l\u2019accent sur la prise de mesures efficaces et l\u2019adoption de technologies durables. Par ailleurs, nous devons nous efforcer d\u2019\u00e9lectrifier notre demande \u00e9nerg\u00e9tique afin de recourir au maximum \u00e0 une \u00e9nergie provenant de sources renouvelables. \u00c0 cet \u00e9gard, l\u2019une des cl\u00e9s majeures de la r\u00e9ussite de ce projet r\u00e9sidera dans notre capacit\u00e9 \u00e0 stocker l\u2019\u00e9nergie pour en tirer parti au moment voulu et en toute flexibilit\u00e9. La gestion et le transport de tous ces \u00ab \u00e9lectrons et mol\u00e9cules du futur \u00bb est aussi importante que l\u2019infrastructure. Sommes-nous en mesure d\u2019adapter notre r\u00e9seau actuel \u00e0 ces exigences nouvelles ? Et sommes-nous \u00e0 m\u00eame de raisonner, \u00e0 bon escient et \u00e0 partir d\u2019un contexte \u00ab multi-utility \u00bb, sur le couplage de plusieurs r\u00e9seaux ? Encore un d\u00e9fi consid\u00e9rable \u00e0 relever.<\/p>\n<p><strong>Station de recharge intelligente<\/strong><br \/>\nSweco croit fermement en la num\u00e9risation. Il est capital que nous nous penchions de mani\u00e8re intelligente sur l\u2019am\u00e9lioration des modalit\u00e9s de coordination de l\u2019offre et de la demande ainsi que sur l\u2019optimisation du stockage de l\u2019\u00e9nergie. Ainsi, le nombre croissant de v\u00e9hicules \u00e9lectriques ouvre de nouvelles opportunit\u00e9s. Chacun de ces v\u00e9hicules peut faire office de centrale \u00e9nerg\u00e9tique itin\u00e9rante dans laquelle nous pouvons injecter de l\u2019\u00e9nergie, mais sans renoncer \u00e0 l\u2019en extraire ult\u00e9rieurement. Sweco va se lancer sous peu dans la r\u00e9alisation d\u2019un projet de cette nature, lequel consistera dans la r\u00e9alisation d\u2019une station de recharge vou\u00e9e au parc de v\u00e9hicules \u00e9lectriques de l\u2019entreprise. Un syst\u00e8me Vehicle-to-Grid (V2G) dans le cadre duquel les v\u00e9hicules ne se contenteront pas de se brancher sur le r\u00e9seau pour puiser l\u2019\u00e9nergie requise, ces derniers seront \u00e9galement \u00e0 m\u00eame de la restituer.<\/p>\n<p>Selon nos interlocuteurs, le chemin cahoteux vers un avenir \u00e9nerg\u00e9tiquement neutre n\u2019est pas uniquement jonch\u00e9 d\u2019obstacles, il est surtout sem\u00e9 d\u2019opportunit\u00e9s !<\/p>\n\t\t<\/div>\n\t<\/div>\n<\/div>\n<\/section>\n","protected":false},"excerpt":{"rendered":"<p>L&rsquo;auteur Johan Op de Beeck a interview\u00e9 Tinne Van der Straeten, Ministre de l\u2019\u00c9nergie, et Tom Van Den Noortgaete, Division Director Energy, sur les enjeux soci\u00e9taux en mati\u00e8re d\u2019\u00e9nergie. \u00c9coutez cette interview sur la cha\u00eene de podcasts de Sweco.<\/p>\n","protected":false},"featured_media":36995,"template":"","podcast_series":[8808],"class_list":["post-37066","podcast","type-podcast","status-publish","has-post-thumbnail","hentry","podcast_series-transforming-society-together"],"acf":[],"_links":{"self":[{"href":"https:\/\/www.swecobelgium.be\/fr\/wp-json\/wp\/v2\/podcast\/37066","targetHints":{"allow":["GET"]}}],"collection":[{"href":"https:\/\/www.swecobelgium.be\/fr\/wp-json\/wp\/v2\/podcast"}],"about":[{"href":"https:\/\/www.swecobelgium.be\/fr\/wp-json\/wp\/v2\/types\/podcast"}],"wp:featuredmedia":[{"embeddable":true,"href":"https:\/\/www.swecobelgium.be\/fr\/wp-json\/wp\/v2\/media\/36995"}],"wp:attachment":[{"href":"https:\/\/www.swecobelgium.be\/fr\/wp-json\/wp\/v2\/media?parent=37066"}],"wp:term":[{"taxonomy":"podcast_series","embeddable":true,"href":"https:\/\/www.swecobelgium.be\/fr\/wp-json\/wp\/v2\/podcast_series?post=37066"}],"curies":[{"name":"wp","href":"https:\/\/api.w.org\/{rel}","templated":true}]}}