{"id":38674,"date":"2025-06-19T19:50:32","date_gmt":"2025-06-19T17:50:32","guid":{"rendered":"https:\/\/www.swecobelgium.be\/?post_type=showroom_cpt&#038;p=38674"},"modified":"2025-12-24T10:59:24","modified_gmt":"2025-12-24T09:59:24","slug":"kolenspoor-le-limbourg-construit-le-plus-long-troncon-dautoroute-cyclable-jamais-realise","status":"publish","type":"showroom_cpt","link":"https:\/\/www.swecobelgium.be\/fr\/projets\/kolenspoor-le-limbourg-construit-le-plus-long-troncon-dautoroute-cyclable-jamais-realise\/","title":{"rendered":"Kolenspoor : le Limbourg construit le plus long tron\u00e7on d\u2019autoroute cyclable jamais r\u00e9alis\u00e9"},"content":{"rendered":"<section class=\"block fwmb\" >\n\t<div class=\"block__inner editor-content fwmb__inner fwmb__inner--right fwmb__inner--image\">\n\n        <div class=\"fwmb__media col col-12\">\n\t\t\t<img loading=\"lazy\" decoding=\"async\" width=\"1200\" height=\"560\" src=\"https:\/\/www.swecobelgium.be\/wp-content\/uploads\/sites\/12\/2025\/06\/kolenspoor-in-genk-1200x560.jpg\" class=\"attachment-fwmb-image size-fwmb-image\" alt=\"Kolenspoor: Limburg bouwt langste fietssnelwegtraject ooit\" \/>\t\t<\/div>\n\n        \n        \n\t<\/div>\n<\/section>\n\n<section class=\"block architects-intro block--white\" >\n\t<div class=\"block__inner architects-intro__inner\">\n\t\t<div class=\"col--11 col--start col--wrapper editor-content\">\n\t\t\t\t\t\t\t<div class=\"col col--5\">\n                    <p class=\"architect-special hyphenate\">Infrastructure cyclable<\/p>\n\t\t\t\t\t<h1 class=\"h1 hyphenate\">Kolenspoor : le Limbourg construit le plus long tron\u00e7on d\u2019autoroute cyclable jamais r\u00e9alis\u00e9<\/h1>\t\t\t\t<\/div>\n\t\t\t\n\t\t\t\t\t\t\t<div class=\"col col--4 push--1\">\n\t\t\t\t\t\t\t\t\t\t<p><p>Le Kolenspoor, dans le Limbourg, est l\u2019un des projets d\u2019autoroute cyclable les plus ambitieux de Belgique. Le premier tron\u00e7on de l\u2019autoroute cyclable F75 a \u00e9t\u00e9 inaugur\u00e9 en grande pompe le 20 juin 2025 par la province du Limbourg.<\/p>\n<p>Sweco a assur\u00e9 la gestion du processus, la conception et les dossiers d\u2019ex\u00e9cution, y compris le suivi des travaux. \u00c0 terme, cet itin\u00e9raire deviendra une liaison cyclable de 77 km reliant les anciennes communes mini\u00e8res entre Beringen et Maasmechelen.<\/p>\n<\/p>\n\t\t\t\t\t\t\t\t\t<\/div>\n\t\t\t\n            \t\t<\/div>\n\t<\/div>\n<\/section>\n\n\n<section class=\"block block--lightgray arc-facts\" >\n\t<div class=\"block__inner arc-facts__inner\">\n\t\t<div class=\"col--11 col--wrapper col--end editor-content\">\n\t\t\t\n            <dl class=\"items col col--12\">\n                                    <dt class=\"item item--left\">Client<\/dt>\n                    <dd class=\"item item--right\"> La province du Limbourg<\/dd>\n                                    <dt class=\"item item--left\">Lieu<\/dt>\n                    <dd class=\"item item--right\">Le Limbourg<\/dd>\n                                    <dt class=\"item item--left\">Expertise<\/dt>\n                    <dd class=\"item item--right\">La gestion du processus, la conception et les dossiers d\u2019ex\u00e9cution, le suivi des travaux<\/dd>\n                            <\/dl>\n\n\t\t<\/div>\n\t<\/div>\n<\/section>\n\n\n<section class=\"block cb block--white\" >\n\t<div class=\"block__inner cb__inner cb__inner--one\">\n\t<div class=\"col--12 col--center col--wrapper\">\n\t\t<div class=\"col col--6 editor-content\">\n\t\t\t<h2>Une autoroute cyclable pour d\u00e9senclaver le Limbourg<\/h2>\n<p>Le premier tron\u00e7on r\u00e9alis\u00e9 s\u2019\u00e9tend sur 12 km entre Genk-Nord et la gare d\u2019As. L\u2019itin\u00e9raire commence \u00e0 l\u2019Ikea de la zone industrielle de Genk-Nord, serpente via Driehoeven et Zwartberg en passant par le stade du KRC Genk, puis traverse Thor Park et Klaverberg pour arriver \u00e0 la gare d\u2019As.<\/p>\n<blockquote>\n<figure><i class=\"icon icon-quote\"><\/i><\/figure>\n<p>Le tron\u00e7on entre Genk et As a \u00e9t\u00e9 choisi d\u00e9lib\u00e9r\u00e9ment comme premier parcours. Cette liaison repr\u00e9sentait un cha\u00eenon manquant dans le r\u00e9seau cyclable du Limbourg. Gr\u00e2ce \u00e0 cette r\u00e9alisation, le Maasland est d\u00e9sormais connect\u00e9 de mani\u00e8re fonctionnelle au centre du Limbourg.<\/p><\/blockquote>\n<p><strong>Bert Lambrechts<\/strong>, d\u00e9put\u00e9 \u00e0 la Mobilit\u00e9<\/p>\n<p><img loading=\"lazy\" decoding=\"async\" class=\"alignnone size-full wp-image-38647\" src=\"https:\/\/www.swecobelgium.be\/wp-content\/uploads\/sites\/12\/2025\/06\/Kaart-werken-Genk-As.jpg\" alt=\"Kolenspoor: Limburg bouwt langste fietssnelwegtraject ooit\" width=\"2400\" height=\"1181\" srcset=\"https:\/\/www.swecobelgium.be\/wp-content\/uploads\/sites\/12\/2025\/06\/Kaart-werken-Genk-As.jpg 2400w, https:\/\/www.swecobelgium.be\/wp-content\/uploads\/sites\/12\/2025\/06\/Kaart-werken-Genk-As-200x98.jpg 200w, https:\/\/www.swecobelgium.be\/wp-content\/uploads\/sites\/12\/2025\/06\/Kaart-werken-Genk-As-768x378.jpg 768w, https:\/\/www.swecobelgium.be\/wp-content\/uploads\/sites\/12\/2025\/06\/Kaart-werken-Genk-As-1536x756.jpg 1536w, https:\/\/www.swecobelgium.be\/wp-content\/uploads\/sites\/12\/2025\/06\/Kaart-werken-Genk-As-2048x1008.jpg 2048w, https:\/\/www.swecobelgium.be\/wp-content\/uploads\/sites\/12\/2025\/06\/Kaart-werken-Genk-As-520x256.jpg 520w, https:\/\/www.swecobelgium.be\/wp-content\/uploads\/sites\/12\/2025\/06\/Kaart-werken-Genk-As-800x394.jpg 800w, https:\/\/www.swecobelgium.be\/wp-content\/uploads\/sites\/12\/2025\/06\/Kaart-werken-Genk-As-610x300.jpg 610w, https:\/\/www.swecobelgium.be\/wp-content\/uploads\/sites\/12\/2025\/06\/Kaart-werken-Genk-As-914x450.jpg 914w, https:\/\/www.swecobelgium.be\/wp-content\/uploads\/sites\/12\/2025\/06\/Kaart-werken-Genk-As-652x321.jpg 652w\" sizes=\"auto, (max-width: 2400px) 100vw, 2400px\" \/><\/p>\n<blockquote>\n<figure><i class=\"icon icon-quote\"><\/i><\/figure>\n<p>Je suis convaincu que ce tron\u00e7on sera tr\u00e8s fr\u00e9quent\u00e9. Rien que pour les nombreux supporters du KRC Genk de notre r\u00e9gion, c\u2019est une b\u00e9n\u00e9diction que l\u2019autoroute cyclable m\u00e8ne directement au stade. Mais les navetteurs quotidiens et les touristes y trouveront aussi rapidement leur chemin.<\/p><\/blockquote>\n<p><strong>Tom Seurs<\/strong>, bourgmestre d\u2019As<\/p>\n\t\t<\/div>\n\t<\/div>\n<\/div>\n<\/section>\n\n\n<section class=\"block fwmb\" >\n\t<div class=\"block__inner editor-content fwmb__inner fwmb__inner--right fwmb__inner--image\">\n\n        <div class=\"fwmb__media col col-12\">\n\t\t\t<img loading=\"lazy\" decoding=\"async\" width=\"1680\" height=\"560\" src=\"https:\/\/www.swecobelgium.be\/wp-content\/uploads\/sites\/12\/2025\/06\/IMG_5509-scaled-1-1680x560.jpg\" class=\"attachment-fwmb-image size-fwmb-image\" alt=\"Kolenspoor: Limburg bouwt langste fietssnelwegtraject ooit\" \/>\t\t<\/div>\n\n        \n        \n\t<\/div>\n<\/section>\n\n<section class=\"block cb block--white\" >\n\t<div class=\"block__inner cb__inner cb__inner--one\">\n\t<div class=\"col--12 col--center col--wrapper\">\n\t\t<div class=\"col col--6 editor-content\">\n\t\t\t<h2>Un exemple d\u2019approche multidisciplinaire<\/h2>\n<p>Ce projet illustre parfaitement comment Sweco mobilise son expertise pour mener \u00e0 bien des projets complexes. De la conception \u00e0 l\u2019ex\u00e9cution, les disciplines collaborent \u00e9troitement. L\u2019attention est port\u00e9e \u00e0 l\u2019infrastructure et \u00e0 la mobilit\u00e9, mais aussi \u00e0 l\u2019\u00e9cologie, \u00e0 l\u2019am\u00e9nagement paysager et \u00e0 la <a href=\"https:\/\/www.swecobelgium.be\/fr\/services\/participation-and-co-creation\/\">gestion des parties prenantes<\/a>. M\u00eame les aspects techniques comme les \u00e9tudes de sol et le suivi des d\u00e9molitions sont pris en compte. Gr\u00e2ce \u00e0 cette approche int\u00e9gr\u00e9e, le Kolenspoor prend forme comme une autoroute cyclable durable et tourn\u00e9e vers l\u2019avenir.<\/p>\n<h2>Un design int\u00e9gr\u00e9 propice \u00e0 la d\u00e9tente et \u00e0 l\u2019exp\u00e9rience<\/h2>\n<p>Le Kolenspoor traverse la Hengelhoefstraat via un passage d\u00e9nivel\u00e9. L\u2019espace disponible de part et d\u2019autre \u00e9tait limit\u00e9. Au sud, la rampe a \u00e9t\u00e9 plac\u00e9e au plus pr\u00e8s de l\u2019Hermeslaan pour laisser de la place \u00e0 un futur b\u00e2timent. Au nord, la rampe a \u00e9t\u00e9 int\u00e9gr\u00e9e en spirale, avec en son centre un espace de repos circulaire entour\u00e9 de bancs.<\/p>\n<p>Des bancs sont \u00e9galement install\u00e9s sur les talus entre cet espace de repos et la piste cyclable, sous forme d\u2019amphith\u00e9\u00e2tre. Des pins sylvestres y seront plant\u00e9s et \u00e9clair\u00e9s de mani\u00e8re chaleureuse le soir. Pour la s\u00e9curit\u00e9 sociale, une ligne de vue droite a \u00e9t\u00e9 cr\u00e9\u00e9e \u00e0 travers le tunnel, avec des ouvertures pour laisser entrer la lumi\u00e8re du jour.<\/p>\n<p>Les parois du tunnel s\u2019inclinent l\u00e9g\u00e8rement vers l\u2019ext\u00e9rieur afin de cr\u00e9er une sensation d\u2019ouverture. La mat\u00e9rialisation fait subtilement r\u00e9f\u00e9rence au pass\u00e9 minier : \u00e0 intervalles r\u00e9guliers, des joints verticaux sont int\u00e9gr\u00e9s entre les panneaux de coffrage, parfaitement align\u00e9s avec les puits de lumi\u00e8re du plafond. Les parois ext\u00e9rieures sont r\u00e9alis\u00e9es avec un coffrage \u00e0 structure bois, et la balustrade est compos\u00e9e de barreaux verticaux en bois. Enfin, un espace est pr\u00e9vu sur l\u2019un des murs pour l\u2019int\u00e9gration d\u2019un po\u00e8me.<\/p>\n\t\t<\/div>\n\t<\/div>\n<\/div>\n<\/section>\n\n\n<section class=\"block block--white columns\" >\n\t<div class=\"block__inner columns__inner\">\n\t\t<div class=\"col--11 col--wrapper col--stretch\">\n\t\t\t\n\t\t\t\t\t\t\t<div class=\"columns__col col col--6\">\n\t\t\t\t\t<div class=\"editor-content columns__content columns__content--image\">\n\t\t\t\t\t\t<img loading=\"lazy\" decoding=\"async\" width=\"1920\" height=\"1080\" src=\"https:\/\/www.swecobelgium.be\/wp-content\/uploads\/sites\/12\/2025\/06\/Enscape_2025-02-18-13-42-10.jpg\" class=\"attachment-full size-full\" alt=\"Kolenspoor: Limburg bouwt langste fietssnelwegtraject ooit\" srcset=\"https:\/\/www.swecobelgium.be\/wp-content\/uploads\/sites\/12\/2025\/06\/Enscape_2025-02-18-13-42-10.jpg 1920w, https:\/\/www.swecobelgium.be\/wp-content\/uploads\/sites\/12\/2025\/06\/Enscape_2025-02-18-13-42-10-200x113.jpg 200w, https:\/\/www.swecobelgium.be\/wp-content\/uploads\/sites\/12\/2025\/06\/Enscape_2025-02-18-13-42-10-768x432.jpg 768w, https:\/\/www.swecobelgium.be\/wp-content\/uploads\/sites\/12\/2025\/06\/Enscape_2025-02-18-13-42-10-1536x864.jpg 1536w, https:\/\/www.swecobelgium.be\/wp-content\/uploads\/sites\/12\/2025\/06\/Enscape_2025-02-18-13-42-10-520x293.jpg 520w, https:\/\/www.swecobelgium.be\/wp-content\/uploads\/sites\/12\/2025\/06\/Enscape_2025-02-18-13-42-10-800x450.jpg 800w, https:\/\/www.swecobelgium.be\/wp-content\/uploads\/sites\/12\/2025\/06\/Enscape_2025-02-18-13-42-10-533x300.jpg 533w, https:\/\/www.swecobelgium.be\/wp-content\/uploads\/sites\/12\/2025\/06\/Enscape_2025-02-18-13-42-10-652x367.jpg 652w\" sizes=\"auto, (max-width: 1920px) 100vw, 1920px\" \/>\t\t\t\t\t<\/div>\n\t\t\t\t<\/div>\n\t\t\t\t\t\t\t<div class=\"columns__col col col--6\">\n\t\t\t\t\t<div class=\"editor-content columns__content columns__content--image\">\n\t\t\t\t\t\t<img loading=\"lazy\" decoding=\"async\" width=\"1920\" height=\"1080\" src=\"https:\/\/www.swecobelgium.be\/wp-content\/uploads\/sites\/12\/2025\/06\/Enscape_2025-02-18-13-43-16.jpg\" class=\"attachment-full size-full\" alt=\"Kolenspoor: Limburg bouwt langste fietssnelwegtraject ooit\" srcset=\"https:\/\/www.swecobelgium.be\/wp-content\/uploads\/sites\/12\/2025\/06\/Enscape_2025-02-18-13-43-16.jpg 1920w, https:\/\/www.swecobelgium.be\/wp-content\/uploads\/sites\/12\/2025\/06\/Enscape_2025-02-18-13-43-16-200x113.jpg 200w, https:\/\/www.swecobelgium.be\/wp-content\/uploads\/sites\/12\/2025\/06\/Enscape_2025-02-18-13-43-16-768x432.jpg 768w, https:\/\/www.swecobelgium.be\/wp-content\/uploads\/sites\/12\/2025\/06\/Enscape_2025-02-18-13-43-16-1536x864.jpg 1536w, https:\/\/www.swecobelgium.be\/wp-content\/uploads\/sites\/12\/2025\/06\/Enscape_2025-02-18-13-43-16-520x293.jpg 520w, https:\/\/www.swecobelgium.be\/wp-content\/uploads\/sites\/12\/2025\/06\/Enscape_2025-02-18-13-43-16-800x450.jpg 800w, https:\/\/www.swecobelgium.be\/wp-content\/uploads\/sites\/12\/2025\/06\/Enscape_2025-02-18-13-43-16-533x300.jpg 533w, https:\/\/www.swecobelgium.be\/wp-content\/uploads\/sites\/12\/2025\/06\/Enscape_2025-02-18-13-43-16-652x367.jpg 652w\" sizes=\"auto, (max-width: 1920px) 100vw, 1920px\" \/>\t\t\t\t\t<\/div>\n\t\t\t\t<\/div>\n\t\t\t\n\t\t<\/div>\n\t<\/div>\n<\/section>\n\n\n<section class=\"block cb block--white\" >\n\t<div class=\"block__inner cb__inner cb__inner--one\">\n\t<div class=\"col--12 col--center col--wrapper\">\n\t\t<div class=\"col col--6 editor-content\">\n\t\t\t<h2>Utilisation maximale de mat\u00e9riaux circulaires<\/h2>\n<p>Dans les projets d\u2019infrastructure modernes, la r\u00e9utilisation sur site et le recyclage des mat\u00e9riaux jouent un r\u00f4le de plus en plus important. Le Kolenspoor en est un bel exemple. Sous l\u2019impulsion et la supervision de Sweco, le ballast ferroviaire existant \u2013 le gravier sous les anciennes voies \u2013 a \u00e9t\u00e9 enti\u00e8rement r\u00e9utilis\u00e9 pour la construction du premier tron\u00e7on. En le traitant sur place, non seulement la production de nouvelles mati\u00e8res premi\u00e8res a \u00e9t\u00e9 \u00e9vit\u00e9e, mais les transports et les \u00e9missions de CO\u2082 ont \u00e9galement \u00e9t\u00e9 consid\u00e9rablement r\u00e9duits.<\/p>\n<p>Gr\u00e2ce \u00e0 une planification intelligente par phases, les travaux ont pu \u00eatre men\u00e9s efficacement. En abordant le projet par \u00e9tapes, il est rest\u00e9 possible d\u2019ajuster en cours de route, et la r\u00e9utilisation des mat\u00e9riaux a \u00e9t\u00e9 int\u00e9gr\u00e9e de mani\u00e8re fluide dans l\u2019ex\u00e9cution. Le r\u00e9sultat ? Une autoroute cyclable durable avec une empreinte \u00e9cologique minimale.<\/p>\n<p><img loading=\"lazy\" decoding=\"async\" class=\"alignnone size-full wp-image-38659\" src=\"https:\/\/www.swecobelgium.be\/wp-content\/uploads\/sites\/12\/2025\/06\/20250523_163251.jpg\" alt=\"Kolenspoor: Limburg bouwt langste fietssnelwegtraject ooit\" width=\"4000\" height=\"3000\" srcset=\"https:\/\/www.swecobelgium.be\/wp-content\/uploads\/sites\/12\/2025\/06\/20250523_163251.jpg 4000w, https:\/\/www.swecobelgium.be\/wp-content\/uploads\/sites\/12\/2025\/06\/20250523_163251-200x150.jpg 200w, https:\/\/www.swecobelgium.be\/wp-content\/uploads\/sites\/12\/2025\/06\/20250523_163251-768x576.jpg 768w, https:\/\/www.swecobelgium.be\/wp-content\/uploads\/sites\/12\/2025\/06\/20250523_163251-1536x1152.jpg 1536w, https:\/\/www.swecobelgium.be\/wp-content\/uploads\/sites\/12\/2025\/06\/20250523_163251-2048x1536.jpg 2048w, https:\/\/www.swecobelgium.be\/wp-content\/uploads\/sites\/12\/2025\/06\/20250523_163251-520x390.jpg 520w, https:\/\/www.swecobelgium.be\/wp-content\/uploads\/sites\/12\/2025\/06\/20250523_163251-800x600.jpg 800w, https:\/\/www.swecobelgium.be\/wp-content\/uploads\/sites\/12\/2025\/06\/20250523_163251-400x300.jpg 400w, https:\/\/www.swecobelgium.be\/wp-content\/uploads\/sites\/12\/2025\/06\/20250523_163251-600x450.jpg 600w, https:\/\/www.swecobelgium.be\/wp-content\/uploads\/sites\/12\/2025\/06\/20250523_163251-652x489.jpg 652w\" sizes=\"auto, (max-width: 4000px) 100vw, 4000px\" \/><\/p>\n\t\t<\/div>\n\t<\/div>\n<\/div>\n<\/section>\n\n\n<section class=\"block cb block--white\" >\n\t<div class=\"block__inner cb__inner cb__inner--one\">\n\t<div class=\"col--12 col--center col--wrapper\">\n\t\t<div class=\"col col--6 editor-content\">\n\t\t\t<h2>D\u2019art\u00e8re industrielle \u00e0 corridor vert<\/h2>\n<p>Le Kolenspoor, autrefois art\u00e8re vitale de la r\u00e9gion mini\u00e8re du Limbourg, reliait les communes du centre du Limbourg sur une distance de 70 kilom\u00e8tres. Aujourd\u2019hui, ce trac\u00e9 historique conna\u00eet une seconde vie en tant qu\u2019autoroute cyclable reliant \u00e0 nouveau sept communes mini\u00e8res. En chemin, on traverse des lieux embl\u00e9matiques rappelant le pass\u00e9 minier : de be-MINE \u00e0 Beringen et la Luchtfabriek \u00e0 Heusden-Zolder, jusqu\u2019\u00e0 Thor Park, C-Mine, le site minier d\u2019As et Terhills \u00e0 Maasmechelen.<\/p>\n<p>Cette liaison historique devient un corridor strat\u00e9gique entre des communes partageant un pass\u00e9 commun et une vision d\u2019avenir. Le Kolenspoor est un investissement dans la <a href=\"https:\/\/www.swecobelgium.be\/fr\/expertise\/transport-mobilite\/\">mobilit\u00e9 durable<\/a>, le renouveau \u00e9conomique, l\u2019exp\u00e9rience et la connexion entre paysages uniques et nature pr\u00e9cieuse.<\/p>\n\t\t<\/div>\n\t<\/div>\n<\/div>\n<\/section>\n\n\n<section class=\"block fwmb\" >\n\t<div class=\"block__inner editor-content fwmb__inner fwmb__inner--right fwmb__inner--image\">\n\n        <div class=\"fwmb__media col col-12\">\n\t\t\t<img loading=\"lazy\" decoding=\"async\" width=\"1320\" height=\"560\" src=\"https:\/\/www.swecobelgium.be\/wp-content\/uploads\/sites\/12\/2025\/06\/De-Teut-1320x560.jpg\" class=\"attachment-fwmb-image size-fwmb-image\" alt=\"Kolenspoor: Limburg bouwt langste fietssnelwegtraject ooit\" \/>\t\t<\/div>\n\n        \n        \n\t<\/div>\n<\/section>\n\n<section class=\"block block--white columns\" >\n\t<div class=\"block__inner columns__inner\">\n\t\t<div class=\"col--11 col--wrapper col--stretch\">\n\t\t\t\n\t\t\t\t\t\t\t<div class=\"columns__col col col--6\">\n\t\t\t\t\t<div class=\"editor-content columns__content columns__content--content\">\n\t\t\t\t\t\t<h2>Catalyseur pour la s\u00e9curit\u00e9, la d\u00e9tente et l\u2019\u00e9conomie<\/h2>\n<p>Une partie du trac\u00e9 est d\u00e9j\u00e0 accessible aux cyclistes, mais ne r\u00e9pond pas encore partout aux normes d\u2019une v\u00e9ritable autoroute cyclable. Certains segments sont m\u00eame totalement absents. Pour mener ce projet \u00e0 bien, les \u00e9quipes de Sweco tiennent compte de nombreux facteurs :<\/p>\n<ul>\n<li><strong>Fast track<\/strong> : la connexion avec d\u2019autres <a href=\"https:\/\/www.swecobelgium.be\/fr\/services\/infrastructures-cyclables\/\">autoroutes cyclables<\/a> et le R\u00e9seau Cyclable Fonctionnel Supra-local est fortement am\u00e9lior\u00e9e. Au total, 67 carrefours seront r\u00e9am\u00e9nag\u00e9s pour garantir la s\u00e9curit\u00e9 et la fluidit\u00e9.<\/li>\n<li><strong>Slow track<\/strong> : plusieurs segments du trac\u00e9 se connectent au r\u00e9seau cyclable r\u00e9cr\u00e9atif et relient des joyaux verts du centre du Limbourg, comme De Wijers et le Parc National de la Haute Campine. Le Kolenspoor contribue ainsi au d\u00e9veloppement du Limbourg en tant que r\u00e9gion touristique de premier plan.<\/li>\n<li><strong>Smart track<\/strong> : le projet prend \u00e9galement en compte le r\u00f4le du Kolenspoor comme collecteur intelligent d\u2019\u00e9nergie, de donn\u00e9es et de connaissances. La province collabore \u00e0 cet effet avec divers acteurs tels qu\u2019Energyville, la Soci\u00e9t\u00e9 de Reconversion du Limbourg (LRM), le KRC Genk ainsi que des organisations de la soci\u00e9t\u00e9 civile.<\/li>\n<\/ul>\n\t\t\t\t\t<\/div>\n\t\t\t\t<\/div>\n\t\t\t\t\t\t\t<div class=\"columns__col col col--6\">\n\t\t\t\t\t<div class=\"editor-content columns__content columns__content--image\">\n\t\t\t\t\t\t<img loading=\"lazy\" decoding=\"async\" width=\"1320\" height=\"942\" src=\"https:\/\/www.swecobelgium.be\/wp-content\/uploads\/sites\/12\/2025\/06\/Fietssnelweg-F75.jpg\" class=\"attachment-full size-full\" alt=\"Kolenspoor: Limburg bouwt langste fietssnelwegtraject ooit\" srcset=\"https:\/\/www.swecobelgium.be\/wp-content\/uploads\/sites\/12\/2025\/06\/Fietssnelweg-F75.jpg 1320w, https:\/\/www.swecobelgium.be\/wp-content\/uploads\/sites\/12\/2025\/06\/Fietssnelweg-F75-200x143.jpg 200w, https:\/\/www.swecobelgium.be\/wp-content\/uploads\/sites\/12\/2025\/06\/Fietssnelweg-F75-768x548.jpg 768w, https:\/\/www.swecobelgium.be\/wp-content\/uploads\/sites\/12\/2025\/06\/Fietssnelweg-F75-520x371.jpg 520w, https:\/\/www.swecobelgium.be\/wp-content\/uploads\/sites\/12\/2025\/06\/Fietssnelweg-F75-800x571.jpg 800w, https:\/\/www.swecobelgium.be\/wp-content\/uploads\/sites\/12\/2025\/06\/Fietssnelweg-F75-420x300.jpg 420w, https:\/\/www.swecobelgium.be\/wp-content\/uploads\/sites\/12\/2025\/06\/Fietssnelweg-F75-631x450.jpg 631w, https:\/\/www.swecobelgium.be\/wp-content\/uploads\/sites\/12\/2025\/06\/Fietssnelweg-F75-652x465.jpg 652w\" sizes=\"auto, (max-width: 1320px) 100vw, 1320px\" \/>\t\t\t\t\t<\/div>\n\t\t\t\t<\/div>\n\t\t\t\n\t\t<\/div>\n\t<\/div>\n<\/section>\n\n\n<section class=\"block block--white columns\" >\n\t<div class=\"block__inner columns__inner\">\n\t\t<div class=\"col--11 col--wrapper col--stretch\">\n\t\t\t\n\t\t\t\t\t\t\t<div class=\"columns__col col col--6\">\n\t\t\t\t\t<div class=\"editor-content columns__content columns__content--image\">\n\t\t\t\t\t\t<img loading=\"lazy\" decoding=\"async\" width=\"1320\" height=\"880\" src=\"https:\/\/www.swecobelgium.be\/wp-content\/uploads\/sites\/12\/2025\/06\/fotoecologischeinpassing2.jpg\" class=\"attachment-full size-full\" alt=\"Kolenspoor: Limburg bouwt langste fietssnelwegtraject ooit\" srcset=\"https:\/\/www.swecobelgium.be\/wp-content\/uploads\/sites\/12\/2025\/06\/fotoecologischeinpassing2.jpg 1320w, https:\/\/www.swecobelgium.be\/wp-content\/uploads\/sites\/12\/2025\/06\/fotoecologischeinpassing2-200x133.jpg 200w, https:\/\/www.swecobelgium.be\/wp-content\/uploads\/sites\/12\/2025\/06\/fotoecologischeinpassing2-768x512.jpg 768w, https:\/\/www.swecobelgium.be\/wp-content\/uploads\/sites\/12\/2025\/06\/fotoecologischeinpassing2-520x347.jpg 520w, https:\/\/www.swecobelgium.be\/wp-content\/uploads\/sites\/12\/2025\/06\/fotoecologischeinpassing2-800x533.jpg 800w, https:\/\/www.swecobelgium.be\/wp-content\/uploads\/sites\/12\/2025\/06\/fotoecologischeinpassing2-450x300.jpg 450w, https:\/\/www.swecobelgium.be\/wp-content\/uploads\/sites\/12\/2025\/06\/fotoecologischeinpassing2-675x450.jpg 675w, https:\/\/www.swecobelgium.be\/wp-content\/uploads\/sites\/12\/2025\/06\/fotoecologischeinpassing2-652x435.jpg 652w\" sizes=\"auto, (max-width: 1320px) 100vw, 1320px\" \/>\t\t\t\t\t<\/div>\n\t\t\t\t<\/div>\n\t\t\t\t\t\t\t<div class=\"columns__col col col--6\">\n\t\t\t\t\t<div class=\"editor-content columns__content columns__content--content\">\n\t\t\t\t\t\t<h2>Mesures de renforcement de la nature<\/h2>\n<p>La construction du Kolenspoor tient pleinement compte de la nature environnante. Le trac\u00e9 traverse des zones naturelles pr\u00e9cieuses abritant des esp\u00e8ces prot\u00e9g\u00e9es telles que les chauves-souris, la couleuvre lisse et le crapaud calamite. C\u2019est pourquoi aucune ligne de s\u00e9paration rigide n\u2019est trac\u00e9e dans le paysage.<\/p>\n<p>Pour limiter davantage l\u2019impact sur la faune et la flore, l\u2019\u00e9clairage est adapt\u00e9 au comportement des chauves-souris : il s\u2019allume et s\u2019\u00e9teint automatiquement et est att\u00e9nu\u00e9 la nuit. Pour la couleuvre lisse, qui a besoin de chaleur des deux c\u00f4t\u00e9s du chemin, des \u00e9co-tunnels sont am\u00e9nag\u00e9s pour permettre un passage s\u00e9curis\u00e9.<\/p>\n<p>\u00c0 la demande du Centre Naturel Provincial, une \u00e9tude d\u2019int\u00e9gration \u00e9cologique a \u00e9t\u00e9 r\u00e9alis\u00e9e. Ses recommandations sont traduites en actions concr\u00e8tes, comme la cr\u00e9ation de v\u00e9g\u00e9tation en lisi\u00e8re le long du trac\u00e9. Cela permet d\u2019ouvrir davantage d\u2019espaces ensoleill\u00e9s, favorables au d\u00e9veloppement de la flore et de la faune. Sur l\u2019ensemble du trac\u00e9, une \u00e9coconduite est \u00e9galement mise en place, avec notamment des tunnels pour amphibiens et reptiles, et m\u00eame un tunnel pour moutons \u00e0 Klaverberg dans le cadre de projets de p\u00e2turage.<\/p>\n\t\t\t\t\t<\/div>\n\t\t\t\t<\/div>\n\t\t\t\n\t\t<\/div>\n\t<\/div>\n<\/section>\n\n\n<section class=\"block form-block block--lightgray\" id=\"contactez\">\n\t<div class=\"block__inner form-block__inner \">\n\n                    <div class=\"col--11 col--wrapper\">\n                                    <div class=\"col col--4 editor-content form-block__title\">\n                        <h3 class=\"h3 hyphenate\">Comment pouvons-nous vous aider ?<\/h3>                    <\/div>\n                    <div class=\"col--12 col\"><\/div>\n                \n                <div class=\"col col--4 editor-content\">\n                    Comment pouvons-nous aider votre entreprise ? Une \u00e9quipe d\u2019experts est pr\u00eate \u00e0 vous soutenir et \u00e0 voir comment nous pouvons vous aider avec votre demande. Lorsque vous soumettez ce formulaire, quelqu\u2019un de notre \u00e9quipe vous contactera. Ce formulaire est uniquement destin\u00e9 \u00e0 obtenir plus d\u2019informations sur nos solutions d\u2019entreprise Sweco.\r\n                <\/div>\n\n                <div class=\"col col--7\">\n                    <script type=\"text\/javascript\">\n\/* <![CDATA[ *\/\nvar gform;gform||(document.addEventListener(\"gform_main_scripts_loaded\",function(){gform.scriptsLoaded=!0}),document.addEventListener(\"gform\/theme\/scripts_loaded\",function(){gform.themeScriptsLoaded=!0}),window.addEventListener(\"DOMContentLoaded\",function(){gform.domLoaded=!0}),gform={domLoaded:!1,scriptsLoaded:!1,themeScriptsLoaded:!1,isFormEditor:()=>\"function\"==typeof InitializeEditor,callIfLoaded:function(o){return!(!gform.domLoaded||!gform.scriptsLoaded||!gform.themeScriptsLoaded&&!gform.isFormEditor()||(gform.isFormEditor()&&console.warn(\"The use of gform.initializeOnLoaded() is deprecated in the form editor context and will be removed in Gravity Forms 3.1.\"),o(),0))},initializeOnLoaded:function(o){gform.callIfLoaded(o)||(document.addEventListener(\"gform_main_scripts_loaded\",()=>{gform.scriptsLoaded=!0,gform.callIfLoaded(o)}),document.addEventListener(\"gform\/theme\/scripts_loaded\",()=>{gform.themeScriptsLoaded=!0,gform.callIfLoaded(o)}),window.addEventListener(\"DOMContentLoaded\",()=>{gform.domLoaded=!0,gform.callIfLoaded(o)}))},hooks:{action:{},filter:{}},addAction:function(o,r,e,t){gform.addHook(\"action\",o,r,e,t)},addFilter:function(o,r,e,t){gform.addHook(\"filter\",o,r,e,t)},doAction:function(o){gform.doHook(\"action\",o,arguments)},applyFilters:function(o){return gform.doHook(\"filter\",o,arguments)},removeAction:function(o,r){gform.removeHook(\"action\",o,r)},removeFilter:function(o,r,e){gform.removeHook(\"filter\",o,r,e)},addHook:function(o,r,e,t,n){null==gform.hooks[o][r]&&(gform.hooks[o][r]=[]);var d=gform.hooks[o][r];null==n&&(n=r+\"_\"+d.length),gform.hooks[o][r].push({tag:n,callable:e,priority:t=null==t?10:t})},doHook:function(r,o,e){var t;if(e=Array.prototype.slice.call(e,1),null!=gform.hooks[r][o]&&((o=gform.hooks[r][o]).sort(function(o,r){return o.priority-r.priority}),o.forEach(function(o){\"function\"!=typeof(t=o.callable)&&(t=window[t]),\"action\"==r?t.apply(null,e):e[0]=t.apply(null,e)})),\"filter\"==r)return e[0]},removeHook:function(o,r,t,n){var e;null!=gform.hooks[o][r]&&(e=(e=gform.hooks[o][r]).filter(function(o,r,e){return!!(null!=n&&n!=o.tag||null!=t&&t!=o.priority)}),gform.hooks[o][r]=e)}});\n\/* ]]> *\/\n<\/script>\n\n                <div class='gf_browser_gecko gform_wrapper gform_legacy_markup_wrapper gform-theme--no-framework' data-form-theme='legacy' data-form-index='0' id='gform_wrapper_19' ><form class=\"gform_analytics_tracking\" method='post' enctype='multipart\/form-data' target='gform_ajax_frame_19' id='gform_19'  action='\/fr\/wp-json\/wp\/v2\/showroom_cpt\/38674' data-formid='19' novalidate autocomplete=\"off\">\n                        <div class='gform-body gform_body'><ul id='gform_fields_19' class='gform_fields top_label form_sublabel_below description_below validation_below'><li id=\"field_19_17\" class=\"gfield gfield--type-honeypot gform_validation_container field_sublabel_below gfield--has-description field_description_below field_validation_below gfield_visibility_visible gform_honeypot\"  data-field-class=\"gform_honeypot\" ><label class='gfield_label gform-field-label' for='input_19_17'>Email<\/label><div class='ginput_container'><input autocomplete=\"off\"  name='input_17' id='input_19_17' type='text' value='' autocomplete='new-password'\/><\/div><div class='gfield_description' id='gfield_description_19_17'>Ce champ n\u2019est utilis\u00e9 qu\u2019\u00e0 des fins de validation et devrait rester inchang\u00e9.<\/div><\/li><li id=\"field_19_14\" class=\"gfield gfield--type-text gfield--input-type-text gfield--width-full gf_left_half gfield_contains_required field_sublabel_below gfield--no-description field_description_below field_validation_below gfield_visibility_visible gform_text\"  data-field-class=\"gform_text\" ><label class='gfield_label gform-field-label' for='input_19_14'>Pr\u00e9nom et nom<span class=\"gfield_required\"><span class=\"gfield_required gfield_required_asterisk\">*<\/span><\/span><\/label><div class='ginput_container ginput_container_text'><input autocomplete=\"off\"  name='input_14' id='input_19_14' type='text' value='' class='small'     aria-required=\"true\" aria-invalid=\"false\"   \/><\/div><\/li><li id=\"field_19_13\" class=\"gfield gfield--type-text gfield--input-type-text gfield--width-full gf_right_half gfield_contains_required field_sublabel_below gfield--no-description field_description_below field_validation_below gfield_visibility_visible gform_text\"  data-field-class=\"gform_text\" ><label class='gfield_label gform-field-label' for='input_19_13'>Entreprise<span class=\"gfield_required\"><span class=\"gfield_required gfield_required_asterisk\">*<\/span><\/span><\/label><div class='ginput_container ginput_container_text'><input autocomplete=\"off\"  name='input_13' id='input_19_13' type='text' value='' class='small'     aria-required=\"true\" aria-invalid=\"false\"   \/><\/div><\/li><li id=\"field_19_10\" class=\"gfield gfield--type-email gfield--input-type-email gfield--width-full gfield_contains_required field_sublabel_below gfield--no-description field_description_below field_validation_below gfield_visibility_visible gform_email\"  data-field-class=\"gform_email\" ><label class='gfield_label gform-field-label' for='input_19_10'>E-mail<span class=\"gfield_required\"><span class=\"gfield_required gfield_required_asterisk\">*<\/span><\/span><\/label><div class='ginput_container ginput_container_email'>\n                            <input autocomplete=\"off\"  name='input_10' id='input_19_10' type='email' value='' class='small'    aria-required=\"true\" aria-invalid=\"false\"  \/>\n                        <\/div><\/li><li id=\"field_19_11\" class=\"gfield gfield--type-phone gfield--input-type-phone gfield--width-full field_sublabel_below gfield--no-description field_description_below field_validation_below gfield_visibility_visible gform_phone\"  data-field-class=\"gform_phone\" ><label class='gfield_label gform-field-label' for='input_19_11'>Num\u00e9ro de t\u00e9l\u00e9phone<\/label><div class='ginput_container ginput_container_phone'><input autocomplete=\"off\"  name='input_11' id='input_19_11' type='tel' value='' class='small'    aria-invalid=\"false\"   \/><\/div><\/li><li id=\"field_19_8\" class=\"gfield gfield--type-textarea gfield--input-type-textarea gfield--width-full full expanding-textarea gfield_contains_required field_sublabel_below gfield--no-description field_description_below field_validation_below gfield_visibility_visible gform_textarea\"  data-field-class=\"gform_textarea\" ><label class='gfield_label gform-field-label' for='input_19_8'>Comment pouvons-nous vous aider ?<span class=\"gfield_required\"><span class=\"gfield_required gfield_required_asterisk\">*<\/span><\/span><\/label><div class='ginput_container ginput_container_textarea'><textarea autocomplete=\"off\"  name='input_8' id='input_19_8' class='textarea medium'     aria-required=\"true\" aria-invalid=\"false\"   rows='10' cols='50'><\/textarea><\/div><\/li><li id=\"field_19_15\" class=\"gfield gfield--type-fileupload gfield--input-type-fileupload gfield--width-full field_sublabel_below gfield--no-description field_description_below field_validation_below gfield_visibility_visible gform_fileupload\"  data-field-class=\"gform_fileupload\" ><label class='gfield_label gform-field-label' for='gform_browse_button_19_15'>Ajoutez des fichiers joints<\/label><div class='ginput_container ginput_container_fileupload'><div id='gform_multifile_upload_19_15' data-settings='{&quot;runtimes&quot;:&quot;html5,flash,html4&quot;,&quot;browse_button&quot;:&quot;gform_browse_button_19_15&quot;,&quot;container&quot;:&quot;gform_multifile_upload_19_15&quot;,&quot;drop_element&quot;:&quot;gform_drag_drop_area_19_15&quot;,&quot;filelist&quot;:&quot;gform_preview_19_15&quot;,&quot;unique_names&quot;:true,&quot;file_data_name&quot;:&quot;file&quot;,&quot;url&quot;:&quot;https:\\\/\\\/www.swecobelgium.be\\\/fr\\\/?gf_page=6e53c2b1b13add7&quot;,&quot;flash_swf_url&quot;:&quot;https:\\\/\\\/www.swecobelgium.be\\\/wp-includes\\\/js\\\/plupload\\\/plupload.flash.swf&quot;,&quot;silverlight_xap_url&quot;:&quot;https:\\\/\\\/www.swecobelgium.be\\\/wp-includes\\\/js\\\/plupload\\\/plupload.silverlight.xap&quot;,&quot;filters&quot;:{&quot;mime_types&quot;:[{&quot;title&quot;:&quot;Fichiers autoris\\u00e9s&quot;,&quot;extensions&quot;:&quot;*&quot;}],&quot;max_file_size&quot;:&quot;52224000b&quot;},&quot;multipart&quot;:true,&quot;urlstream_upload&quot;:false,&quot;multipart_params&quot;:{&quot;form_id&quot;:19,&quot;field_id&quot;:15,&quot;_gform_file_upload_nonce_19_15&quot;:&quot;f6a86b573f&quot;},&quot;gf_vars&quot;:{&quot;max_files&quot;:0,&quot;message_id&quot;:&quot;gform_multifile_messages_19_15&quot;,&quot;disallowed_extensions&quot;:[&quot;php&quot;,&quot;asp&quot;,&quot;aspx&quot;,&quot;cmd&quot;,&quot;csh&quot;,&quot;bat&quot;,&quot;html&quot;,&quot;htm&quot;,&quot;hta&quot;,&quot;jar&quot;,&quot;exe&quot;,&quot;com&quot;,&quot;js&quot;,&quot;lnk&quot;,&quot;htaccess&quot;,&quot;phar&quot;,&quot;phtml&quot;,&quot;ps1&quot;,&quot;ps2&quot;,&quot;php3&quot;,&quot;php4&quot;,&quot;php5&quot;,&quot;php6&quot;,&quot;py&quot;,&quot;rb&quot;,&quot;tmp&quot;]}}' class='gform_fileupload_multifile'>\n\t\t\t\t\t\t\t\t\t\t<div id='gform_drag_drop_area_19_15' class='gform_drop_area gform-theme-field-control'>\n\t\t\t\t\t\t\t\t\t\t\t<span class='gform_drop_instructions'>D\u00e9posez des fichiers ici ou <\/span>\n\t\t\t\t\t\t\t\t\t\t\t<button type='button' id='gform_browse_button_19_15' class='button gform_button_select_files gform-theme-button gform-theme-button--control' aria-describedby=\"gfield_upload_rules_19_15\"  >S\u00e9lectionner des fichiers<\/button>\n\t\t\t\t\t\t\t\t\t\t<\/div>\n\t\t\t\t\t\t\t\t\t<\/div><span class='gfield_description gform_fileupload_rules' id='gfield_upload_rules_19_15'>Taille max. des fichiers\u00a0: 50 MB.<\/span><ul class='validation_message--hidden-on-empty gform-ul-reset' id='gform_multifile_messages_19_15'><\/ul> <div id='gform_preview_19_15' class='ginput_preview_list'><\/div><\/div><\/li><li id=\"field_19_12\" class=\"gfield gfield--type-consent gfield--type-choice gfield--input-type-consent gfield--width-full gfield_contains_required field_sublabel_below gfield--no-description field_description_below field_validation_below gfield_visibility_visible gform_consent\"  data-field-class=\"gform_consent\" ><label class='gfield_label gform-field-label gfield_label_before_complex' >Consentement<span class=\"gfield_required\"><span class=\"gfield_required gfield_required_asterisk\">*<\/span><\/span><\/label><div class='ginput_container ginput_container_consent'><input autocomplete=\"off\"  name='input_12.1' id='input_19_12_1' type='checkbox' value='1'   aria-required=\"true\" aria-invalid=\"false\"   \/> <label class=\"gform-field-label gform-field-label--type-inline gfield_consent_label\" for='input_19_12_1' >En envoyant vos informations, vous marquez votre accord avec la politique en mati\u00e8re de protection de la vie priv\u00e9e de Sweco. <a href=\"https:\/\/www.swecobelgium.be\/fr\/privacy-notice\/\">Cliquez ici<\/a> pour en savoir plus sur la mani\u00e8re dont nous sauvegardons vos donn\u00e9es.<\/label><input autocomplete=\"off\"  type='hidden' name='input_12.2' value='En envoyant vos informations, vous marquez votre accord avec la politique en mati\u00e8re de protection de la vie priv\u00e9e de Sweco. &lt;a href=&quot;https:\/\/www.swecobelgium.be\/fr\/privacy-notice\/&quot;&gt;Cliquez ici&lt;\/a&gt; pour en savoir plus sur la mani\u00e8re dont nous sauvegardons vos donn\u00e9es.' class='gform_hidden' \/><input autocomplete=\"off\"  type='hidden' name='input_12.3' value='16' class='gform_hidden' \/><\/div><\/li><li id=\"field_19_16\" class=\"gfield gfield--type-checkbox gfield--type-choice gfield--input-type-checkbox gfield--width-full field_sublabel_below gfield--has-description field_description_below field_validation_below gfield_visibility_visible gform_checkbox\"  data-field-class=\"gform_checkbox\" ><label class='gfield_label gform-field-label gfield_label_before_complex' >Communications par e-mail<\/label><div class='ginput_container ginput_container_checkbox'><ul class='gfield_checkbox' id='input_19_16'><li class='gchoice gchoice_19_16_1'>\n\t\t\t\t\t\t\t\t<input autocomplete=\"off\"  class='gfield-choice-input' name='input_16.1' type='checkbox'  value='J\u2019autorise l\u2019envoi de communications par e-mail concernant des mises \u00e0 jour, services ou \u00e9v\u00e9nements pertinents.'  id='choice_19_16_1'   aria-describedby=\"gfield_description_19_16\"\/>\n\t\t\t\t\t\t\t\t<label for='choice_19_16_1' id='label_19_16_1' class='gform-field-label gform-field-label--type-inline'>J\u2019autorise l\u2019envoi de communications par e-mail concernant des mises \u00e0 jour, services ou \u00e9v\u00e9nements pertinents.<\/label>\n\t\t\t\t\t\t\t<\/li><\/ul><\/div><div class='gfield_description' id='gfield_description_19_16'>Vous pouvez retirer votre consentement \u00e0 tout moment via le lien de d\u00e9sinscription dans nos e-mails.<\/div><\/li><\/ul><\/div>\n        <div class='gform-footer gform_footer top_label'> <button class='btn btn__primary' id='gform_submit_button_19'><span>Envoyer<\/span><\/button> <input type='hidden' name='gform_ajax' value='form_id=19&amp;title=&amp;description=&amp;tabindex=0&amp;theme=legacy&amp;hash=fb82e8c340f9a833bcde1600c4755eed' \/>\n            <input type='hidden' class='gform_hidden' name='gform_submission_method' data-js='gform_submission_method_19' value='iframe' \/>\n            <input type='hidden' class='gform_hidden' name='gform_theme' data-js='gform_theme_19' id='gform_theme_19' value='legacy' \/>\n            <input type='hidden' class='gform_hidden' name='gform_style_settings' data-js='gform_style_settings_19' id='gform_style_settings_19' value='' \/>\n            <input type='hidden' class='gform_hidden' name='is_submit_19' value='1' \/>\n            <input type='hidden' class='gform_hidden' name='gform_submit' value='19' \/>\n            \n            <input type='hidden' class='gform_hidden' name='gform_unique_id' value='' \/>\n            <input type='hidden' class='gform_hidden' name='state_19' value='WyJ7XCIxMi4xXCI6XCI1YWFlZWZiNzU3NDE1NWIwNWU5MDY0MTFiNjFlZTRmYlwiLFwiMTIuMlwiOlwiOTBhMzRkZWNiMzRmYmU2MjM2Y2M2ZmZiZGIyM2MyYmFcIixcIjEyLjNcIjpcIjMwZjY3OGY4NzQyNGVjMThjYzU2YjlkNzNlOTM1NWIyXCIsXCIxNi4xXCI6XCJlNDA1ZWNkY2NhMjVkMWE5ODNiMjc4MWY5ZDMwMzJmYlwifSIsIjI2MTVjYmM0OTI2MGM3Y2M2OTZkMDJiZTkyNmYyMjgzIl0=' \/>\n            <input type='hidden' autocomplete='off' class='gform_hidden' name='gform_target_page_number_19' id='gform_target_page_number_19' value='0' \/>\n            <input type='hidden' autocomplete='off' class='gform_hidden' name='gform_source_page_number_19' id='gform_source_page_number_19' value='1' \/>\n            <input type='hidden' name='gform_field_values' value='' \/>\n            <input type='hidden' name='gform_uploaded_files' id='gform_uploaded_files_19' value='' \/>\n        <\/div>\n                        <\/form>\n                        <\/div>\n\t\t                <iframe style='display:none;width:0px;height:0px;' src='about:blank' name='gform_ajax_frame_19' id='gform_ajax_frame_19' title='Cette iframe contient la logique n\u00e9cessaire pour manipuler Gravity Forms avec Ajax.'><\/iframe>\n\t\t                <script type=\"text\/javascript\">\n\/* <![CDATA[ *\/\n gform.initializeOnLoaded( function() {gformInitSpinner( 19, 'https:\/\/www.swecobelgium.be\/wp-content\/themes\/sweco\/assets\/dist\/oval.svg', true );jQuery('#gform_ajax_frame_19').on('load',function(){var contents = jQuery(this).contents().find('*').html();var is_postback = contents.indexOf('GF_AJAX_POSTBACK') >= 0;if(!is_postback){return;}var form_content = jQuery(this).contents().find('#gform_wrapper_19');var is_confirmation = jQuery(this).contents().find('#gform_confirmation_wrapper_19').length > 0;var is_redirect = contents.indexOf('gformRedirect(){') >= 0;var is_form = form_content.length > 0 && ! is_redirect && ! is_confirmation;var mt = parseInt(jQuery('html').css('margin-top'), 10) + parseInt(jQuery('body').css('margin-top'), 10) + 100;if(is_form){jQuery('#gform_wrapper_19').html(form_content.html());if(form_content.hasClass('gform_validation_error')){jQuery('#gform_wrapper_19').addClass('gform_validation_error');} else {jQuery('#gform_wrapper_19').removeClass('gform_validation_error');}setTimeout( function() { \/* delay the scroll by 50 milliseconds to fix a bug in chrome *\/  }, 50 );if(window['gformInitDatepicker']) {gformInitDatepicker();}if(window['gformInitPriceFields']) {gformInitPriceFields();}var current_page = jQuery('#gform_source_page_number_19').val();gformInitSpinner( 19, 'https:\/\/www.swecobelgium.be\/wp-content\/themes\/sweco\/assets\/dist\/oval.svg', true );jQuery(document).trigger('gform_page_loaded', [19, current_page]);window['gf_submitting_19'] = false;}else if(!is_redirect){var confirmation_content = jQuery(this).contents().find('.GF_AJAX_POSTBACK').html();if(!confirmation_content){confirmation_content = contents;}jQuery('#gform_wrapper_19').replaceWith(confirmation_content);jQuery(document).trigger('gform_confirmation_loaded', [19]);window['gf_submitting_19'] = false;wp.a11y.speak(jQuery('#gform_confirmation_message_19').text());}else{jQuery('#gform_19').append(contents);if(window['gformRedirect']) {gformRedirect();}}jQuery(document).trigger(\"gform_pre_post_render\", [{ formId: \"19\", currentPage: \"current_page\", abort: function() { this.preventDefault(); } }]);        if (event && event.defaultPrevented) {                return;        }        const gformWrapperDiv = document.getElementById( \"gform_wrapper_19\" );        if ( gformWrapperDiv ) {            const visibilitySpan = document.createElement( \"span\" );            visibilitySpan.id = \"gform_visibility_test_19\";            gformWrapperDiv.insertAdjacentElement( \"afterend\", visibilitySpan );        }        const visibilityTestDiv = document.getElementById( \"gform_visibility_test_19\" );        let postRenderFired = false;        function triggerPostRender() {            if ( postRenderFired ) {                return;            }            postRenderFired = true;            gform.core.triggerPostRenderEvents( 19, current_page );            if ( visibilityTestDiv ) {                visibilityTestDiv.parentNode.removeChild( visibilityTestDiv );            }        }        function debounce( func, wait, immediate ) {            var timeout;            return function() {                var context = this, args = arguments;                var later = function() {                    timeout = null;                    if ( !immediate ) func.apply( context, args );                };                var callNow = immediate && !timeout;                clearTimeout( timeout );                timeout = setTimeout( later, wait );                if ( callNow ) func.apply( context, args );            };        }        const debouncedTriggerPostRender = debounce( function() {            triggerPostRender();        }, 200 );        if ( visibilityTestDiv && visibilityTestDiv.offsetParent === null ) {            const observer = new MutationObserver( ( mutations ) => {                mutations.forEach( ( mutation ) => {                    if ( mutation.type === 'attributes' && visibilityTestDiv.offsetParent !== null ) {                        debouncedTriggerPostRender();                        observer.disconnect();                    }                });            });            observer.observe( document.body, {                attributes: true,                childList: false,                subtree: true,                attributeFilter: [ 'style', 'class' ],            });        } else {            triggerPostRender();        }    } );} ); \n\/* ]]> *\/\n<\/script>\n                <\/div>\n            <\/div>\n        \n\t<\/div>\n<\/section>\n","protected":false},"excerpt":{"rendered":"","protected":false},"featured_media":38646,"template":"","showroom_cats":[334,335,339,340,341,9330,172,173,174,175,215,217,220,221],"showroom_expertise":[],"showroom_partners":[],"showroom_location":[],"showroom_client":[],"class_list":{"0":"post-38674","1":"showroom_cpt","2":"type-showroom_cpt","3":"status-publish","4":"has-post-thumbnail","5":"hentry","6":"showroom_cats-gestion-des-actifs-infrastructurels","7":"showroom_cats-conception-douvrages-dart","8":"showroom_cats-participation-et-cocreation","9":"showroom_cats-gestion-des-parties-prenantes-et-des-procedes","10":"showroom_cats-gestion-de-projets-complexes","11":"showroom_cats-infrastructures-cyclables","12":"showroom_cats-transport-mobilite","14":"showroom_cats-conception-infrastructurelle-integree","15":"showroom_cats-ingenierie-en-ponts-et-tunnels","16":"showroom_cats-villes-de-demain","17":"showroom_cats-gestion-de-processus-et-consultance","18":"showroom_cats-conception-dinfrastructure-et-planification-de-la-mobilite","19":"showroom_cats-conception-despaces-naturels-et-paysagers"},"acf":[],"_links":{"self":[{"href":"https:\/\/www.swecobelgium.be\/fr\/wp-json\/wp\/v2\/showroom_cpt\/38674","targetHints":{"allow":["GET"]}}],"collection":[{"href":"https:\/\/www.swecobelgium.be\/fr\/wp-json\/wp\/v2\/showroom_cpt"}],"about":[{"href":"https:\/\/www.swecobelgium.be\/fr\/wp-json\/wp\/v2\/types\/showroom_cpt"}],"wp:featuredmedia":[{"embeddable":true,"href":"https:\/\/www.swecobelgium.be\/fr\/wp-json\/wp\/v2\/media\/38646"}],"wp:attachment":[{"href":"https:\/\/www.swecobelgium.be\/fr\/wp-json\/wp\/v2\/media?parent=38674"}],"wp:term":[{"taxonomy":"showroom_cats","embeddable":true,"href":"https:\/\/www.swecobelgium.be\/fr\/wp-json\/wp\/v2\/showroom_cats?post=38674"},{"taxonomy":"showroom_expertise","embeddable":true,"href":"https:\/\/www.swecobelgium.be\/fr\/wp-json\/wp\/v2\/showroom_expertise?post=38674"},{"taxonomy":"showroom_partners","embeddable":true,"href":"https:\/\/www.swecobelgium.be\/fr\/wp-json\/wp\/v2\/showroom_partners?post=38674"},{"taxonomy":"showroom_location","embeddable":true,"href":"https:\/\/www.swecobelgium.be\/fr\/wp-json\/wp\/v2\/showroom_location?post=38674"},{"taxonomy":"showroom_client","embeddable":true,"href":"https:\/\/www.swecobelgium.be\/fr\/wp-json\/wp\/v2\/showroom_client?post=38674"}],"curies":[{"name":"wp","href":"https:\/\/api.w.org\/{rel}","templated":true}]}}