{"id":40022,"date":"2025-10-16T07:56:31","date_gmt":"2025-10-16T05:56:31","guid":{"rendered":"https:\/\/www.swecobelgium.be\/?post_type=showroom_cpt&#038;p=40022"},"modified":"2025-10-16T07:56:32","modified_gmt":"2025-10-16T05:56:32","slug":"batiment-de-classes-sint-janscollege","status":"publish","type":"showroom_cpt","link":"https:\/\/www.swecobelgium.be\/fr\/projets\/batiment-de-classes-sint-janscollege\/","title":{"rendered":"B\u00e2timent de classes Sint-Janscollege"},"content":{"rendered":"\n<section class=\"block--white block a-showroom-intro\" >\n\t<div class=\"a-showroom-intro__inner editor-content\">\n        <div class=\"block a-showroom-intro__intro\">\n            <div class=\"block__inner\">\n                <div class=\"col--11 col--wrapper\">\n                    <div class=\"col col col--6 col--md--12\">\n                        <p class=\"pre-title hyphenate\">Un environnement d\u2019apprentissage fonctionnel et flexible dans un cadre verdoyant<\/p><h1 class=\"h1 a-showroom-intro__intro--title hyphenate\">B\u00e2timent de classes Sint-Janscollege<\/h1>                    <\/div>\n                    <div class=\"col col--4 col--md--12\">\n                                                    <div class=\"a-showroom-intro__intro--description\">\n                                <p>Le Sint-Janscollege de Sint-Amandsberg (Gand) dispose d\u2019un nouveau b\u00e2timent de classes, construit dans le cadre de la r\u00e9novation \u00e0 grande \u00e9chelle du site scolaire. L\u00e0 o\u00f9 se trouvait auparavant un terrain inutilis\u00e9, s\u2019\u00e9l\u00e8ve aujourd\u2019hui un environnement \u00e9ducatif moderne et tourn\u00e9 vers l\u2019avenir, pouvant accueillir 390 \u00e9l\u00e8ves et membres du personnel. Le b\u00e2timent comprend des salles de classe, des locaux pratiques, des installations sanitaires, des espaces administratifs et un restaurant scolaire.<\/p>\n                            <\/div>\n                                            <\/div>\n                <\/div>\n            <\/div>\n        <\/div>\n                    <div class=\"a-showroom-intro__image\">\n                <img loading=\"lazy\" decoding=\"async\" width=\"1680\" height=\"800\" src=\"https:\/\/www.swecobelgium.be\/wp-content\/uploads\/sites\/12\/2025\/08\/\u00a9TomDhaenens-Sint-Janscollege-2018-12-1680x800.jpg\" class=\"attachment-hero size-hero\" alt=\"\" \/>            <\/div>\n                                    <div class=\"block a-showroom-intro__facts\">\n                <div class=\"block__inner\">\n                    <div class=\"col--11 col--wrapper\">\n                        <div class=\"col col col--6 col--md--12\">\n                            <h2 class=\"h2 hyphenate\">Informations sur le projet<\/h2>                        <\/div>\n                        <div class=\"col col--4 col--md--12\">\n                            \n<ul class=\"a-showroom-intro__facts--list\">\n    <\/ul>\n\n\n                        <\/div>\n                    <\/div>\n                <\/div>\n            <\/div>\n        \t<\/div>\n<\/section>\n\n\n<section class=\"block block--white arc-facts\" >\n\t<div class=\"block__inner arc-facts__inner\">\n\t\t<div class=\"col--11 col--wrapper col--end editor-content\">\n\t\t\t\n            <dl class=\"items col col--12\">\n                                    <dt class=\"item item--left\">KOGA vzw<\/dt>\n                    <dd class=\"item item--right\">Ma\u00eetre d\u2019ouvrage<\/dd>\n                                    <dt class=\"item item--left\">Sint-Amandsberg, Gand, Belgique<\/dt>\n                    <dd class=\"item item--right\">Lieu<\/dd>\n                            <\/dl>\n\n\t\t<\/div>\n\t<\/div>\n<\/section>\n\n\n<section class=\"block block--white architect-columns\" >\n\n\t<div class=\"block__inner architect-columns__inner\">\n\t\t<div class=\"col--11 col--stretch col--wrapper architect-columns__grid\">\n\t\t\t\n\t\t\t\t<div class=\"col col--top col--6\">\n\t\t\t\t\t\t\t\t\t\t<div class=\"col__inner\" data-clickable=\"false\">\n\t\t\t\t\t\t<div class=\"col__meta\">\n\t\t\t\t\t\t\t\t\t\t\t\t\t\t\t\t\t\t\t\t\t\t\t\t\t\t\t<\/div>\n\n\t\t\t\t\t\t<img loading=\"lazy\" decoding=\"async\" width=\"800\" height=\"533\" src=\"https:\/\/www.swecobelgium.be\/wp-content\/uploads\/sites\/12\/2025\/08\/\u00a9TomDhaenens-Sint-Janscollege-2018-08-800x533.jpg\" class=\"attachment-architect-col--big size-architect-col--big\" alt=\"\" srcset=\"https:\/\/www.swecobelgium.be\/wp-content\/uploads\/sites\/12\/2025\/08\/\u00a9TomDhaenens-Sint-Janscollege-2018-08-800x533.jpg 800w, https:\/\/www.swecobelgium.be\/wp-content\/uploads\/sites\/12\/2025\/08\/\u00a9TomDhaenens-Sint-Janscollege-2018-08-200x133.jpg 200w, https:\/\/www.swecobelgium.be\/wp-content\/uploads\/sites\/12\/2025\/08\/\u00a9TomDhaenens-Sint-Janscollege-2018-08-768x512.jpg 768w, https:\/\/www.swecobelgium.be\/wp-content\/uploads\/sites\/12\/2025\/08\/\u00a9TomDhaenens-Sint-Janscollege-2018-08-1536x1024.jpg 1536w, https:\/\/www.swecobelgium.be\/wp-content\/uploads\/sites\/12\/2025\/08\/\u00a9TomDhaenens-Sint-Janscollege-2018-08-2048x1365.jpg 2048w, https:\/\/www.swecobelgium.be\/wp-content\/uploads\/sites\/12\/2025\/08\/\u00a9TomDhaenens-Sint-Janscollege-2018-08-520x347.jpg 520w, https:\/\/www.swecobelgium.be\/wp-content\/uploads\/sites\/12\/2025\/08\/\u00a9TomDhaenens-Sint-Janscollege-2018-08-450x300.jpg 450w, https:\/\/www.swecobelgium.be\/wp-content\/uploads\/sites\/12\/2025\/08\/\u00a9TomDhaenens-Sint-Janscollege-2018-08-675x450.jpg 675w, https:\/\/www.swecobelgium.be\/wp-content\/uploads\/sites\/12\/2025\/08\/\u00a9TomDhaenens-Sint-Janscollege-2018-08-652x435.jpg 652w\" sizes=\"auto, (max-width: 800px) 100vw, 800px\" \/>\n\t\t\t\t\t\t\n\t\t\t\t\t\t\n\t\t\t\t\t<\/div>\n\t\t\t\t<\/div>\n\n\t\t\t\n\t\t\t\t<div class=\"col col--top col--6\">\n\t\t\t\t\t\t\t\t\t\t<div class=\"col__inner\" data-clickable=\"false\">\n\t\t\t\t\t\t<div class=\"col__meta\">\n\t\t\t\t\t\t\t\t\t\t\t\t\t\t\t\t\t\t\t\t\t\t\t\t\t\t\t<\/div>\n\n\t\t\t\t\t\t<img loading=\"lazy\" decoding=\"async\" width=\"800\" height=\"1200\" src=\"https:\/\/www.swecobelgium.be\/wp-content\/uploads\/sites\/12\/2025\/08\/TOM48556-800x1200.jpg\" class=\"attachment-architect-col--big size-architect-col--big\" alt=\"\" srcset=\"https:\/\/www.swecobelgium.be\/wp-content\/uploads\/sites\/12\/2025\/08\/TOM48556-800x1200.jpg 800w, https:\/\/www.swecobelgium.be\/wp-content\/uploads\/sites\/12\/2025\/08\/TOM48556-133x200.jpg 133w, https:\/\/www.swecobelgium.be\/wp-content\/uploads\/sites\/12\/2025\/08\/TOM48556-768x1152.jpg 768w, https:\/\/www.swecobelgium.be\/wp-content\/uploads\/sites\/12\/2025\/08\/TOM48556-1024x1536.jpg 1024w, https:\/\/www.swecobelgium.be\/wp-content\/uploads\/sites\/12\/2025\/08\/TOM48556-1365x2048.jpg 1365w, https:\/\/www.swecobelgium.be\/wp-content\/uploads\/sites\/12\/2025\/08\/TOM48556-520x780.jpg 520w, https:\/\/www.swecobelgium.be\/wp-content\/uploads\/sites\/12\/2025\/08\/TOM48556-200x300.jpg 200w, https:\/\/www.swecobelgium.be\/wp-content\/uploads\/sites\/12\/2025\/08\/TOM48556-300x450.jpg 300w, https:\/\/www.swecobelgium.be\/wp-content\/uploads\/sites\/12\/2025\/08\/TOM48556-652x978.jpg 652w\" sizes=\"auto, (max-width: 800px) 100vw, 800px\" \/>\n\t\t\t\t\t\t\n\t\t\t\t\t\t\n\t\t\t\t\t<\/div>\n\t\t\t\t<\/div>\n\n\t\t\t\t<\/div>\n<\/section>\n\n\n<section class=\"block cb block--white\" >\n\t<div class=\"block__inner cb__inner cb__inner--title-block\">\n\t<div class=\"col--11 col--start col--wrapper editor-content\">\n\t\t\t\t\t<div class=\"col col--5\">\n\t\t\t\t<h2 class=\"h2 hyphenate\">Une cour comme lieu de rencontre<\/h2>\t\t\t<\/div>\n\t\t\n\t\t\t\t\t<div class=\"col col--4 push--1\">\n\t\t\t\t<p><p data-start=\"3504\" data-end=\"3895\">En implantant strat\u00e9giquement le b\u00e2timent le long de la limite nord du site, on cr\u00e9e une cour d\u2019\u00e9cole ferm\u00e9e sur trois c\u00f4t\u00e9s : un espace central qui sert de lieu de rencontre pour toute l\u2019\u00e9cole. L\u2019aire de jeux auparavant asphalt\u00e9e a \u00e9t\u00e9 adoucie par des plantations fonctionnelles et d\u00e9coratives, rendant l\u2019espace ext\u00e9rieur plus agr\u00e9able et plus sain.<\/p>\n<p data-start=\"3897\" data-end=\"4179\">Le b\u00e2timent n\u2019a pas \u00e9t\u00e9 reli\u00e9 \u00e0 l\u2019infrastructure existante, un choix qui renforce l\u2019autonomie de la cour et en fait un v\u00e9ritable espace de rassemblement. Malgr\u00e9 la nature ferm\u00e9e du site, l\u2019architecture marquante du nouveau b\u00e2timent le rend visible et reconnaissable depuis la rue.<\/p>\n<h3 data-start=\"4181\" data-end=\"4645\">Lumi\u00e8re naturelle et orientation<\/h3>\n<p data-start=\"4181\" data-end=\"4645\">Les espaces d\u2019apprentissage sont orient\u00e9s au nord, b\u00e9n\u00e9ficiant ainsi d\u2019une lumi\u00e8re douce et abondante sans n\u00e9cessit\u00e9 de protections solaires. La fa\u00e7ade sud-est abrite les zones de circulation et est \u00e9quip\u00e9e d\u2019\u00e9l\u00e9ments verticaux en b\u00e9ton servant \u00e0 la fois de brise-soleil et d\u2019\u00e9l\u00e9ments architecturaux distinctifs. Ces structures en b\u00e9ton contribuent au langage formel sp\u00e9cifique du b\u00e2timent et r\u00e9duisent la charge thermique.<\/p>\n<\/p>\n\t\t\t\t\t\t\t<\/div>\n\t\t\n\t<\/div>\n<\/div><\/section>\n\n\n<section class=\"block block--white architect-columns\" >\n\n\t<div class=\"block__inner architect-columns__inner\">\n\t\t<div class=\"col--11 col--stretch col--wrapper architect-columns__grid\">\n\t\t\t\n\t\t\t\t<div class=\"col col--top col--6\">\n\t\t\t\t\t\t\t\t\t\t<div class=\"col__inner\" data-clickable=\"false\">\n\t\t\t\t\t\t<div class=\"col__meta\">\n\t\t\t\t\t\t\t\t\t\t\t\t\t\t\t\t\t\t\t\t\t\t\t\t\t\t\t<\/div>\n\n\t\t\t\t\t\t<img loading=\"lazy\" decoding=\"async\" width=\"800\" height=\"1200\" src=\"https:\/\/www.swecobelgium.be\/wp-content\/uploads\/sites\/12\/2025\/08\/\u00a9TomDhaenens-Sint-Janscollege-2018-03-800x1200.jpg\" class=\"attachment-architect-col--big size-architect-col--big\" alt=\"\" srcset=\"https:\/\/www.swecobelgium.be\/wp-content\/uploads\/sites\/12\/2025\/08\/\u00a9TomDhaenens-Sint-Janscollege-2018-03-800x1200.jpg 800w, https:\/\/www.swecobelgium.be\/wp-content\/uploads\/sites\/12\/2025\/08\/\u00a9TomDhaenens-Sint-Janscollege-2018-03-133x200.jpg 133w, https:\/\/www.swecobelgium.be\/wp-content\/uploads\/sites\/12\/2025\/08\/\u00a9TomDhaenens-Sint-Janscollege-2018-03-768x1152.jpg 768w, https:\/\/www.swecobelgium.be\/wp-content\/uploads\/sites\/12\/2025\/08\/\u00a9TomDhaenens-Sint-Janscollege-2018-03-1024x1536.jpg 1024w, https:\/\/www.swecobelgium.be\/wp-content\/uploads\/sites\/12\/2025\/08\/\u00a9TomDhaenens-Sint-Janscollege-2018-03-1365x2048.jpg 1365w, https:\/\/www.swecobelgium.be\/wp-content\/uploads\/sites\/12\/2025\/08\/\u00a9TomDhaenens-Sint-Janscollege-2018-03-520x780.jpg 520w, https:\/\/www.swecobelgium.be\/wp-content\/uploads\/sites\/12\/2025\/08\/\u00a9TomDhaenens-Sint-Janscollege-2018-03-200x300.jpg 200w, https:\/\/www.swecobelgium.be\/wp-content\/uploads\/sites\/12\/2025\/08\/\u00a9TomDhaenens-Sint-Janscollege-2018-03-300x450.jpg 300w, https:\/\/www.swecobelgium.be\/wp-content\/uploads\/sites\/12\/2025\/08\/\u00a9TomDhaenens-Sint-Janscollege-2018-03-652x978.jpg 652w\" sizes=\"auto, (max-width: 800px) 100vw, 800px\" \/>\n\t\t\t\t\t\t\n\t\t\t\t\t\t\n\t\t\t\t\t<\/div>\n\t\t\t\t<\/div>\n\n\t\t\t\n\t\t\t\t<div class=\"col col--top col--6\">\n\t\t\t\t\t\t\t\t\t\t<div class=\"col__inner\" data-clickable=\"false\">\n\t\t\t\t\t\t<div class=\"col__meta\">\n\t\t\t\t\t\t\t\t\t\t\t\t\t\t\t\t\t\t\t\t\t\t\t\t\t\t\t<\/div>\n\n\t\t\t\t\t\t<img loading=\"lazy\" decoding=\"async\" width=\"800\" height=\"1200\" src=\"https:\/\/www.swecobelgium.be\/wp-content\/uploads\/sites\/12\/2025\/08\/\u00a9TomDhaenens-Sint-Janscollege-2018-02-800x1200.jpg\" class=\"attachment-architect-col--big size-architect-col--big\" alt=\"\" srcset=\"https:\/\/www.swecobelgium.be\/wp-content\/uploads\/sites\/12\/2025\/08\/\u00a9TomDhaenens-Sint-Janscollege-2018-02-800x1200.jpg 800w, https:\/\/www.swecobelgium.be\/wp-content\/uploads\/sites\/12\/2025\/08\/\u00a9TomDhaenens-Sint-Janscollege-2018-02-133x200.jpg 133w, https:\/\/www.swecobelgium.be\/wp-content\/uploads\/sites\/12\/2025\/08\/\u00a9TomDhaenens-Sint-Janscollege-2018-02-768x1152.jpg 768w, https:\/\/www.swecobelgium.be\/wp-content\/uploads\/sites\/12\/2025\/08\/\u00a9TomDhaenens-Sint-Janscollege-2018-02-1024x1536.jpg 1024w, https:\/\/www.swecobelgium.be\/wp-content\/uploads\/sites\/12\/2025\/08\/\u00a9TomDhaenens-Sint-Janscollege-2018-02-1365x2048.jpg 1365w, https:\/\/www.swecobelgium.be\/wp-content\/uploads\/sites\/12\/2025\/08\/\u00a9TomDhaenens-Sint-Janscollege-2018-02-520x780.jpg 520w, https:\/\/www.swecobelgium.be\/wp-content\/uploads\/sites\/12\/2025\/08\/\u00a9TomDhaenens-Sint-Janscollege-2018-02-200x300.jpg 200w, https:\/\/www.swecobelgium.be\/wp-content\/uploads\/sites\/12\/2025\/08\/\u00a9TomDhaenens-Sint-Janscollege-2018-02-300x450.jpg 300w, https:\/\/www.swecobelgium.be\/wp-content\/uploads\/sites\/12\/2025\/08\/\u00a9TomDhaenens-Sint-Janscollege-2018-02-652x978.jpg 652w\" sizes=\"auto, (max-width: 800px) 100vw, 800px\" \/>\n\t\t\t\t\t\t\n\t\t\t\t\t\t\n\t\t\t\t\t<\/div>\n\t\t\t\t<\/div>\n\n\t\t\t\t<\/div>\n<\/section>\n\n\n<section class=\"block cb block--white\" >\n\t<div class=\"block__inner cb__inner cb__inner--title-block\">\n\t<div class=\"col--11 col--start col--wrapper editor-content\">\n\t\t\t\t\t<div class=\"col col--5\">\n\t\t\t\t<h2 class=\"h2 hyphenate\">Flexibilit\u00e9 pour l\u2019avenir<\/h2>\t\t\t<\/div>\n\t\t\n\t\t\t\t\t<div class=\"col col--4 push--1\">\n\t\t\t\t<p><p data-start=\"4647\" data-end=\"5086\">Le b\u00e2timent est construit autour d\u2019une ossature en b\u00e9ton avec colonnes et poutres, compl\u00e9t\u00e9e par des cloisons l\u00e9g\u00e8res. Cette configuration permet de r\u00e9am\u00e9nager facilement les espaces int\u00e9rieurs en fonction de besoins futurs, comme l\u2019adaptation des tailles de classes ou l\u2019int\u00e9gration de nouvelles fonctions \u00e9ducatives. L\u2019implantation prend \u00e9galement en compte d\u2019\u00e9ventuelles extensions futures sur le site.<\/p>\n<h3 data-start=\"5088\" data-end=\"5404\">Pr\u00e9servation et renforcement de la verdure<\/h3>\n<p data-start=\"5088\" data-end=\"5404\">Le site scolaire est r\u00e9put\u00e9 pour son caract\u00e8re verdoyant. Le projet a volontairement pr\u00e9serv\u00e9 et renforc\u00e9 cet atout. La nouvelle cour centrale a \u00e9t\u00e9 am\u00e9nag\u00e9e avec des plantations adapt\u00e9es et constitue d\u00e9sormais le c\u0153ur vivant de l\u2019\u00e9cole o\u00f9 les \u00e9l\u00e8ves se retrouvent.<\/p>\n<h3 data-start=\"5406\" data-end=\"5737\">Une r\u00e9f\u00e9rence architecturale ludique<\/h3>\n<p data-start=\"5406\" data-end=\"5737\">Un d\u00e9tail particulier est la r\u00e9f\u00e9rence ludique aux livres dans une biblioth\u00e8que, visible dans la disposition des panneaux en b\u00e9ton apparent. Ce clin d\u2019\u0153il subtil relie la fonction du b\u00e2timent \u00e0 son expression architecturale et le rend facilement identifiable par la communaut\u00e9 scolaire.<\/p>\n<\/p>\n\t\t\t\t\t\t\t<\/div>\n\t\t\n\t<\/div>\n<\/div><\/section>\n\n\n<section class=\"block slider slider--large\" >\n\t<div class=\"block__inner slider__inner\">\n\t\t\t\t\t<div class=\"col--11 col--stretch col--wrapper\">\n\t\t\t\t<div class=\"glide sweco-slider sweco-slider--6\">\n\t\t\t\t\t<div class=\"glide__track\" data-glide-el=\"track\">\n\t\t\t\t\t\t<ul class=\"glide__slides\">\n\t\t\t\t\t\t\t\t\t\t\t\t\t\t\t<li class=\"glide__slide\">\n\t\t\t\t\t\t\t\t\t<img loading=\"lazy\" decoding=\"async\" width=\"6720\" height=\"3996\" src=\"https:\/\/www.swecobelgium.be\/wp-content\/uploads\/sites\/12\/2025\/08\/TOM48577.jpg\" class=\"attachment-full size-full\" alt=\"\" srcset=\"https:\/\/www.swecobelgium.be\/wp-content\/uploads\/sites\/12\/2025\/08\/TOM48577.jpg 6720w, https:\/\/www.swecobelgium.be\/wp-content\/uploads\/sites\/12\/2025\/08\/TOM48577-200x119.jpg 200w, https:\/\/www.swecobelgium.be\/wp-content\/uploads\/sites\/12\/2025\/08\/TOM48577-768x457.jpg 768w, https:\/\/www.swecobelgium.be\/wp-content\/uploads\/sites\/12\/2025\/08\/TOM48577-1536x913.jpg 1536w, https:\/\/www.swecobelgium.be\/wp-content\/uploads\/sites\/12\/2025\/08\/TOM48577-2048x1218.jpg 2048w, https:\/\/www.swecobelgium.be\/wp-content\/uploads\/sites\/12\/2025\/08\/TOM48577-1260x750.jpg 1260w, https:\/\/www.swecobelgium.be\/wp-content\/uploads\/sites\/12\/2025\/08\/TOM48577-520x309.jpg 520w, https:\/\/www.swecobelgium.be\/wp-content\/uploads\/sites\/12\/2025\/08\/TOM48577-800x476.jpg 800w, https:\/\/www.swecobelgium.be\/wp-content\/uploads\/sites\/12\/2025\/08\/TOM48577-505x300.jpg 505w, https:\/\/www.swecobelgium.be\/wp-content\/uploads\/sites\/12\/2025\/08\/TOM48577-757x450.jpg 757w, https:\/\/www.swecobelgium.be\/wp-content\/uploads\/sites\/12\/2025\/08\/TOM48577-652x388.jpg 652w\" sizes=\"auto, (max-width: 6720px) 100vw, 6720px\" \/>\t\t\t\t\t\t\t\t<\/li>\n\t\t\t\t\t\t\t\t\t\t\t\t\t\t\t<li class=\"glide__slide\">\n\t\t\t\t\t\t\t\t\t<img loading=\"lazy\" decoding=\"async\" width=\"6720\" height=\"3752\" src=\"https:\/\/www.swecobelgium.be\/wp-content\/uploads\/sites\/12\/2025\/08\/\u00a9TomDhaenens-Sint-Janscollege-2018-14.jpg\" class=\"attachment-full size-full\" alt=\"\" srcset=\"https:\/\/www.swecobelgium.be\/wp-content\/uploads\/sites\/12\/2025\/08\/\u00a9TomDhaenens-Sint-Janscollege-2018-14.jpg 6720w, https:\/\/www.swecobelgium.be\/wp-content\/uploads\/sites\/12\/2025\/08\/\u00a9TomDhaenens-Sint-Janscollege-2018-14-200x112.jpg 200w, https:\/\/www.swecobelgium.be\/wp-content\/uploads\/sites\/12\/2025\/08\/\u00a9TomDhaenens-Sint-Janscollege-2018-14-768x429.jpg 768w, https:\/\/www.swecobelgium.be\/wp-content\/uploads\/sites\/12\/2025\/08\/\u00a9TomDhaenens-Sint-Janscollege-2018-14-1536x858.jpg 1536w, https:\/\/www.swecobelgium.be\/wp-content\/uploads\/sites\/12\/2025\/08\/\u00a9TomDhaenens-Sint-Janscollege-2018-14-2048x1143.jpg 2048w, https:\/\/www.swecobelgium.be\/wp-content\/uploads\/sites\/12\/2025\/08\/\u00a9TomDhaenens-Sint-Janscollege-2018-14-520x290.jpg 520w, https:\/\/www.swecobelgium.be\/wp-content\/uploads\/sites\/12\/2025\/08\/\u00a9TomDhaenens-Sint-Janscollege-2018-14-800x447.jpg 800w, https:\/\/www.swecobelgium.be\/wp-content\/uploads\/sites\/12\/2025\/08\/\u00a9TomDhaenens-Sint-Janscollege-2018-14-537x300.jpg 537w, https:\/\/www.swecobelgium.be\/wp-content\/uploads\/sites\/12\/2025\/08\/\u00a9TomDhaenens-Sint-Janscollege-2018-14-806x450.jpg 806w, https:\/\/www.swecobelgium.be\/wp-content\/uploads\/sites\/12\/2025\/08\/\u00a9TomDhaenens-Sint-Janscollege-2018-14-652x364.jpg 652w\" sizes=\"auto, (max-width: 6720px) 100vw, 6720px\" \/>\t\t\t\t\t\t\t\t<\/li>\n\t\t\t\t\t\t\t\t\t\t\t\t\t\t\t<li class=\"glide__slide\">\n\t\t\t\t\t\t\t\t\t<img loading=\"lazy\" decoding=\"async\" width=\"6720\" height=\"4480\" src=\"https:\/\/www.swecobelgium.be\/wp-content\/uploads\/sites\/12\/2025\/08\/\u00a9TomDhaenens-Sint-Janscollege-2018-13.jpg\" class=\"attachment-full size-full\" alt=\"\" srcset=\"https:\/\/www.swecobelgium.be\/wp-content\/uploads\/sites\/12\/2025\/08\/\u00a9TomDhaenens-Sint-Janscollege-2018-13.jpg 6720w, https:\/\/www.swecobelgium.be\/wp-content\/uploads\/sites\/12\/2025\/08\/\u00a9TomDhaenens-Sint-Janscollege-2018-13-200x133.jpg 200w, https:\/\/www.swecobelgium.be\/wp-content\/uploads\/sites\/12\/2025\/08\/\u00a9TomDhaenens-Sint-Janscollege-2018-13-768x512.jpg 768w, https:\/\/www.swecobelgium.be\/wp-content\/uploads\/sites\/12\/2025\/08\/\u00a9TomDhaenens-Sint-Janscollege-2018-13-1536x1024.jpg 1536w, https:\/\/www.swecobelgium.be\/wp-content\/uploads\/sites\/12\/2025\/08\/\u00a9TomDhaenens-Sint-Janscollege-2018-13-2048x1365.jpg 2048w, https:\/\/www.swecobelgium.be\/wp-content\/uploads\/sites\/12\/2025\/08\/\u00a9TomDhaenens-Sint-Janscollege-2018-13-520x347.jpg 520w, https:\/\/www.swecobelgium.be\/wp-content\/uploads\/sites\/12\/2025\/08\/\u00a9TomDhaenens-Sint-Janscollege-2018-13-800x533.jpg 800w, https:\/\/www.swecobelgium.be\/wp-content\/uploads\/sites\/12\/2025\/08\/\u00a9TomDhaenens-Sint-Janscollege-2018-13-450x300.jpg 450w, https:\/\/www.swecobelgium.be\/wp-content\/uploads\/sites\/12\/2025\/08\/\u00a9TomDhaenens-Sint-Janscollege-2018-13-675x450.jpg 675w, https:\/\/www.swecobelgium.be\/wp-content\/uploads\/sites\/12\/2025\/08\/\u00a9TomDhaenens-Sint-Janscollege-2018-13-652x435.jpg 652w\" sizes=\"auto, (max-width: 6720px) 100vw, 6720px\" \/>\t\t\t\t\t\t\t\t<\/li>\n\t\t\t\t\t\t\t\t\t\t\t\t\t\t\t<li class=\"glide__slide\">\n\t\t\t\t\t\t\t\t\t<img loading=\"lazy\" decoding=\"async\" width=\"6720\" height=\"3369\" src=\"https:\/\/www.swecobelgium.be\/wp-content\/uploads\/sites\/12\/2025\/08\/\u00a9TomDhaenens-Sint-Janscollege-2018-11.jpg\" class=\"attachment-full size-full\" alt=\"\" srcset=\"https:\/\/www.swecobelgium.be\/wp-content\/uploads\/sites\/12\/2025\/08\/\u00a9TomDhaenens-Sint-Janscollege-2018-11.jpg 6720w, https:\/\/www.swecobelgium.be\/wp-content\/uploads\/sites\/12\/2025\/08\/\u00a9TomDhaenens-Sint-Janscollege-2018-11-200x100.jpg 200w, https:\/\/www.swecobelgium.be\/wp-content\/uploads\/sites\/12\/2025\/08\/\u00a9TomDhaenens-Sint-Janscollege-2018-11-768x385.jpg 768w, https:\/\/www.swecobelgium.be\/wp-content\/uploads\/sites\/12\/2025\/08\/\u00a9TomDhaenens-Sint-Janscollege-2018-11-1536x770.jpg 1536w, https:\/\/www.swecobelgium.be\/wp-content\/uploads\/sites\/12\/2025\/08\/\u00a9TomDhaenens-Sint-Janscollege-2018-11-2048x1027.jpg 2048w, https:\/\/www.swecobelgium.be\/wp-content\/uploads\/sites\/12\/2025\/08\/\u00a9TomDhaenens-Sint-Janscollege-2018-11-520x261.jpg 520w, https:\/\/www.swecobelgium.be\/wp-content\/uploads\/sites\/12\/2025\/08\/\u00a9TomDhaenens-Sint-Janscollege-2018-11-800x401.jpg 800w, https:\/\/www.swecobelgium.be\/wp-content\/uploads\/sites\/12\/2025\/08\/\u00a9TomDhaenens-Sint-Janscollege-2018-11-598x300.jpg 598w, https:\/\/www.swecobelgium.be\/wp-content\/uploads\/sites\/12\/2025\/08\/\u00a9TomDhaenens-Sint-Janscollege-2018-11-898x450.jpg 898w, https:\/\/www.swecobelgium.be\/wp-content\/uploads\/sites\/12\/2025\/08\/\u00a9TomDhaenens-Sint-Janscollege-2018-11-652x327.jpg 652w\" sizes=\"auto, (max-width: 6720px) 100vw, 6720px\" \/>\t\t\t\t\t\t\t\t<\/li>\n\t\t\t\t\t\t\t\t\t\t\t\t\t\t\t<li class=\"glide__slide\">\n\t\t\t\t\t\t\t\t\t<img loading=\"lazy\" decoding=\"async\" width=\"6720\" height=\"4480\" src=\"https:\/\/www.swecobelgium.be\/wp-content\/uploads\/sites\/12\/2025\/08\/\u00a9TomDhaenens-Sint-Janscollege-2018-09.jpg\" class=\"attachment-full size-full\" alt=\"\" srcset=\"https:\/\/www.swecobelgium.be\/wp-content\/uploads\/sites\/12\/2025\/08\/\u00a9TomDhaenens-Sint-Janscollege-2018-09.jpg 6720w, https:\/\/www.swecobelgium.be\/wp-content\/uploads\/sites\/12\/2025\/08\/\u00a9TomDhaenens-Sint-Janscollege-2018-09-200x133.jpg 200w, https:\/\/www.swecobelgium.be\/wp-content\/uploads\/sites\/12\/2025\/08\/\u00a9TomDhaenens-Sint-Janscollege-2018-09-768x512.jpg 768w, https:\/\/www.swecobelgium.be\/wp-content\/uploads\/sites\/12\/2025\/08\/\u00a9TomDhaenens-Sint-Janscollege-2018-09-1536x1024.jpg 1536w, https:\/\/www.swecobelgium.be\/wp-content\/uploads\/sites\/12\/2025\/08\/\u00a9TomDhaenens-Sint-Janscollege-2018-09-2048x1365.jpg 2048w, https:\/\/www.swecobelgium.be\/wp-content\/uploads\/sites\/12\/2025\/08\/\u00a9TomDhaenens-Sint-Janscollege-2018-09-520x347.jpg 520w, https:\/\/www.swecobelgium.be\/wp-content\/uploads\/sites\/12\/2025\/08\/\u00a9TomDhaenens-Sint-Janscollege-2018-09-800x533.jpg 800w, https:\/\/www.swecobelgium.be\/wp-content\/uploads\/sites\/12\/2025\/08\/\u00a9TomDhaenens-Sint-Janscollege-2018-09-450x300.jpg 450w, https:\/\/www.swecobelgium.be\/wp-content\/uploads\/sites\/12\/2025\/08\/\u00a9TomDhaenens-Sint-Janscollege-2018-09-675x450.jpg 675w, https:\/\/www.swecobelgium.be\/wp-content\/uploads\/sites\/12\/2025\/08\/\u00a9TomDhaenens-Sint-Janscollege-2018-09-652x435.jpg 652w\" sizes=\"auto, (max-width: 6720px) 100vw, 6720px\" \/>\t\t\t\t\t\t\t\t<\/li>\n\t\t\t\t\t\t\t\t\t\t\t\t\t\t\t<li class=\"glide__slide\">\n\t\t\t\t\t\t\t\t\t<img loading=\"lazy\" decoding=\"async\" width=\"4480\" height=\"6720\" src=\"https:\/\/www.swecobelgium.be\/wp-content\/uploads\/sites\/12\/2025\/08\/\u00a9TomDhaenens-Sint-Janscollege-2018-02.jpg\" class=\"attachment-full size-full\" alt=\"\" srcset=\"https:\/\/www.swecobelgium.be\/wp-content\/uploads\/sites\/12\/2025\/08\/\u00a9TomDhaenens-Sint-Janscollege-2018-02.jpg 4480w, https:\/\/www.swecobelgium.be\/wp-content\/uploads\/sites\/12\/2025\/08\/\u00a9TomDhaenens-Sint-Janscollege-2018-02-133x200.jpg 133w, https:\/\/www.swecobelgium.be\/wp-content\/uploads\/sites\/12\/2025\/08\/\u00a9TomDhaenens-Sint-Janscollege-2018-02-768x1152.jpg 768w, https:\/\/www.swecobelgium.be\/wp-content\/uploads\/sites\/12\/2025\/08\/\u00a9TomDhaenens-Sint-Janscollege-2018-02-1024x1536.jpg 1024w, https:\/\/www.swecobelgium.be\/wp-content\/uploads\/sites\/12\/2025\/08\/\u00a9TomDhaenens-Sint-Janscollege-2018-02-1365x2048.jpg 1365w, https:\/\/www.swecobelgium.be\/wp-content\/uploads\/sites\/12\/2025\/08\/\u00a9TomDhaenens-Sint-Janscollege-2018-02-520x780.jpg 520w, https:\/\/www.swecobelgium.be\/wp-content\/uploads\/sites\/12\/2025\/08\/\u00a9TomDhaenens-Sint-Janscollege-2018-02-800x1200.jpg 800w, https:\/\/www.swecobelgium.be\/wp-content\/uploads\/sites\/12\/2025\/08\/\u00a9TomDhaenens-Sint-Janscollege-2018-02-200x300.jpg 200w, https:\/\/www.swecobelgium.be\/wp-content\/uploads\/sites\/12\/2025\/08\/\u00a9TomDhaenens-Sint-Janscollege-2018-02-300x450.jpg 300w, https:\/\/www.swecobelgium.be\/wp-content\/uploads\/sites\/12\/2025\/08\/\u00a9TomDhaenens-Sint-Janscollege-2018-02-652x978.jpg 652w\" sizes=\"auto, (max-width: 4480px) 100vw, 4480px\" \/>\t\t\t\t\t\t\t\t<\/li>\n\t\t\t\t\t\t\t\t\t\t\t\t\t<\/ul>\n\t\t\t\t\t\t<div class=\"glide__navigation\" data-glide-el=\"controls\">\n\t\t\t\t\t\t\t<div class=\"click-area-left\" data-glide-dir=\"&lt;\"><\/div>\n\t\t\t\t\t\t\t<div class=\"click-area-right\" data-glide-dir=\"&gt;\"><\/div>\n\t\t\t\t\t\t<\/div>\n\t\t\t\t\t<\/div>\n\n\t\t\t\t\t<div class=\"slide-meta\">\n\t\t\t\t\t\t<div class=\"glide__arrows\" data-glide-el=\"controls\">\n\t\t\t\t\t\t\t<button class=\"glide__arrow glide__arrow--left\" Previous slide data-glide-dir=\"&lt;\">\n\t\t\t\t\t\t\t\t<i class=\"icon icon-arrow-right\"><\/i>\n\t\t\t\t\t\t\t<\/button>\n\t\t\t\t\t\t\t<button class=\"glide__arrow glide__arrow--right\" aria-label=\"Next slide\" data-glide-dir=\"&gt;\">\n\t\t\t\t\t\t\t\t<i class=\"icon icon-arrow-right\"><\/i>\n\t\t\t\t\t\t\t<\/button>\n\t\t\t\t\t\t<\/div>\n\n\t\t\t\t\t\t\t\t\t\t\t\t\t<div class=\"glide__slide-counter\">\n\t\t\t\t\t\t\t\t<span class=\"glide__slide--current\">1<\/span> \/ 6\t\t\t\t\t\t\t<\/div>\n\t\t\t\t\t\t\n\t\t\t\t\t\t<div class=\"image-copyrights\">\n\t\t\t\t\t\t\t\t\t\t\t\t\t\t\t\t\t\t\t\t\t\t\t\t\t\t\t\t\t\t\t\t\t\t\t\t\t\t\t\t\t\t\t\t\t\t\t\t\t\t\t\t\t\t\t\t\t\t\t\t\t\t\t\t\t\t\t\t\t\t\t\t\t\t\t\t\t\t\t\t\t\t\t\t\t\t\t\t\t\t<\/div>\n\t\t\t\t\t<\/div>\n\n\t\t\t\t<\/div>\n\t\t\t<\/div>\n\t\t\t<\/div>\n<\/section>\n","protected":false},"excerpt":{"rendered":"","protected":false},"featured_media":39962,"template":"","showroom_cats":[193],"showroom_expertise":[],"showroom_partners":[],"showroom_location":[],"showroom_client":[],"class_list":["post-40022","showroom_cpt","type-showroom_cpt","status-publish","has-post-thumbnail","hentry","showroom_cats-architecture"],"acf":[],"_links":{"self":[{"href":"https:\/\/www.swecobelgium.be\/fr\/wp-json\/wp\/v2\/showroom_cpt\/40022","targetHints":{"allow":["GET"]}}],"collection":[{"href":"https:\/\/www.swecobelgium.be\/fr\/wp-json\/wp\/v2\/showroom_cpt"}],"about":[{"href":"https:\/\/www.swecobelgium.be\/fr\/wp-json\/wp\/v2\/types\/showroom_cpt"}],"wp:featuredmedia":[{"embeddable":true,"href":"https:\/\/www.swecobelgium.be\/fr\/wp-json\/wp\/v2\/media\/39962"}],"wp:attachment":[{"href":"https:\/\/www.swecobelgium.be\/fr\/wp-json\/wp\/v2\/media?parent=40022"}],"wp:term":[{"taxonomy":"showroom_cats","embeddable":true,"href":"https:\/\/www.swecobelgium.be\/fr\/wp-json\/wp\/v2\/showroom_cats?post=40022"},{"taxonomy":"showroom_expertise","embeddable":true,"href":"https:\/\/www.swecobelgium.be\/fr\/wp-json\/wp\/v2\/showroom_expertise?post=40022"},{"taxonomy":"showroom_partners","embeddable":true,"href":"https:\/\/www.swecobelgium.be\/fr\/wp-json\/wp\/v2\/showroom_partners?post=40022"},{"taxonomy":"showroom_location","embeddable":true,"href":"https:\/\/www.swecobelgium.be\/fr\/wp-json\/wp\/v2\/showroom_location?post=40022"},{"taxonomy":"showroom_client","embeddable":true,"href":"https:\/\/www.swecobelgium.be\/fr\/wp-json\/wp\/v2\/showroom_client?post=40022"}],"curies":[{"name":"wp","href":"https:\/\/api.w.org\/{rel}","templated":true}]}}