{"id":43103,"date":"2025-10-16T07:57:21","date_gmt":"2025-10-16T05:57:21","guid":{"rendered":"https:\/\/www.swecobelgium.be\/?post_type=showroom_cpt&#038;p=43103"},"modified":"2025-10-16T07:57:22","modified_gmt":"2025-10-16T05:57:22","slug":"t-huis","status":"publish","type":"showroom_cpt","link":"https:\/\/www.swecobelgium.be\/fr\/projets\/t-huis\/","title":{"rendered":"&lsquo;t Huis"},"content":{"rendered":"\n<section class=\"block--white block a-showroom-intro\" >\n\t<div class=\"a-showroom-intro__inner editor-content\">\n        <div class=\"block a-showroom-intro__intro\">\n            <div class=\"block__inner\">\n                <div class=\"col--11 col--wrapper\">\n                    <div class=\"col col col--6 col--md--12\">\n                        <p class=\"pre-title hyphenate\">Un campus de soins polyvalent ax\u00e9 sur une atmosph\u00e8re domestique \u00e0 petite \u00e9chelle<\/p><h1 class=\"h1 a-showroom-intro__intro--title hyphenate\">&lsquo;t Huis<\/h1>                    <\/div>\n                    <div class=\"col col--4 col--md--12\">\n                                                    <div class=\"a-showroom-intro__intro--description\">\n                                <p>\u00c0 Courtrai, le campus de soins \u2019t Huis a \u00e9t\u00e9 r\u00e9alis\u00e9 comme une nouvelle construction moderne de remplacement pour la maison de repos Sint-Jozef. Le projet comprend 135 chambres pour r\u00e9sidents, un centre de services local, un centre de soins de jour et une cr\u00e8che. Le masterplan a \u00e9t\u00e9 \u00e9labor\u00e9 par assar, qui a \u00e9galement accompagn\u00e9 le ma\u00eetre d\u2019ouvrage dans l\u2019obtention de subsides VIPA.<\/p>\n                            <\/div>\n                                            <\/div>\n                <\/div>\n            <\/div>\n        <\/div>\n                    <div class=\"a-showroom-intro__image\">\n                <img loading=\"lazy\" decoding=\"async\" width=\"1680\" height=\"800\" src=\"https:\/\/www.swecobelgium.be\/wp-content\/uploads\/sites\/12\/2025\/09\/Sweco-Belgium-Architecture-tHuis-6-1680x800.jpg\" class=\"attachment-hero size-hero\" alt=\"\" \/>            <\/div>\n                                    <div class=\"block a-showroom-intro__facts\">\n                <div class=\"block__inner\">\n                    <div class=\"col--11 col--wrapper\">\n                        <div class=\"col col col--6 col--md--12\">\n                            <h2 class=\"h2 hyphenate\">Informations sur le projet<\/h2>                        <\/div>\n                        <div class=\"col col--4 col--md--12\">\n                            \n<ul class=\"a-showroom-intro__facts--list\">\n    <\/ul>\n\n\n                        <\/div>\n                    <\/div>\n                <\/div>\n            <\/div>\n        \t<\/div>\n<\/section>\n\n\n<section class=\"block block--white arc-facts\" >\n\t<div class=\"block__inner arc-facts__inner\">\n\t\t<div class=\"col--11 col--wrapper col--end editor-content\">\n\t\t\t\n            <dl class=\"items col col--12\">\n                                    <dt class=\"item item--left\">ZorgKortrijk (anciennement CPAS)<\/dt>\n                    <dd class=\"item item--right\">Client<\/dd>\n                                    <dt class=\"item item--left\">Courtrai<\/dt>\n                    <dd class=\"item item--right\">Localisation<\/dd>\n                                    <dt class=\"item item--left\">3.150 m\u00b2 en sous-sol, 8.975 m\u00b2 en surface<\/dt>\n                    <dd class=\"item item--right\">Superficie<\/dd>\n                                    <dt class=\"item item--left\"><a href=\"https:\/\/www.swecobelgium.be\/fr\/swecoarchitects\/\">architecture<\/a>, <a href=\"https:\/\/www.swecobelgium.be\/fr\/swecoarchitects\/\">architecture<\/a> d\u2019int\u00e9rieur, BIM, conception paysag\u00e8re, <a href=\"https:\/\/www.swecobelgium.be\/fr\/services\/masterplanning\/\">urbanisme<\/a>, gestion de projet, programmation<\/dt>\n                    <dd class=\"item item--right\">Expertises<\/dd>\n                            <\/dl>\n\n\t\t<\/div>\n\t<\/div>\n<\/section>\n\n\n<section class=\"block--white block architects-two-columns\" >\n    <div class=\"block__inner\">\n        <div class=\"col--11 col--stretch col--wrapper architect-columns__grid\">\n                            <div class=\"col col--top col--6 left-col\">\n                    <div class=\"col__inner \">\n                        \n                                                        <img loading=\"lazy\" decoding=\"async\" width=\"800\" height=\"533\" src=\"https:\/\/www.swecobelgium.be\/wp-content\/uploads\/sites\/12\/2025\/09\/Sweco-Belgium-Architecture-tHuis-7-800x533.jpg\" class=\"attachment-architect-col--big size-architect-col--big\" alt=\"\" srcset=\"https:\/\/www.swecobelgium.be\/wp-content\/uploads\/sites\/12\/2025\/09\/Sweco-Belgium-Architecture-tHuis-7-800x533.jpg 800w, https:\/\/www.swecobelgium.be\/wp-content\/uploads\/sites\/12\/2025\/09\/Sweco-Belgium-Architecture-tHuis-7-200x133.jpg 200w, https:\/\/www.swecobelgium.be\/wp-content\/uploads\/sites\/12\/2025\/09\/Sweco-Belgium-Architecture-tHuis-7-768x512.jpg 768w, https:\/\/www.swecobelgium.be\/wp-content\/uploads\/sites\/12\/2025\/09\/Sweco-Belgium-Architecture-tHuis-7-1536x1024.jpg 1536w, https:\/\/www.swecobelgium.be\/wp-content\/uploads\/sites\/12\/2025\/09\/Sweco-Belgium-Architecture-tHuis-7-2048x1365.jpg 2048w, https:\/\/www.swecobelgium.be\/wp-content\/uploads\/sites\/12\/2025\/09\/Sweco-Belgium-Architecture-tHuis-7-520x347.jpg 520w, https:\/\/www.swecobelgium.be\/wp-content\/uploads\/sites\/12\/2025\/09\/Sweco-Belgium-Architecture-tHuis-7-450x300.jpg 450w, https:\/\/www.swecobelgium.be\/wp-content\/uploads\/sites\/12\/2025\/09\/Sweco-Belgium-Architecture-tHuis-7-675x450.jpg 675w, https:\/\/www.swecobelgium.be\/wp-content\/uploads\/sites\/12\/2025\/09\/Sweco-Belgium-Architecture-tHuis-7-652x435.jpg 652w\" sizes=\"auto, (max-width: 800px) 100vw, 800px\" \/>                            \n                                            <\/div>\n                <\/div>\n                                        <div class=\"col col--top col--6 right-col\">\n                    <div class=\"col__inner\">\n                                                <img loading=\"lazy\" decoding=\"async\" width=\"800\" height=\"600\" src=\"https:\/\/www.swecobelgium.be\/wp-content\/uploads\/sites\/12\/2025\/09\/Sweco-Belgium-Architecture-tHuis-12-800x600.jpg\" class=\"attachment-architect-col--big size-architect-col--big\" alt=\"\" srcset=\"https:\/\/www.swecobelgium.be\/wp-content\/uploads\/sites\/12\/2025\/09\/Sweco-Belgium-Architecture-tHuis-12-800x600.jpg 800w, https:\/\/www.swecobelgium.be\/wp-content\/uploads\/sites\/12\/2025\/09\/Sweco-Belgium-Architecture-tHuis-12-200x150.jpg 200w, https:\/\/www.swecobelgium.be\/wp-content\/uploads\/sites\/12\/2025\/09\/Sweco-Belgium-Architecture-tHuis-12-768x576.jpg 768w, https:\/\/www.swecobelgium.be\/wp-content\/uploads\/sites\/12\/2025\/09\/Sweco-Belgium-Architecture-tHuis-12-1536x1152.jpg 1536w, https:\/\/www.swecobelgium.be\/wp-content\/uploads\/sites\/12\/2025\/09\/Sweco-Belgium-Architecture-tHuis-12-2048x1536.jpg 2048w, https:\/\/www.swecobelgium.be\/wp-content\/uploads\/sites\/12\/2025\/09\/Sweco-Belgium-Architecture-tHuis-12-520x390.jpg 520w, https:\/\/www.swecobelgium.be\/wp-content\/uploads\/sites\/12\/2025\/09\/Sweco-Belgium-Architecture-tHuis-12-400x300.jpg 400w, https:\/\/www.swecobelgium.be\/wp-content\/uploads\/sites\/12\/2025\/09\/Sweco-Belgium-Architecture-tHuis-12-600x450.jpg 600w, https:\/\/www.swecobelgium.be\/wp-content\/uploads\/sites\/12\/2025\/09\/Sweco-Belgium-Architecture-tHuis-12-652x489.jpg 652w\" sizes=\"auto, (max-width: 800px) 100vw, 800px\" \/>                                            <\/div>\n                <\/div>\n                    <\/div>\n    <\/div>\n<\/section>\n\n<section class=\"block cb block--white\" >\n\t<div class=\"block__inner cb__inner cb__inner--title-block\">\n\t<div class=\"col--11 col--start col--wrapper editor-content\">\n\t\t\t\t\t<div class=\"col col--5\">\n\t\t\t\t<h2 class=\"h2 hyphenate\">Historique et implantation<\/h2>\t\t\t<\/div>\n\t\t\n\t\t\t\t\t<div class=\"col col--4 push--1\">\n\t\t\t\t<p><p>L\u2019ancienne maison de repos Sint-Jozef, rebaptis\u00e9e plus tard \u2019t Huis, a \u00e9t\u00e9 pendant des ann\u00e9es une valeur s\u00fbre dans le paysage des soins \u00e0 Courtrai. Le b\u00e2timent, datant de 1966, ne r\u00e9pondait plus aux normes modernes de <a href=\"https:\/\/www.swecobelgium.be\/fr\/services\/gestion-de-la-securite-incendie-et-des-urgences\/\">s\u00e9curit\u00e9 incendie<\/a> ni aux directives concernant la taille des chambres. Architectoniquement, le complexe avait \u00e9galement perdu en qualit\u00e9, notamment en raison d\u2019ajouts en verre miroir pour doter chaque chambre de sanitaires. Comme une r\u00e9novation semblait peu durable, le CPAS de Courtrai, devenu ZorgKortrijk, a d\u00e9cid\u00e9 de renouveler compl\u00e8tement le campus sur base d\u2019un masterplan.<\/p>\n<p>Le nouveau campus de soins a \u00e9t\u00e9 implant\u00e9 \u00e0 l\u2019arri\u00e8re du terrain, en pr\u00e9servant au maximum les arbres existants. La hauteur du b\u00e2timent a volontairement \u00e9t\u00e9 limit\u00e9e \u00e0 deux niveaux c\u00f4t\u00e9 habitations voisines et trois niveaux c\u00f4t\u00e9 \u00e9cole, afin que le complexe s\u2019int\u00e8gre harmonieusement \u00e0 son environnement. L\u2019accessibilit\u00e9 a \u00e9galement \u00e9t\u00e9 soigneusement \u00e9tudi\u00e9e : le trafic lourd passe par l\u2019acc\u00e8s existant \u00e0 la Cond\u00e9dreef et est dirig\u00e9 vers la droite du site, ce qui a permis de conserver une vaste zone verte \u00e0 l\u2019avant. Cette zone est am\u00e9nag\u00e9e en parc avec jardinage et nouvelle aire de jeux. L\u2019espace vert derri\u00e8re le b\u00e2timent, principalement destin\u00e9 aux r\u00e9sidents, a un caract\u00e8re privatif avec des jardins cl\u00f4tur\u00e9s.<\/p>\n<\/p>\n\t\t\t\t\t\t\t<\/div>\n\t\t\n\t<\/div>\n<\/div><\/section>\n\n\n<section class=\"block--white block architects-two-columns\" >\n    <div class=\"block__inner\">\n        <div class=\"col--11 col--stretch col--wrapper architect-columns__grid\">\n                            <div class=\"col col--top col--6 left-col\">\n                    <div class=\"col__inner \">\n                        \n                                                        <img loading=\"lazy\" decoding=\"async\" width=\"800\" height=\"665\" src=\"https:\/\/www.swecobelgium.be\/wp-content\/uploads\/sites\/12\/2025\/09\/Sweco-Belgium-Architecture-tHuis-3-800x665.jpg\" class=\"attachment-architect-col--big size-architect-col--big\" alt=\"\" srcset=\"https:\/\/www.swecobelgium.be\/wp-content\/uploads\/sites\/12\/2025\/09\/Sweco-Belgium-Architecture-tHuis-3-800x665.jpg 800w, https:\/\/www.swecobelgium.be\/wp-content\/uploads\/sites\/12\/2025\/09\/Sweco-Belgium-Architecture-tHuis-3-200x166.jpg 200w, https:\/\/www.swecobelgium.be\/wp-content\/uploads\/sites\/12\/2025\/09\/Sweco-Belgium-Architecture-tHuis-3-768x638.jpg 768w, https:\/\/www.swecobelgium.be\/wp-content\/uploads\/sites\/12\/2025\/09\/Sweco-Belgium-Architecture-tHuis-3-1536x1277.jpg 1536w, https:\/\/www.swecobelgium.be\/wp-content\/uploads\/sites\/12\/2025\/09\/Sweco-Belgium-Architecture-tHuis-3-2048x1703.jpg 2048w, https:\/\/www.swecobelgium.be\/wp-content\/uploads\/sites\/12\/2025\/09\/Sweco-Belgium-Architecture-tHuis-3-520x432.jpg 520w, https:\/\/www.swecobelgium.be\/wp-content\/uploads\/sites\/12\/2025\/09\/Sweco-Belgium-Architecture-tHuis-3-361x300.jpg 361w, https:\/\/www.swecobelgium.be\/wp-content\/uploads\/sites\/12\/2025\/09\/Sweco-Belgium-Architecture-tHuis-3-541x450.jpg 541w, https:\/\/www.swecobelgium.be\/wp-content\/uploads\/sites\/12\/2025\/09\/Sweco-Belgium-Architecture-tHuis-3-652x542.jpg 652w\" sizes=\"auto, (max-width: 800px) 100vw, 800px\" \/>                            \n                                            <\/div>\n                <\/div>\n                                        <div class=\"col col--top col--6 right-col\">\n                    <div class=\"col__inner\">\n                                                <img loading=\"lazy\" decoding=\"async\" width=\"800\" height=\"532\" src=\"https:\/\/www.swecobelgium.be\/wp-content\/uploads\/sites\/12\/2025\/09\/Sweco-Belgium-Architecture-tHuis-13-800x532.jpg\" class=\"attachment-architect-col--big size-architect-col--big\" alt=\"\" srcset=\"https:\/\/www.swecobelgium.be\/wp-content\/uploads\/sites\/12\/2025\/09\/Sweco-Belgium-Architecture-tHuis-13-800x532.jpg 800w, https:\/\/www.swecobelgium.be\/wp-content\/uploads\/sites\/12\/2025\/09\/Sweco-Belgium-Architecture-tHuis-13-200x133.jpg 200w, https:\/\/www.swecobelgium.be\/wp-content\/uploads\/sites\/12\/2025\/09\/Sweco-Belgium-Architecture-tHuis-13-768x511.jpg 768w, https:\/\/www.swecobelgium.be\/wp-content\/uploads\/sites\/12\/2025\/09\/Sweco-Belgium-Architecture-tHuis-13-1536x1022.jpg 1536w, https:\/\/www.swecobelgium.be\/wp-content\/uploads\/sites\/12\/2025\/09\/Sweco-Belgium-Architecture-tHuis-13-2048x1363.jpg 2048w, https:\/\/www.swecobelgium.be\/wp-content\/uploads\/sites\/12\/2025\/09\/Sweco-Belgium-Architecture-tHuis-13-520x346.jpg 520w, https:\/\/www.swecobelgium.be\/wp-content\/uploads\/sites\/12\/2025\/09\/Sweco-Belgium-Architecture-tHuis-13-451x300.jpg 451w, https:\/\/www.swecobelgium.be\/wp-content\/uploads\/sites\/12\/2025\/09\/Sweco-Belgium-Architecture-tHuis-13-676x450.jpg 676w, https:\/\/www.swecobelgium.be\/wp-content\/uploads\/sites\/12\/2025\/09\/Sweco-Belgium-Architecture-tHuis-13-652x434.jpg 652w\" sizes=\"auto, (max-width: 800px) 100vw, 800px\" \/>                                            <\/div>\n                <\/div>\n                    <\/div>\n    <\/div>\n<\/section>\n\n<section class=\"block cb block--white\" >\n\t<div class=\"block__inner cb__inner cb__inner--title-block\">\n\t<div class=\"col--11 col--start col--wrapper editor-content\">\n\t\t\t\t\t<div class=\"col col--5\">\n\t\t\t\t<h2 class=\"h2 hyphenate\">Concept architectural<\/h2>\t\t\t<\/div>\n\t\t\n\t\t\t\t\t<div class=\"col col--4 push--1\">\n\t\t\t\t<p><p>Le campus se compose de huit blocs orthogonaux articul\u00e9s \u00e0 l\u2019\u00e9chelle d\u2019une maison. Ce jeu de volumes cr\u00e9e des espaces ouverts et ferm\u00e9s, favorisant transparence et vues. Toutes les chambres sont orient\u00e9es est-ouest et b\u00e9n\u00e9ficient de vues sur l\u2019environnement. Chaque unit\u00e9 se compose de deux groupes de vie de seize chambres, organis\u00e9s en maisons de huit chambres, visibles dans l\u2019architecture. Cela contribue \u00e0 une atmosph\u00e8re domestique et \u00e0 petite \u00e9chelle.<\/p>\n<p>Le plan d\u2019une unit\u00e9 adopte une forme en H. La partie horizontale abrite des fonctions semi-publiques comme le poste de soins, les salles de jour et \u00e0 manger, le wellness, la cuisine et les locaux techniques. Les deux n\u0153uds du H sont travers\u00e9s par des patios apportant lumi\u00e8re, air et orientation. Ils favorisent l\u2019interaction sociale et constituent des rep\u00e8res pour les r\u00e9sidents, visiteurs et personnel. Les parties verticales du H contiennent les maisons et sont volontairement plus privatives.<\/p>\n<\/p>\n\t\t\t\t\t\t\t<\/div>\n\t\t\n\t<\/div>\n<\/div><\/section>\n\n\n<section class=\"block--white block architects-two-columns\" >\n    <div class=\"block__inner\">\n        <div class=\"col--11 col--stretch col--wrapper architect-columns__grid\">\n                            <div class=\"col col--top col--6 left-col\">\n                    <div class=\"col__inner \">\n                        \n                                                        <img loading=\"lazy\" decoding=\"async\" width=\"800\" height=\"532\" src=\"https:\/\/www.swecobelgium.be\/wp-content\/uploads\/sites\/12\/2025\/09\/Sweco-Belgium-Architecture-tHuis-34-800x532.jpg\" class=\"attachment-architect-col--big size-architect-col--big\" alt=\"\" srcset=\"https:\/\/www.swecobelgium.be\/wp-content\/uploads\/sites\/12\/2025\/09\/Sweco-Belgium-Architecture-tHuis-34-800x532.jpg 800w, https:\/\/www.swecobelgium.be\/wp-content\/uploads\/sites\/12\/2025\/09\/Sweco-Belgium-Architecture-tHuis-34-200x133.jpg 200w, https:\/\/www.swecobelgium.be\/wp-content\/uploads\/sites\/12\/2025\/09\/Sweco-Belgium-Architecture-tHuis-34-768x511.jpg 768w, https:\/\/www.swecobelgium.be\/wp-content\/uploads\/sites\/12\/2025\/09\/Sweco-Belgium-Architecture-tHuis-34-1536x1022.jpg 1536w, https:\/\/www.swecobelgium.be\/wp-content\/uploads\/sites\/12\/2025\/09\/Sweco-Belgium-Architecture-tHuis-34-2048x1363.jpg 2048w, https:\/\/www.swecobelgium.be\/wp-content\/uploads\/sites\/12\/2025\/09\/Sweco-Belgium-Architecture-tHuis-34-520x346.jpg 520w, https:\/\/www.swecobelgium.be\/wp-content\/uploads\/sites\/12\/2025\/09\/Sweco-Belgium-Architecture-tHuis-34-451x300.jpg 451w, https:\/\/www.swecobelgium.be\/wp-content\/uploads\/sites\/12\/2025\/09\/Sweco-Belgium-Architecture-tHuis-34-676x450.jpg 676w, https:\/\/www.swecobelgium.be\/wp-content\/uploads\/sites\/12\/2025\/09\/Sweco-Belgium-Architecture-tHuis-34-652x434.jpg 652w\" sizes=\"auto, (max-width: 800px) 100vw, 800px\" \/>                            \n                                            <\/div>\n                <\/div>\n                                        <div class=\"col col--top col--6 right-col\">\n                    <div class=\"col__inner\">\n                                                <img loading=\"lazy\" decoding=\"async\" width=\"800\" height=\"532\" src=\"https:\/\/www.swecobelgium.be\/wp-content\/uploads\/sites\/12\/2025\/09\/Sweco-Belgium-Architecture-tHuis-22-800x532.jpg\" class=\"attachment-architect-col--big size-architect-col--big\" alt=\"\" srcset=\"https:\/\/www.swecobelgium.be\/wp-content\/uploads\/sites\/12\/2025\/09\/Sweco-Belgium-Architecture-tHuis-22-800x532.jpg 800w, https:\/\/www.swecobelgium.be\/wp-content\/uploads\/sites\/12\/2025\/09\/Sweco-Belgium-Architecture-tHuis-22-200x133.jpg 200w, https:\/\/www.swecobelgium.be\/wp-content\/uploads\/sites\/12\/2025\/09\/Sweco-Belgium-Architecture-tHuis-22-768x511.jpg 768w, https:\/\/www.swecobelgium.be\/wp-content\/uploads\/sites\/12\/2025\/09\/Sweco-Belgium-Architecture-tHuis-22-1536x1022.jpg 1536w, https:\/\/www.swecobelgium.be\/wp-content\/uploads\/sites\/12\/2025\/09\/Sweco-Belgium-Architecture-tHuis-22-2048x1363.jpg 2048w, https:\/\/www.swecobelgium.be\/wp-content\/uploads\/sites\/12\/2025\/09\/Sweco-Belgium-Architecture-tHuis-22-520x346.jpg 520w, https:\/\/www.swecobelgium.be\/wp-content\/uploads\/sites\/12\/2025\/09\/Sweco-Belgium-Architecture-tHuis-22-451x300.jpg 451w, https:\/\/www.swecobelgium.be\/wp-content\/uploads\/sites\/12\/2025\/09\/Sweco-Belgium-Architecture-tHuis-22-676x450.jpg 676w, https:\/\/www.swecobelgium.be\/wp-content\/uploads\/sites\/12\/2025\/09\/Sweco-Belgium-Architecture-tHuis-22-652x434.jpg 652w\" sizes=\"auto, (max-width: 800px) 100vw, 800px\" \/>                                            <\/div>\n                <\/div>\n                    <\/div>\n    <\/div>\n<\/section>\n\n<section class=\"block cb block--white\" >\n\t<div class=\"block__inner cb__inner cb__inner--title-block\">\n\t<div class=\"col--11 col--start col--wrapper editor-content\">\n\t\t\t\t\t<div class=\"col col--5\">\n\t\t\t\t<h2 class=\"h2 hyphenate\">Cadre domestique<\/h2>\t\t\t<\/div>\n\t\t\n\t\t\t\t\t<div class=\"col col--4 push--1\">\n\t\t\t\t<p><p>D\u00e8s le d\u00e9part, l\u2019ambition \u00e9tait d\u2019\u00e9viter le caract\u00e8re utilitaire, presque clinique, des maisons de repos classiques. Les espaces communs et de circulation ont donc \u00e9t\u00e9 con\u00e7us avec des teintes chaleureuses, des mat\u00e9riaux naturels et une finition soign\u00e9e avec des accents en bois, du terrazzo dans les cuisines, un \u00e9clairage raffin\u00e9 et du mobilier confortable. M\u00eame dans les chambres, on s\u2019est \u00e9cart\u00e9 d\u2019un am\u00e9nagement standardis\u00e9 : les r\u00e9sidents disposent de chambres spacieuses avec possibilit\u00e9s de personnalisation, \u00e9voquant davantage une atmosph\u00e8re h\u00f4teli\u00e8re qu\u2019un environnement hospitalier. Les dimensions g\u00e9n\u00e9reuses permettent aux r\u00e9sidents d\u2019am\u00e9nager librement leur espace de vie et de sommeil selon leurs pr\u00e9f\u00e9rences.<\/p>\n<h3>Habitat normalis\u00e9 \u00e0 petite \u00e9chelle<\/h3>\n<p>Le campus de soins est enti\u00e8rement ax\u00e9 sur un habitat normalis\u00e9 \u00e0 petite \u00e9chelle. Cela signifie que l\u2019environnement de vie est domestique et familier, avec des r\u00e9sidents vivant en petits groupes. Chaque groupe de vie dispose de sa propre cuisine, salle de s\u00e9jour et espaces communs. Cela cr\u00e9e un environnement protecteur et permet de regrouper les r\u00e9sidents en fonction de besoins sp\u00e9cifiques, comme la d\u00e9mence. Le fonctionnement suit \u00e9galement cette \u00e9chelle : il n\u2019y a pas de cuisine centrale, mais chaque groupe pr\u00e9pare quotidiennement ses propres repas. Cette approche favorise \u00e0 la fois l\u2019autonomie et le bien-\u00eatre et contribue \u00e0 une meilleure gestion lors de crises comme la pand\u00e9mie de coronavirus.<\/p>\n<\/p>\n\t\t\t\t\t\t\t<\/div>\n\t\t\n\t<\/div>\n<\/div><\/section>\n\n\n<section class=\"block--white block architects-two-columns\" >\n    <div class=\"block__inner\">\n        <div class=\"col--11 col--stretch col--wrapper architect-columns__grid\">\n                            <div class=\"col col--top col--6 left-col\">\n                    <div class=\"col__inner \">\n                        \n                                                        <img loading=\"lazy\" decoding=\"async\" width=\"800\" height=\"532\" src=\"https:\/\/www.swecobelgium.be\/wp-content\/uploads\/sites\/12\/2025\/09\/Sweco-Belgium-Architecture-tHuis-17-800x532.jpg\" class=\"attachment-architect-col--big size-architect-col--big\" alt=\"\" srcset=\"https:\/\/www.swecobelgium.be\/wp-content\/uploads\/sites\/12\/2025\/09\/Sweco-Belgium-Architecture-tHuis-17-800x532.jpg 800w, https:\/\/www.swecobelgium.be\/wp-content\/uploads\/sites\/12\/2025\/09\/Sweco-Belgium-Architecture-tHuis-17-200x133.jpg 200w, https:\/\/www.swecobelgium.be\/wp-content\/uploads\/sites\/12\/2025\/09\/Sweco-Belgium-Architecture-tHuis-17-768x511.jpg 768w, https:\/\/www.swecobelgium.be\/wp-content\/uploads\/sites\/12\/2025\/09\/Sweco-Belgium-Architecture-tHuis-17-1536x1022.jpg 1536w, https:\/\/www.swecobelgium.be\/wp-content\/uploads\/sites\/12\/2025\/09\/Sweco-Belgium-Architecture-tHuis-17-2048x1363.jpg 2048w, https:\/\/www.swecobelgium.be\/wp-content\/uploads\/sites\/12\/2025\/09\/Sweco-Belgium-Architecture-tHuis-17-520x346.jpg 520w, https:\/\/www.swecobelgium.be\/wp-content\/uploads\/sites\/12\/2025\/09\/Sweco-Belgium-Architecture-tHuis-17-451x300.jpg 451w, https:\/\/www.swecobelgium.be\/wp-content\/uploads\/sites\/12\/2025\/09\/Sweco-Belgium-Architecture-tHuis-17-676x450.jpg 676w, https:\/\/www.swecobelgium.be\/wp-content\/uploads\/sites\/12\/2025\/09\/Sweco-Belgium-Architecture-tHuis-17-652x434.jpg 652w\" sizes=\"auto, (max-width: 800px) 100vw, 800px\" \/>                            \n                                            <\/div>\n                <\/div>\n                                        <div class=\"col col--top col--6 right-col\">\n                    <div class=\"col__inner\">\n                                                <img loading=\"lazy\" decoding=\"async\" width=\"800\" height=\"532\" src=\"https:\/\/www.swecobelgium.be\/wp-content\/uploads\/sites\/12\/2025\/09\/Sweco-Belgium-Architecture-tHuis-20-800x532.jpg\" class=\"attachment-architect-col--big size-architect-col--big\" alt=\"\" srcset=\"https:\/\/www.swecobelgium.be\/wp-content\/uploads\/sites\/12\/2025\/09\/Sweco-Belgium-Architecture-tHuis-20-800x532.jpg 800w, https:\/\/www.swecobelgium.be\/wp-content\/uploads\/sites\/12\/2025\/09\/Sweco-Belgium-Architecture-tHuis-20-200x133.jpg 200w, https:\/\/www.swecobelgium.be\/wp-content\/uploads\/sites\/12\/2025\/09\/Sweco-Belgium-Architecture-tHuis-20-768x511.jpg 768w, https:\/\/www.swecobelgium.be\/wp-content\/uploads\/sites\/12\/2025\/09\/Sweco-Belgium-Architecture-tHuis-20-1536x1022.jpg 1536w, https:\/\/www.swecobelgium.be\/wp-content\/uploads\/sites\/12\/2025\/09\/Sweco-Belgium-Architecture-tHuis-20-2048x1363.jpg 2048w, https:\/\/www.swecobelgium.be\/wp-content\/uploads\/sites\/12\/2025\/09\/Sweco-Belgium-Architecture-tHuis-20-520x346.jpg 520w, https:\/\/www.swecobelgium.be\/wp-content\/uploads\/sites\/12\/2025\/09\/Sweco-Belgium-Architecture-tHuis-20-451x300.jpg 451w, https:\/\/www.swecobelgium.be\/wp-content\/uploads\/sites\/12\/2025\/09\/Sweco-Belgium-Architecture-tHuis-20-676x450.jpg 676w, https:\/\/www.swecobelgium.be\/wp-content\/uploads\/sites\/12\/2025\/09\/Sweco-Belgium-Architecture-tHuis-20-652x434.jpg 652w\" sizes=\"auto, (max-width: 800px) 100vw, 800px\" \/>                                            <\/div>\n                <\/div>\n                    <\/div>\n    <\/div>\n<\/section>\n\n<section class=\"block cb block--white\" >\n\t<div class=\"block__inner cb__inner cb__inner--title-block\">\n\t<div class=\"col--11 col--start col--wrapper editor-content\">\n\t\t\t\t\t<div class=\"col col--5\">\n\t\t\t\t<h3 class=\"h3 hyphenate\">Un campus de soins vivant<\/h3>\t\t\t<\/div>\n\t\t\n\t\t\t\t\t<div class=\"col col--4 push--1\">\n\t\t\t\t<p><p>\u2019t Huis n\u2019est pas une maison de repos isol\u00e9e mais fait partie d\u2019un campus de soins plus large impliquant \u00e9galement le quartier. \u00c0 l\u2019avant, un auvent cr\u00e9e une promenade anim\u00e9e donnant acc\u00e8s aux diff\u00e9rentes fonctions : cr\u00e8che, centre de soins de jour, salle polyvalente et caf\u00e9t\u00e9ria \u00e0 l\u2019ambiance bistro. Les espaces les plus publics se trouvent c\u00f4t\u00e9 rue, tandis que les maisons du centre de soins se situent \u00e0 l\u2019arri\u00e8re et au-dessus. Il en r\u00e9sulte un \u00e9quilibre entre ouverture et intimit\u00e9.<\/p>\n<p>Apr\u00e8s la d\u00e9molition de l\u2019ancienne maison de repos, l\u2019espace lib\u00e9r\u00e9 est transform\u00e9 en parc public avec aire de jeux, favorisant les rencontres et cr\u00e9ant un lien naturel entre les r\u00e9sidents et le quartier. Ainsi dispara\u00eet la connotation classique de \u00ab maison de repos \u00bb et le campus devient un lieu de rencontre dynamique pour jeunes et moins jeunes.<\/p>\n<h3>Durabilit\u00e9 et innovation<\/h3>\n<p>La <a href=\"https:\/\/www.swecobelgium.be\/fr\/durabilite\/\">durabilit\u00e9<\/a> et le co\u00fbt global de possession constituent un pilier essentiel du projet. Gr\u00e2ce \u00e0 une structure flexible en colonnes et une int\u00e9gration BIM pouss\u00e9e, le b\u00e2timent est pr\u00e9par\u00e9 pour de futures adaptations. Le concept \u00e9nerg\u00e9tique comprend une pompe \u00e0 chaleur eau-eau combin\u00e9e \u00e0 un champ BEO, permettant \u00e0 la fois un refroidissement passif et un chauffage efficace. Le syst\u00e8me de ventilation est \u00e0 la demande, bas\u00e9 sur les niveaux de CO\u2082, garantissant une qualit\u00e9 d\u2019air saine, tandis que l\u2019\u00e9clairage LED \u00e9conome en \u00e9nergie r\u00e9duit la consommation.<\/p>\n<p>Le campus sert \u00e9galement de projet exemplaire en mati\u00e8re d\u2019utilisation innovante du BIM. La conception et les techniques ont \u00e9t\u00e9 int\u00e9gr\u00e9es dans un mod\u00e8le BIM exploitable, utilisable apr\u00e8s la livraison pour l\u2019exploitation et la maintenance. Le projet a m\u00eame servi de pilote pour les march\u00e9s publics bas\u00e9s sur le BIM (BIM-based E-Procurement), o\u00f9 les entrepreneurs pouvaient consulter un mod\u00e8le IFC lors de leur offre. Cela a permis plus de transparence et d\u2019efficacit\u00e9 dans la proc\u00e9dure d\u2019appel d\u2019offres et ouvre la voie \u00e0 une utilisation future dans des projets urbains.<\/p>\n<\/p>\n\t\t\t\t\t\t\t<\/div>\n\t\t\n\t<\/div>\n<\/div><\/section>\n\n\n<section class=\"block slider slider--large\" >\n\t<div class=\"block__inner slider__inner\">\n\t\t\t\t\t<div class=\"col--11 col--stretch col--wrapper\">\n\t\t\t\t<div class=\"glide sweco-slider sweco-slider--35\">\n\t\t\t\t\t<div class=\"glide__track\" data-glide-el=\"track\">\n\t\t\t\t\t\t<ul class=\"glide__slides\">\n\t\t\t\t\t\t\t\t\t\t\t\t\t\t\t<li class=\"glide__slide\">\n\t\t\t\t\t\t\t\t\t<img loading=\"lazy\" decoding=\"async\" width=\"6048\" height=\"4024\" src=\"https:\/\/www.swecobelgium.be\/wp-content\/uploads\/sites\/12\/2025\/09\/Sweco-Belgium-Architecture-tHuis-20.jpg\" class=\"attachment-full size-full\" alt=\"\" srcset=\"https:\/\/www.swecobelgium.be\/wp-content\/uploads\/sites\/12\/2025\/09\/Sweco-Belgium-Architecture-tHuis-20.jpg 6048w, https:\/\/www.swecobelgium.be\/wp-content\/uploads\/sites\/12\/2025\/09\/Sweco-Belgium-Architecture-tHuis-20-200x133.jpg 200w, https:\/\/www.swecobelgium.be\/wp-content\/uploads\/sites\/12\/2025\/09\/Sweco-Belgium-Architecture-tHuis-20-768x511.jpg 768w, https:\/\/www.swecobelgium.be\/wp-content\/uploads\/sites\/12\/2025\/09\/Sweco-Belgium-Architecture-tHuis-20-1536x1022.jpg 1536w, https:\/\/www.swecobelgium.be\/wp-content\/uploads\/sites\/12\/2025\/09\/Sweco-Belgium-Architecture-tHuis-20-2048x1363.jpg 2048w, https:\/\/www.swecobelgium.be\/wp-content\/uploads\/sites\/12\/2025\/09\/Sweco-Belgium-Architecture-tHuis-20-520x346.jpg 520w, https:\/\/www.swecobelgium.be\/wp-content\/uploads\/sites\/12\/2025\/09\/Sweco-Belgium-Architecture-tHuis-20-800x532.jpg 800w, https:\/\/www.swecobelgium.be\/wp-content\/uploads\/sites\/12\/2025\/09\/Sweco-Belgium-Architecture-tHuis-20-451x300.jpg 451w, https:\/\/www.swecobelgium.be\/wp-content\/uploads\/sites\/12\/2025\/09\/Sweco-Belgium-Architecture-tHuis-20-676x450.jpg 676w, https:\/\/www.swecobelgium.be\/wp-content\/uploads\/sites\/12\/2025\/09\/Sweco-Belgium-Architecture-tHuis-20-652x434.jpg 652w\" sizes=\"auto, (max-width: 6048px) 100vw, 6048px\" \/>\t\t\t\t\t\t\t\t<\/li>\n\t\t\t\t\t\t\t\t\t\t\t\t\t\t\t<li class=\"glide__slide\">\n\t\t\t\t\t\t\t\t\t<img loading=\"lazy\" decoding=\"async\" width=\"5420\" height=\"3528\" src=\"https:\/\/www.swecobelgium.be\/wp-content\/uploads\/sites\/12\/2025\/09\/Sweco-Belgium-Architecture-tHuis-19.jpg\" class=\"attachment-full size-full\" alt=\"\" srcset=\"https:\/\/www.swecobelgium.be\/wp-content\/uploads\/sites\/12\/2025\/09\/Sweco-Belgium-Architecture-tHuis-19.jpg 5420w, https:\/\/www.swecobelgium.be\/wp-content\/uploads\/sites\/12\/2025\/09\/Sweco-Belgium-Architecture-tHuis-19-200x130.jpg 200w, https:\/\/www.swecobelgium.be\/wp-content\/uploads\/sites\/12\/2025\/09\/Sweco-Belgium-Architecture-tHuis-19-768x500.jpg 768w, https:\/\/www.swecobelgium.be\/wp-content\/uploads\/sites\/12\/2025\/09\/Sweco-Belgium-Architecture-tHuis-19-1536x1000.jpg 1536w, https:\/\/www.swecobelgium.be\/wp-content\/uploads\/sites\/12\/2025\/09\/Sweco-Belgium-Architecture-tHuis-19-2048x1333.jpg 2048w, https:\/\/www.swecobelgium.be\/wp-content\/uploads\/sites\/12\/2025\/09\/Sweco-Belgium-Architecture-tHuis-19-520x338.jpg 520w, https:\/\/www.swecobelgium.be\/wp-content\/uploads\/sites\/12\/2025\/09\/Sweco-Belgium-Architecture-tHuis-19-800x521.jpg 800w, https:\/\/www.swecobelgium.be\/wp-content\/uploads\/sites\/12\/2025\/09\/Sweco-Belgium-Architecture-tHuis-19-461x300.jpg 461w, https:\/\/www.swecobelgium.be\/wp-content\/uploads\/sites\/12\/2025\/09\/Sweco-Belgium-Architecture-tHuis-19-691x450.jpg 691w, https:\/\/www.swecobelgium.be\/wp-content\/uploads\/sites\/12\/2025\/09\/Sweco-Belgium-Architecture-tHuis-19-652x424.jpg 652w\" sizes=\"auto, (max-width: 5420px) 100vw, 5420px\" \/>\t\t\t\t\t\t\t\t<\/li>\n\t\t\t\t\t\t\t\t\t\t\t\t\t\t\t<li class=\"glide__slide\">\n\t\t\t\t\t\t\t\t\t<img loading=\"lazy\" decoding=\"async\" width=\"6048\" height=\"4024\" src=\"https:\/\/www.swecobelgium.be\/wp-content\/uploads\/sites\/12\/2025\/09\/Sweco-Belgium-Architecture-tHuis-18.jpg\" class=\"attachment-full size-full\" alt=\"\" srcset=\"https:\/\/www.swecobelgium.be\/wp-content\/uploads\/sites\/12\/2025\/09\/Sweco-Belgium-Architecture-tHuis-18.jpg 6048w, https:\/\/www.swecobelgium.be\/wp-content\/uploads\/sites\/12\/2025\/09\/Sweco-Belgium-Architecture-tHuis-18-200x133.jpg 200w, https:\/\/www.swecobelgium.be\/wp-content\/uploads\/sites\/12\/2025\/09\/Sweco-Belgium-Architecture-tHuis-18-768x511.jpg 768w, https:\/\/www.swecobelgium.be\/wp-content\/uploads\/sites\/12\/2025\/09\/Sweco-Belgium-Architecture-tHuis-18-1536x1022.jpg 1536w, https:\/\/www.swecobelgium.be\/wp-content\/uploads\/sites\/12\/2025\/09\/Sweco-Belgium-Architecture-tHuis-18-2048x1363.jpg 2048w, https:\/\/www.swecobelgium.be\/wp-content\/uploads\/sites\/12\/2025\/09\/Sweco-Belgium-Architecture-tHuis-18-520x346.jpg 520w, https:\/\/www.swecobelgium.be\/wp-content\/uploads\/sites\/12\/2025\/09\/Sweco-Belgium-Architecture-tHuis-18-800x532.jpg 800w, https:\/\/www.swecobelgium.be\/wp-content\/uploads\/sites\/12\/2025\/09\/Sweco-Belgium-Architecture-tHuis-18-451x300.jpg 451w, https:\/\/www.swecobelgium.be\/wp-content\/uploads\/sites\/12\/2025\/09\/Sweco-Belgium-Architecture-tHuis-18-676x450.jpg 676w, https:\/\/www.swecobelgium.be\/wp-content\/uploads\/sites\/12\/2025\/09\/Sweco-Belgium-Architecture-tHuis-18-652x434.jpg 652w\" sizes=\"auto, (max-width: 6048px) 100vw, 6048px\" \/>\t\t\t\t\t\t\t\t<\/li>\n\t\t\t\t\t\t\t\t\t\t\t\t\t\t\t<li class=\"glide__slide\">\n\t\t\t\t\t\t\t\t\t<img loading=\"lazy\" decoding=\"async\" width=\"6048\" height=\"4024\" src=\"https:\/\/www.swecobelgium.be\/wp-content\/uploads\/sites\/12\/2025\/09\/Sweco-Belgium-Architecture-tHuis-17.jpg\" class=\"attachment-full size-full\" alt=\"\" srcset=\"https:\/\/www.swecobelgium.be\/wp-content\/uploads\/sites\/12\/2025\/09\/Sweco-Belgium-Architecture-tHuis-17.jpg 6048w, https:\/\/www.swecobelgium.be\/wp-content\/uploads\/sites\/12\/2025\/09\/Sweco-Belgium-Architecture-tHuis-17-200x133.jpg 200w, https:\/\/www.swecobelgium.be\/wp-content\/uploads\/sites\/12\/2025\/09\/Sweco-Belgium-Architecture-tHuis-17-768x511.jpg 768w, https:\/\/www.swecobelgium.be\/wp-content\/uploads\/sites\/12\/2025\/09\/Sweco-Belgium-Architecture-tHuis-17-1536x1022.jpg 1536w, https:\/\/www.swecobelgium.be\/wp-content\/uploads\/sites\/12\/2025\/09\/Sweco-Belgium-Architecture-tHuis-17-2048x1363.jpg 2048w, https:\/\/www.swecobelgium.be\/wp-content\/uploads\/sites\/12\/2025\/09\/Sweco-Belgium-Architecture-tHuis-17-520x346.jpg 520w, https:\/\/www.swecobelgium.be\/wp-content\/uploads\/sites\/12\/2025\/09\/Sweco-Belgium-Architecture-tHuis-17-800x532.jpg 800w, https:\/\/www.swecobelgium.be\/wp-content\/uploads\/sites\/12\/2025\/09\/Sweco-Belgium-Architecture-tHuis-17-451x300.jpg 451w, https:\/\/www.swecobelgium.be\/wp-content\/uploads\/sites\/12\/2025\/09\/Sweco-Belgium-Architecture-tHuis-17-676x450.jpg 676w, https:\/\/www.swecobelgium.be\/wp-content\/uploads\/sites\/12\/2025\/09\/Sweco-Belgium-Architecture-tHuis-17-652x434.jpg 652w\" sizes=\"auto, (max-width: 6048px) 100vw, 6048px\" \/>\t\t\t\t\t\t\t\t<\/li>\n\t\t\t\t\t\t\t\t\t\t\t\t\t\t\t<li class=\"glide__slide\">\n\t\t\t\t\t\t\t\t\t<img loading=\"lazy\" decoding=\"async\" width=\"6048\" height=\"4024\" src=\"https:\/\/www.swecobelgium.be\/wp-content\/uploads\/sites\/12\/2025\/09\/Sweco-Belgium-Architecture-tHuis-16.jpg\" class=\"attachment-full size-full\" alt=\"\" srcset=\"https:\/\/www.swecobelgium.be\/wp-content\/uploads\/sites\/12\/2025\/09\/Sweco-Belgium-Architecture-tHuis-16.jpg 6048w, https:\/\/www.swecobelgium.be\/wp-content\/uploads\/sites\/12\/2025\/09\/Sweco-Belgium-Architecture-tHuis-16-200x133.jpg 200w, https:\/\/www.swecobelgium.be\/wp-content\/uploads\/sites\/12\/2025\/09\/Sweco-Belgium-Architecture-tHuis-16-768x511.jpg 768w, https:\/\/www.swecobelgium.be\/wp-content\/uploads\/sites\/12\/2025\/09\/Sweco-Belgium-Architecture-tHuis-16-1536x1022.jpg 1536w, https:\/\/www.swecobelgium.be\/wp-content\/uploads\/sites\/12\/2025\/09\/Sweco-Belgium-Architecture-tHuis-16-2048x1363.jpg 2048w, https:\/\/www.swecobelgium.be\/wp-content\/uploads\/sites\/12\/2025\/09\/Sweco-Belgium-Architecture-tHuis-16-520x346.jpg 520w, https:\/\/www.swecobelgium.be\/wp-content\/uploads\/sites\/12\/2025\/09\/Sweco-Belgium-Architecture-tHuis-16-800x532.jpg 800w, https:\/\/www.swecobelgium.be\/wp-content\/uploads\/sites\/12\/2025\/09\/Sweco-Belgium-Architecture-tHuis-16-451x300.jpg 451w, https:\/\/www.swecobelgium.be\/wp-content\/uploads\/sites\/12\/2025\/09\/Sweco-Belgium-Architecture-tHuis-16-676x450.jpg 676w, https:\/\/www.swecobelgium.be\/wp-content\/uploads\/sites\/12\/2025\/09\/Sweco-Belgium-Architecture-tHuis-16-652x434.jpg 652w\" sizes=\"auto, (max-width: 6048px) 100vw, 6048px\" \/>\t\t\t\t\t\t\t\t<\/li>\n\t\t\t\t\t\t\t\t\t\t\t\t\t\t\t<li class=\"glide__slide\">\n\t\t\t\t\t\t\t\t\t<img loading=\"lazy\" decoding=\"async\" width=\"4032\" height=\"3024\" src=\"https:\/\/www.swecobelgium.be\/wp-content\/uploads\/sites\/12\/2025\/09\/Sweco-Belgium-Architecture-tHuis-15.jpg\" class=\"attachment-full size-full\" alt=\"\" srcset=\"https:\/\/www.swecobelgium.be\/wp-content\/uploads\/sites\/12\/2025\/09\/Sweco-Belgium-Architecture-tHuis-15.jpg 4032w, https:\/\/www.swecobelgium.be\/wp-content\/uploads\/sites\/12\/2025\/09\/Sweco-Belgium-Architecture-tHuis-15-200x150.jpg 200w, https:\/\/www.swecobelgium.be\/wp-content\/uploads\/sites\/12\/2025\/09\/Sweco-Belgium-Architecture-tHuis-15-768x576.jpg 768w, https:\/\/www.swecobelgium.be\/wp-content\/uploads\/sites\/12\/2025\/09\/Sweco-Belgium-Architecture-tHuis-15-1536x1152.jpg 1536w, https:\/\/www.swecobelgium.be\/wp-content\/uploads\/sites\/12\/2025\/09\/Sweco-Belgium-Architecture-tHuis-15-2048x1536.jpg 2048w, https:\/\/www.swecobelgium.be\/wp-content\/uploads\/sites\/12\/2025\/09\/Sweco-Belgium-Architecture-tHuis-15-520x390.jpg 520w, https:\/\/www.swecobelgium.be\/wp-content\/uploads\/sites\/12\/2025\/09\/Sweco-Belgium-Architecture-tHuis-15-800x600.jpg 800w, https:\/\/www.swecobelgium.be\/wp-content\/uploads\/sites\/12\/2025\/09\/Sweco-Belgium-Architecture-tHuis-15-400x300.jpg 400w, https:\/\/www.swecobelgium.be\/wp-content\/uploads\/sites\/12\/2025\/09\/Sweco-Belgium-Architecture-tHuis-15-600x450.jpg 600w, https:\/\/www.swecobelgium.be\/wp-content\/uploads\/sites\/12\/2025\/09\/Sweco-Belgium-Architecture-tHuis-15-652x489.jpg 652w\" sizes=\"auto, (max-width: 4032px) 100vw, 4032px\" \/>\t\t\t\t\t\t\t\t<\/li>\n\t\t\t\t\t\t\t\t\t\t\t\t\t\t\t<li class=\"glide__slide\">\n\t\t\t\t\t\t\t\t\t<img loading=\"lazy\" decoding=\"async\" width=\"4032\" height=\"3024\" src=\"https:\/\/www.swecobelgium.be\/wp-content\/uploads\/sites\/12\/2025\/09\/Sweco-Belgium-Architecture-tHuis-14.jpg\" class=\"attachment-full size-full\" alt=\"\" srcset=\"https:\/\/www.swecobelgium.be\/wp-content\/uploads\/sites\/12\/2025\/09\/Sweco-Belgium-Architecture-tHuis-14.jpg 4032w, https:\/\/www.swecobelgium.be\/wp-content\/uploads\/sites\/12\/2025\/09\/Sweco-Belgium-Architecture-tHuis-14-200x150.jpg 200w, https:\/\/www.swecobelgium.be\/wp-content\/uploads\/sites\/12\/2025\/09\/Sweco-Belgium-Architecture-tHuis-14-768x576.jpg 768w, https:\/\/www.swecobelgium.be\/wp-content\/uploads\/sites\/12\/2025\/09\/Sweco-Belgium-Architecture-tHuis-14-1536x1152.jpg 1536w, https:\/\/www.swecobelgium.be\/wp-content\/uploads\/sites\/12\/2025\/09\/Sweco-Belgium-Architecture-tHuis-14-2048x1536.jpg 2048w, https:\/\/www.swecobelgium.be\/wp-content\/uploads\/sites\/12\/2025\/09\/Sweco-Belgium-Architecture-tHuis-14-520x390.jpg 520w, https:\/\/www.swecobelgium.be\/wp-content\/uploads\/sites\/12\/2025\/09\/Sweco-Belgium-Architecture-tHuis-14-800x600.jpg 800w, https:\/\/www.swecobelgium.be\/wp-content\/uploads\/sites\/12\/2025\/09\/Sweco-Belgium-Architecture-tHuis-14-400x300.jpg 400w, https:\/\/www.swecobelgium.be\/wp-content\/uploads\/sites\/12\/2025\/09\/Sweco-Belgium-Architecture-tHuis-14-600x450.jpg 600w, https:\/\/www.swecobelgium.be\/wp-content\/uploads\/sites\/12\/2025\/09\/Sweco-Belgium-Architecture-tHuis-14-652x489.jpg 652w\" sizes=\"auto, (max-width: 4032px) 100vw, 4032px\" \/>\t\t\t\t\t\t\t\t<\/li>\n\t\t\t\t\t\t\t\t\t\t\t\t\t\t\t<li class=\"glide__slide\">\n\t\t\t\t\t\t\t\t\t<img loading=\"lazy\" decoding=\"async\" width=\"6048\" height=\"4024\" src=\"https:\/\/www.swecobelgium.be\/wp-content\/uploads\/sites\/12\/2025\/09\/Sweco-Belgium-Architecture-tHuis-13.jpg\" class=\"attachment-full size-full\" alt=\"\" srcset=\"https:\/\/www.swecobelgium.be\/wp-content\/uploads\/sites\/12\/2025\/09\/Sweco-Belgium-Architecture-tHuis-13.jpg 6048w, https:\/\/www.swecobelgium.be\/wp-content\/uploads\/sites\/12\/2025\/09\/Sweco-Belgium-Architecture-tHuis-13-200x133.jpg 200w, https:\/\/www.swecobelgium.be\/wp-content\/uploads\/sites\/12\/2025\/09\/Sweco-Belgium-Architecture-tHuis-13-768x511.jpg 768w, https:\/\/www.swecobelgium.be\/wp-content\/uploads\/sites\/12\/2025\/09\/Sweco-Belgium-Architecture-tHuis-13-1536x1022.jpg 1536w, https:\/\/www.swecobelgium.be\/wp-content\/uploads\/sites\/12\/2025\/09\/Sweco-Belgium-Architecture-tHuis-13-2048x1363.jpg 2048w, https:\/\/www.swecobelgium.be\/wp-content\/uploads\/sites\/12\/2025\/09\/Sweco-Belgium-Architecture-tHuis-13-520x346.jpg 520w, https:\/\/www.swecobelgium.be\/wp-content\/uploads\/sites\/12\/2025\/09\/Sweco-Belgium-Architecture-tHuis-13-800x532.jpg 800w, https:\/\/www.swecobelgium.be\/wp-content\/uploads\/sites\/12\/2025\/09\/Sweco-Belgium-Architecture-tHuis-13-451x300.jpg 451w, https:\/\/www.swecobelgium.be\/wp-content\/uploads\/sites\/12\/2025\/09\/Sweco-Belgium-Architecture-tHuis-13-676x450.jpg 676w, https:\/\/www.swecobelgium.be\/wp-content\/uploads\/sites\/12\/2025\/09\/Sweco-Belgium-Architecture-tHuis-13-652x434.jpg 652w\" sizes=\"auto, (max-width: 6048px) 100vw, 6048px\" \/>\t\t\t\t\t\t\t\t<\/li>\n\t\t\t\t\t\t\t\t\t\t\t\t\t\t\t<li class=\"glide__slide\">\n\t\t\t\t\t\t\t\t\t<img loading=\"lazy\" decoding=\"async\" width=\"4032\" height=\"3024\" src=\"https:\/\/www.swecobelgium.be\/wp-content\/uploads\/sites\/12\/2025\/09\/Sweco-Belgium-Architecture-tHuis-12.jpg\" class=\"attachment-full size-full\" alt=\"\" srcset=\"https:\/\/www.swecobelgium.be\/wp-content\/uploads\/sites\/12\/2025\/09\/Sweco-Belgium-Architecture-tHuis-12.jpg 4032w, https:\/\/www.swecobelgium.be\/wp-content\/uploads\/sites\/12\/2025\/09\/Sweco-Belgium-Architecture-tHuis-12-200x150.jpg 200w, https:\/\/www.swecobelgium.be\/wp-content\/uploads\/sites\/12\/2025\/09\/Sweco-Belgium-Architecture-tHuis-12-768x576.jpg 768w, https:\/\/www.swecobelgium.be\/wp-content\/uploads\/sites\/12\/2025\/09\/Sweco-Belgium-Architecture-tHuis-12-1536x1152.jpg 1536w, https:\/\/www.swecobelgium.be\/wp-content\/uploads\/sites\/12\/2025\/09\/Sweco-Belgium-Architecture-tHuis-12-2048x1536.jpg 2048w, https:\/\/www.swecobelgium.be\/wp-content\/uploads\/sites\/12\/2025\/09\/Sweco-Belgium-Architecture-tHuis-12-520x390.jpg 520w, https:\/\/www.swecobelgium.be\/wp-content\/uploads\/sites\/12\/2025\/09\/Sweco-Belgium-Architecture-tHuis-12-800x600.jpg 800w, https:\/\/www.swecobelgium.be\/wp-content\/uploads\/sites\/12\/2025\/09\/Sweco-Belgium-Architecture-tHuis-12-400x300.jpg 400w, https:\/\/www.swecobelgium.be\/wp-content\/uploads\/sites\/12\/2025\/09\/Sweco-Belgium-Architecture-tHuis-12-600x450.jpg 600w, https:\/\/www.swecobelgium.be\/wp-content\/uploads\/sites\/12\/2025\/09\/Sweco-Belgium-Architecture-tHuis-12-652x489.jpg 652w\" sizes=\"auto, (max-width: 4032px) 100vw, 4032px\" \/>\t\t\t\t\t\t\t\t<\/li>\n\t\t\t\t\t\t\t\t\t\t\t\t\t\t\t<li class=\"glide__slide\">\n\t\t\t\t\t\t\t\t\t<img loading=\"lazy\" decoding=\"async\" width=\"4032\" height=\"3024\" src=\"https:\/\/www.swecobelgium.be\/wp-content\/uploads\/sites\/12\/2025\/09\/Sweco-Belgium-Architecture-tHuis-11.jpg\" class=\"attachment-full size-full\" alt=\"\" srcset=\"https:\/\/www.swecobelgium.be\/wp-content\/uploads\/sites\/12\/2025\/09\/Sweco-Belgium-Architecture-tHuis-11.jpg 4032w, https:\/\/www.swecobelgium.be\/wp-content\/uploads\/sites\/12\/2025\/09\/Sweco-Belgium-Architecture-tHuis-11-200x150.jpg 200w, https:\/\/www.swecobelgium.be\/wp-content\/uploads\/sites\/12\/2025\/09\/Sweco-Belgium-Architecture-tHuis-11-768x576.jpg 768w, https:\/\/www.swecobelgium.be\/wp-content\/uploads\/sites\/12\/2025\/09\/Sweco-Belgium-Architecture-tHuis-11-1536x1152.jpg 1536w, https:\/\/www.swecobelgium.be\/wp-content\/uploads\/sites\/12\/2025\/09\/Sweco-Belgium-Architecture-tHuis-11-2048x1536.jpg 2048w, https:\/\/www.swecobelgium.be\/wp-content\/uploads\/sites\/12\/2025\/09\/Sweco-Belgium-Architecture-tHuis-11-520x390.jpg 520w, https:\/\/www.swecobelgium.be\/wp-content\/uploads\/sites\/12\/2025\/09\/Sweco-Belgium-Architecture-tHuis-11-800x600.jpg 800w, https:\/\/www.swecobelgium.be\/wp-content\/uploads\/sites\/12\/2025\/09\/Sweco-Belgium-Architecture-tHuis-11-400x300.jpg 400w, https:\/\/www.swecobelgium.be\/wp-content\/uploads\/sites\/12\/2025\/09\/Sweco-Belgium-Architecture-tHuis-11-600x450.jpg 600w, https:\/\/www.swecobelgium.be\/wp-content\/uploads\/sites\/12\/2025\/09\/Sweco-Belgium-Architecture-tHuis-11-652x489.jpg 652w\" sizes=\"auto, (max-width: 4032px) 100vw, 4032px\" \/>\t\t\t\t\t\t\t\t<\/li>\n\t\t\t\t\t\t\t\t\t\t\t\t\t\t\t<li class=\"glide__slide\">\n\t\t\t\t\t\t\t\t\t<img loading=\"lazy\" decoding=\"async\" width=\"5651\" height=\"3575\" src=\"https:\/\/www.swecobelgium.be\/wp-content\/uploads\/sites\/12\/2025\/09\/Sweco-Belgium-Architecture-tHuis-10.jpg\" class=\"attachment-full size-full\" alt=\"\" srcset=\"https:\/\/www.swecobelgium.be\/wp-content\/uploads\/sites\/12\/2025\/09\/Sweco-Belgium-Architecture-tHuis-10.jpg 5651w, https:\/\/www.swecobelgium.be\/wp-content\/uploads\/sites\/12\/2025\/09\/Sweco-Belgium-Architecture-tHuis-10-200x127.jpg 200w, https:\/\/www.swecobelgium.be\/wp-content\/uploads\/sites\/12\/2025\/09\/Sweco-Belgium-Architecture-tHuis-10-768x486.jpg 768w, https:\/\/www.swecobelgium.be\/wp-content\/uploads\/sites\/12\/2025\/09\/Sweco-Belgium-Architecture-tHuis-10-1536x972.jpg 1536w, https:\/\/www.swecobelgium.be\/wp-content\/uploads\/sites\/12\/2025\/09\/Sweco-Belgium-Architecture-tHuis-10-2048x1296.jpg 2048w, https:\/\/www.swecobelgium.be\/wp-content\/uploads\/sites\/12\/2025\/09\/Sweco-Belgium-Architecture-tHuis-10-520x329.jpg 520w, https:\/\/www.swecobelgium.be\/wp-content\/uploads\/sites\/12\/2025\/09\/Sweco-Belgium-Architecture-tHuis-10-800x506.jpg 800w, https:\/\/www.swecobelgium.be\/wp-content\/uploads\/sites\/12\/2025\/09\/Sweco-Belgium-Architecture-tHuis-10-474x300.jpg 474w, https:\/\/www.swecobelgium.be\/wp-content\/uploads\/sites\/12\/2025\/09\/Sweco-Belgium-Architecture-tHuis-10-711x450.jpg 711w, https:\/\/www.swecobelgium.be\/wp-content\/uploads\/sites\/12\/2025\/09\/Sweco-Belgium-Architecture-tHuis-10-652x412.jpg 652w\" sizes=\"auto, (max-width: 5651px) 100vw, 5651px\" \/>\t\t\t\t\t\t\t\t<\/li>\n\t\t\t\t\t\t\t\t\t\t\t\t\t\t\t<li class=\"glide__slide\">\n\t\t\t\t\t\t\t\t\t<img loading=\"lazy\" decoding=\"async\" width=\"6048\" height=\"4024\" src=\"https:\/\/www.swecobelgium.be\/wp-content\/uploads\/sites\/12\/2025\/09\/Sweco-Belgium-Architecture-tHuis-9.jpg\" class=\"attachment-full size-full\" alt=\"\" srcset=\"https:\/\/www.swecobelgium.be\/wp-content\/uploads\/sites\/12\/2025\/09\/Sweco-Belgium-Architecture-tHuis-9.jpg 6048w, https:\/\/www.swecobelgium.be\/wp-content\/uploads\/sites\/12\/2025\/09\/Sweco-Belgium-Architecture-tHuis-9-200x133.jpg 200w, https:\/\/www.swecobelgium.be\/wp-content\/uploads\/sites\/12\/2025\/09\/Sweco-Belgium-Architecture-tHuis-9-768x511.jpg 768w, https:\/\/www.swecobelgium.be\/wp-content\/uploads\/sites\/12\/2025\/09\/Sweco-Belgium-Architecture-tHuis-9-1536x1022.jpg 1536w, https:\/\/www.swecobelgium.be\/wp-content\/uploads\/sites\/12\/2025\/09\/Sweco-Belgium-Architecture-tHuis-9-2048x1363.jpg 2048w, https:\/\/www.swecobelgium.be\/wp-content\/uploads\/sites\/12\/2025\/09\/Sweco-Belgium-Architecture-tHuis-9-520x346.jpg 520w, https:\/\/www.swecobelgium.be\/wp-content\/uploads\/sites\/12\/2025\/09\/Sweco-Belgium-Architecture-tHuis-9-800x532.jpg 800w, https:\/\/www.swecobelgium.be\/wp-content\/uploads\/sites\/12\/2025\/09\/Sweco-Belgium-Architecture-tHuis-9-451x300.jpg 451w, https:\/\/www.swecobelgium.be\/wp-content\/uploads\/sites\/12\/2025\/09\/Sweco-Belgium-Architecture-tHuis-9-676x450.jpg 676w, https:\/\/www.swecobelgium.be\/wp-content\/uploads\/sites\/12\/2025\/09\/Sweco-Belgium-Architecture-tHuis-9-652x434.jpg 652w\" sizes=\"auto, (max-width: 6048px) 100vw, 6048px\" \/>\t\t\t\t\t\t\t\t<\/li>\n\t\t\t\t\t\t\t\t\t\t\t\t\t\t\t<li class=\"glide__slide\">\n\t\t\t\t\t\t\t\t\t<img loading=\"lazy\" decoding=\"async\" width=\"6048\" height=\"4024\" src=\"https:\/\/www.swecobelgium.be\/wp-content\/uploads\/sites\/12\/2025\/09\/Sweco-Belgium-Architecture-tHuis-8.jpg\" class=\"attachment-full size-full\" alt=\"\" srcset=\"https:\/\/www.swecobelgium.be\/wp-content\/uploads\/sites\/12\/2025\/09\/Sweco-Belgium-Architecture-tHuis-8.jpg 6048w, https:\/\/www.swecobelgium.be\/wp-content\/uploads\/sites\/12\/2025\/09\/Sweco-Belgium-Architecture-tHuis-8-200x133.jpg 200w, https:\/\/www.swecobelgium.be\/wp-content\/uploads\/sites\/12\/2025\/09\/Sweco-Belgium-Architecture-tHuis-8-768x511.jpg 768w, https:\/\/www.swecobelgium.be\/wp-content\/uploads\/sites\/12\/2025\/09\/Sweco-Belgium-Architecture-tHuis-8-1536x1022.jpg 1536w, https:\/\/www.swecobelgium.be\/wp-content\/uploads\/sites\/12\/2025\/09\/Sweco-Belgium-Architecture-tHuis-8-2048x1363.jpg 2048w, https:\/\/www.swecobelgium.be\/wp-content\/uploads\/sites\/12\/2025\/09\/Sweco-Belgium-Architecture-tHuis-8-520x346.jpg 520w, https:\/\/www.swecobelgium.be\/wp-content\/uploads\/sites\/12\/2025\/09\/Sweco-Belgium-Architecture-tHuis-8-800x532.jpg 800w, https:\/\/www.swecobelgium.be\/wp-content\/uploads\/sites\/12\/2025\/09\/Sweco-Belgium-Architecture-tHuis-8-451x300.jpg 451w, https:\/\/www.swecobelgium.be\/wp-content\/uploads\/sites\/12\/2025\/09\/Sweco-Belgium-Architecture-tHuis-8-676x450.jpg 676w, https:\/\/www.swecobelgium.be\/wp-content\/uploads\/sites\/12\/2025\/09\/Sweco-Belgium-Architecture-tHuis-8-652x434.jpg 652w\" sizes=\"auto, (max-width: 6048px) 100vw, 6048px\" \/>\t\t\t\t\t\t\t\t<\/li>\n\t\t\t\t\t\t\t\t\t\t\t\t\t\t\t<li class=\"glide__slide\">\n\t\t\t\t\t\t\t\t\t<img loading=\"lazy\" decoding=\"async\" width=\"8256\" height=\"5504\" src=\"https:\/\/www.swecobelgium.be\/wp-content\/uploads\/sites\/12\/2025\/09\/Sweco-Belgium-Architecture-tHuis-7.jpg\" class=\"attachment-full size-full\" alt=\"\" srcset=\"https:\/\/www.swecobelgium.be\/wp-content\/uploads\/sites\/12\/2025\/09\/Sweco-Belgium-Architecture-tHuis-7.jpg 8256w, https:\/\/www.swecobelgium.be\/wp-content\/uploads\/sites\/12\/2025\/09\/Sweco-Belgium-Architecture-tHuis-7-200x133.jpg 200w, https:\/\/www.swecobelgium.be\/wp-content\/uploads\/sites\/12\/2025\/09\/Sweco-Belgium-Architecture-tHuis-7-768x512.jpg 768w, https:\/\/www.swecobelgium.be\/wp-content\/uploads\/sites\/12\/2025\/09\/Sweco-Belgium-Architecture-tHuis-7-1536x1024.jpg 1536w, https:\/\/www.swecobelgium.be\/wp-content\/uploads\/sites\/12\/2025\/09\/Sweco-Belgium-Architecture-tHuis-7-2048x1365.jpg 2048w, https:\/\/www.swecobelgium.be\/wp-content\/uploads\/sites\/12\/2025\/09\/Sweco-Belgium-Architecture-tHuis-7-520x347.jpg 520w, https:\/\/www.swecobelgium.be\/wp-content\/uploads\/sites\/12\/2025\/09\/Sweco-Belgium-Architecture-tHuis-7-800x533.jpg 800w, https:\/\/www.swecobelgium.be\/wp-content\/uploads\/sites\/12\/2025\/09\/Sweco-Belgium-Architecture-tHuis-7-450x300.jpg 450w, https:\/\/www.swecobelgium.be\/wp-content\/uploads\/sites\/12\/2025\/09\/Sweco-Belgium-Architecture-tHuis-7-675x450.jpg 675w, https:\/\/www.swecobelgium.be\/wp-content\/uploads\/sites\/12\/2025\/09\/Sweco-Belgium-Architecture-tHuis-7-652x435.jpg 652w\" sizes=\"auto, (max-width: 8256px) 100vw, 8256px\" \/>\t\t\t\t\t\t\t\t<\/li>\n\t\t\t\t\t\t\t\t\t\t\t\t\t\t\t<li class=\"glide__slide\">\n\t\t\t\t\t\t\t\t\t<img loading=\"lazy\" decoding=\"async\" width=\"5864\" height=\"3621\" src=\"https:\/\/www.swecobelgium.be\/wp-content\/uploads\/sites\/12\/2025\/09\/Sweco-Belgium-Architecture-tHuis-6.jpg\" class=\"attachment-full size-full\" alt=\"\" srcset=\"https:\/\/www.swecobelgium.be\/wp-content\/uploads\/sites\/12\/2025\/09\/Sweco-Belgium-Architecture-tHuis-6.jpg 5864w, https:\/\/www.swecobelgium.be\/wp-content\/uploads\/sites\/12\/2025\/09\/Sweco-Belgium-Architecture-tHuis-6-200x123.jpg 200w, https:\/\/www.swecobelgium.be\/wp-content\/uploads\/sites\/12\/2025\/09\/Sweco-Belgium-Architecture-tHuis-6-768x474.jpg 768w, https:\/\/www.swecobelgium.be\/wp-content\/uploads\/sites\/12\/2025\/09\/Sweco-Belgium-Architecture-tHuis-6-1536x948.jpg 1536w, https:\/\/www.swecobelgium.be\/wp-content\/uploads\/sites\/12\/2025\/09\/Sweco-Belgium-Architecture-tHuis-6-2048x1265.jpg 2048w, https:\/\/www.swecobelgium.be\/wp-content\/uploads\/sites\/12\/2025\/09\/Sweco-Belgium-Architecture-tHuis-6-520x321.jpg 520w, https:\/\/www.swecobelgium.be\/wp-content\/uploads\/sites\/12\/2025\/09\/Sweco-Belgium-Architecture-tHuis-6-800x494.jpg 800w, https:\/\/www.swecobelgium.be\/wp-content\/uploads\/sites\/12\/2025\/09\/Sweco-Belgium-Architecture-tHuis-6-486x300.jpg 486w, https:\/\/www.swecobelgium.be\/wp-content\/uploads\/sites\/12\/2025\/09\/Sweco-Belgium-Architecture-tHuis-6-729x450.jpg 729w, https:\/\/www.swecobelgium.be\/wp-content\/uploads\/sites\/12\/2025\/09\/Sweco-Belgium-Architecture-tHuis-6-652x403.jpg 652w\" sizes=\"auto, (max-width: 5864px) 100vw, 5864px\" \/>\t\t\t\t\t\t\t\t<\/li>\n\t\t\t\t\t\t\t\t\t\t\t\t\t\t\t<li class=\"glide__slide\">\n\t\t\t\t\t\t\t\t\t<img loading=\"lazy\" decoding=\"async\" width=\"6048\" height=\"4024\" src=\"https:\/\/www.swecobelgium.be\/wp-content\/uploads\/sites\/12\/2025\/09\/Sweco-Belgium-Architecture-tHuis-5.jpg\" class=\"attachment-full size-full\" alt=\"\" srcset=\"https:\/\/www.swecobelgium.be\/wp-content\/uploads\/sites\/12\/2025\/09\/Sweco-Belgium-Architecture-tHuis-5.jpg 6048w, https:\/\/www.swecobelgium.be\/wp-content\/uploads\/sites\/12\/2025\/09\/Sweco-Belgium-Architecture-tHuis-5-200x133.jpg 200w, https:\/\/www.swecobelgium.be\/wp-content\/uploads\/sites\/12\/2025\/09\/Sweco-Belgium-Architecture-tHuis-5-768x511.jpg 768w, https:\/\/www.swecobelgium.be\/wp-content\/uploads\/sites\/12\/2025\/09\/Sweco-Belgium-Architecture-tHuis-5-1536x1022.jpg 1536w, https:\/\/www.swecobelgium.be\/wp-content\/uploads\/sites\/12\/2025\/09\/Sweco-Belgium-Architecture-tHuis-5-2048x1363.jpg 2048w, https:\/\/www.swecobelgium.be\/wp-content\/uploads\/sites\/12\/2025\/09\/Sweco-Belgium-Architecture-tHuis-5-520x346.jpg 520w, https:\/\/www.swecobelgium.be\/wp-content\/uploads\/sites\/12\/2025\/09\/Sweco-Belgium-Architecture-tHuis-5-800x532.jpg 800w, https:\/\/www.swecobelgium.be\/wp-content\/uploads\/sites\/12\/2025\/09\/Sweco-Belgium-Architecture-tHuis-5-451x300.jpg 451w, https:\/\/www.swecobelgium.be\/wp-content\/uploads\/sites\/12\/2025\/09\/Sweco-Belgium-Architecture-tHuis-5-676x450.jpg 676w, https:\/\/www.swecobelgium.be\/wp-content\/uploads\/sites\/12\/2025\/09\/Sweco-Belgium-Architecture-tHuis-5-652x434.jpg 652w\" sizes=\"auto, (max-width: 6048px) 100vw, 6048px\" \/>\t\t\t\t\t\t\t\t<\/li>\n\t\t\t\t\t\t\t\t\t\t\t\t\t\t\t<li class=\"glide__slide\">\n\t\t\t\t\t\t\t\t\t<img loading=\"lazy\" decoding=\"async\" width=\"6048\" height=\"4024\" src=\"https:\/\/www.swecobelgium.be\/wp-content\/uploads\/sites\/12\/2025\/09\/Sweco-Belgium-Architecture-tHuis-4.jpg\" class=\"attachment-full size-full\" alt=\"\" srcset=\"https:\/\/www.swecobelgium.be\/wp-content\/uploads\/sites\/12\/2025\/09\/Sweco-Belgium-Architecture-tHuis-4.jpg 6048w, https:\/\/www.swecobelgium.be\/wp-content\/uploads\/sites\/12\/2025\/09\/Sweco-Belgium-Architecture-tHuis-4-200x133.jpg 200w, https:\/\/www.swecobelgium.be\/wp-content\/uploads\/sites\/12\/2025\/09\/Sweco-Belgium-Architecture-tHuis-4-768x511.jpg 768w, https:\/\/www.swecobelgium.be\/wp-content\/uploads\/sites\/12\/2025\/09\/Sweco-Belgium-Architecture-tHuis-4-1536x1022.jpg 1536w, https:\/\/www.swecobelgium.be\/wp-content\/uploads\/sites\/12\/2025\/09\/Sweco-Belgium-Architecture-tHuis-4-2048x1363.jpg 2048w, https:\/\/www.swecobelgium.be\/wp-content\/uploads\/sites\/12\/2025\/09\/Sweco-Belgium-Architecture-tHuis-4-520x346.jpg 520w, https:\/\/www.swecobelgium.be\/wp-content\/uploads\/sites\/12\/2025\/09\/Sweco-Belgium-Architecture-tHuis-4-800x532.jpg 800w, https:\/\/www.swecobelgium.be\/wp-content\/uploads\/sites\/12\/2025\/09\/Sweco-Belgium-Architecture-tHuis-4-451x300.jpg 451w, https:\/\/www.swecobelgium.be\/wp-content\/uploads\/sites\/12\/2025\/09\/Sweco-Belgium-Architecture-tHuis-4-676x450.jpg 676w, https:\/\/www.swecobelgium.be\/wp-content\/uploads\/sites\/12\/2025\/09\/Sweco-Belgium-Architecture-tHuis-4-652x434.jpg 652w\" sizes=\"auto, (max-width: 6048px) 100vw, 6048px\" \/>\t\t\t\t\t\t\t\t<\/li>\n\t\t\t\t\t\t\t\t\t\t\t\t\t\t\t<li class=\"glide__slide\">\n\t\t\t\t\t\t\t\t\t<img loading=\"lazy\" decoding=\"async\" width=\"3487\" height=\"2899\" src=\"https:\/\/www.swecobelgium.be\/wp-content\/uploads\/sites\/12\/2025\/09\/Sweco-Belgium-Architecture-tHuis-3.jpg\" class=\"attachment-full size-full\" alt=\"\" srcset=\"https:\/\/www.swecobelgium.be\/wp-content\/uploads\/sites\/12\/2025\/09\/Sweco-Belgium-Architecture-tHuis-3.jpg 3487w, https:\/\/www.swecobelgium.be\/wp-content\/uploads\/sites\/12\/2025\/09\/Sweco-Belgium-Architecture-tHuis-3-200x166.jpg 200w, https:\/\/www.swecobelgium.be\/wp-content\/uploads\/sites\/12\/2025\/09\/Sweco-Belgium-Architecture-tHuis-3-768x638.jpg 768w, https:\/\/www.swecobelgium.be\/wp-content\/uploads\/sites\/12\/2025\/09\/Sweco-Belgium-Architecture-tHuis-3-1536x1277.jpg 1536w, https:\/\/www.swecobelgium.be\/wp-content\/uploads\/sites\/12\/2025\/09\/Sweco-Belgium-Architecture-tHuis-3-2048x1703.jpg 2048w, https:\/\/www.swecobelgium.be\/wp-content\/uploads\/sites\/12\/2025\/09\/Sweco-Belgium-Architecture-tHuis-3-520x432.jpg 520w, https:\/\/www.swecobelgium.be\/wp-content\/uploads\/sites\/12\/2025\/09\/Sweco-Belgium-Architecture-tHuis-3-800x665.jpg 800w, https:\/\/www.swecobelgium.be\/wp-content\/uploads\/sites\/12\/2025\/09\/Sweco-Belgium-Architecture-tHuis-3-361x300.jpg 361w, https:\/\/www.swecobelgium.be\/wp-content\/uploads\/sites\/12\/2025\/09\/Sweco-Belgium-Architecture-tHuis-3-541x450.jpg 541w, https:\/\/www.swecobelgium.be\/wp-content\/uploads\/sites\/12\/2025\/09\/Sweco-Belgium-Architecture-tHuis-3-652x542.jpg 652w\" sizes=\"auto, (max-width: 3487px) 100vw, 3487px\" \/>\t\t\t\t\t\t\t\t<\/li>\n\t\t\t\t\t\t\t\t\t\t\t\t\t\t\t<li class=\"glide__slide\">\n\t\t\t\t\t\t\t\t\t<img loading=\"lazy\" decoding=\"async\" width=\"4032\" height=\"3024\" src=\"https:\/\/www.swecobelgium.be\/wp-content\/uploads\/sites\/12\/2025\/09\/Sweco-Belgium-Architecture-tHuis-2.jpg\" class=\"attachment-full size-full\" alt=\"\" srcset=\"https:\/\/www.swecobelgium.be\/wp-content\/uploads\/sites\/12\/2025\/09\/Sweco-Belgium-Architecture-tHuis-2.jpg 4032w, https:\/\/www.swecobelgium.be\/wp-content\/uploads\/sites\/12\/2025\/09\/Sweco-Belgium-Architecture-tHuis-2-200x150.jpg 200w, https:\/\/www.swecobelgium.be\/wp-content\/uploads\/sites\/12\/2025\/09\/Sweco-Belgium-Architecture-tHuis-2-768x576.jpg 768w, https:\/\/www.swecobelgium.be\/wp-content\/uploads\/sites\/12\/2025\/09\/Sweco-Belgium-Architecture-tHuis-2-1536x1152.jpg 1536w, https:\/\/www.swecobelgium.be\/wp-content\/uploads\/sites\/12\/2025\/09\/Sweco-Belgium-Architecture-tHuis-2-2048x1536.jpg 2048w, https:\/\/www.swecobelgium.be\/wp-content\/uploads\/sites\/12\/2025\/09\/Sweco-Belgium-Architecture-tHuis-2-520x390.jpg 520w, https:\/\/www.swecobelgium.be\/wp-content\/uploads\/sites\/12\/2025\/09\/Sweco-Belgium-Architecture-tHuis-2-800x600.jpg 800w, https:\/\/www.swecobelgium.be\/wp-content\/uploads\/sites\/12\/2025\/09\/Sweco-Belgium-Architecture-tHuis-2-400x300.jpg 400w, https:\/\/www.swecobelgium.be\/wp-content\/uploads\/sites\/12\/2025\/09\/Sweco-Belgium-Architecture-tHuis-2-600x450.jpg 600w, https:\/\/www.swecobelgium.be\/wp-content\/uploads\/sites\/12\/2025\/09\/Sweco-Belgium-Architecture-tHuis-2-652x489.jpg 652w\" sizes=\"auto, (max-width: 4032px) 100vw, 4032px\" \/>\t\t\t\t\t\t\t\t<\/li>\n\t\t\t\t\t\t\t\t\t\t\t\t\t\t\t<li class=\"glide__slide\">\n\t\t\t\t\t\t\t\t\t<img loading=\"lazy\" decoding=\"async\" width=\"1266\" height=\"600\" src=\"https:\/\/www.swecobelgium.be\/wp-content\/uploads\/sites\/12\/2025\/09\/Sweco-Belgium-Architecture-tHuis-1.jpg\" class=\"attachment-full size-full\" alt=\"\" srcset=\"https:\/\/www.swecobelgium.be\/wp-content\/uploads\/sites\/12\/2025\/09\/Sweco-Belgium-Architecture-tHuis-1.jpg 1266w, https:\/\/www.swecobelgium.be\/wp-content\/uploads\/sites\/12\/2025\/09\/Sweco-Belgium-Architecture-tHuis-1-200x95.jpg 200w, https:\/\/www.swecobelgium.be\/wp-content\/uploads\/sites\/12\/2025\/09\/Sweco-Belgium-Architecture-tHuis-1-768x364.jpg 768w, https:\/\/www.swecobelgium.be\/wp-content\/uploads\/sites\/12\/2025\/09\/Sweco-Belgium-Architecture-tHuis-1-520x246.jpg 520w, https:\/\/www.swecobelgium.be\/wp-content\/uploads\/sites\/12\/2025\/09\/Sweco-Belgium-Architecture-tHuis-1-800x379.jpg 800w, https:\/\/www.swecobelgium.be\/wp-content\/uploads\/sites\/12\/2025\/09\/Sweco-Belgium-Architecture-tHuis-1-633x300.jpg 633w, https:\/\/www.swecobelgium.be\/wp-content\/uploads\/sites\/12\/2025\/09\/Sweco-Belgium-Architecture-tHuis-1-950x450.jpg 950w, https:\/\/www.swecobelgium.be\/wp-content\/uploads\/sites\/12\/2025\/09\/Sweco-Belgium-Architecture-tHuis-1-652x309.jpg 652w\" sizes=\"auto, (max-width: 1266px) 100vw, 1266px\" \/>\t\t\t\t\t\t\t\t<\/li>\n\t\t\t\t\t\t\t\t\t\t\t\t\t\t\t<li class=\"glide__slide\">\n\t\t\t\t\t\t\t\t\t<img loading=\"lazy\" decoding=\"async\" width=\"1354\" height=\"641\" src=\"https:\/\/www.swecobelgium.be\/wp-content\/uploads\/sites\/12\/2025\/09\/Sweco-Belgium-Architecture-tHuis-35.jpg\" class=\"attachment-full size-full\" alt=\"\" srcset=\"https:\/\/www.swecobelgium.be\/wp-content\/uploads\/sites\/12\/2025\/09\/Sweco-Belgium-Architecture-tHuis-35.jpg 1354w, https:\/\/www.swecobelgium.be\/wp-content\/uploads\/sites\/12\/2025\/09\/Sweco-Belgium-Architecture-tHuis-35-200x95.jpg 200w, https:\/\/www.swecobelgium.be\/wp-content\/uploads\/sites\/12\/2025\/09\/Sweco-Belgium-Architecture-tHuis-35-768x364.jpg 768w, https:\/\/www.swecobelgium.be\/wp-content\/uploads\/sites\/12\/2025\/09\/Sweco-Belgium-Architecture-tHuis-35-520x246.jpg 520w, https:\/\/www.swecobelgium.be\/wp-content\/uploads\/sites\/12\/2025\/09\/Sweco-Belgium-Architecture-tHuis-35-800x379.jpg 800w, https:\/\/www.swecobelgium.be\/wp-content\/uploads\/sites\/12\/2025\/09\/Sweco-Belgium-Architecture-tHuis-35-634x300.jpg 634w, https:\/\/www.swecobelgium.be\/wp-content\/uploads\/sites\/12\/2025\/09\/Sweco-Belgium-Architecture-tHuis-35-951x450.jpg 951w, https:\/\/www.swecobelgium.be\/wp-content\/uploads\/sites\/12\/2025\/09\/Sweco-Belgium-Architecture-tHuis-35-652x309.jpg 652w\" sizes=\"auto, (max-width: 1354px) 100vw, 1354px\" \/>\t\t\t\t\t\t\t\t<\/li>\n\t\t\t\t\t\t\t\t\t\t\t\t\t\t\t<li class=\"glide__slide\">\n\t\t\t\t\t\t\t\t\t<img loading=\"lazy\" decoding=\"async\" width=\"6048\" height=\"4024\" src=\"https:\/\/www.swecobelgium.be\/wp-content\/uploads\/sites\/12\/2025\/09\/Sweco-Belgium-Architecture-tHuis-34.jpg\" class=\"attachment-full size-full\" alt=\"\" srcset=\"https:\/\/www.swecobelgium.be\/wp-content\/uploads\/sites\/12\/2025\/09\/Sweco-Belgium-Architecture-tHuis-34.jpg 6048w, https:\/\/www.swecobelgium.be\/wp-content\/uploads\/sites\/12\/2025\/09\/Sweco-Belgium-Architecture-tHuis-34-200x133.jpg 200w, https:\/\/www.swecobelgium.be\/wp-content\/uploads\/sites\/12\/2025\/09\/Sweco-Belgium-Architecture-tHuis-34-768x511.jpg 768w, https:\/\/www.swecobelgium.be\/wp-content\/uploads\/sites\/12\/2025\/09\/Sweco-Belgium-Architecture-tHuis-34-1536x1022.jpg 1536w, https:\/\/www.swecobelgium.be\/wp-content\/uploads\/sites\/12\/2025\/09\/Sweco-Belgium-Architecture-tHuis-34-2048x1363.jpg 2048w, https:\/\/www.swecobelgium.be\/wp-content\/uploads\/sites\/12\/2025\/09\/Sweco-Belgium-Architecture-tHuis-34-520x346.jpg 520w, https:\/\/www.swecobelgium.be\/wp-content\/uploads\/sites\/12\/2025\/09\/Sweco-Belgium-Architecture-tHuis-34-800x532.jpg 800w, https:\/\/www.swecobelgium.be\/wp-content\/uploads\/sites\/12\/2025\/09\/Sweco-Belgium-Architecture-tHuis-34-451x300.jpg 451w, https:\/\/www.swecobelgium.be\/wp-content\/uploads\/sites\/12\/2025\/09\/Sweco-Belgium-Architecture-tHuis-34-676x450.jpg 676w, https:\/\/www.swecobelgium.be\/wp-content\/uploads\/sites\/12\/2025\/09\/Sweco-Belgium-Architecture-tHuis-34-652x434.jpg 652w\" sizes=\"auto, (max-width: 6048px) 100vw, 6048px\" \/>\t\t\t\t\t\t\t\t<\/li>\n\t\t\t\t\t\t\t\t\t\t\t\t\t\t\t<li class=\"glide__slide\">\n\t\t\t\t\t\t\t\t\t<img loading=\"lazy\" decoding=\"async\" width=\"6048\" height=\"4024\" src=\"https:\/\/www.swecobelgium.be\/wp-content\/uploads\/sites\/12\/2025\/09\/Sweco-Belgium-Architecture-tHuis-33.jpg\" class=\"attachment-full size-full\" alt=\"\" srcset=\"https:\/\/www.swecobelgium.be\/wp-content\/uploads\/sites\/12\/2025\/09\/Sweco-Belgium-Architecture-tHuis-33.jpg 6048w, https:\/\/www.swecobelgium.be\/wp-content\/uploads\/sites\/12\/2025\/09\/Sweco-Belgium-Architecture-tHuis-33-200x133.jpg 200w, https:\/\/www.swecobelgium.be\/wp-content\/uploads\/sites\/12\/2025\/09\/Sweco-Belgium-Architecture-tHuis-33-768x511.jpg 768w, https:\/\/www.swecobelgium.be\/wp-content\/uploads\/sites\/12\/2025\/09\/Sweco-Belgium-Architecture-tHuis-33-1536x1022.jpg 1536w, https:\/\/www.swecobelgium.be\/wp-content\/uploads\/sites\/12\/2025\/09\/Sweco-Belgium-Architecture-tHuis-33-2048x1363.jpg 2048w, https:\/\/www.swecobelgium.be\/wp-content\/uploads\/sites\/12\/2025\/09\/Sweco-Belgium-Architecture-tHuis-33-520x346.jpg 520w, https:\/\/www.swecobelgium.be\/wp-content\/uploads\/sites\/12\/2025\/09\/Sweco-Belgium-Architecture-tHuis-33-800x532.jpg 800w, https:\/\/www.swecobelgium.be\/wp-content\/uploads\/sites\/12\/2025\/09\/Sweco-Belgium-Architecture-tHuis-33-451x300.jpg 451w, https:\/\/www.swecobelgium.be\/wp-content\/uploads\/sites\/12\/2025\/09\/Sweco-Belgium-Architecture-tHuis-33-676x450.jpg 676w, https:\/\/www.swecobelgium.be\/wp-content\/uploads\/sites\/12\/2025\/09\/Sweco-Belgium-Architecture-tHuis-33-652x434.jpg 652w\" sizes=\"auto, (max-width: 6048px) 100vw, 6048px\" \/>\t\t\t\t\t\t\t\t<\/li>\n\t\t\t\t\t\t\t\t\t\t\t\t\t\t\t<li class=\"glide__slide\">\n\t\t\t\t\t\t\t\t\t<img loading=\"lazy\" decoding=\"async\" width=\"4024\" height=\"6048\" src=\"https:\/\/www.swecobelgium.be\/wp-content\/uploads\/sites\/12\/2025\/09\/Sweco-Belgium-Architecture-tHuis-32.jpg\" class=\"attachment-full size-full\" alt=\"\" srcset=\"https:\/\/www.swecobelgium.be\/wp-content\/uploads\/sites\/12\/2025\/09\/Sweco-Belgium-Architecture-tHuis-32.jpg 4024w, https:\/\/www.swecobelgium.be\/wp-content\/uploads\/sites\/12\/2025\/09\/Sweco-Belgium-Architecture-tHuis-32-133x200.jpg 133w, https:\/\/www.swecobelgium.be\/wp-content\/uploads\/sites\/12\/2025\/09\/Sweco-Belgium-Architecture-tHuis-32-768x1154.jpg 768w, https:\/\/www.swecobelgium.be\/wp-content\/uploads\/sites\/12\/2025\/09\/Sweco-Belgium-Architecture-tHuis-32-1022x1536.jpg 1022w, https:\/\/www.swecobelgium.be\/wp-content\/uploads\/sites\/12\/2025\/09\/Sweco-Belgium-Architecture-tHuis-32-1363x2048.jpg 1363w, https:\/\/www.swecobelgium.be\/wp-content\/uploads\/sites\/12\/2025\/09\/Sweco-Belgium-Architecture-tHuis-32-520x782.jpg 520w, https:\/\/www.swecobelgium.be\/wp-content\/uploads\/sites\/12\/2025\/09\/Sweco-Belgium-Architecture-tHuis-32-800x1202.jpg 800w, https:\/\/www.swecobelgium.be\/wp-content\/uploads\/sites\/12\/2025\/09\/Sweco-Belgium-Architecture-tHuis-32-200x300.jpg 200w, https:\/\/www.swecobelgium.be\/wp-content\/uploads\/sites\/12\/2025\/09\/Sweco-Belgium-Architecture-tHuis-32-299x450.jpg 299w, https:\/\/www.swecobelgium.be\/wp-content\/uploads\/sites\/12\/2025\/09\/Sweco-Belgium-Architecture-tHuis-32-652x980.jpg 652w\" sizes=\"auto, (max-width: 4024px) 100vw, 4024px\" \/>\t\t\t\t\t\t\t\t<\/li>\n\t\t\t\t\t\t\t\t\t\t\t\t\t\t\t<li class=\"glide__slide\">\n\t\t\t\t\t\t\t\t\t<img loading=\"lazy\" decoding=\"async\" width=\"6048\" height=\"4024\" src=\"https:\/\/www.swecobelgium.be\/wp-content\/uploads\/sites\/12\/2025\/09\/Sweco-Belgium-Architecture-tHuis-31.jpg\" class=\"attachment-full size-full\" alt=\"\" srcset=\"https:\/\/www.swecobelgium.be\/wp-content\/uploads\/sites\/12\/2025\/09\/Sweco-Belgium-Architecture-tHuis-31.jpg 6048w, https:\/\/www.swecobelgium.be\/wp-content\/uploads\/sites\/12\/2025\/09\/Sweco-Belgium-Architecture-tHuis-31-200x133.jpg 200w, https:\/\/www.swecobelgium.be\/wp-content\/uploads\/sites\/12\/2025\/09\/Sweco-Belgium-Architecture-tHuis-31-768x511.jpg 768w, https:\/\/www.swecobelgium.be\/wp-content\/uploads\/sites\/12\/2025\/09\/Sweco-Belgium-Architecture-tHuis-31-1536x1022.jpg 1536w, https:\/\/www.swecobelgium.be\/wp-content\/uploads\/sites\/12\/2025\/09\/Sweco-Belgium-Architecture-tHuis-31-2048x1363.jpg 2048w, https:\/\/www.swecobelgium.be\/wp-content\/uploads\/sites\/12\/2025\/09\/Sweco-Belgium-Architecture-tHuis-31-520x346.jpg 520w, https:\/\/www.swecobelgium.be\/wp-content\/uploads\/sites\/12\/2025\/09\/Sweco-Belgium-Architecture-tHuis-31-800x532.jpg 800w, https:\/\/www.swecobelgium.be\/wp-content\/uploads\/sites\/12\/2025\/09\/Sweco-Belgium-Architecture-tHuis-31-451x300.jpg 451w, https:\/\/www.swecobelgium.be\/wp-content\/uploads\/sites\/12\/2025\/09\/Sweco-Belgium-Architecture-tHuis-31-676x450.jpg 676w, https:\/\/www.swecobelgium.be\/wp-content\/uploads\/sites\/12\/2025\/09\/Sweco-Belgium-Architecture-tHuis-31-652x434.jpg 652w\" sizes=\"auto, (max-width: 6048px) 100vw, 6048px\" \/>\t\t\t\t\t\t\t\t<\/li>\n\t\t\t\t\t\t\t\t\t\t\t\t\t\t\t<li class=\"glide__slide\">\n\t\t\t\t\t\t\t\t\t<img loading=\"lazy\" decoding=\"async\" width=\"6048\" height=\"4024\" src=\"https:\/\/www.swecobelgium.be\/wp-content\/uploads\/sites\/12\/2025\/09\/Sweco-Belgium-Architecture-tHuis-30.jpg\" class=\"attachment-full size-full\" alt=\"\" srcset=\"https:\/\/www.swecobelgium.be\/wp-content\/uploads\/sites\/12\/2025\/09\/Sweco-Belgium-Architecture-tHuis-30.jpg 6048w, https:\/\/www.swecobelgium.be\/wp-content\/uploads\/sites\/12\/2025\/09\/Sweco-Belgium-Architecture-tHuis-30-200x133.jpg 200w, https:\/\/www.swecobelgium.be\/wp-content\/uploads\/sites\/12\/2025\/09\/Sweco-Belgium-Architecture-tHuis-30-768x511.jpg 768w, https:\/\/www.swecobelgium.be\/wp-content\/uploads\/sites\/12\/2025\/09\/Sweco-Belgium-Architecture-tHuis-30-1536x1022.jpg 1536w, https:\/\/www.swecobelgium.be\/wp-content\/uploads\/sites\/12\/2025\/09\/Sweco-Belgium-Architecture-tHuis-30-2048x1363.jpg 2048w, https:\/\/www.swecobelgium.be\/wp-content\/uploads\/sites\/12\/2025\/09\/Sweco-Belgium-Architecture-tHuis-30-520x346.jpg 520w, https:\/\/www.swecobelgium.be\/wp-content\/uploads\/sites\/12\/2025\/09\/Sweco-Belgium-Architecture-tHuis-30-800x532.jpg 800w, https:\/\/www.swecobelgium.be\/wp-content\/uploads\/sites\/12\/2025\/09\/Sweco-Belgium-Architecture-tHuis-30-451x300.jpg 451w, https:\/\/www.swecobelgium.be\/wp-content\/uploads\/sites\/12\/2025\/09\/Sweco-Belgium-Architecture-tHuis-30-676x450.jpg 676w, https:\/\/www.swecobelgium.be\/wp-content\/uploads\/sites\/12\/2025\/09\/Sweco-Belgium-Architecture-tHuis-30-652x434.jpg 652w\" sizes=\"auto, (max-width: 6048px) 100vw, 6048px\" \/>\t\t\t\t\t\t\t\t<\/li>\n\t\t\t\t\t\t\t\t\t\t\t\t\t\t\t<li class=\"glide__slide\">\n\t\t\t\t\t\t\t\t\t<img loading=\"lazy\" decoding=\"async\" width=\"6048\" height=\"4024\" src=\"https:\/\/www.swecobelgium.be\/wp-content\/uploads\/sites\/12\/2025\/09\/Sweco-Belgium-Architecture-tHuis-29.jpg\" class=\"attachment-full size-full\" alt=\"\" srcset=\"https:\/\/www.swecobelgium.be\/wp-content\/uploads\/sites\/12\/2025\/09\/Sweco-Belgium-Architecture-tHuis-29.jpg 6048w, https:\/\/www.swecobelgium.be\/wp-content\/uploads\/sites\/12\/2025\/09\/Sweco-Belgium-Architecture-tHuis-29-200x133.jpg 200w, https:\/\/www.swecobelgium.be\/wp-content\/uploads\/sites\/12\/2025\/09\/Sweco-Belgium-Architecture-tHuis-29-768x511.jpg 768w, https:\/\/www.swecobelgium.be\/wp-content\/uploads\/sites\/12\/2025\/09\/Sweco-Belgium-Architecture-tHuis-29-1536x1022.jpg 1536w, https:\/\/www.swecobelgium.be\/wp-content\/uploads\/sites\/12\/2025\/09\/Sweco-Belgium-Architecture-tHuis-29-2048x1363.jpg 2048w, https:\/\/www.swecobelgium.be\/wp-content\/uploads\/sites\/12\/2025\/09\/Sweco-Belgium-Architecture-tHuis-29-520x346.jpg 520w, https:\/\/www.swecobelgium.be\/wp-content\/uploads\/sites\/12\/2025\/09\/Sweco-Belgium-Architecture-tHuis-29-800x532.jpg 800w, https:\/\/www.swecobelgium.be\/wp-content\/uploads\/sites\/12\/2025\/09\/Sweco-Belgium-Architecture-tHuis-29-451x300.jpg 451w, https:\/\/www.swecobelgium.be\/wp-content\/uploads\/sites\/12\/2025\/09\/Sweco-Belgium-Architecture-tHuis-29-676x450.jpg 676w, https:\/\/www.swecobelgium.be\/wp-content\/uploads\/sites\/12\/2025\/09\/Sweco-Belgium-Architecture-tHuis-29-652x434.jpg 652w\" sizes=\"auto, (max-width: 6048px) 100vw, 6048px\" \/>\t\t\t\t\t\t\t\t<\/li>\n\t\t\t\t\t\t\t\t\t\t\t\t\t\t\t<li class=\"glide__slide\">\n\t\t\t\t\t\t\t\t\t<img loading=\"lazy\" decoding=\"async\" width=\"5656\" height=\"3763\" src=\"https:\/\/www.swecobelgium.be\/wp-content\/uploads\/sites\/12\/2025\/09\/Sweco-Belgium-Architecture-tHuis-28.jpg\" class=\"attachment-full size-full\" alt=\"\" srcset=\"https:\/\/www.swecobelgium.be\/wp-content\/uploads\/sites\/12\/2025\/09\/Sweco-Belgium-Architecture-tHuis-28.jpg 5656w, https:\/\/www.swecobelgium.be\/wp-content\/uploads\/sites\/12\/2025\/09\/Sweco-Belgium-Architecture-tHuis-28-200x133.jpg 200w, https:\/\/www.swecobelgium.be\/wp-content\/uploads\/sites\/12\/2025\/09\/Sweco-Belgium-Architecture-tHuis-28-768x511.jpg 768w, https:\/\/www.swecobelgium.be\/wp-content\/uploads\/sites\/12\/2025\/09\/Sweco-Belgium-Architecture-tHuis-28-1536x1022.jpg 1536w, https:\/\/www.swecobelgium.be\/wp-content\/uploads\/sites\/12\/2025\/09\/Sweco-Belgium-Architecture-tHuis-28-2048x1363.jpg 2048w, https:\/\/www.swecobelgium.be\/wp-content\/uploads\/sites\/12\/2025\/09\/Sweco-Belgium-Architecture-tHuis-28-520x346.jpg 520w, https:\/\/www.swecobelgium.be\/wp-content\/uploads\/sites\/12\/2025\/09\/Sweco-Belgium-Architecture-tHuis-28-800x532.jpg 800w, https:\/\/www.swecobelgium.be\/wp-content\/uploads\/sites\/12\/2025\/09\/Sweco-Belgium-Architecture-tHuis-28-451x300.jpg 451w, https:\/\/www.swecobelgium.be\/wp-content\/uploads\/sites\/12\/2025\/09\/Sweco-Belgium-Architecture-tHuis-28-676x450.jpg 676w, https:\/\/www.swecobelgium.be\/wp-content\/uploads\/sites\/12\/2025\/09\/Sweco-Belgium-Architecture-tHuis-28-652x434.jpg 652w\" sizes=\"auto, (max-width: 5656px) 100vw, 5656px\" \/>\t\t\t\t\t\t\t\t<\/li>\n\t\t\t\t\t\t\t\t\t\t\t\t\t\t\t<li class=\"glide__slide\">\n\t\t\t\t\t\t\t\t\t<img loading=\"lazy\" decoding=\"async\" width=\"5403\" height=\"3863\" src=\"https:\/\/www.swecobelgium.be\/wp-content\/uploads\/sites\/12\/2025\/09\/Sweco-Belgium-Architecture-tHuis-27.jpg\" class=\"attachment-full size-full\" alt=\"\" srcset=\"https:\/\/www.swecobelgium.be\/wp-content\/uploads\/sites\/12\/2025\/09\/Sweco-Belgium-Architecture-tHuis-27.jpg 5403w, https:\/\/www.swecobelgium.be\/wp-content\/uploads\/sites\/12\/2025\/09\/Sweco-Belgium-Architecture-tHuis-27-200x143.jpg 200w, https:\/\/www.swecobelgium.be\/wp-content\/uploads\/sites\/12\/2025\/09\/Sweco-Belgium-Architecture-tHuis-27-768x549.jpg 768w, https:\/\/www.swecobelgium.be\/wp-content\/uploads\/sites\/12\/2025\/09\/Sweco-Belgium-Architecture-tHuis-27-1536x1098.jpg 1536w, https:\/\/www.swecobelgium.be\/wp-content\/uploads\/sites\/12\/2025\/09\/Sweco-Belgium-Architecture-tHuis-27-2048x1464.jpg 2048w, https:\/\/www.swecobelgium.be\/wp-content\/uploads\/sites\/12\/2025\/09\/Sweco-Belgium-Architecture-tHuis-27-520x372.jpg 520w, https:\/\/www.swecobelgium.be\/wp-content\/uploads\/sites\/12\/2025\/09\/Sweco-Belgium-Architecture-tHuis-27-800x572.jpg 800w, https:\/\/www.swecobelgium.be\/wp-content\/uploads\/sites\/12\/2025\/09\/Sweco-Belgium-Architecture-tHuis-27-420x300.jpg 420w, https:\/\/www.swecobelgium.be\/wp-content\/uploads\/sites\/12\/2025\/09\/Sweco-Belgium-Architecture-tHuis-27-629x450.jpg 629w, https:\/\/www.swecobelgium.be\/wp-content\/uploads\/sites\/12\/2025\/09\/Sweco-Belgium-Architecture-tHuis-27-652x466.jpg 652w\" sizes=\"auto, (max-width: 5403px) 100vw, 5403px\" \/>\t\t\t\t\t\t\t\t<\/li>\n\t\t\t\t\t\t\t\t\t\t\t\t\t\t\t<li class=\"glide__slide\">\n\t\t\t\t\t\t\t\t\t<img loading=\"lazy\" decoding=\"async\" width=\"6048\" height=\"4024\" src=\"https:\/\/www.swecobelgium.be\/wp-content\/uploads\/sites\/12\/2025\/09\/Sweco-Belgium-Architecture-tHuis-26.jpg\" class=\"attachment-full size-full\" alt=\"\" srcset=\"https:\/\/www.swecobelgium.be\/wp-content\/uploads\/sites\/12\/2025\/09\/Sweco-Belgium-Architecture-tHuis-26.jpg 6048w, https:\/\/www.swecobelgium.be\/wp-content\/uploads\/sites\/12\/2025\/09\/Sweco-Belgium-Architecture-tHuis-26-200x133.jpg 200w, https:\/\/www.swecobelgium.be\/wp-content\/uploads\/sites\/12\/2025\/09\/Sweco-Belgium-Architecture-tHuis-26-768x511.jpg 768w, https:\/\/www.swecobelgium.be\/wp-content\/uploads\/sites\/12\/2025\/09\/Sweco-Belgium-Architecture-tHuis-26-1536x1022.jpg 1536w, https:\/\/www.swecobelgium.be\/wp-content\/uploads\/sites\/12\/2025\/09\/Sweco-Belgium-Architecture-tHuis-26-2048x1363.jpg 2048w, https:\/\/www.swecobelgium.be\/wp-content\/uploads\/sites\/12\/2025\/09\/Sweco-Belgium-Architecture-tHuis-26-520x346.jpg 520w, https:\/\/www.swecobelgium.be\/wp-content\/uploads\/sites\/12\/2025\/09\/Sweco-Belgium-Architecture-tHuis-26-800x532.jpg 800w, https:\/\/www.swecobelgium.be\/wp-content\/uploads\/sites\/12\/2025\/09\/Sweco-Belgium-Architecture-tHuis-26-451x300.jpg 451w, https:\/\/www.swecobelgium.be\/wp-content\/uploads\/sites\/12\/2025\/09\/Sweco-Belgium-Architecture-tHuis-26-676x450.jpg 676w, https:\/\/www.swecobelgium.be\/wp-content\/uploads\/sites\/12\/2025\/09\/Sweco-Belgium-Architecture-tHuis-26-652x434.jpg 652w\" sizes=\"auto, (max-width: 6048px) 100vw, 6048px\" \/>\t\t\t\t\t\t\t\t<\/li>\n\t\t\t\t\t\t\t\t\t\t\t\t\t\t\t<li class=\"glide__slide\">\n\t\t\t\t\t\t\t\t\t<img loading=\"lazy\" decoding=\"async\" width=\"6048\" height=\"4024\" src=\"https:\/\/www.swecobelgium.be\/wp-content\/uploads\/sites\/12\/2025\/09\/Sweco-Belgium-Architecture-tHuis-25.jpg\" class=\"attachment-full size-full\" alt=\"\" srcset=\"https:\/\/www.swecobelgium.be\/wp-content\/uploads\/sites\/12\/2025\/09\/Sweco-Belgium-Architecture-tHuis-25.jpg 6048w, https:\/\/www.swecobelgium.be\/wp-content\/uploads\/sites\/12\/2025\/09\/Sweco-Belgium-Architecture-tHuis-25-200x133.jpg 200w, https:\/\/www.swecobelgium.be\/wp-content\/uploads\/sites\/12\/2025\/09\/Sweco-Belgium-Architecture-tHuis-25-768x511.jpg 768w, https:\/\/www.swecobelgium.be\/wp-content\/uploads\/sites\/12\/2025\/09\/Sweco-Belgium-Architecture-tHuis-25-1536x1022.jpg 1536w, https:\/\/www.swecobelgium.be\/wp-content\/uploads\/sites\/12\/2025\/09\/Sweco-Belgium-Architecture-tHuis-25-2048x1363.jpg 2048w, https:\/\/www.swecobelgium.be\/wp-content\/uploads\/sites\/12\/2025\/09\/Sweco-Belgium-Architecture-tHuis-25-520x346.jpg 520w, https:\/\/www.swecobelgium.be\/wp-content\/uploads\/sites\/12\/2025\/09\/Sweco-Belgium-Architecture-tHuis-25-800x532.jpg 800w, https:\/\/www.swecobelgium.be\/wp-content\/uploads\/sites\/12\/2025\/09\/Sweco-Belgium-Architecture-tHuis-25-451x300.jpg 451w, https:\/\/www.swecobelgium.be\/wp-content\/uploads\/sites\/12\/2025\/09\/Sweco-Belgium-Architecture-tHuis-25-676x450.jpg 676w, https:\/\/www.swecobelgium.be\/wp-content\/uploads\/sites\/12\/2025\/09\/Sweco-Belgium-Architecture-tHuis-25-652x434.jpg 652w\" sizes=\"auto, (max-width: 6048px) 100vw, 6048px\" \/>\t\t\t\t\t\t\t\t<\/li>\n\t\t\t\t\t\t\t\t\t\t\t\t\t\t\t<li class=\"glide__slide\">\n\t\t\t\t\t\t\t\t\t<img loading=\"lazy\" decoding=\"async\" width=\"6048\" height=\"4024\" src=\"https:\/\/www.swecobelgium.be\/wp-content\/uploads\/sites\/12\/2025\/09\/Sweco-Belgium-Architecture-tHuis-24.jpg\" class=\"attachment-full size-full\" alt=\"\" srcset=\"https:\/\/www.swecobelgium.be\/wp-content\/uploads\/sites\/12\/2025\/09\/Sweco-Belgium-Architecture-tHuis-24.jpg 6048w, https:\/\/www.swecobelgium.be\/wp-content\/uploads\/sites\/12\/2025\/09\/Sweco-Belgium-Architecture-tHuis-24-200x133.jpg 200w, https:\/\/www.swecobelgium.be\/wp-content\/uploads\/sites\/12\/2025\/09\/Sweco-Belgium-Architecture-tHuis-24-768x511.jpg 768w, https:\/\/www.swecobelgium.be\/wp-content\/uploads\/sites\/12\/2025\/09\/Sweco-Belgium-Architecture-tHuis-24-1536x1022.jpg 1536w, https:\/\/www.swecobelgium.be\/wp-content\/uploads\/sites\/12\/2025\/09\/Sweco-Belgium-Architecture-tHuis-24-2048x1363.jpg 2048w, https:\/\/www.swecobelgium.be\/wp-content\/uploads\/sites\/12\/2025\/09\/Sweco-Belgium-Architecture-tHuis-24-520x346.jpg 520w, https:\/\/www.swecobelgium.be\/wp-content\/uploads\/sites\/12\/2025\/09\/Sweco-Belgium-Architecture-tHuis-24-800x532.jpg 800w, https:\/\/www.swecobelgium.be\/wp-content\/uploads\/sites\/12\/2025\/09\/Sweco-Belgium-Architecture-tHuis-24-451x300.jpg 451w, https:\/\/www.swecobelgium.be\/wp-content\/uploads\/sites\/12\/2025\/09\/Sweco-Belgium-Architecture-tHuis-24-676x450.jpg 676w, https:\/\/www.swecobelgium.be\/wp-content\/uploads\/sites\/12\/2025\/09\/Sweco-Belgium-Architecture-tHuis-24-652x434.jpg 652w\" sizes=\"auto, (max-width: 6048px) 100vw, 6048px\" \/>\t\t\t\t\t\t\t\t<\/li>\n\t\t\t\t\t\t\t\t\t\t\t\t\t\t\t<li class=\"glide__slide\">\n\t\t\t\t\t\t\t\t\t<img loading=\"lazy\" decoding=\"async\" width=\"6048\" height=\"4024\" src=\"https:\/\/www.swecobelgium.be\/wp-content\/uploads\/sites\/12\/2025\/09\/Sweco-Belgium-Architecture-tHuis-23.jpg\" class=\"attachment-full size-full\" alt=\"\" srcset=\"https:\/\/www.swecobelgium.be\/wp-content\/uploads\/sites\/12\/2025\/09\/Sweco-Belgium-Architecture-tHuis-23.jpg 6048w, https:\/\/www.swecobelgium.be\/wp-content\/uploads\/sites\/12\/2025\/09\/Sweco-Belgium-Architecture-tHuis-23-200x133.jpg 200w, https:\/\/www.swecobelgium.be\/wp-content\/uploads\/sites\/12\/2025\/09\/Sweco-Belgium-Architecture-tHuis-23-768x511.jpg 768w, https:\/\/www.swecobelgium.be\/wp-content\/uploads\/sites\/12\/2025\/09\/Sweco-Belgium-Architecture-tHuis-23-1536x1022.jpg 1536w, https:\/\/www.swecobelgium.be\/wp-content\/uploads\/sites\/12\/2025\/09\/Sweco-Belgium-Architecture-tHuis-23-2048x1363.jpg 2048w, https:\/\/www.swecobelgium.be\/wp-content\/uploads\/sites\/12\/2025\/09\/Sweco-Belgium-Architecture-tHuis-23-520x346.jpg 520w, https:\/\/www.swecobelgium.be\/wp-content\/uploads\/sites\/12\/2025\/09\/Sweco-Belgium-Architecture-tHuis-23-800x532.jpg 800w, https:\/\/www.swecobelgium.be\/wp-content\/uploads\/sites\/12\/2025\/09\/Sweco-Belgium-Architecture-tHuis-23-451x300.jpg 451w, https:\/\/www.swecobelgium.be\/wp-content\/uploads\/sites\/12\/2025\/09\/Sweco-Belgium-Architecture-tHuis-23-676x450.jpg 676w, https:\/\/www.swecobelgium.be\/wp-content\/uploads\/sites\/12\/2025\/09\/Sweco-Belgium-Architecture-tHuis-23-652x434.jpg 652w\" sizes=\"auto, (max-width: 6048px) 100vw, 6048px\" \/>\t\t\t\t\t\t\t\t<\/li>\n\t\t\t\t\t\t\t\t\t\t\t\t\t\t\t<li class=\"glide__slide\">\n\t\t\t\t\t\t\t\t\t<img loading=\"lazy\" decoding=\"async\" width=\"6048\" height=\"4024\" src=\"https:\/\/www.swecobelgium.be\/wp-content\/uploads\/sites\/12\/2025\/09\/Sweco-Belgium-Architecture-tHuis-22.jpg\" class=\"attachment-full size-full\" alt=\"\" srcset=\"https:\/\/www.swecobelgium.be\/wp-content\/uploads\/sites\/12\/2025\/09\/Sweco-Belgium-Architecture-tHuis-22.jpg 6048w, https:\/\/www.swecobelgium.be\/wp-content\/uploads\/sites\/12\/2025\/09\/Sweco-Belgium-Architecture-tHuis-22-200x133.jpg 200w, https:\/\/www.swecobelgium.be\/wp-content\/uploads\/sites\/12\/2025\/09\/Sweco-Belgium-Architecture-tHuis-22-768x511.jpg 768w, https:\/\/www.swecobelgium.be\/wp-content\/uploads\/sites\/12\/2025\/09\/Sweco-Belgium-Architecture-tHuis-22-1536x1022.jpg 1536w, https:\/\/www.swecobelgium.be\/wp-content\/uploads\/sites\/12\/2025\/09\/Sweco-Belgium-Architecture-tHuis-22-2048x1363.jpg 2048w, https:\/\/www.swecobelgium.be\/wp-content\/uploads\/sites\/12\/2025\/09\/Sweco-Belgium-Architecture-tHuis-22-520x346.jpg 520w, https:\/\/www.swecobelgium.be\/wp-content\/uploads\/sites\/12\/2025\/09\/Sweco-Belgium-Architecture-tHuis-22-800x532.jpg 800w, https:\/\/www.swecobelgium.be\/wp-content\/uploads\/sites\/12\/2025\/09\/Sweco-Belgium-Architecture-tHuis-22-451x300.jpg 451w, https:\/\/www.swecobelgium.be\/wp-content\/uploads\/sites\/12\/2025\/09\/Sweco-Belgium-Architecture-tHuis-22-676x450.jpg 676w, https:\/\/www.swecobelgium.be\/wp-content\/uploads\/sites\/12\/2025\/09\/Sweco-Belgium-Architecture-tHuis-22-652x434.jpg 652w\" sizes=\"auto, (max-width: 6048px) 100vw, 6048px\" \/>\t\t\t\t\t\t\t\t<\/li>\n\t\t\t\t\t\t\t\t\t\t\t\t\t\t\t<li class=\"glide__slide\">\n\t\t\t\t\t\t\t\t\t<img loading=\"lazy\" decoding=\"async\" width=\"5357\" height=\"3448\" src=\"https:\/\/www.swecobelgium.be\/wp-content\/uploads\/sites\/12\/2025\/09\/Sweco-Belgium-Architecture-tHuis-21.jpg\" class=\"attachment-full size-full\" alt=\"\" srcset=\"https:\/\/www.swecobelgium.be\/wp-content\/uploads\/sites\/12\/2025\/09\/Sweco-Belgium-Architecture-tHuis-21.jpg 5357w, https:\/\/www.swecobelgium.be\/wp-content\/uploads\/sites\/12\/2025\/09\/Sweco-Belgium-Architecture-tHuis-21-200x129.jpg 200w, https:\/\/www.swecobelgium.be\/wp-content\/uploads\/sites\/12\/2025\/09\/Sweco-Belgium-Architecture-tHuis-21-768x494.jpg 768w, https:\/\/www.swecobelgium.be\/wp-content\/uploads\/sites\/12\/2025\/09\/Sweco-Belgium-Architecture-tHuis-21-1536x989.jpg 1536w, https:\/\/www.swecobelgium.be\/wp-content\/uploads\/sites\/12\/2025\/09\/Sweco-Belgium-Architecture-tHuis-21-2048x1318.jpg 2048w, https:\/\/www.swecobelgium.be\/wp-content\/uploads\/sites\/12\/2025\/09\/Sweco-Belgium-Architecture-tHuis-21-520x335.jpg 520w, https:\/\/www.swecobelgium.be\/wp-content\/uploads\/sites\/12\/2025\/09\/Sweco-Belgium-Architecture-tHuis-21-800x515.jpg 800w, https:\/\/www.swecobelgium.be\/wp-content\/uploads\/sites\/12\/2025\/09\/Sweco-Belgium-Architecture-tHuis-21-466x300.jpg 466w, https:\/\/www.swecobelgium.be\/wp-content\/uploads\/sites\/12\/2025\/09\/Sweco-Belgium-Architecture-tHuis-21-699x450.jpg 699w, https:\/\/www.swecobelgium.be\/wp-content\/uploads\/sites\/12\/2025\/09\/Sweco-Belgium-Architecture-tHuis-21-652x420.jpg 652w\" sizes=\"auto, (max-width: 5357px) 100vw, 5357px\" \/>\t\t\t\t\t\t\t\t<\/li>\n\t\t\t\t\t\t\t\t\t\t\t\t\t<\/ul>\n\t\t\t\t\t\t<div class=\"glide__navigation\" data-glide-el=\"controls\">\n\t\t\t\t\t\t\t<div class=\"click-area-left\" data-glide-dir=\"&lt;\"><\/div>\n\t\t\t\t\t\t\t<div class=\"click-area-right\" data-glide-dir=\"&gt;\"><\/div>\n\t\t\t\t\t\t<\/div>\n\t\t\t\t\t<\/div>\n\n\t\t\t\t\t<div class=\"slide-meta\">\n\t\t\t\t\t\t<div class=\"glide__arrows\" data-glide-el=\"controls\">\n\t\t\t\t\t\t\t<button class=\"glide__arrow glide__arrow--left\" Previous slide data-glide-dir=\"&lt;\">\n\t\t\t\t\t\t\t\t<i class=\"icon icon-arrow-right\"><\/i>\n\t\t\t\t\t\t\t<\/button>\n\t\t\t\t\t\t\t<button class=\"glide__arrow glide__arrow--right\" aria-label=\"Next slide\" data-glide-dir=\"&gt;\">\n\t\t\t\t\t\t\t\t<i class=\"icon icon-arrow-right\"><\/i>\n\t\t\t\t\t\t\t<\/button>\n\t\t\t\t\t\t<\/div>\n\n\t\t\t\t\t\t\t\t\t\t\t\t\t<div class=\"glide__slide-counter\">\n\t\t\t\t\t\t\t\t<span class=\"glide__slide--current\">1<\/span> \/ 35\t\t\t\t\t\t\t<\/div>\n\t\t\t\t\t\t\n\t\t\t\t\t\t<div class=\"image-copyrights\">\n\t\t\t\t\t\t\t\t\t\t\t\t\t\t\t\t\t\t\t\t\t\t\t\t\t\t\t\t\t\t\t\t\t\t\t\t\t\t\t\t\t\t\t\t\t\t\t\t\t\t\t\t\t\t\t\t\t\t\t\t\t\t\t\t\t\t\t\t\t\t\t\t\t\t\t\t\t\t\t\t\t\t\t\t\t\t\t\t\t\t\t\t\t\t\t\t\t\t\t\t\t\t\t\t\t\t\t\t\t\t\t\t\t\t\t\t\t\t\t\t\t\t\t\t\t\t\t\t\t\t\t\t\t\t\t\t\t\t\t\t\t\t\t\t\t\t\t\t\t\t\t\t\t\t\t\t\t\t\t\t\t\t\t\t\t\t\t\t\t\t\t\t\t\t\t\t\t\t\t\t\t\t\t\t\t\t\t\t\t\t\t\t\t\t\t\t\t\t\t\t\t\t\t\t\t\t\t\t\t\t\t\t\t\t\t\t\t\t\t\t\t\t\t\t\t\t\t\t\t\t\t\t\t\t\t\t\t\t\t\t\t\t\t\t\t\t\t\t\t\t\t\t\t\t\t\t\t\t\t\t\t\t\t\t\t\t\t\t\t\t\t\t\t\t\t\t\t\t\t\t\t\t\t\t\t\t\t\t\t\t\t\t\t\t\t\t\t\t\t\t\t\t\t\t\t\t\t\t\t\t\t\t\t\t\t\t\t\t\t\t\t\t\t\t\t\t\t\t\t\t\t\t\t\t\t\t\t\t\t\t\t\t\t\t\t\t\t\t\t\t\t\t\t\t\t\t\t\t\t\t\t\t\t\t\t\t\t\t\t\t\t\t\t\t\t\t\t\t\t\t\t\t\t\t\t\t\t\t\t\t\t\t\t\t\t\t\t\t\t\t\t\t\t\t\t\t\t\t\t\t\t\t\t\t\t\t\t\t\t\t\t\t\t\t\t\t\t\t\t\t\t\t\t\t\t\t\t\t\t\t\t\t\t\t\t\t\t\t\t\t\t\t\t\t\t\t\t\t\t\t\t\t\t\t\t\t\t<\/div>\n\t\t\t\t\t<\/div>\n\n\t\t\t\t<\/div>\n\t\t\t<\/div>\n\t\t\t<\/div>\n<\/section>\n\n\n<section class=\"block cb block--lightgray\" >\n\t<div class=\"block__inner cb__inner cb__inner--one\">\n\t<div class=\"col--12 col--center col--wrapper\">\n\t\t<div class=\"col col--6 editor-content\">\n\t\t\t<h3>\u00c9quipe<\/h3>\n<ul>\n<li><strong>Stabilit\u00e9 :<\/strong> BM Engineering<\/li>\n<li><strong>Techniques :<\/strong> BM Engineering<\/li>\n<li><strong>PEB :<\/strong> Kubiek<\/li>\n<li><strong><a href=\"https:\/\/www.swecobelgium.be\/fr\/swecoarchitects\/\">Architecture<\/a> paysag\u00e8re :<\/strong> Omgeving<\/li>\n<li><strong>Entrepreneur g\u00e9n\u00e9ral :<\/strong> TM Stadsbader-EEG<\/li>\n<\/ul>\n\t\t<\/div>\n\t<\/div>\n<\/div>\n<\/section>\n\n\n<section class=\"block form-block block--lightgray\" id=\"contactez\">\n\t<div class=\"block__inner form-block__inner \">\n\n                    <div class=\"col--11 col--wrapper\">\n                                    <div class=\"col col--4 editor-content form-block__title\">\n                        <h3 class=\"h3 hyphenate\">Comment pouvons-nous vous aider ?<\/h3>                    <\/div>\n                    <div class=\"col--12 col\"><\/div>\n                \n                <div class=\"col col--4 editor-content\">\n                    Comment pouvons-nous aider votre entreprise ? Une \u00e9quipe d\u2019experts est pr\u00eate \u00e0 vous soutenir et \u00e0 voir comment nous pouvons vous aider avec votre demande. Lorsque vous soumettez ce formulaire, quelqu\u2019un de notre \u00e9quipe vous contactera. Ce formulaire est uniquement destin\u00e9 \u00e0 obtenir plus d\u2019informations sur nos solutions d\u2019entreprise Sweco.\r\n                <\/div>\n\n                <div class=\"col col--7\">\n                    <script type=\"text\/javascript\">\n\/* <![CDATA[ *\/\nvar gform;gform||(document.addEventListener(\"gform_main_scripts_loaded\",function(){gform.scriptsLoaded=!0}),document.addEventListener(\"gform\/theme\/scripts_loaded\",function(){gform.themeScriptsLoaded=!0}),window.addEventListener(\"DOMContentLoaded\",function(){gform.domLoaded=!0}),gform={domLoaded:!1,scriptsLoaded:!1,themeScriptsLoaded:!1,isFormEditor:()=>\"function\"==typeof InitializeEditor,callIfLoaded:function(o){return!(!gform.domLoaded||!gform.scriptsLoaded||!gform.themeScriptsLoaded&&!gform.isFormEditor()||(gform.isFormEditor()&&console.warn(\"The use of gform.initializeOnLoaded() is deprecated in the form editor context and will be removed in Gravity Forms 3.1.\"),o(),0))},initializeOnLoaded:function(o){gform.callIfLoaded(o)||(document.addEventListener(\"gform_main_scripts_loaded\",()=>{gform.scriptsLoaded=!0,gform.callIfLoaded(o)}),document.addEventListener(\"gform\/theme\/scripts_loaded\",()=>{gform.themeScriptsLoaded=!0,gform.callIfLoaded(o)}),window.addEventListener(\"DOMContentLoaded\",()=>{gform.domLoaded=!0,gform.callIfLoaded(o)}))},hooks:{action:{},filter:{}},addAction:function(o,r,e,t){gform.addHook(\"action\",o,r,e,t)},addFilter:function(o,r,e,t){gform.addHook(\"filter\",o,r,e,t)},doAction:function(o){gform.doHook(\"action\",o,arguments)},applyFilters:function(o){return gform.doHook(\"filter\",o,arguments)},removeAction:function(o,r){gform.removeHook(\"action\",o,r)},removeFilter:function(o,r,e){gform.removeHook(\"filter\",o,r,e)},addHook:function(o,r,e,t,n){null==gform.hooks[o][r]&&(gform.hooks[o][r]=[]);var d=gform.hooks[o][r];null==n&&(n=r+\"_\"+d.length),gform.hooks[o][r].push({tag:n,callable:e,priority:t=null==t?10:t})},doHook:function(r,o,e){var t;if(e=Array.prototype.slice.call(e,1),null!=gform.hooks[r][o]&&((o=gform.hooks[r][o]).sort(function(o,r){return o.priority-r.priority}),o.forEach(function(o){\"function\"!=typeof(t=o.callable)&&(t=window[t]),\"action\"==r?t.apply(null,e):e[0]=t.apply(null,e)})),\"filter\"==r)return e[0]},removeHook:function(o,r,t,n){var e;null!=gform.hooks[o][r]&&(e=(e=gform.hooks[o][r]).filter(function(o,r,e){return!!(null!=n&&n!=o.tag||null!=t&&t!=o.priority)}),gform.hooks[o][r]=e)}});\n\/* ]]> *\/\n<\/script>\n\n                <div class='gf_browser_gecko gform_wrapper gform_legacy_markup_wrapper gform-theme--no-framework' data-form-theme='legacy' data-form-index='0' id='gform_wrapper_19' ><form class=\"gform_analytics_tracking\" method='post' enctype='multipart\/form-data' target='gform_ajax_frame_19' id='gform_19'  action='\/fr\/wp-json\/wp\/v2\/showroom_cpt\/43103' data-formid='19' novalidate autocomplete=\"off\">\n                        <div class='gform-body gform_body'><ul id='gform_fields_19' class='gform_fields top_label form_sublabel_below description_below validation_below'><li id=\"field_19_17\" class=\"gfield gfield--type-honeypot gform_validation_container field_sublabel_below gfield--has-description field_description_below field_validation_below gfield_visibility_visible gform_honeypot\"  data-field-class=\"gform_honeypot\" ><label class='gfield_label gform-field-label' for='input_19_17'>Facebook<\/label><div class='ginput_container'><input autocomplete=\"off\"  name='input_17' id='input_19_17' type='text' value='' autocomplete='new-password'\/><\/div><div class='gfield_description' id='gfield_description_19_17'>Ce champ n\u2019est utilis\u00e9 qu\u2019\u00e0 des fins de validation et devrait rester inchang\u00e9.<\/div><\/li><li id=\"field_19_14\" class=\"gfield gfield--type-text gfield--input-type-text gfield--width-full gf_left_half gfield_contains_required field_sublabel_below gfield--no-description field_description_below field_validation_below gfield_visibility_visible gform_text\"  data-field-class=\"gform_text\" ><label class='gfield_label gform-field-label' for='input_19_14'>Pr\u00e9nom et nom<span class=\"gfield_required\"><span class=\"gfield_required gfield_required_asterisk\">*<\/span><\/span><\/label><div class='ginput_container ginput_container_text'><input autocomplete=\"off\"  name='input_14' id='input_19_14' type='text' value='' class='small'     aria-required=\"true\" aria-invalid=\"false\"   \/><\/div><\/li><li id=\"field_19_13\" class=\"gfield gfield--type-text gfield--input-type-text gfield--width-full gf_right_half gfield_contains_required field_sublabel_below gfield--no-description field_description_below field_validation_below gfield_visibility_visible gform_text\"  data-field-class=\"gform_text\" ><label class='gfield_label gform-field-label' for='input_19_13'>Entreprise<span class=\"gfield_required\"><span class=\"gfield_required gfield_required_asterisk\">*<\/span><\/span><\/label><div class='ginput_container ginput_container_text'><input autocomplete=\"off\"  name='input_13' id='input_19_13' type='text' value='' class='small'     aria-required=\"true\" aria-invalid=\"false\"   \/><\/div><\/li><li id=\"field_19_10\" class=\"gfield gfield--type-email gfield--input-type-email gfield--width-full gfield_contains_required field_sublabel_below gfield--no-description field_description_below field_validation_below gfield_visibility_visible gform_email\"  data-field-class=\"gform_email\" ><label class='gfield_label gform-field-label' for='input_19_10'>E-mail<span class=\"gfield_required\"><span class=\"gfield_required gfield_required_asterisk\">*<\/span><\/span><\/label><div class='ginput_container ginput_container_email'>\n                            <input autocomplete=\"off\"  name='input_10' id='input_19_10' type='email' value='' class='small'    aria-required=\"true\" aria-invalid=\"false\"  \/>\n                        <\/div><\/li><li id=\"field_19_11\" class=\"gfield gfield--type-phone gfield--input-type-phone gfield--width-full field_sublabel_below gfield--no-description field_description_below field_validation_below gfield_visibility_visible gform_phone\"  data-field-class=\"gform_phone\" ><label class='gfield_label gform-field-label' for='input_19_11'>Num\u00e9ro de t\u00e9l\u00e9phone<\/label><div class='ginput_container ginput_container_phone'><input autocomplete=\"off\"  name='input_11' id='input_19_11' type='tel' value='' class='small'    aria-invalid=\"false\"   \/><\/div><\/li><li id=\"field_19_8\" class=\"gfield gfield--type-textarea gfield--input-type-textarea gfield--width-full full expanding-textarea gfield_contains_required field_sublabel_below gfield--no-description field_description_below field_validation_below gfield_visibility_visible gform_textarea\"  data-field-class=\"gform_textarea\" ><label class='gfield_label gform-field-label' for='input_19_8'>Comment pouvons-nous vous aider ?<span class=\"gfield_required\"><span class=\"gfield_required gfield_required_asterisk\">*<\/span><\/span><\/label><div class='ginput_container ginput_container_textarea'><textarea autocomplete=\"off\"  name='input_8' id='input_19_8' class='textarea medium'     aria-required=\"true\" aria-invalid=\"false\"   rows='10' cols='50'><\/textarea><\/div><\/li><li id=\"field_19_15\" class=\"gfield gfield--type-fileupload gfield--input-type-fileupload gfield--width-full field_sublabel_below gfield--no-description field_description_below field_validation_below gfield_visibility_visible gform_fileupload\"  data-field-class=\"gform_fileupload\" ><label class='gfield_label gform-field-label' for='gform_browse_button_19_15'>Ajoutez des fichiers joints<\/label><div class='ginput_container ginput_container_fileupload'><div id='gform_multifile_upload_19_15' data-settings='{&quot;runtimes&quot;:&quot;html5,flash,html4&quot;,&quot;browse_button&quot;:&quot;gform_browse_button_19_15&quot;,&quot;container&quot;:&quot;gform_multifile_upload_19_15&quot;,&quot;drop_element&quot;:&quot;gform_drag_drop_area_19_15&quot;,&quot;filelist&quot;:&quot;gform_preview_19_15&quot;,&quot;unique_names&quot;:true,&quot;file_data_name&quot;:&quot;file&quot;,&quot;url&quot;:&quot;https:\\\/\\\/www.swecobelgium.be\\\/fr\\\/?gf_page=6e53c2b1b13add7&quot;,&quot;flash_swf_url&quot;:&quot;https:\\\/\\\/www.swecobelgium.be\\\/wp-includes\\\/js\\\/plupload\\\/plupload.flash.swf&quot;,&quot;silverlight_xap_url&quot;:&quot;https:\\\/\\\/www.swecobelgium.be\\\/wp-includes\\\/js\\\/plupload\\\/plupload.silverlight.xap&quot;,&quot;filters&quot;:{&quot;mime_types&quot;:[{&quot;title&quot;:&quot;Fichiers autoris\\u00e9s&quot;,&quot;extensions&quot;:&quot;*&quot;}],&quot;max_file_size&quot;:&quot;52224000b&quot;},&quot;multipart&quot;:true,&quot;urlstream_upload&quot;:false,&quot;multipart_params&quot;:{&quot;form_id&quot;:19,&quot;field_id&quot;:15,&quot;_gform_file_upload_nonce_19_15&quot;:&quot;f6a86b573f&quot;},&quot;gf_vars&quot;:{&quot;max_files&quot;:0,&quot;message_id&quot;:&quot;gform_multifile_messages_19_15&quot;,&quot;disallowed_extensions&quot;:[&quot;php&quot;,&quot;asp&quot;,&quot;aspx&quot;,&quot;cmd&quot;,&quot;csh&quot;,&quot;bat&quot;,&quot;html&quot;,&quot;htm&quot;,&quot;hta&quot;,&quot;jar&quot;,&quot;exe&quot;,&quot;com&quot;,&quot;js&quot;,&quot;lnk&quot;,&quot;htaccess&quot;,&quot;phar&quot;,&quot;phtml&quot;,&quot;ps1&quot;,&quot;ps2&quot;,&quot;php3&quot;,&quot;php4&quot;,&quot;php5&quot;,&quot;php6&quot;,&quot;py&quot;,&quot;rb&quot;,&quot;tmp&quot;]}}' class='gform_fileupload_multifile'>\n\t\t\t\t\t\t\t\t\t\t<div id='gform_drag_drop_area_19_15' class='gform_drop_area gform-theme-field-control'>\n\t\t\t\t\t\t\t\t\t\t\t<span class='gform_drop_instructions'>D\u00e9posez des fichiers ici ou <\/span>\n\t\t\t\t\t\t\t\t\t\t\t<button type='button' id='gform_browse_button_19_15' class='button gform_button_select_files gform-theme-button gform-theme-button--control' aria-describedby=\"gfield_upload_rules_19_15\"  >S\u00e9lectionner des fichiers<\/button>\n\t\t\t\t\t\t\t\t\t\t<\/div>\n\t\t\t\t\t\t\t\t\t<\/div><span class='gfield_description gform_fileupload_rules' id='gfield_upload_rules_19_15'>Taille max. des fichiers\u00a0: 50 MB.<\/span><ul class='validation_message--hidden-on-empty gform-ul-reset' id='gform_multifile_messages_19_15'><\/ul> <div id='gform_preview_19_15' class='ginput_preview_list'><\/div><\/div><\/li><li id=\"field_19_12\" class=\"gfield gfield--type-consent gfield--type-choice gfield--input-type-consent gfield--width-full gfield_contains_required field_sublabel_below gfield--no-description field_description_below field_validation_below gfield_visibility_visible gform_consent\"  data-field-class=\"gform_consent\" ><label class='gfield_label gform-field-label gfield_label_before_complex' >Consentement<span class=\"gfield_required\"><span class=\"gfield_required gfield_required_asterisk\">*<\/span><\/span><\/label><div class='ginput_container ginput_container_consent'><input autocomplete=\"off\"  name='input_12.1' id='input_19_12_1' type='checkbox' value='1'   aria-required=\"true\" aria-invalid=\"false\"   \/> <label class=\"gform-field-label gform-field-label--type-inline gfield_consent_label\" for='input_19_12_1' >En envoyant vos informations, vous marquez votre accord avec la politique en mati\u00e8re de protection de la vie priv\u00e9e de Sweco. <a href=\"https:\/\/www.swecobelgium.be\/fr\/privacy-notice\/\">Cliquez ici<\/a> pour en savoir plus sur la mani\u00e8re dont nous sauvegardons vos donn\u00e9es.<\/label><input autocomplete=\"off\"  type='hidden' name='input_12.2' value='En envoyant vos informations, vous marquez votre accord avec la politique en mati\u00e8re de protection de la vie priv\u00e9e de Sweco. &lt;a href=&quot;https:\/\/www.swecobelgium.be\/fr\/privacy-notice\/&quot;&gt;Cliquez ici&lt;\/a&gt; pour en savoir plus sur la mani\u00e8re dont nous sauvegardons vos donn\u00e9es.' class='gform_hidden' \/><input autocomplete=\"off\"  type='hidden' name='input_12.3' value='16' class='gform_hidden' \/><\/div><\/li><li id=\"field_19_16\" class=\"gfield gfield--type-checkbox gfield--type-choice gfield--input-type-checkbox gfield--width-full field_sublabel_below gfield--has-description field_description_below field_validation_below gfield_visibility_visible gform_checkbox\"  data-field-class=\"gform_checkbox\" ><label class='gfield_label gform-field-label gfield_label_before_complex' >Communications par e-mail<\/label><div class='ginput_container ginput_container_checkbox'><ul class='gfield_checkbox' id='input_19_16'><li class='gchoice gchoice_19_16_1'>\n\t\t\t\t\t\t\t\t<input autocomplete=\"off\"  class='gfield-choice-input' name='input_16.1' type='checkbox'  value='J\u2019autorise l\u2019envoi de communications par e-mail concernant des mises \u00e0 jour, services ou \u00e9v\u00e9nements pertinents.'  id='choice_19_16_1'   aria-describedby=\"gfield_description_19_16\"\/>\n\t\t\t\t\t\t\t\t<label for='choice_19_16_1' id='label_19_16_1' class='gform-field-label gform-field-label--type-inline'>J\u2019autorise l\u2019envoi de communications par e-mail concernant des mises \u00e0 jour, services ou \u00e9v\u00e9nements pertinents.<\/label>\n\t\t\t\t\t\t\t<\/li><\/ul><\/div><div class='gfield_description' id='gfield_description_19_16'>Vous pouvez retirer votre consentement \u00e0 tout moment via le lien de d\u00e9sinscription dans nos e-mails.<\/div><\/li><\/ul><\/div>\n        <div class='gform-footer gform_footer top_label'> <button class='btn btn__primary' id='gform_submit_button_19'><span>Envoyer<\/span><\/button> <input type='hidden' name='gform_ajax' value='form_id=19&amp;title=&amp;description=&amp;tabindex=0&amp;theme=legacy&amp;hash=fb82e8c340f9a833bcde1600c4755eed' \/>\n            <input type='hidden' class='gform_hidden' name='gform_submission_method' data-js='gform_submission_method_19' value='iframe' \/>\n            <input type='hidden' class='gform_hidden' name='gform_theme' data-js='gform_theme_19' id='gform_theme_19' value='legacy' \/>\n            <input type='hidden' class='gform_hidden' name='gform_style_settings' data-js='gform_style_settings_19' id='gform_style_settings_19' value='' \/>\n            <input type='hidden' class='gform_hidden' name='is_submit_19' value='1' \/>\n            <input type='hidden' class='gform_hidden' name='gform_submit' value='19' \/>\n            \n            <input type='hidden' class='gform_hidden' name='gform_unique_id' value='' \/>\n            <input type='hidden' class='gform_hidden' name='state_19' value='WyJ7XCIxMi4xXCI6XCI1YWFlZWZiNzU3NDE1NWIwNWU5MDY0MTFiNjFlZTRmYlwiLFwiMTIuMlwiOlwiOTBhMzRkZWNiMzRmYmU2MjM2Y2M2ZmZiZGIyM2MyYmFcIixcIjEyLjNcIjpcIjMwZjY3OGY4NzQyNGVjMThjYzU2YjlkNzNlOTM1NWIyXCIsXCIxNi4xXCI6XCJlNDA1ZWNkY2NhMjVkMWE5ODNiMjc4MWY5ZDMwMzJmYlwifSIsIjI2MTVjYmM0OTI2MGM3Y2M2OTZkMDJiZTkyNmYyMjgzIl0=' \/>\n            <input type='hidden' autocomplete='off' class='gform_hidden' name='gform_target_page_number_19' id='gform_target_page_number_19' value='0' \/>\n            <input type='hidden' autocomplete='off' class='gform_hidden' name='gform_source_page_number_19' id='gform_source_page_number_19' value='1' \/>\n            <input type='hidden' name='gform_field_values' value='' \/>\n            <input type='hidden' name='gform_uploaded_files' id='gform_uploaded_files_19' value='' \/>\n        <\/div>\n                        <\/form>\n                        <\/div>\n\t\t                <iframe style='display:none;width:0px;height:0px;' src='about:blank' name='gform_ajax_frame_19' id='gform_ajax_frame_19' title='Cette iframe contient la logique n\u00e9cessaire pour manipuler Gravity Forms avec Ajax.'><\/iframe>\n\t\t                <script type=\"text\/javascript\">\n\/* <![CDATA[ *\/\n gform.initializeOnLoaded( function() {gformInitSpinner( 19, 'https:\/\/www.swecobelgium.be\/wp-content\/themes\/sweco\/assets\/dist\/oval.svg', true );jQuery('#gform_ajax_frame_19').on('load',function(){var contents = jQuery(this).contents().find('*').html();var is_postback = contents.indexOf('GF_AJAX_POSTBACK') >= 0;if(!is_postback){return;}var form_content = jQuery(this).contents().find('#gform_wrapper_19');var is_confirmation = jQuery(this).contents().find('#gform_confirmation_wrapper_19').length > 0;var is_redirect = contents.indexOf('gformRedirect(){') >= 0;var is_form = form_content.length > 0 && ! is_redirect && ! is_confirmation;var mt = parseInt(jQuery('html').css('margin-top'), 10) + parseInt(jQuery('body').css('margin-top'), 10) + 100;if(is_form){jQuery('#gform_wrapper_19').html(form_content.html());if(form_content.hasClass('gform_validation_error')){jQuery('#gform_wrapper_19').addClass('gform_validation_error');} else {jQuery('#gform_wrapper_19').removeClass('gform_validation_error');}setTimeout( function() { \/* delay the scroll by 50 milliseconds to fix a bug in chrome *\/  }, 50 );if(window['gformInitDatepicker']) {gformInitDatepicker();}if(window['gformInitPriceFields']) {gformInitPriceFields();}var current_page = jQuery('#gform_source_page_number_19').val();gformInitSpinner( 19, 'https:\/\/www.swecobelgium.be\/wp-content\/themes\/sweco\/assets\/dist\/oval.svg', true );jQuery(document).trigger('gform_page_loaded', [19, current_page]);window['gf_submitting_19'] = false;}else if(!is_redirect){var confirmation_content = jQuery(this).contents().find('.GF_AJAX_POSTBACK').html();if(!confirmation_content){confirmation_content = contents;}jQuery('#gform_wrapper_19').replaceWith(confirmation_content);jQuery(document).trigger('gform_confirmation_loaded', [19]);window['gf_submitting_19'] = false;wp.a11y.speak(jQuery('#gform_confirmation_message_19').text());}else{jQuery('#gform_19').append(contents);if(window['gformRedirect']) {gformRedirect();}}jQuery(document).trigger(\"gform_pre_post_render\", [{ formId: \"19\", currentPage: \"current_page\", abort: function() { this.preventDefault(); } }]);        if (event && event.defaultPrevented) {                return;        }        const gformWrapperDiv = document.getElementById( \"gform_wrapper_19\" );        if ( gformWrapperDiv ) {            const visibilitySpan = document.createElement( \"span\" );            visibilitySpan.id = \"gform_visibility_test_19\";            gformWrapperDiv.insertAdjacentElement( \"afterend\", visibilitySpan );        }        const visibilityTestDiv = document.getElementById( \"gform_visibility_test_19\" );        let postRenderFired = false;        function triggerPostRender() {            if ( postRenderFired ) {                return;            }            postRenderFired = true;            gform.core.triggerPostRenderEvents( 19, current_page );            if ( visibilityTestDiv ) {                visibilityTestDiv.parentNode.removeChild( visibilityTestDiv );            }        }        function debounce( func, wait, immediate ) {            var timeout;            return function() {                var context = this, args = arguments;                var later = function() {                    timeout = null;                    if ( !immediate ) func.apply( context, args );                };                var callNow = immediate && !timeout;                clearTimeout( timeout );                timeout = setTimeout( later, wait );                if ( callNow ) func.apply( context, args );            };        }        const debouncedTriggerPostRender = debounce( function() {            triggerPostRender();        }, 200 );        if ( visibilityTestDiv && visibilityTestDiv.offsetParent === null ) {            const observer = new MutationObserver( ( mutations ) => {                mutations.forEach( ( mutation ) => {                    if ( mutation.type === 'attributes' && visibilityTestDiv.offsetParent !== null ) {                        debouncedTriggerPostRender();                        observer.disconnect();                    }                });            });            observer.observe( document.body, {                attributes: true,                childList: false,                subtree: true,                attributeFilter: [ 'style', 'class' ],            });        } else {            triggerPostRender();        }    } );} ); \n\/* ]]> *\/\n<\/script>\n                <\/div>\n            <\/div>\n        \n\t<\/div>\n<\/section>\n","protected":false},"excerpt":{"rendered":"","protected":false},"featured_media":42823,"template":"","showroom_cats":[193,9126,9250,9260],"showroom_expertise":[],"showroom_partners":[],"showroom_location":[],"showroom_client":[],"class_list":["post-43103","showroom_cpt","type-showroom_cpt","status-publish","has-post-thumbnail","hentry","showroom_cats-architecture","showroom_cats-sciences-de-la-vie-de-la-sante","showroom_cats-conception-cvc","showroom_cats-eia-et-permis"],"acf":[],"_links":{"self":[{"href":"https:\/\/www.swecobelgium.be\/fr\/wp-json\/wp\/v2\/showroom_cpt\/43103","targetHints":{"allow":["GET"]}}],"collection":[{"href":"https:\/\/www.swecobelgium.be\/fr\/wp-json\/wp\/v2\/showroom_cpt"}],"about":[{"href":"https:\/\/www.swecobelgium.be\/fr\/wp-json\/wp\/v2\/types\/showroom_cpt"}],"wp:featuredmedia":[{"embeddable":true,"href":"https:\/\/www.swecobelgium.be\/fr\/wp-json\/wp\/v2\/media\/42823"}],"wp:attachment":[{"href":"https:\/\/www.swecobelgium.be\/fr\/wp-json\/wp\/v2\/media?parent=43103"}],"wp:term":[{"taxonomy":"showroom_cats","embeddable":true,"href":"https:\/\/www.swecobelgium.be\/fr\/wp-json\/wp\/v2\/showroom_cats?post=43103"},{"taxonomy":"showroom_expertise","embeddable":true,"href":"https:\/\/www.swecobelgium.be\/fr\/wp-json\/wp\/v2\/showroom_expertise?post=43103"},{"taxonomy":"showroom_partners","embeddable":true,"href":"https:\/\/www.swecobelgium.be\/fr\/wp-json\/wp\/v2\/showroom_partners?post=43103"},{"taxonomy":"showroom_location","embeddable":true,"href":"https:\/\/www.swecobelgium.be\/fr\/wp-json\/wp\/v2\/showroom_location?post=43103"},{"taxonomy":"showroom_client","embeddable":true,"href":"https:\/\/www.swecobelgium.be\/fr\/wp-json\/wp\/v2\/showroom_client?post=43103"}],"curies":[{"name":"wp","href":"https:\/\/api.w.org\/{rel}","templated":true}]}}