{"id":48634,"date":"2026-03-04T10:33:39","date_gmt":"2026-03-04T09:33:39","guid":{"rendered":"https:\/\/www.swecobelgium.be\/?post_type=showroom_cpt&#038;p=48634"},"modified":"2026-03-12T14:04:08","modified_gmt":"2026-03-12T13:04:08","slug":"un-paysage-urbain-ouvert-pour-le-groupe-de-soins-myna","status":"publish","type":"showroom_cpt","link":"https:\/\/www.swecobelgium.be\/fr\/projets\/un-paysage-urbain-ouvert-pour-le-groupe-de-soins-myna\/","title":{"rendered":"Un paysage urbain ouvert pour le groupe de soins\u00a0Myna\u00a0"},"content":{"rendered":"<section class=\"block fwmb\" >\n\t<div class=\"block__inner editor-content fwmb__inner fwmb__inner--right fwmb__inner--image\">\n\n        <div class=\"fwmb__media col col-12\">\n\t\t\t<img loading=\"lazy\" decoding=\"async\" width=\"1680\" height=\"560\" src=\"https:\/\/www.swecobelgium.be\/wp-content\/uploads\/sites\/12\/2026\/02\/00-asster-opgewerkt-beeld-1680x560.jpg\" class=\"attachment-fwmb-image size-fwmb-image\" alt=\"Myna\" \/>\t\t<\/div>\n\n        \n        \n\t<\/div>\n<\/section>\n\n<section class=\"block architects-intro block--white\" >\n\t<div class=\"block__inner architects-intro__inner\">\n\t\t<div class=\"col--11 col--start col--wrapper editor-content\">\n\t\t\t\t\t\t\t<div class=\"col col--5\">\n                    <p class=\"architect-special hyphenate\">Expertisegebied<\/p>\n\t\t\t\t\t<h1 class=\"h1 hyphenate\">Myna, un campus de soins ouvert <\/h1>\t\t\t\t<\/div>\n\t\t\t\n\t\t\t\t\t\t\t<div class=\"col col--4 push--1\">\n\t\t\t\t\t\t\t\t\t\t<p><p><span data-contrast=\"auto\">Les \u00e9tablissements de soins psychiatriques portent souvent une histoire lourde : domaines ferm\u00e9s, hauts murs et distance marqu\u00e9e avec la soci\u00e9t\u00e9. Myna souhaite r\u00e9solument laisser cette image derri\u00e8re elle. \u00c0 terme, le Campus Melveren sera abandonn\u00e9 et l\u2019ensemble des activit\u00e9s sera transf\u00e9r\u00e9 vers le Campus Stad (Ziekeren), juste au sud du centre de Saint-Trond. L\u2019objectif est d\u2019y cr\u00e9er un environnement de soins ouvert, chaleureux et int\u00e9gr\u00e9 \u00e0 la ville. Non plus une enclave, mais un lieu o\u00f9 patients, collaborateurs, riverains et visiteurs peuvent se rencontrer.<\/span><span data-ccp-props=\"{&quot;134233117&quot;:false,&quot;134233118&quot;:false,&quot;335551550&quot;:0,&quot;335551620&quot;:0,&quot;335559738&quot;:240,&quot;335559739&quot;:240}\">\u00a0<\/span><\/p>\n<p><span data-contrast=\"auto\">Sweco accompagne cette transformation au moyen d\u2019un masterplan renouvel\u00e9 qui s\u2019appuie sur les visions ant\u00e9rieures tout en les adaptant aux connaissances actuelles en mati\u00e8re de soins, d\u2019urbanisme et de <a href=\"https:\/\/www.swecobelgium.be\/fr\/durabilite\/\">durabilit\u00e9<\/a>. Une ambition claire est au c\u0153ur du projet : le campus doit non seulement s\u2019am\u00e9liorer sur le plan fonctionnel, mais aussi acqu\u00e9rir une nouvelle identit\u00e9 en phase avec la vision ouverte et orient\u00e9e vers le r\u00e9tablissement de Myna.<\/span><span data-ccp-props=\"{&quot;134233117&quot;:false,&quot;134233118&quot;:false,&quot;335551550&quot;:0,&quot;335551620&quot;:0,&quot;335559738&quot;:240,&quot;335559739&quot;:240}\">\u00a0<\/span><\/p>\n<\/p>\n\t\t\t\t\t\t\t\t\t<\/div>\n\t\t\t\n            \t\t<\/div>\n\t<\/div>\n<\/section>\n\n\n<section class=\"block block--lightgray arc-facts\" >\n\t<div class=\"block__inner arc-facts__inner\">\n\t\t<div class=\"col--11 col--wrapper col--end editor-content\">\n\t\t\t\n            <dl class=\"items col col--12\">\n                                    <dt class=\"item item--left\">Expertise:<\/dt>\n                    <dd class=\"item item--right\">Health &amp; life sciences<\/dd>\n                                    <dt class=\"item item--left\">Client<\/dt>\n                    <dd class=\"item item--right\">Broeders van Liefde vzw<\/dd>\n                                    <dt class=\"item item--left\">Localisation<\/dt>\n                    <dd class=\"item item--right\">Saint-Trond<\/dd>\n                                    <dt class=\"item item--left\">P\u00e9rim\u00e8tre Sweco<\/dt>\n                    <dd class=\"item item--right\"><a href=\"https:\/\/www.swecobelgium.be\/fr\/services\/masterplanning\/\">Masterplanning<\/a>, <a href=\"https:\/\/www.swecobelgium.be\/fr\/swecoarchitects\/\">architecture<\/a>, <a href=\"https:\/\/www.swecobelgium.be\/fr\/swecoarchitects\/\">architecture<\/a> int\u00e9rieure, stabilit\u00e9, techniques sp\u00e9ciales, acoustique<\/dd>\n                                    <dt class=\"item item--left\">Partenaires<\/dt>\n                    <dd class=\"item item--right\">Conception paysag\u00e8re : Aad \u2014 EPB : Veto<\/dd>\n                            <\/dl>\n\n\t\t<\/div>\n\t<\/div>\n<\/section>\n\n\n<section class=\"block cb block--white\" >\n\t<div class=\"block__inner cb__inner cb__inner--one\">\n\t<div class=\"col--12 col--center col--wrapper\">\n\t\t<div class=\"col col--6 editor-content\">\n\t\t\t<h2>De\u00a0l\u2019institution\u00a0au\u00a0parc<\/h2>\n<p><span data-contrast=\"auto\">Aujourd\u2019hui, le campus existant est vaste, difficile \u00e0 lire et peu accueillant pour son environnement. Bien que la pr\u00e9sence de verdure soit importante, le domaine ne se vit pas comme un parc et manque de structure claire. Le masterplan part donc des qualit\u00e9s d\u00e9j\u00e0 pr\u00e9sentes, le paysage, les b\u00e2timents historiques et la proximit\u00e9 de la ville pour les renforcer en un ensemble coh\u00e9rent.<\/span><span data-ccp-props=\"{&quot;134233117&quot;:false,&quot;134233118&quot;:false,&quot;335551550&quot;:0,&quot;335551620&quot;:0,&quot;335559738&quot;:240,&quot;335559739&quot;:240}\">\u00a0<\/span><\/p>\n<p><span data-contrast=\"auto\">Le site est d\u00e9velopp\u00e9 comme un parc public accessible, faisant partie d\u2019un corridor vert plus large traversant le quartier de Sint-Pieter. Des chemins pi\u00e9tons et cyclables traversent le domaine, le trafic automobile est repouss\u00e9 vers les lisi\u00e8res et de nouvelles all\u00e9es arbor\u00e9es conf\u00e8rent au campus une structure lisible. Il en r\u00e9sulte un poumon vert qui agit non seulement de mani\u00e8re th\u00e9rapeutique pour les patients, mais constitue aussi un espace public pr\u00e9cieux pour le voisinage.<\/span><span data-ccp-props=\"{&quot;134233117&quot;:false,&quot;134233118&quot;:false,&quot;335551550&quot;:0,&quot;335551620&quot;:0,&quot;335559738&quot;:240,&quot;335559739&quot;:240}\">\u00a0<\/span><\/p>\n<h2>La\u00a0fronti\u00e8re\u00a0entre\u00a0soins\u00a0et\u00a0ville\u00a0s\u2019estompe<\/h2>\n<p><span data-contrast=\"auto\">L\u2019un des objectifs majeurs consiste \u00e0 rompre avec le caract\u00e8re ferm\u00e9 du site. Aujourd\u2019hui tourn\u00e9 vers lui-m\u00eame, le campus doit demain devenir une transition accueillante entre le site de soins et le quartier r\u00e9sidentiel. Cela passe notamment par la cr\u00e9ation d\u2019une nouvelle entr\u00e9e principale et par l\u2019ajout de fonctions publiques attractives \u00e9galement pour les visiteurs externes.<\/span><span data-ccp-props=\"{&quot;134233117&quot;:false,&quot;134233118&quot;:false,&quot;335551550&quot;:0,&quot;335551620&quot;:0,&quot;335559738&quot;:240,&quot;335559739&quot;:240}\">\u00a0<\/span><\/p>\n<p><span data-contrast=\"auto\">\u00c0 l\u2019entr\u00e9e, une place de rencontre fera office de charni\u00e8re entre la ville et le campus. Le rez-de-chauss\u00e9e du nouveau b\u00e2timent administratif accueillera un espace horeca de petite taille, permettant aux promeneurs, cyclistes et riverains d\u2019utiliser spontan\u00e9ment le site. Le campus deviendra ainsi une destination du quotidien plut\u00f4t qu\u2019un lieu fr\u00e9quent\u00e9 uniquement pour les soins.<\/span><span data-ccp-props=\"{&quot;134233117&quot;:false,&quot;134233118&quot;:false,&quot;335551550&quot;:0,&quot;335551620&quot;:0,&quot;335559738&quot;:240,&quot;335559739&quot;:240}\">\u00a0<\/span><\/p>\n\t\t<\/div>\n\t<\/div>\n<\/div>\n<\/section>\n\n\n<section class=\"block fwmb\" >\n\t<div class=\"block__inner editor-content fwmb__inner fwmb__inner--right fwmb__inner--image\">\n\n        <div class=\"fwmb__media col col-12\">\n\t\t\t<img loading=\"lazy\" decoding=\"async\" width=\"1024\" height=\"560\" src=\"https:\/\/www.swecobelgium.be\/wp-content\/uploads\/sites\/12\/2026\/02\/Add_a_lush_garden_with_flowers_and_grasses_in_the_patio_Add_some_adult_people_anjoying_the_greenery-092e4f9c-18ac-4afa-a2a5-36d8-1024x560.jpg\" class=\"attachment-fwmb-image size-fwmb-image\" alt=\"Myna\" \/>\t\t<\/div>\n\n        \n        \n\t<\/div>\n<\/section>\n\n<section class=\"block cb block--white\" >\n\t<div class=\"block__inner cb__inner cb__inner--one\">\n\t<div class=\"col--12 col--center col--wrapper\">\n\t\t<div class=\"col col--6 editor-content\">\n\t\t\t<blockquote>\n<figure><i class=\"icon icon-quote\"><\/i><\/figure>\n<p>Lorem ipsum dolor sit amet, consectetur adipiscing elit, sed do eiusmod tempor incididunt ut labore et dolore magna aliqua. Ut enim ad minim veniam, quis nostrud exercitation ullamco laboris nisi ut aliquip ex ea commodo consequat. Duis aute irure dolor in reprehenderit in voluptate velit esse cillum dolore eu fugiat nulla pariatur.<\/p><\/blockquote>\n<p><strong>Naam persoon<\/strong>, functietitel<\/p>\n\t\t<\/div>\n\t<\/div>\n<\/div>\n<\/section>\n\n\n<section class=\"block cb block--white\" >\n\t<div class=\"block__inner cb__inner cb__inner--one\">\n\t<div class=\"col--12 col--center col--wrapper\">\n\t\t<div class=\"col col--6 editor-content\">\n\t\t\t<h2>Un\u00a0c\u0153ur\u00a0identifiable\u00a0pour\u00a0un\u00a0site\u00a0\u00e9tendu<\/h2>\n<p><span data-contrast=\"auto\">Le campus actuel manque d\u2019un centre clair et d\u2019un point de rep\u00e8re. Le plan pr\u00e9voit donc un nouveau b\u00e2timent embl\u00e9matique regroupant l\u2019ensemble des services administratifs. Celui-ci marquera non seulement l\u2019entr\u00e9e principale, mais cr\u00e9era aussi un c\u0153ur reconnaissable pour l\u2019ensemble du site. Avec la place attenante, il formera un lieu d\u2019accueil, de rencontre et d\u2019activit\u00e9.<\/span><span data-ccp-props=\"{&quot;134233117&quot;:false,&quot;134233118&quot;:false,&quot;335551550&quot;:0,&quot;335551620&quot;:0,&quot;335559738&quot;:240,&quot;335559739&quot;:240}\">\u00a0<\/span><\/p>\n<p><span data-contrast=\"auto\">Par\u00a0ailleurs,\u00a0un\u00a0nouveau\u00a0b\u00e2timent\u00a0de\u00a0soins\u00a0destin\u00e9\u00a0\u00e0 la psychiatrie intensive sera\u00a0r\u00e9alis\u00e9\u00a0selon\u00a0les\u00a0normes\u00a0contemporaines.\u00a0Un\u00a0parking souterrain\u00a0lib\u00e9rera\u00a0l\u2019espace\u00a0en\u00a0surface\u00a0pour le\u00a0v\u00e9g\u00e9tal\u00a0et la\u00a0qualit\u00e9\u00a0de\u00a0s\u00e9jour,\u00a0tout\u00a0en\u00a0maintenant\u00a0l\u2019accessibilit\u00e9.<\/span><span data-ccp-props=\"{&quot;134233117&quot;:false,&quot;134233118&quot;:false,&quot;335551550&quot;:0,&quot;335551620&quot;:0,&quot;335559738&quot;:240,&quot;335559739&quot;:240}\">\u00a0<\/span><\/p>\n<h2>Le\u00a0patrimoine\u00a0comme\u00a0vecteur\u00a0d\u2019identit\u00e9<\/h2>\n<p><span data-contrast=\"auto\">Fait remarquable, le choix ne s\u2019est pas port\u00e9 sur un campus enti\u00e8rement neuf. Au contraire, plusieurs b\u00e2timents historiques seront conserv\u00e9s et recevront une nouvelle affectation. La chapelle et le monast\u00e8re seront r\u00e9nov\u00e9s et int\u00e9gr\u00e9s au nouvel ensemble, notamment comme espaces de conf\u00e9rence et de rencontre. En reliant ces b\u00e2timents aux constructions neuves, le campus exprimera \u00e0 la fois continuit\u00e9 et renouveau.<\/span><span data-ccp-props=\"{&quot;134233117&quot;:false,&quot;134233118&quot;:false,&quot;335551550&quot;:0,&quot;335551620&quot;:0,&quot;335559738&quot;:240,&quot;335559739&quot;:240}\">\u00a0<\/span><\/p>\n<p><span data-contrast=\"auto\">Cette approche renforce non seulement la qualit\u00e9 spatiale, mais aussi le lien avec l\u2019environnement. Les volumes historiques servent de rep\u00e8res dans le paysage urbain et conf\u00e8rent au campus une \u00e9chelle humaine.<\/span><span data-ccp-props=\"{&quot;134233117&quot;:false,&quot;134233118&quot;:false,&quot;335551550&quot;:0,&quot;335551620&quot;:0,&quot;335559738&quot;:240,&quot;335559739&quot;:240}\">\u00a0<\/span><\/p>\n<h2>Des\u00a0soins\u00a0sur\u00a0mesure\u00a0dans\u00a0un\u00a0cadre\u00a0domestique<\/h2>\n<p><span data-contrast=\"auto\">L\u2019organisation des soins \u00e9volue \u00e9galement. Les grands b\u00e2timents institutionnels c\u00e8dent la place \u00e0 des unit\u00e9s \u00e0 taille humaine, davantage en phase avec la vie quotidienne des patients. Les nouveaux volumes de soins sont con\u00e7us comme des pavillons dans le parc, souvent autour de patios offrant des espaces ext\u00e9rieurs s\u00fbrs et prot\u00e9g\u00e9s.<\/span><span data-ccp-props=\"{&quot;134233117&quot;:false,&quot;134233118&quot;:false,&quot;335551550&quot;:0,&quot;335551620&quot;:0,&quot;335559738&quot;:240,&quot;335559739&quot;:240}\">\u00a0<\/span><\/p>\n<p><span data-contrast=\"auto\">Chaque unit\u00e9 du nouveau b\u00e2timent des Services intensifs dispose de sa propre entr\u00e9e, cr\u00e9ant une image accueillante et accessible. Les diff\u00e9rentes unit\u00e9s sont reli\u00e9es entre elles par une \u00ab rue de soins \u00bb. Au centre du b\u00e2timent, une ICU (Intensive Care Unit) est pr\u00e9vue pour accueillir les nouveaux patients de mani\u00e8re plus domestique et non institutionnelle, avec un accompagnement individualis\u00e9. Il en r\u00e9sulte un environnement propice au calme, \u00e0 l\u2019intimit\u00e9 et au r\u00e9tablissement, tout en permettant au personnel de circuler efficacement entre les unit\u00e9s.<\/span><span data-ccp-props=\"{&quot;134233117&quot;:false,&quot;134233118&quot;:false,&quot;335551550&quot;:0,&quot;335551620&quot;:0,&quot;335559738&quot;:240,&quot;335559739&quot;:240}\">\u00a0<\/span><\/p>\n<p><span data-contrast=\"auto\">Cette <a href=\"https:\/\/www.swecobelgium.be\/fr\/swecoarchitects\/\">architecture<\/a> s\u2019inscrit dans la vision de Myna : offrir des soins en dialogue ouvert avec le patient et la soci\u00e9t\u00e9, dans une atmosph\u00e8re chaleureuse et engag\u00e9e.<\/span><span data-ccp-props=\"{&quot;134233117&quot;:false,&quot;134233118&quot;:false,&quot;335551550&quot;:0,&quot;335551620&quot;:0,&quot;335559738&quot;:240,&quot;335559739&quot;:240}\">\u00a0<\/span><\/p>\n\t\t<\/div>\n\t<\/div>\n<\/div>\n<\/section>\n\n\n<section class=\"block cb block--lightgray\" >\n\t<div class=\"block__inner cb__inner cb__inner--one\">\n\t<div class=\"col--12 col--center col--wrapper\">\n\t\t<div class=\"col col--6 editor-content\">\n\t\t\t<blockquote>\n<figure><i class=\"icon icon-quote\"><\/i><\/figure>\n<p>Ce projet est le r\u00e9sultat de notre collaboration constructive et exploratoire avec Myna. Nous avons b\u00e9n\u00e9fici\u00e9 d\u2019un large espace et de la confiance n\u00e9cessaires pour traduire les id\u00e9es du masterplan dans ce premier projet partiel. Le b\u00e2timent embl\u00e9matique regroupe toutes les fonctions g\u00e9n\u00e9rales du campus dans un volume compact et marquant, qui forme un ensemble \u00e9troitement li\u00e9 avec le b\u00e2timent existant du monast\u00e8re. Le b\u00e2timent de soins a \u00e9t\u00e9 con\u00e7u de mani\u00e8re tourn\u00e9e vers l\u2019avenir et flexible, les diff\u00e9rentes unit\u00e9s \u00e9tant intelligemment articul\u00e9es. Du point de vue de la vision des soins, il s\u2019agit de l\u2019un des premiers projets de nouvelle construction en <span class=\"hover:entity-accent entity-underline inline cursor-pointer align-baseline\"><span class=\"whitespace-normal\">Flandre<\/span><\/span> \u00e0 introduire un fonctionnement HIC (High &amp; Intensive Care). Cette approche met fortement l\u2019accent sur la s\u00e9curit\u00e9, la pr\u00e9vention et une prise en charge personnalis\u00e9e, centr\u00e9e sur le patient.<\/p><\/blockquote>\n<p><strong>Frederique Lievens<\/strong>, architect &#8211; Sweco architects<\/p>\n\t\t<\/div>\n\t<\/div>\n<\/div>\n<\/section>\n\n\n<section class=\"block fwmb\" >\n\t<div class=\"block__inner editor-content fwmb__inner fwmb__inner--right fwmb__inner--image\">\n\n        <div class=\"fwmb__media col col-12\">\n\t\t\t<img loading=\"lazy\" decoding=\"async\" width=\"1024\" height=\"560\" src=\"https:\/\/www.swecobelgium.be\/wp-content\/uploads\/sites\/12\/2026\/02\/Add_2_adult_people_walking_down_the_stairs_and_add_one_child_sitting_on_the_stair-ea5c0341-887d-4bc6-a59b-479bc01b1fdb-1024x560.jpg\" class=\"attachment-fwmb-image size-fwmb-image\" alt=\"Myna\" \/>\t\t<\/div>\n\n        \n        \n\t<\/div>\n<\/section>\n\n<section class=\"block cb block--white\" >\n\t<div class=\"block__inner cb__inner cb__inner--one\">\n\t<div class=\"col--12 col--center col--wrapper\">\n\t\t<div class=\"col col--6 editor-content\">\n\t\t\t<h2>P\u00e9rennit\u00e9\u00a0et\u00a0durabilit\u00e9<\/h2>\n<p><span data-contrast=\"auto\">La requalification offre aussi l\u2019opportunit\u00e9 de rendre le campus r\u00e9silient face au climat. Les nouveaux b\u00e2timents seront \u00e9quip\u00e9s de techniques durables telles que des pompes \u00e0 chaleur et des toitures v\u00e9g\u00e9talis\u00e9es, tandis que le paysage sera am\u00e9nag\u00e9 pour permettre l\u2019infiltration locale des eaux pluviales via des noues et des rev\u00eatements perm\u00e9ables. La v\u00e9g\u00e9tation existante sera pr\u00e9serv\u00e9e autant que possible et compl\u00e9t\u00e9e par de nouvelles plantations, renfor\u00e7ant la <a href=\"https:\/\/www.swecobelgium.be\/fr\/expertise\/resilience-climatique-nature\/\">biodiversit\u00e9<\/a> et le microclimat.<\/span><span data-ccp-props=\"{&quot;134233117&quot;:false,&quot;134233118&quot;:false,&quot;335551550&quot;:0,&quot;335551620&quot;:0,&quot;335559738&quot;:240,&quot;335559739&quot;:240}\">\u00a0<\/span><\/p>\n<h2>Une\u00a0vision\u00a0\u00e0 long\u00a0terme\u00a0pour les\u00a0soins\u00a0en\u00a0ville<\/h2>\n<p><span data-contrast=\"auto\">La transformation du Campus Stad n\u2019est pas un projet \u00e0 court terme, mais un processus phas\u00e9 s\u2019\u00e9tendant sur plusieurs d\u00e9cennies. Pas \u00e0 pas, le site \u00e9voluera vers un campus de soins ouvert, parfaitement int\u00e9gr\u00e9 au tissu urbain de Saint-Trond. En entrem\u00ealant soins, nature et espace public, il en r\u00e9sultera un lieu qui fonctionne non seulement pour les patients et le personnel, mais qui apporte aussi une r\u00e9elle valeur soci\u00e9tale.<\/span><span data-ccp-props=\"{&quot;134233117&quot;:false,&quot;134233118&quot;:false,&quot;335551550&quot;:0,&quot;335551620&quot;:0,&quot;335559738&quot;:240,&quot;335559739&quot;:240}\">\u00a0<\/span><\/p>\n<p><span data-contrast=\"auto\">Le projet montre comment le <a href=\"https:\/\/www.swecobelgium.be\/fr\/services\/masterplanning\/\">masterplanning<\/a> contemporain peut contribuer \u00e0 la d\u00e9stigmatisation des <a href=\"https:\/\/www.swecobelgium.be\/fr\/expertise\/sciences-de-la-vie-de-la-sante\/\">soins de sant\u00e9<\/a> mentale et \u00e0 la cr\u00e9ation d\u2019environnements urbains inclusifs. Le campus deviendra ainsi non seulement un lieu de traitement, mais aussi une composante de la vie quotidienne en ville un environnement o\u00f9 le r\u00e9tablissement, la rencontre et la communaut\u00e9 occupent une place centrale.<\/span><span data-ccp-props=\"{&quot;134233117&quot;:false,&quot;134233118&quot;:false,&quot;335551550&quot;:0,&quot;335551620&quot;:0,&quot;335559738&quot;:240,&quot;335559739&quot;:240}\">\u00a0<\/span><\/p>\n\t\t<\/div>\n\t<\/div>\n<\/div>\n<\/section>\n\n\n<section class=\"block form-block block--lightgray\" id=\"contacteer\">\n\t<div class=\"block__inner form-block__inner \">\n\n                    <div class=\"col--11 col--wrapper\">\n                                    <div class=\"col col--4 editor-content form-block__title\">\n                        <h3 class=\"h3 hyphenate\">Hoe kunnen we je helpen?<\/h3>                    <\/div>\n                    <div class=\"col--12 col\"><\/div>\n                \n                <div class=\"col col--4 editor-content\">\n                    Hoe kunnen wij je bedrijf helpen? Een team van experts staat voor je klaar om te zien hoe wij je kunnen helpen met je vraag. Bij het indienen van dit formulier zal iemand van ons team contact met je opnemen. Dit formulier is alleen bedoeld voor meer informatie over onze Sweco bedrijfsoplossingen.\r\n                <\/div>\n\n                <div class=\"col col--7\">\n                    <script type=\"text\/javascript\">\n\/* <![CDATA[ *\/\nvar gform;gform||(document.addEventListener(\"gform_main_scripts_loaded\",function(){gform.scriptsLoaded=!0}),document.addEventListener(\"gform\/theme\/scripts_loaded\",function(){gform.themeScriptsLoaded=!0}),window.addEventListener(\"DOMContentLoaded\",function(){gform.domLoaded=!0}),gform={domLoaded:!1,scriptsLoaded:!1,themeScriptsLoaded:!1,isFormEditor:()=>\"function\"==typeof InitializeEditor,callIfLoaded:function(o){return!(!gform.domLoaded||!gform.scriptsLoaded||!gform.themeScriptsLoaded&&!gform.isFormEditor()||(gform.isFormEditor()&&console.warn(\"The use of gform.initializeOnLoaded() is deprecated in the form editor context and will be removed in Gravity Forms 3.1.\"),o(),0))},initializeOnLoaded:function(o){gform.callIfLoaded(o)||(document.addEventListener(\"gform_main_scripts_loaded\",()=>{gform.scriptsLoaded=!0,gform.callIfLoaded(o)}),document.addEventListener(\"gform\/theme\/scripts_loaded\",()=>{gform.themeScriptsLoaded=!0,gform.callIfLoaded(o)}),window.addEventListener(\"DOMContentLoaded\",()=>{gform.domLoaded=!0,gform.callIfLoaded(o)}))},hooks:{action:{},filter:{}},addAction:function(o,r,e,t){gform.addHook(\"action\",o,r,e,t)},addFilter:function(o,r,e,t){gform.addHook(\"filter\",o,r,e,t)},doAction:function(o){gform.doHook(\"action\",o,arguments)},applyFilters:function(o){return gform.doHook(\"filter\",o,arguments)},removeAction:function(o,r){gform.removeHook(\"action\",o,r)},removeFilter:function(o,r,e){gform.removeHook(\"filter\",o,r,e)},addHook:function(o,r,e,t,n){null==gform.hooks[o][r]&&(gform.hooks[o][r]=[]);var d=gform.hooks[o][r];null==n&&(n=r+\"_\"+d.length),gform.hooks[o][r].push({tag:n,callable:e,priority:t=null==t?10:t})},doHook:function(r,o,e){var t;if(e=Array.prototype.slice.call(e,1),null!=gform.hooks[r][o]&&((o=gform.hooks[r][o]).sort(function(o,r){return o.priority-r.priority}),o.forEach(function(o){\"function\"!=typeof(t=o.callable)&&(t=window[t]),\"action\"==r?t.apply(null,e):e[0]=t.apply(null,e)})),\"filter\"==r)return e[0]},removeHook:function(o,r,t,n){var e;null!=gform.hooks[o][r]&&(e=(e=gform.hooks[o][r]).filter(function(o,r,e){return!!(null!=n&&n!=o.tag||null!=t&&t!=o.priority)}),gform.hooks[o][r]=e)}});\n\/* ]]> *\/\n<\/script>\n\n                <div class='gf_browser_gecko gform_wrapper gform_legacy_markup_wrapper gform-theme--no-framework' data-form-theme='legacy' data-form-index='0' id='gform_wrapper_19' ><form class=\"gform_analytics_tracking\" method='post' enctype='multipart\/form-data' target='gform_ajax_frame_19' id='gform_19'  action='\/fr\/wp-json\/wp\/v2\/showroom_cpt\/48634' data-formid='19' novalidate autocomplete=\"off\">\n                        <div class='gform-body gform_body'><ul id='gform_fields_19' class='gform_fields top_label form_sublabel_below description_below validation_below'><li id=\"field_19_17\" class=\"gfield gfield--type-honeypot gform_validation_container field_sublabel_below gfield--has-description field_description_below field_validation_below gfield_visibility_visible gform_honeypot\"  data-field-class=\"gform_honeypot\" ><label class='gfield_label gform-field-label' for='input_19_17'>URL<\/label><div class='ginput_container'><input autocomplete=\"off\"  name='input_17' id='input_19_17' type='text' value='' autocomplete='new-password'\/><\/div><div class='gfield_description' id='gfield_description_19_17'>Ce champ n\u2019est utilis\u00e9 qu\u2019\u00e0 des fins de validation et devrait rester inchang\u00e9.<\/div><\/li><li id=\"field_19_14\" class=\"gfield gfield--type-text gfield--input-type-text gfield--width-full gf_left_half gfield_contains_required field_sublabel_below gfield--no-description field_description_below field_validation_below gfield_visibility_visible gform_text\"  data-field-class=\"gform_text\" ><label class='gfield_label gform-field-label' for='input_19_14'>Pr\u00e9nom et nom<span class=\"gfield_required\"><span class=\"gfield_required gfield_required_asterisk\">*<\/span><\/span><\/label><div class='ginput_container ginput_container_text'><input autocomplete=\"off\"  name='input_14' id='input_19_14' type='text' value='' class='small'     aria-required=\"true\" aria-invalid=\"false\"   \/><\/div><\/li><li id=\"field_19_13\" class=\"gfield gfield--type-text gfield--input-type-text gfield--width-full gf_right_half gfield_contains_required field_sublabel_below gfield--no-description field_description_below field_validation_below gfield_visibility_visible gform_text\"  data-field-class=\"gform_text\" ><label class='gfield_label gform-field-label' for='input_19_13'>Entreprise<span class=\"gfield_required\"><span class=\"gfield_required gfield_required_asterisk\">*<\/span><\/span><\/label><div class='ginput_container ginput_container_text'><input autocomplete=\"off\"  name='input_13' id='input_19_13' type='text' value='' class='small'     aria-required=\"true\" aria-invalid=\"false\"   \/><\/div><\/li><li id=\"field_19_10\" class=\"gfield gfield--type-email gfield--input-type-email gfield--width-full gfield_contains_required field_sublabel_below gfield--no-description field_description_below field_validation_below gfield_visibility_visible gform_email\"  data-field-class=\"gform_email\" ><label class='gfield_label gform-field-label' for='input_19_10'>E-mail<span class=\"gfield_required\"><span class=\"gfield_required gfield_required_asterisk\">*<\/span><\/span><\/label><div class='ginput_container ginput_container_email'>\n                            <input autocomplete=\"off\"  name='input_10' id='input_19_10' type='email' value='' class='small'    aria-required=\"true\" aria-invalid=\"false\"  \/>\n                        <\/div><\/li><li id=\"field_19_11\" class=\"gfield gfield--type-phone gfield--input-type-phone gfield--width-full field_sublabel_below gfield--no-description field_description_below field_validation_below gfield_visibility_visible gform_phone\"  data-field-class=\"gform_phone\" ><label class='gfield_label gform-field-label' for='input_19_11'>Num\u00e9ro de t\u00e9l\u00e9phone<\/label><div class='ginput_container ginput_container_phone'><input autocomplete=\"off\"  name='input_11' id='input_19_11' type='tel' value='' class='small'    aria-invalid=\"false\"   \/><\/div><\/li><li id=\"field_19_8\" class=\"gfield gfield--type-textarea gfield--input-type-textarea gfield--width-full full expanding-textarea gfield_contains_required field_sublabel_below gfield--no-description field_description_below field_validation_below gfield_visibility_visible gform_textarea\"  data-field-class=\"gform_textarea\" ><label class='gfield_label gform-field-label' for='input_19_8'>Comment pouvons-nous vous aider ?<span class=\"gfield_required\"><span class=\"gfield_required gfield_required_asterisk\">*<\/span><\/span><\/label><div class='ginput_container ginput_container_textarea'><textarea autocomplete=\"off\"  name='input_8' id='input_19_8' class='textarea medium'     aria-required=\"true\" aria-invalid=\"false\"   rows='10' cols='50'><\/textarea><\/div><\/li><li id=\"field_19_15\" class=\"gfield gfield--type-fileupload gfield--input-type-fileupload gfield--width-full field_sublabel_below gfield--no-description field_description_below field_validation_below gfield_visibility_visible gform_fileupload\"  data-field-class=\"gform_fileupload\" ><label class='gfield_label gform-field-label' for='gform_browse_button_19_15'>Ajoutez des fichiers joints<\/label><div class='ginput_container ginput_container_fileupload'><div id='gform_multifile_upload_19_15' data-settings='{&quot;runtimes&quot;:&quot;html5,flash,html4&quot;,&quot;browse_button&quot;:&quot;gform_browse_button_19_15&quot;,&quot;container&quot;:&quot;gform_multifile_upload_19_15&quot;,&quot;drop_element&quot;:&quot;gform_drag_drop_area_19_15&quot;,&quot;filelist&quot;:&quot;gform_preview_19_15&quot;,&quot;unique_names&quot;:true,&quot;file_data_name&quot;:&quot;file&quot;,&quot;url&quot;:&quot;https:\\\/\\\/www.swecobelgium.be\\\/fr\\\/?gf_page=6e53c2b1b13add7&quot;,&quot;flash_swf_url&quot;:&quot;https:\\\/\\\/www.swecobelgium.be\\\/wp-includes\\\/js\\\/plupload\\\/plupload.flash.swf&quot;,&quot;silverlight_xap_url&quot;:&quot;https:\\\/\\\/www.swecobelgium.be\\\/wp-includes\\\/js\\\/plupload\\\/plupload.silverlight.xap&quot;,&quot;filters&quot;:{&quot;mime_types&quot;:[{&quot;title&quot;:&quot;Fichiers autoris\\u00e9s&quot;,&quot;extensions&quot;:&quot;*&quot;}],&quot;max_file_size&quot;:&quot;52224000b&quot;},&quot;multipart&quot;:true,&quot;urlstream_upload&quot;:false,&quot;multipart_params&quot;:{&quot;form_id&quot;:19,&quot;field_id&quot;:15,&quot;_gform_file_upload_nonce_19_15&quot;:&quot;48c5233abd&quot;},&quot;gf_vars&quot;:{&quot;max_files&quot;:0,&quot;message_id&quot;:&quot;gform_multifile_messages_19_15&quot;,&quot;disallowed_extensions&quot;:[&quot;php&quot;,&quot;asp&quot;,&quot;aspx&quot;,&quot;cmd&quot;,&quot;csh&quot;,&quot;bat&quot;,&quot;html&quot;,&quot;htm&quot;,&quot;hta&quot;,&quot;jar&quot;,&quot;exe&quot;,&quot;com&quot;,&quot;js&quot;,&quot;lnk&quot;,&quot;htaccess&quot;,&quot;phar&quot;,&quot;phtml&quot;,&quot;ps1&quot;,&quot;ps2&quot;,&quot;php3&quot;,&quot;php4&quot;,&quot;php5&quot;,&quot;php6&quot;,&quot;py&quot;,&quot;rb&quot;,&quot;tmp&quot;]}}' class='gform_fileupload_multifile'>\n\t\t\t\t\t\t\t\t\t\t<div id='gform_drag_drop_area_19_15' class='gform_drop_area gform-theme-field-control'>\n\t\t\t\t\t\t\t\t\t\t\t<span class='gform_drop_instructions'>D\u00e9posez des fichiers ici ou <\/span>\n\t\t\t\t\t\t\t\t\t\t\t<button type='button' id='gform_browse_button_19_15' class='button gform_button_select_files gform-theme-button gform-theme-button--control' aria-describedby=\"gfield_upload_rules_19_15\"  >S\u00e9lectionner des fichiers<\/button>\n\t\t\t\t\t\t\t\t\t\t<\/div>\n\t\t\t\t\t\t\t\t\t<\/div><span class='gfield_description gform_fileupload_rules' id='gfield_upload_rules_19_15'>Taille max. des fichiers\u00a0: 50 MB.<\/span><ul class='validation_message--hidden-on-empty gform-ul-reset' id='gform_multifile_messages_19_15'><\/ul> <div id='gform_preview_19_15' class='ginput_preview_list'><\/div><\/div><\/li><li id=\"field_19_12\" class=\"gfield gfield--type-consent gfield--type-choice gfield--input-type-consent gfield--width-full gfield_contains_required field_sublabel_below gfield--no-description field_description_below field_validation_below gfield_visibility_visible gform_consent\"  data-field-class=\"gform_consent\" ><label class='gfield_label gform-field-label gfield_label_before_complex' >Consentement<span class=\"gfield_required\"><span class=\"gfield_required gfield_required_asterisk\">*<\/span><\/span><\/label><div class='ginput_container ginput_container_consent'><input autocomplete=\"off\"  name='input_12.1' id='input_19_12_1' type='checkbox' value='1'   aria-required=\"true\" aria-invalid=\"false\"   \/> <label class=\"gform-field-label gform-field-label--type-inline gfield_consent_label\" for='input_19_12_1' >En envoyant vos informations, vous marquez votre accord avec la politique en mati\u00e8re de protection de la vie priv\u00e9e de Sweco. <a href=\"https:\/\/www.swecobelgium.be\/fr\/privacy-notice\/\">Cliquez ici<\/a> pour en savoir plus sur la mani\u00e8re dont nous sauvegardons vos donn\u00e9es.<\/label><input autocomplete=\"off\"  type='hidden' name='input_12.2' value='En envoyant vos informations, vous marquez votre accord avec la politique en mati\u00e8re de protection de la vie priv\u00e9e de Sweco. &lt;a href=&quot;https:\/\/www.swecobelgium.be\/fr\/privacy-notice\/&quot;&gt;Cliquez ici&lt;\/a&gt; pour en savoir plus sur la mani\u00e8re dont nous sauvegardons vos donn\u00e9es.' class='gform_hidden' \/><input autocomplete=\"off\"  type='hidden' name='input_12.3' value='16' class='gform_hidden' \/><\/div><\/li><li id=\"field_19_16\" class=\"gfield gfield--type-checkbox gfield--type-choice gfield--input-type-checkbox gfield--width-full field_sublabel_below gfield--has-description field_description_below field_validation_below gfield_visibility_visible gform_checkbox\"  data-field-class=\"gform_checkbox\" ><label class='gfield_label gform-field-label gfield_label_before_complex' >Communications par e-mail<\/label><div class='ginput_container ginput_container_checkbox'><ul class='gfield_checkbox' id='input_19_16'><li class='gchoice gchoice_19_16_1'>\n\t\t\t\t\t\t\t\t<input autocomplete=\"off\"  class='gfield-choice-input' name='input_16.1' type='checkbox'  value='J\u2019autorise l\u2019envoi de communications par e-mail concernant des mises \u00e0 jour, services ou \u00e9v\u00e9nements pertinents.'  id='choice_19_16_1'   aria-describedby=\"gfield_description_19_16\"\/>\n\t\t\t\t\t\t\t\t<label for='choice_19_16_1' id='label_19_16_1' class='gform-field-label gform-field-label--type-inline'>J\u2019autorise l\u2019envoi de communications par e-mail concernant des mises \u00e0 jour, services ou \u00e9v\u00e9nements pertinents.<\/label>\n\t\t\t\t\t\t\t<\/li><\/ul><\/div><div class='gfield_description' id='gfield_description_19_16'>Vous pouvez retirer votre consentement \u00e0 tout moment via le lien de d\u00e9sinscription dans nos e-mails.<\/div><\/li><\/ul><\/div>\n        <div class='gform-footer gform_footer top_label'> <button class='btn btn__primary' id='gform_submit_button_19'><span>Envoyer<\/span><\/button> <input type='hidden' name='gform_ajax' value='form_id=19&amp;title=&amp;description=&amp;tabindex=0&amp;theme=legacy&amp;hash=fb82e8c340f9a833bcde1600c4755eed' \/>\n            <input type='hidden' class='gform_hidden' name='gform_submission_method' data-js='gform_submission_method_19' value='iframe' \/>\n            <input type='hidden' class='gform_hidden' name='gform_theme' data-js='gform_theme_19' id='gform_theme_19' value='legacy' \/>\n            <input type='hidden' class='gform_hidden' name='gform_style_settings' data-js='gform_style_settings_19' id='gform_style_settings_19' value='' \/>\n            <input type='hidden' class='gform_hidden' name='is_submit_19' value='1' \/>\n            <input type='hidden' class='gform_hidden' name='gform_submit' value='19' \/>\n            \n            <input type='hidden' class='gform_hidden' name='gform_unique_id' value='' \/>\n            <input type='hidden' class='gform_hidden' name='state_19' value='WyJ7XCIxMi4xXCI6XCI1YWFlZWZiNzU3NDE1NWIwNWU5MDY0MTFiNjFlZTRmYlwiLFwiMTIuMlwiOlwiOTBhMzRkZWNiMzRmYmU2MjM2Y2M2ZmZiZGIyM2MyYmFcIixcIjEyLjNcIjpcIjMwZjY3OGY4NzQyNGVjMThjYzU2YjlkNzNlOTM1NWIyXCIsXCIxNi4xXCI6XCJlNDA1ZWNkY2NhMjVkMWE5ODNiMjc4MWY5ZDMwMzJmYlwifSIsIjI2MTVjYmM0OTI2MGM3Y2M2OTZkMDJiZTkyNmYyMjgzIl0=' \/>\n            <input type='hidden' autocomplete='off' class='gform_hidden' name='gform_target_page_number_19' id='gform_target_page_number_19' value='0' \/>\n            <input type='hidden' autocomplete='off' class='gform_hidden' name='gform_source_page_number_19' id='gform_source_page_number_19' value='1' \/>\n            <input type='hidden' name='gform_field_values' value='' \/>\n            <input type='hidden' name='gform_uploaded_files' id='gform_uploaded_files_19' value='' \/>\n        <\/div>\n                        <\/form>\n                        <\/div>\n\t\t                <iframe style='display:none;width:0px;height:0px;' src='about:blank' name='gform_ajax_frame_19' id='gform_ajax_frame_19' title='Cette iframe contient la logique n\u00e9cessaire pour manipuler Gravity Forms avec Ajax.'><\/iframe>\n\t\t                <script type=\"text\/javascript\">\n\/* <![CDATA[ *\/\n gform.initializeOnLoaded( function() {gformInitSpinner( 19, 'https:\/\/www.swecobelgium.be\/wp-content\/themes\/sweco\/assets\/dist\/oval.svg', true );jQuery('#gform_ajax_frame_19').on('load',function(){var contents = jQuery(this).contents().find('*').html();var is_postback = contents.indexOf('GF_AJAX_POSTBACK') >= 0;if(!is_postback){return;}var form_content = jQuery(this).contents().find('#gform_wrapper_19');var is_confirmation = jQuery(this).contents().find('#gform_confirmation_wrapper_19').length > 0;var is_redirect = contents.indexOf('gformRedirect(){') >= 0;var is_form = form_content.length > 0 && ! is_redirect && ! is_confirmation;var mt = parseInt(jQuery('html').css('margin-top'), 10) + parseInt(jQuery('body').css('margin-top'), 10) + 100;if(is_form){jQuery('#gform_wrapper_19').html(form_content.html());if(form_content.hasClass('gform_validation_error')){jQuery('#gform_wrapper_19').addClass('gform_validation_error');} else {jQuery('#gform_wrapper_19').removeClass('gform_validation_error');}setTimeout( function() { \/* delay the scroll by 50 milliseconds to fix a bug in chrome *\/  }, 50 );if(window['gformInitDatepicker']) {gformInitDatepicker();}if(window['gformInitPriceFields']) {gformInitPriceFields();}var current_page = jQuery('#gform_source_page_number_19').val();gformInitSpinner( 19, 'https:\/\/www.swecobelgium.be\/wp-content\/themes\/sweco\/assets\/dist\/oval.svg', true );jQuery(document).trigger('gform_page_loaded', [19, current_page]);window['gf_submitting_19'] = false;}else if(!is_redirect){var confirmation_content = jQuery(this).contents().find('.GF_AJAX_POSTBACK').html();if(!confirmation_content){confirmation_content = contents;}jQuery('#gform_wrapper_19').replaceWith(confirmation_content);jQuery(document).trigger('gform_confirmation_loaded', [19]);window['gf_submitting_19'] = false;wp.a11y.speak(jQuery('#gform_confirmation_message_19').text());}else{jQuery('#gform_19').append(contents);if(window['gformRedirect']) {gformRedirect();}}jQuery(document).trigger(\"gform_pre_post_render\", [{ formId: \"19\", currentPage: \"current_page\", abort: function() { this.preventDefault(); } }]);        if (event && event.defaultPrevented) {                return;        }        const gformWrapperDiv = document.getElementById( \"gform_wrapper_19\" );        if ( gformWrapperDiv ) {            const visibilitySpan = document.createElement( \"span\" );            visibilitySpan.id = \"gform_visibility_test_19\";            gformWrapperDiv.insertAdjacentElement( \"afterend\", visibilitySpan );        }        const visibilityTestDiv = document.getElementById( \"gform_visibility_test_19\" );        let postRenderFired = false;        function triggerPostRender() {            if ( postRenderFired ) {                return;            }            postRenderFired = true;            gform.core.triggerPostRenderEvents( 19, current_page );            if ( visibilityTestDiv ) {                visibilityTestDiv.parentNode.removeChild( visibilityTestDiv );            }        }        function debounce( func, wait, immediate ) {            var timeout;            return function() {                var context = this, args = arguments;                var later = function() {                    timeout = null;                    if ( !immediate ) func.apply( context, args );                };                var callNow = immediate && !timeout;                clearTimeout( timeout );                timeout = setTimeout( later, wait );                if ( callNow ) func.apply( context, args );            };        }        const debouncedTriggerPostRender = debounce( function() {            triggerPostRender();        }, 200 );        if ( visibilityTestDiv && visibilityTestDiv.offsetParent === null ) {            const observer = new MutationObserver( ( mutations ) => {                mutations.forEach( ( mutation ) => {                    if ( mutation.type === 'attributes' && visibilityTestDiv.offsetParent !== null ) {                        debouncedTriggerPostRender();                        observer.disconnect();                    }                });            });            observer.observe( document.body, {                attributes: true,                childList: false,                subtree: true,                attributeFilter: [ 'style', 'class' ],            });        } else {            triggerPostRender();        }    } );} ); \n\/* ]]> *\/\n<\/script>\n                <\/div>\n            <\/div>\n        \n\t<\/div>\n<\/section>\n","protected":false},"excerpt":{"rendered":"","protected":false},"featured_media":48635,"template":"","showroom_cats":[9126],"showroom_expertise":[9661],"showroom_partners":[],"showroom_location":[],"showroom_client":[],"class_list":["post-48634","showroom_cpt","type-showroom_cpt","status-publish","has-post-thumbnail","hentry","showroom_cats-sciences-de-la-vie-de-la-sante","showroom_expertise-health-life-sciences"],"acf":[],"_links":{"self":[{"href":"https:\/\/www.swecobelgium.be\/fr\/wp-json\/wp\/v2\/showroom_cpt\/48634","targetHints":{"allow":["GET"]}}],"collection":[{"href":"https:\/\/www.swecobelgium.be\/fr\/wp-json\/wp\/v2\/showroom_cpt"}],"about":[{"href":"https:\/\/www.swecobelgium.be\/fr\/wp-json\/wp\/v2\/types\/showroom_cpt"}],"wp:featuredmedia":[{"embeddable":true,"href":"https:\/\/www.swecobelgium.be\/fr\/wp-json\/wp\/v2\/media\/48635"}],"wp:attachment":[{"href":"https:\/\/www.swecobelgium.be\/fr\/wp-json\/wp\/v2\/media?parent=48634"}],"wp:term":[{"taxonomy":"showroom_cats","embeddable":true,"href":"https:\/\/www.swecobelgium.be\/fr\/wp-json\/wp\/v2\/showroom_cats?post=48634"},{"taxonomy":"showroom_expertise","embeddable":true,"href":"https:\/\/www.swecobelgium.be\/fr\/wp-json\/wp\/v2\/showroom_expertise?post=48634"},{"taxonomy":"showroom_partners","embeddable":true,"href":"https:\/\/www.swecobelgium.be\/fr\/wp-json\/wp\/v2\/showroom_partners?post=48634"},{"taxonomy":"showroom_location","embeddable":true,"href":"https:\/\/www.swecobelgium.be\/fr\/wp-json\/wp\/v2\/showroom_location?post=48634"},{"taxonomy":"showroom_client","embeddable":true,"href":"https:\/\/www.swecobelgium.be\/fr\/wp-json\/wp\/v2\/showroom_client?post=48634"}],"curies":[{"name":"wp","href":"https:\/\/api.w.org\/{rel}","templated":true}]}}