{"id":49014,"date":"2026-03-11T08:45:02","date_gmt":"2026-03-11T07:45:02","guid":{"rendered":"https:\/\/www.swecobelgium.be\/?post_type=showroom_cpt&#038;p=49014"},"modified":"2026-03-11T08:47:02","modified_gmt":"2026-03-11T07:47:02","slug":"maison-de-repos-h-catharina-un-foyer-chaleureux-a-zonhoven","status":"publish","type":"showroom_cpt","link":"https:\/\/www.swecobelgium.be\/fr\/projets\/maison-de-repos-h-catharina-un-foyer-chaleureux-a-zonhoven\/","title":{"rendered":"Maison de repos H. Catharina : un foyer chaleureux \u00e0 Zonhoven"},"content":{"rendered":"<section class=\"block fwmb\" >\n\t<div class=\"block__inner editor-content fwmb__inner fwmb__inner--right fwmb__inner--image\">\n\n        <div class=\"fwmb__media col col-12\">\n\t\t\t<img loading=\"lazy\" decoding=\"async\" width=\"1680\" height=\"560\" src=\"https:\/\/www.swecobelgium.be\/wp-content\/uploads\/sites\/12\/2026\/03\/\u00a9fayepynaert_zonhoven_woonzorg_202508_001-10-1680x560.jpg\" class=\"attachment-fwmb-image size-fwmb-image\" alt=\"Woonzorgcentrum H. Catharina: een warme thuis in Zonhoven\" \/>\t\t<\/div>\n\n        \n        \n\t<\/div>\n<\/section>\n\n<section class=\"block architects-intro block--white\" >\n\t<div class=\"block__inner architects-intro__inner\">\n\t\t<div class=\"col--11 col--start col--wrapper editor-content\">\n\t\t\t\t\t\t\t<div class=\"col col--5\">\n                    <p class=\"architect-special hyphenate\">Healthcare<\/p>\n\t\t\t\t\t<h1 class=\"h1 hyphenate\">Maison de repos H. Catharina : un foyer chaleureux \u00e0 Zonhoven<\/h1>\t\t\t\t<\/div>\n\t\t\t\n\t\t\t\t\t\t\t<div class=\"col col--4 push--1\">\n\t\t\t\t\t\t\t\t\t\t<p><p>\u00c0 c\u00f4t\u00e9 de l\u2019ancien monast\u00e8re, la Maison de repos H. Catharina s\u2019est dot\u00e9e d\u2019un tout nouveau b\u00e2timent qui rapproche les soins, le village et la communaut\u00e9. Le campus enti\u00e8rement renouvel\u00e9 est devenu un lieu ouvert et accueillant, o\u00f9 r\u00e9sidents, visiteurs et riverains se rencontrent naturellement. La convivialit\u00e9, la chaleur et la qualit\u00e9 de vie ont servi de fil conducteur pour cette r\u00e9alisation tourn\u00e9e vers l\u2019avenir.<\/p>\n<\/p>\n\t\t\t\t\t\t\t\t\t<\/div>\n\t\t\t\n            \t\t<\/div>\n\t<\/div>\n<\/section>\n\n\n<section class=\"block block--lightgray arc-facts\" >\n\t<div class=\"block__inner arc-facts__inner\">\n\t\t<div class=\"col--11 col--wrapper col--end editor-content\">\n\t\t\t\n            <dl class=\"items col col--12\">\n                                    <dt class=\"item item--left\">Expertise:<\/dt>\n                    <dd class=\"item item--right\">Health &amp; life sciences, High-performance buildings<\/dd>\n                                    <dt class=\"item item--left\">Client<\/dt>\n                    <dd class=\"item item--right\">vzw Christelijke woon-en zorgcentra<\/dd>\n                                    <dt class=\"item item--left\">Lieu<\/dt>\n                    <dd class=\"item item--right\">Zonhoven<\/dd>\n                                    <dt class=\"item item--left\">Services<\/dt>\n                    <dd class=\"item item--right\"><a href=\"https:\/\/www.swecobelgium.be\/fr\/swecoarchitects\/\">architecture<\/a>, stabilit\u00e9, infrastructures, techniques sp\u00e9ciales, design int\u00e9rieur<\/dd>\n                                    <dt class=\"item item--left\">Partenaires<\/dt>\n                    <dd class=\"item item--right\">Heedfeld, Willemen Bouw<\/dd>\n                                    <dt class=\"item item--left\">Architecte<\/dt>\n                    <dd class=\"item item--right\">Sweco Architects<\/dd>\n                            <\/dl>\n\n\t\t<\/div>\n\t<\/div>\n<\/section>\n\n\n<section class=\"block cb block--white\" >\n\t<div class=\"block__inner cb__inner cb__inner--one\">\n\t<div class=\"col--12 col--center col--wrapper\">\n\t\t<div class=\"col col--6 editor-content\">\n\t\t\t<h2>Un masterplan qui redonne espace et qualit\u00e9 des soins<\/h2>\n<p>Sweco a \u00e9labor\u00e9 un masterplan qui a progressivement transform\u00e9 l\u2019ancienne enclave de soins en un p\u00f4le villageois dynamique. Le d\u00e9fi \u00e9tait de taille : d\u00e9velopper un concept de soins de haut niveau sur un site enti\u00e8rement construit. Gr\u00e2ce \u00e0 un phasage intelligent et \u00e0 une lib\u00e9ration strat\u00e9gique d\u2019espace, le campus s\u2019est rouvert vers le village, l\u2019\u00e9cole et le jardin int\u00e9rieur. R\u00e9sultat : un environnement perm\u00e9able et accueillant o\u00f9 soins et soci\u00e9t\u00e9 se renforcent mutuellement.<\/p>\n\t\t<\/div>\n\t<\/div>\n<\/div>\n<\/section>\n\n\n<section class=\"block block--white columns\" >\n\t<div class=\"block__inner columns__inner\">\n\t\t<div class=\"col--11 col--wrapper col--stretch\">\n\t\t\t\n\t\t\t\t\t\t\t<div class=\"columns__col col col--6\">\n\t\t\t\t\t<div class=\"editor-content columns__content columns__content--image\">\n\t\t\t\t\t\t<img loading=\"lazy\" decoding=\"async\" width=\"1969\" height=\"935\" src=\"https:\/\/www.swecobelgium.be\/wp-content\/uploads\/sites\/12\/2026\/03\/B119019_senior-zonhoven-hcatharina-169.jpeg\" class=\"attachment-full size-full\" alt=\"Woonzorgcentrum H. Catharina: een warme thuis in Zonhoven\" srcset=\"https:\/\/www.swecobelgium.be\/wp-content\/uploads\/sites\/12\/2026\/03\/B119019_senior-zonhoven-hcatharina-169.jpeg 1969w, https:\/\/www.swecobelgium.be\/wp-content\/uploads\/sites\/12\/2026\/03\/B119019_senior-zonhoven-hcatharina-169-200x95.jpeg 200w, https:\/\/www.swecobelgium.be\/wp-content\/uploads\/sites\/12\/2026\/03\/B119019_senior-zonhoven-hcatharina-169-768x365.jpeg 768w, https:\/\/www.swecobelgium.be\/wp-content\/uploads\/sites\/12\/2026\/03\/B119019_senior-zonhoven-hcatharina-169-1536x729.jpeg 1536w, https:\/\/www.swecobelgium.be\/wp-content\/uploads\/sites\/12\/2026\/03\/B119019_senior-zonhoven-hcatharina-169-520x247.jpeg 520w, https:\/\/www.swecobelgium.be\/wp-content\/uploads\/sites\/12\/2026\/03\/B119019_senior-zonhoven-hcatharina-169-800x380.jpeg 800w, https:\/\/www.swecobelgium.be\/wp-content\/uploads\/sites\/12\/2026\/03\/B119019_senior-zonhoven-hcatharina-169-632x300.jpeg 632w, https:\/\/www.swecobelgium.be\/wp-content\/uploads\/sites\/12\/2026\/03\/B119019_senior-zonhoven-hcatharina-169-948x450.jpeg 948w, https:\/\/www.swecobelgium.be\/wp-content\/uploads\/sites\/12\/2026\/03\/B119019_senior-zonhoven-hcatharina-169-652x310.jpeg 652w\" sizes=\"auto, (max-width: 1969px) 100vw, 1969px\" \/>\t\t\t\t\t<\/div>\n\t\t\t\t<\/div>\n\t\t\t\t\t\t\t<div class=\"columns__col col col--6\">\n\t\t\t\t\t<div class=\"editor-content columns__content columns__content--image\">\n\t\t\t\t\t\t<img loading=\"lazy\" decoding=\"async\" width=\"3840\" height=\"2528\" src=\"https:\/\/www.swecobelgium.be\/wp-content\/uploads\/sites\/12\/2026\/03\/View_4_Windmolenweg_.jpg\" class=\"attachment-full size-full\" alt=\"Woonzorgcentrum H. Catharina: een warme thuis in Zonhoven\" srcset=\"https:\/\/www.swecobelgium.be\/wp-content\/uploads\/sites\/12\/2026\/03\/View_4_Windmolenweg_.jpg 3840w, https:\/\/www.swecobelgium.be\/wp-content\/uploads\/sites\/12\/2026\/03\/View_4_Windmolenweg_-200x132.jpg 200w, https:\/\/www.swecobelgium.be\/wp-content\/uploads\/sites\/12\/2026\/03\/View_4_Windmolenweg_-768x506.jpg 768w, https:\/\/www.swecobelgium.be\/wp-content\/uploads\/sites\/12\/2026\/03\/View_4_Windmolenweg_-1536x1011.jpg 1536w, https:\/\/www.swecobelgium.be\/wp-content\/uploads\/sites\/12\/2026\/03\/View_4_Windmolenweg_-2048x1348.jpg 2048w, https:\/\/www.swecobelgium.be\/wp-content\/uploads\/sites\/12\/2026\/03\/View_4_Windmolenweg_-520x342.jpg 520w, https:\/\/www.swecobelgium.be\/wp-content\/uploads\/sites\/12\/2026\/03\/View_4_Windmolenweg_-800x527.jpg 800w, https:\/\/www.swecobelgium.be\/wp-content\/uploads\/sites\/12\/2026\/03\/View_4_Windmolenweg_-456x300.jpg 456w, https:\/\/www.swecobelgium.be\/wp-content\/uploads\/sites\/12\/2026\/03\/View_4_Windmolenweg_-684x450.jpg 684w, https:\/\/www.swecobelgium.be\/wp-content\/uploads\/sites\/12\/2026\/03\/View_4_Windmolenweg_-652x429.jpg 652w\" sizes=\"auto, (max-width: 3840px) 100vw, 3840px\" \/>\t\t\t\t\t<\/div>\n\t\t\t\t<\/div>\n\t\t\t\n\t\t<\/div>\n\t<\/div>\n<\/section>\n\n\n<section class=\"block cb block--white\" >\n\t<div class=\"block__inner cb__inner cb__inner--one\">\n\t<div class=\"col--12 col--center col--wrapper\">\n\t\t<div class=\"col col--6 editor-content\">\n\t\t\t<h2>Une architecture de soins \u00e0 \u00e9chelle humaine<\/h2>\n<p>Le nouveau b\u00e2timent rompt volontairement avec le caract\u00e8re massif de l\u2019infrastructure pr\u00e9c\u00e9dente. Les volumes en \u00e9toile, compos\u00e9s de petits groupes de vie, offrent aux r\u00e9sidents un lieu familier et chaleureux. Chaque groupe dispose de sa propre \u00ab petite place \u00bb : un espace de vie convivial o\u00f9 les voisins apprennent vraiment \u00e0 se conna\u00eetre.<\/p>\n<p>Les volumes sont orient\u00e9s vers la rue, l\u2019espace public et le jardin int\u00e9rieur, assurant une int\u00e9gration harmonieuse dans l\u2019\u00e9chelle du village. C\u00f4t\u00e9 \u00e9cole, une place d\u2019accueil a \u00e9t\u00e9 cr\u00e9\u00e9e, tandis que la tranquillit\u00e9 des logements-services existants a \u00e9t\u00e9 parfaitement pr\u00e9serv\u00e9e.<\/p>\n\t\t<\/div>\n\t<\/div>\n<\/div>\n<\/section>\n\n\n<section class=\"block fwmb\" >\n\t<div class=\"block__inner editor-content fwmb__inner fwmb__inner--right fwmb__inner--image\">\n\n        <div class=\"fwmb__media col col-12\">\n\t\t\t<img loading=\"lazy\" decoding=\"async\" width=\"1680\" height=\"560\" src=\"https:\/\/www.swecobelgium.be\/wp-content\/uploads\/sites\/12\/2026\/03\/\u00a9fayepynaert_zonhoven_woonzorg_202508_001-32-1680x560.jpg\" class=\"attachment-fwmb-image size-fwmb-image\" alt=\"Woonzorgcentrum H. Catharina: een warme thuis in Zonhoven\" \/>\t\t<\/div>\n\n        \n        \n\t<\/div>\n<\/section>\n\n<section class=\"block cb block--white\" >\n\t<div class=\"block__inner cb__inner cb__inner--one\">\n\t<div class=\"col--12 col--center col--wrapper\">\n\t\t<div class=\"col col--6 editor-content\">\n\t\t\t<h2>Un campus qui relie : soins, \u00e9cole et village<\/h2>\n<p>Le masterplan mise pleinement sur l\u2019int\u00e9gration dans l\u2019environnement. En repensant les flux de circulation, le c\u0153ur du site est devenu enti\u00e8rement apais\u00e9. Les voitures et la logistique circulent en p\u00e9riph\u00e9rie ; r\u00e9sidents, visiteurs et enfants se d\u00e9placent librement et en s\u00e9curit\u00e9 dans la zone centrale. La caf\u00e9t\u00e9ria et les salles polyvalentes ont \u00e9t\u00e9 rendues accessibles au quartier. Le centre de soins est ainsi devenu un \u00e9l\u00e9ment naturel de la vie sociale \u00e0 Zonhoven.<\/p>\n\t\t<\/div>\n\t<\/div>\n<\/div>\n<\/section>\n\n\n<section class=\"block block--white columns\" >\n\t<div class=\"block__inner columns__inner\">\n\t\t<div class=\"col--11 col--wrapper col--stretch\">\n\t\t\t\n\t\t\t\t\t\t\t<div class=\"columns__col col col--6\">\n\t\t\t\t\t<div class=\"editor-content columns__content columns__content--image\">\n\t\t\t\t\t\t<img loading=\"lazy\" decoding=\"async\" width=\"6000\" height=\"4000\" src=\"https:\/\/www.swecobelgium.be\/wp-content\/uploads\/sites\/12\/2026\/03\/\u00a9fayepynaert_zonhoven_woonzorg_202508_001-1.jpg\" class=\"attachment-full size-full\" alt=\"Woonzorgcentrum H. Catharina: een warme thuis in Zonhoven\" srcset=\"https:\/\/www.swecobelgium.be\/wp-content\/uploads\/sites\/12\/2026\/03\/\u00a9fayepynaert_zonhoven_woonzorg_202508_001-1.jpg 6000w, https:\/\/www.swecobelgium.be\/wp-content\/uploads\/sites\/12\/2026\/03\/\u00a9fayepynaert_zonhoven_woonzorg_202508_001-1-200x133.jpg 200w, https:\/\/www.swecobelgium.be\/wp-content\/uploads\/sites\/12\/2026\/03\/\u00a9fayepynaert_zonhoven_woonzorg_202508_001-1-768x512.jpg 768w, https:\/\/www.swecobelgium.be\/wp-content\/uploads\/sites\/12\/2026\/03\/\u00a9fayepynaert_zonhoven_woonzorg_202508_001-1-1536x1024.jpg 1536w, https:\/\/www.swecobelgium.be\/wp-content\/uploads\/sites\/12\/2026\/03\/\u00a9fayepynaert_zonhoven_woonzorg_202508_001-1-2048x1365.jpg 2048w, https:\/\/www.swecobelgium.be\/wp-content\/uploads\/sites\/12\/2026\/03\/\u00a9fayepynaert_zonhoven_woonzorg_202508_001-1-520x347.jpg 520w, https:\/\/www.swecobelgium.be\/wp-content\/uploads\/sites\/12\/2026\/03\/\u00a9fayepynaert_zonhoven_woonzorg_202508_001-1-800x533.jpg 800w, https:\/\/www.swecobelgium.be\/wp-content\/uploads\/sites\/12\/2026\/03\/\u00a9fayepynaert_zonhoven_woonzorg_202508_001-1-450x300.jpg 450w, https:\/\/www.swecobelgium.be\/wp-content\/uploads\/sites\/12\/2026\/03\/\u00a9fayepynaert_zonhoven_woonzorg_202508_001-1-675x450.jpg 675w, https:\/\/www.swecobelgium.be\/wp-content\/uploads\/sites\/12\/2026\/03\/\u00a9fayepynaert_zonhoven_woonzorg_202508_001-1-652x435.jpg 652w\" sizes=\"auto, (max-width: 6000px) 100vw, 6000px\" \/>\t\t\t\t\t<\/div>\n\t\t\t\t<\/div>\n\t\t\t\t\t\t\t<div class=\"columns__col col col--6\">\n\t\t\t\t\t<div class=\"editor-content columns__content columns__content--image\">\n\t\t\t\t\t\t<img loading=\"lazy\" decoding=\"async\" width=\"6000\" height=\"4000\" src=\"https:\/\/www.swecobelgium.be\/wp-content\/uploads\/sites\/12\/2026\/03\/\u00a9fayepynaert_zonhoven_woonzorg_202508_001-21.jpg\" class=\"attachment-full size-full\" alt=\"Woonzorgcentrum H. Catharina: een warme thuis in Zonhoven\" srcset=\"https:\/\/www.swecobelgium.be\/wp-content\/uploads\/sites\/12\/2026\/03\/\u00a9fayepynaert_zonhoven_woonzorg_202508_001-21.jpg 6000w, https:\/\/www.swecobelgium.be\/wp-content\/uploads\/sites\/12\/2026\/03\/\u00a9fayepynaert_zonhoven_woonzorg_202508_001-21-200x133.jpg 200w, https:\/\/www.swecobelgium.be\/wp-content\/uploads\/sites\/12\/2026\/03\/\u00a9fayepynaert_zonhoven_woonzorg_202508_001-21-768x512.jpg 768w, https:\/\/www.swecobelgium.be\/wp-content\/uploads\/sites\/12\/2026\/03\/\u00a9fayepynaert_zonhoven_woonzorg_202508_001-21-1536x1024.jpg 1536w, https:\/\/www.swecobelgium.be\/wp-content\/uploads\/sites\/12\/2026\/03\/\u00a9fayepynaert_zonhoven_woonzorg_202508_001-21-2048x1365.jpg 2048w, https:\/\/www.swecobelgium.be\/wp-content\/uploads\/sites\/12\/2026\/03\/\u00a9fayepynaert_zonhoven_woonzorg_202508_001-21-520x347.jpg 520w, https:\/\/www.swecobelgium.be\/wp-content\/uploads\/sites\/12\/2026\/03\/\u00a9fayepynaert_zonhoven_woonzorg_202508_001-21-800x533.jpg 800w, https:\/\/www.swecobelgium.be\/wp-content\/uploads\/sites\/12\/2026\/03\/\u00a9fayepynaert_zonhoven_woonzorg_202508_001-21-450x300.jpg 450w, https:\/\/www.swecobelgium.be\/wp-content\/uploads\/sites\/12\/2026\/03\/\u00a9fayepynaert_zonhoven_woonzorg_202508_001-21-675x450.jpg 675w, https:\/\/www.swecobelgium.be\/wp-content\/uploads\/sites\/12\/2026\/03\/\u00a9fayepynaert_zonhoven_woonzorg_202508_001-21-652x435.jpg 652w\" sizes=\"auto, (max-width: 6000px) 100vw, 6000px\" \/>\t\t\t\t\t<\/div>\n\t\t\t\t<\/div>\n\t\t\t\n\t\t<\/div>\n\t<\/div>\n<\/section>\n\n\n<section class=\"block cb block--white\" >\n\t<div class=\"block__inner cb__inner cb__inner--one\">\n\t<div class=\"col--12 col--center col--wrapper\">\n\t\t<div class=\"col col--6 editor-content\">\n\t\t\t<h2>Construire durablement, avec une vision d\u2019avenir<\/h2>\n<p>Le projet a \u00e9t\u00e9 con\u00e7u pour minimiser son <a href=\"https:\/\/www.swecobelgium.be\/fr\/services\/eco-consultance-et-biodiversite\/\">impact \u00e9cologique<\/a>. En collaboration avec le bureau Heedfeld, l\u2019activation du noyau en b\u00e9ton a \u00e9t\u00e9 int\u00e9gr\u00e9e \u00e0 l\u2019ensemble du nouveau b\u00e2timent, garantissant un climat int\u00e9rieur stable et \u00e9conome en \u00e9nergie. La typologie, les mat\u00e9riaux et la flexibilit\u00e9 du b\u00e2timent anticipent les besoins futurs, assurant la p\u00e9rennit\u00e9 du centre.<\/p>\n<p><img loading=\"lazy\" decoding=\"async\" class=\"alignnone size-full wp-image-49000\" src=\"https:\/\/www.swecobelgium.be\/wp-content\/uploads\/sites\/12\/2026\/03\/\u00a9fayepynaert_zonhoven_woonzorg_202508_001-16.jpg\" alt=\"Woonzorgcentrum H. Catharina: een warme thuis in Zonhoven\" width=\"5175\" height=\"3450\" srcset=\"https:\/\/www.swecobelgium.be\/wp-content\/uploads\/sites\/12\/2026\/03\/\u00a9fayepynaert_zonhoven_woonzorg_202508_001-16.jpg 5175w, https:\/\/www.swecobelgium.be\/wp-content\/uploads\/sites\/12\/2026\/03\/\u00a9fayepynaert_zonhoven_woonzorg_202508_001-16-200x133.jpg 200w, https:\/\/www.swecobelgium.be\/wp-content\/uploads\/sites\/12\/2026\/03\/\u00a9fayepynaert_zonhoven_woonzorg_202508_001-16-768x512.jpg 768w, https:\/\/www.swecobelgium.be\/wp-content\/uploads\/sites\/12\/2026\/03\/\u00a9fayepynaert_zonhoven_woonzorg_202508_001-16-1536x1024.jpg 1536w, https:\/\/www.swecobelgium.be\/wp-content\/uploads\/sites\/12\/2026\/03\/\u00a9fayepynaert_zonhoven_woonzorg_202508_001-16-2048x1365.jpg 2048w, https:\/\/www.swecobelgium.be\/wp-content\/uploads\/sites\/12\/2026\/03\/\u00a9fayepynaert_zonhoven_woonzorg_202508_001-16-520x347.jpg 520w, https:\/\/www.swecobelgium.be\/wp-content\/uploads\/sites\/12\/2026\/03\/\u00a9fayepynaert_zonhoven_woonzorg_202508_001-16-800x533.jpg 800w, https:\/\/www.swecobelgium.be\/wp-content\/uploads\/sites\/12\/2026\/03\/\u00a9fayepynaert_zonhoven_woonzorg_202508_001-16-450x300.jpg 450w, https:\/\/www.swecobelgium.be\/wp-content\/uploads\/sites\/12\/2026\/03\/\u00a9fayepynaert_zonhoven_woonzorg_202508_001-16-675x450.jpg 675w, https:\/\/www.swecobelgium.be\/wp-content\/uploads\/sites\/12\/2026\/03\/\u00a9fayepynaert_zonhoven_woonzorg_202508_001-16-652x435.jpg 652w\" sizes=\"auto, (max-width: 5175px) 100vw, 5175px\" \/><\/p>\n\t\t<\/div>\n\t<\/div>\n<\/div>\n<div class=\"block__inner cb__inner cb__inner--one\">\n\t<div class=\"col--12 col--center col--wrapper\">\n\t\t<div class=\"col col--6 editor-content\">\n\t\t\t<h2>Un phasage intelligent : r\u00e9nover sans perdre de chambres<\/h2>\n<p>De realisatie van het project is mogelijk gemaakt door een doordachte fasering, die ervoor zorgde dat het woonzorgcentrum tijdens de werken in gebruik kon blijven.<\/p>\n<ul>\n<li><strong>Phase 0 \u2013 cr\u00e9er de l\u2019espace<\/strong><br \/>\nLa aile centrale de l\u2019ancien b\u00e2timent a \u00e9t\u00e9 d\u00e9molie pour construire la premi\u00e8re nouvelle unit\u00e9, avec un impact minimal sur les activit\u00e9s.<\/li>\n<li><strong>Phase 1 \u2013 cr\u00e9er un maximum de nouvelles chambres<\/strong><br \/>\nTrois \u00e9tages de 23 chambres chacun ont \u00e9t\u00e9 r\u00e9alis\u00e9s, ainsi qu\u2019un sous-sol logistique. Apr\u00e8s un premier d\u00e9m\u00e9nagement, l\u2019aile droite a \u00e9t\u00e9 d\u00e9molie et les espaces lib\u00e9r\u00e9s ont \u00e9t\u00e9 temporairement utilis\u00e9s pour des bureaux et des th\u00e9rapies.<\/li>\n<li><strong>Phase 2 \u2013 finalisation du nouveau b\u00e2timent<\/strong><br \/>\nLes 36 chambres restantes ont \u00e9t\u00e9 construites, \u00e0 distance de s\u00e9curit\u00e9 de l\u2019\u00e9cole. Apr\u00e8s le deuxi\u00e8me d\u00e9m\u00e9nagement, les derni\u00e8res ailes anciennes ont \u00e9t\u00e9 d\u00e9molies et l\u2019am\u00e9nagement ext\u00e9rieur a d\u00e9but\u00e9.<\/li>\n<li><strong>Phase finale \u2013 mise en service<\/strong><br \/>\nLe centre enti\u00e8rement r\u00e9nov\u00e9 est d\u00e9sormais en service et offre un cadre de vie moderne et chaleureux.<\/li>\n<\/ul>\n\t\t<\/div>\n\t<\/div>\n<\/div>\n<div class=\"block__inner cb__inner cb__inner--media-content media-content media-content--left\">\n\t<div class=\"col--10 col--wrapper media-content__wrapper\">\n\t\t\t\t\t<div class=\"col col--6 media-content__content editor-content\">\n\t\t\t\t<h2>Des chambres confortables avec une identit\u00e9 personnelle<\/h2>\n<p>Les chambres ont \u00e9t\u00e9 con\u00e7ues pour optimiser les distances de marche, l\u2019efficacit\u00e9 des soins et l\u2019intimit\u00e9. Les r\u00e9sidents b\u00e9n\u00e9ficient de confort, d\u2019accompagnement et de flexibilit\u00e9 dans un m\u00eame espace. Chaque porte a re\u00e7u une identit\u00e9 personnalis\u00e9e, avec des mat\u00e9riaux chaleureux et de la place pour une d\u00e9coration individuelle. Chaque r\u00e9sident dispose ainsi d\u2019un lieu reconnaissable, renfor\u00e7ant le sentiment d\u2019\u00eatre chez soi.<\/p>\n<h2>Un campus int\u00e9gr\u00e9 qui renforce la vie du village<\/h2>\n<p>Cette r\u00e9novation offre \u00e0 Zonhoven un campus de soins ouvert et totalement int\u00e9gr\u00e9, qui accueille r\u00e9sidents et riverains. H. Catharina se trouve d\u00e9sormais pleinement au c\u0153ur de la communaut\u00e9. Un lieu o\u00f9 soins, chaleur et lien social occupent une place centrale.<\/p>\n\t\t\t<\/div>\n\t\t\t\t<div class=\"col col--6 media-content__media media-content__media--image\">\n\t\t\t<img loading=\"lazy\" decoding=\"async\" width=\"780\" height=\"460\" src=\"https:\/\/www.swecobelgium.be\/wp-content\/uploads\/sites\/12\/2026\/03\/\u00a9fayepynaert_zonhoven_woonzorg_202508_001-9-780x460.jpg\" class=\"attachment-media-content size-media-content\" alt=\"Woonzorgcentrum H. Catharina: een warme thuis in Zonhoven\" full-size-url=\"https:\/\/www.swecobelgium.be\/wp-content\/uploads\/sites\/12\/2026\/03\/\u00a9fayepynaert_zonhoven_woonzorg_202508_001-9.jpg\" \/>\n\t\t\t\n\t\t<\/div>\n\t<\/div>\n<\/div><\/section>\n\n\n<section class=\"block form-block block--lightgray\" id=\"contactez\">\n\t<div class=\"block__inner form-block__inner \">\n\n                    <div class=\"col--11 col--wrapper\">\n                                    <div class=\"col col--4 editor-content form-block__title\">\n                        <h3 class=\"h3 hyphenate\">Comment pouvons-nous vous aider ?<\/h3>                    <\/div>\n                    <div class=\"col--12 col\"><\/div>\n                \n                <div class=\"col col--4 editor-content\">\n                    Comment pouvons-nous aider votre entreprise ? Une \u00e9quipe d\u2019experts est pr\u00eate \u00e0 vous soutenir et \u00e0 voir comment nous pouvons vous aider avec votre demande. Lorsque vous soumettez ce formulaire, quelqu\u2019un de notre \u00e9quipe vous contactera. Ce formulaire est uniquement destin\u00e9 \u00e0 obtenir plus d\u2019informations sur nos solutions d\u2019entreprise Sweco.\r\n                <\/div>\n\n                <div class=\"col col--7\">\n                    <script type=\"text\/javascript\">\n\/* <![CDATA[ *\/\nvar gform;gform||(document.addEventListener(\"gform_main_scripts_loaded\",function(){gform.scriptsLoaded=!0}),document.addEventListener(\"gform\/theme\/scripts_loaded\",function(){gform.themeScriptsLoaded=!0}),window.addEventListener(\"DOMContentLoaded\",function(){gform.domLoaded=!0}),gform={domLoaded:!1,scriptsLoaded:!1,themeScriptsLoaded:!1,isFormEditor:()=>\"function\"==typeof InitializeEditor,callIfLoaded:function(o){return!(!gform.domLoaded||!gform.scriptsLoaded||!gform.themeScriptsLoaded&&!gform.isFormEditor()||(gform.isFormEditor()&&console.warn(\"The use of gform.initializeOnLoaded() is deprecated in the form editor context and will be removed in Gravity Forms 3.1.\"),o(),0))},initializeOnLoaded:function(o){gform.callIfLoaded(o)||(document.addEventListener(\"gform_main_scripts_loaded\",()=>{gform.scriptsLoaded=!0,gform.callIfLoaded(o)}),document.addEventListener(\"gform\/theme\/scripts_loaded\",()=>{gform.themeScriptsLoaded=!0,gform.callIfLoaded(o)}),window.addEventListener(\"DOMContentLoaded\",()=>{gform.domLoaded=!0,gform.callIfLoaded(o)}))},hooks:{action:{},filter:{}},addAction:function(o,r,e,t){gform.addHook(\"action\",o,r,e,t)},addFilter:function(o,r,e,t){gform.addHook(\"filter\",o,r,e,t)},doAction:function(o){gform.doHook(\"action\",o,arguments)},applyFilters:function(o){return gform.doHook(\"filter\",o,arguments)},removeAction:function(o,r){gform.removeHook(\"action\",o,r)},removeFilter:function(o,r,e){gform.removeHook(\"filter\",o,r,e)},addHook:function(o,r,e,t,n){null==gform.hooks[o][r]&&(gform.hooks[o][r]=[]);var d=gform.hooks[o][r];null==n&&(n=r+\"_\"+d.length),gform.hooks[o][r].push({tag:n,callable:e,priority:t=null==t?10:t})},doHook:function(r,o,e){var t;if(e=Array.prototype.slice.call(e,1),null!=gform.hooks[r][o]&&((o=gform.hooks[r][o]).sort(function(o,r){return o.priority-r.priority}),o.forEach(function(o){\"function\"!=typeof(t=o.callable)&&(t=window[t]),\"action\"==r?t.apply(null,e):e[0]=t.apply(null,e)})),\"filter\"==r)return e[0]},removeHook:function(o,r,t,n){var e;null!=gform.hooks[o][r]&&(e=(e=gform.hooks[o][r]).filter(function(o,r,e){return!!(null!=n&&n!=o.tag||null!=t&&t!=o.priority)}),gform.hooks[o][r]=e)}});\n\/* ]]> *\/\n<\/script>\n\n                <div class='gf_browser_gecko gform_wrapper gform_legacy_markup_wrapper gform-theme--no-framework' data-form-theme='legacy' data-form-index='0' id='gform_wrapper_19' ><form class=\"gform_analytics_tracking\" method='post' enctype='multipart\/form-data' target='gform_ajax_frame_19' id='gform_19'  action='\/fr\/wp-json\/wp\/v2\/showroom_cpt\/49014' data-formid='19' novalidate autocomplete=\"off\">\n                        <div class='gform-body gform_body'><ul id='gform_fields_19' class='gform_fields top_label form_sublabel_below description_below validation_below'><li id=\"field_19_17\" class=\"gfield gfield--type-honeypot gform_validation_container field_sublabel_below gfield--has-description field_description_below field_validation_below gfield_visibility_visible gform_honeypot\"  data-field-class=\"gform_honeypot\" ><label class='gfield_label gform-field-label' for='input_19_17'>Name<\/label><div class='ginput_container'><input autocomplete=\"off\"  name='input_17' id='input_19_17' type='text' value='' autocomplete='new-password'\/><\/div><div class='gfield_description' id='gfield_description_19_17'>Ce champ n\u2019est utilis\u00e9 qu\u2019\u00e0 des fins de validation et devrait rester inchang\u00e9.<\/div><\/li><li id=\"field_19_14\" class=\"gfield gfield--type-text gfield--input-type-text gfield--width-full gf_left_half gfield_contains_required field_sublabel_below gfield--no-description field_description_below field_validation_below gfield_visibility_visible gform_text\"  data-field-class=\"gform_text\" ><label class='gfield_label gform-field-label' for='input_19_14'>Pr\u00e9nom et nom<span class=\"gfield_required\"><span class=\"gfield_required gfield_required_asterisk\">*<\/span><\/span><\/label><div class='ginput_container ginput_container_text'><input autocomplete=\"off\"  name='input_14' id='input_19_14' type='text' value='' class='small'     aria-required=\"true\" aria-invalid=\"false\"   \/><\/div><\/li><li id=\"field_19_13\" class=\"gfield gfield--type-text gfield--input-type-text gfield--width-full gf_right_half gfield_contains_required field_sublabel_below gfield--no-description field_description_below field_validation_below gfield_visibility_visible gform_text\"  data-field-class=\"gform_text\" ><label class='gfield_label gform-field-label' for='input_19_13'>Entreprise<span class=\"gfield_required\"><span class=\"gfield_required gfield_required_asterisk\">*<\/span><\/span><\/label><div class='ginput_container ginput_container_text'><input autocomplete=\"off\"  name='input_13' id='input_19_13' type='text' value='' class='small'     aria-required=\"true\" aria-invalid=\"false\"   \/><\/div><\/li><li id=\"field_19_10\" class=\"gfield gfield--type-email gfield--input-type-email gfield--width-full gfield_contains_required field_sublabel_below gfield--no-description field_description_below field_validation_below gfield_visibility_visible gform_email\"  data-field-class=\"gform_email\" ><label class='gfield_label gform-field-label' for='input_19_10'>E-mail<span class=\"gfield_required\"><span class=\"gfield_required gfield_required_asterisk\">*<\/span><\/span><\/label><div class='ginput_container ginput_container_email'>\n                            <input autocomplete=\"off\"  name='input_10' id='input_19_10' type='email' value='' class='small'    aria-required=\"true\" aria-invalid=\"false\"  \/>\n                        <\/div><\/li><li id=\"field_19_11\" class=\"gfield gfield--type-phone gfield--input-type-phone gfield--width-full field_sublabel_below gfield--no-description field_description_below field_validation_below gfield_visibility_visible gform_phone\"  data-field-class=\"gform_phone\" ><label class='gfield_label gform-field-label' for='input_19_11'>Num\u00e9ro de t\u00e9l\u00e9phone<\/label><div class='ginput_container ginput_container_phone'><input autocomplete=\"off\"  name='input_11' id='input_19_11' type='tel' value='' class='small'    aria-invalid=\"false\"   \/><\/div><\/li><li id=\"field_19_8\" class=\"gfield gfield--type-textarea gfield--input-type-textarea gfield--width-full full expanding-textarea gfield_contains_required field_sublabel_below gfield--no-description field_description_below field_validation_below gfield_visibility_visible gform_textarea\"  data-field-class=\"gform_textarea\" ><label class='gfield_label gform-field-label' for='input_19_8'>Comment pouvons-nous vous aider ?<span class=\"gfield_required\"><span class=\"gfield_required gfield_required_asterisk\">*<\/span><\/span><\/label><div class='ginput_container ginput_container_textarea'><textarea autocomplete=\"off\"  name='input_8' id='input_19_8' class='textarea medium'     aria-required=\"true\" aria-invalid=\"false\"   rows='10' cols='50'><\/textarea><\/div><\/li><li id=\"field_19_15\" class=\"gfield gfield--type-fileupload gfield--input-type-fileupload gfield--width-full field_sublabel_below gfield--no-description field_description_below field_validation_below gfield_visibility_visible gform_fileupload\"  data-field-class=\"gform_fileupload\" ><label class='gfield_label gform-field-label' for='gform_browse_button_19_15'>Ajoutez des fichiers joints<\/label><div class='ginput_container ginput_container_fileupload'><div id='gform_multifile_upload_19_15' data-settings='{&quot;runtimes&quot;:&quot;html5,flash,html4&quot;,&quot;browse_button&quot;:&quot;gform_browse_button_19_15&quot;,&quot;container&quot;:&quot;gform_multifile_upload_19_15&quot;,&quot;drop_element&quot;:&quot;gform_drag_drop_area_19_15&quot;,&quot;filelist&quot;:&quot;gform_preview_19_15&quot;,&quot;unique_names&quot;:true,&quot;file_data_name&quot;:&quot;file&quot;,&quot;url&quot;:&quot;https:\\\/\\\/www.swecobelgium.be\\\/fr\\\/?gf_page=6e53c2b1b13add7&quot;,&quot;flash_swf_url&quot;:&quot;https:\\\/\\\/www.swecobelgium.be\\\/wp-includes\\\/js\\\/plupload\\\/plupload.flash.swf&quot;,&quot;silverlight_xap_url&quot;:&quot;https:\\\/\\\/www.swecobelgium.be\\\/wp-includes\\\/js\\\/plupload\\\/plupload.silverlight.xap&quot;,&quot;filters&quot;:{&quot;mime_types&quot;:[{&quot;title&quot;:&quot;Fichiers autoris\\u00e9s&quot;,&quot;extensions&quot;:&quot;*&quot;}],&quot;max_file_size&quot;:&quot;52224000b&quot;},&quot;multipart&quot;:true,&quot;urlstream_upload&quot;:false,&quot;multipart_params&quot;:{&quot;form_id&quot;:19,&quot;field_id&quot;:15,&quot;_gform_file_upload_nonce_19_15&quot;:&quot;52ebc46612&quot;},&quot;gf_vars&quot;:{&quot;max_files&quot;:0,&quot;message_id&quot;:&quot;gform_multifile_messages_19_15&quot;,&quot;disallowed_extensions&quot;:[&quot;php&quot;,&quot;asp&quot;,&quot;aspx&quot;,&quot;cmd&quot;,&quot;csh&quot;,&quot;bat&quot;,&quot;html&quot;,&quot;htm&quot;,&quot;hta&quot;,&quot;jar&quot;,&quot;exe&quot;,&quot;com&quot;,&quot;js&quot;,&quot;lnk&quot;,&quot;htaccess&quot;,&quot;phar&quot;,&quot;phtml&quot;,&quot;ps1&quot;,&quot;ps2&quot;,&quot;php3&quot;,&quot;php4&quot;,&quot;php5&quot;,&quot;php6&quot;,&quot;py&quot;,&quot;rb&quot;,&quot;tmp&quot;]}}' class='gform_fileupload_multifile'>\n\t\t\t\t\t\t\t\t\t\t<div id='gform_drag_drop_area_19_15' class='gform_drop_area gform-theme-field-control'>\n\t\t\t\t\t\t\t\t\t\t\t<span class='gform_drop_instructions'>D\u00e9posez des fichiers ici ou <\/span>\n\t\t\t\t\t\t\t\t\t\t\t<button type='button' id='gform_browse_button_19_15' class='button gform_button_select_files gform-theme-button gform-theme-button--control' aria-describedby=\"gfield_upload_rules_19_15\"  >S\u00e9lectionner des fichiers<\/button>\n\t\t\t\t\t\t\t\t\t\t<\/div>\n\t\t\t\t\t\t\t\t\t<\/div><span class='gfield_description gform_fileupload_rules' id='gfield_upload_rules_19_15'>Taille max. des fichiers\u00a0: 50 MB.<\/span><ul class='validation_message--hidden-on-empty gform-ul-reset' id='gform_multifile_messages_19_15'><\/ul> <div id='gform_preview_19_15' class='ginput_preview_list'><\/div><\/div><\/li><li id=\"field_19_12\" class=\"gfield gfield--type-consent gfield--type-choice gfield--input-type-consent gfield--width-full gfield_contains_required field_sublabel_below gfield--no-description field_description_below field_validation_below gfield_visibility_visible gform_consent\"  data-field-class=\"gform_consent\" ><label class='gfield_label gform-field-label gfield_label_before_complex' >Consentement<span class=\"gfield_required\"><span class=\"gfield_required gfield_required_asterisk\">*<\/span><\/span><\/label><div class='ginput_container ginput_container_consent'><input autocomplete=\"off\"  name='input_12.1' id='input_19_12_1' type='checkbox' value='1'   aria-required=\"true\" aria-invalid=\"false\"   \/> <label class=\"gform-field-label gform-field-label--type-inline gfield_consent_label\" for='input_19_12_1' >En envoyant vos informations, vous marquez votre accord avec la politique en mati\u00e8re de protection de la vie priv\u00e9e de Sweco. <a href=\"https:\/\/www.swecobelgium.be\/fr\/privacy-notice\/\">Cliquez ici<\/a> pour en savoir plus sur la mani\u00e8re dont nous sauvegardons vos donn\u00e9es.<\/label><input autocomplete=\"off\"  type='hidden' name='input_12.2' value='En envoyant vos informations, vous marquez votre accord avec la politique en mati\u00e8re de protection de la vie priv\u00e9e de Sweco. &lt;a href=&quot;https:\/\/www.swecobelgium.be\/fr\/privacy-notice\/&quot;&gt;Cliquez ici&lt;\/a&gt; pour en savoir plus sur la mani\u00e8re dont nous sauvegardons vos donn\u00e9es.' class='gform_hidden' \/><input autocomplete=\"off\"  type='hidden' name='input_12.3' value='16' class='gform_hidden' \/><\/div><\/li><li id=\"field_19_16\" class=\"gfield gfield--type-checkbox gfield--type-choice gfield--input-type-checkbox gfield--width-full field_sublabel_below gfield--has-description field_description_below field_validation_below gfield_visibility_visible gform_checkbox\"  data-field-class=\"gform_checkbox\" ><label class='gfield_label gform-field-label gfield_label_before_complex' >Communications par e-mail<\/label><div class='ginput_container ginput_container_checkbox'><ul class='gfield_checkbox' id='input_19_16'><li class='gchoice gchoice_19_16_1'>\n\t\t\t\t\t\t\t\t<input autocomplete=\"off\"  class='gfield-choice-input' name='input_16.1' type='checkbox'  value='J\u2019autorise l\u2019envoi de communications par e-mail concernant des mises \u00e0 jour, services ou \u00e9v\u00e9nements pertinents.'  id='choice_19_16_1'   aria-describedby=\"gfield_description_19_16\"\/>\n\t\t\t\t\t\t\t\t<label for='choice_19_16_1' id='label_19_16_1' class='gform-field-label gform-field-label--type-inline'>J\u2019autorise l\u2019envoi de communications par e-mail concernant des mises \u00e0 jour, services ou \u00e9v\u00e9nements pertinents.<\/label>\n\t\t\t\t\t\t\t<\/li><\/ul><\/div><div class='gfield_description' id='gfield_description_19_16'>Vous pouvez retirer votre consentement \u00e0 tout moment via le lien de d\u00e9sinscription dans nos e-mails.<\/div><\/li><\/ul><\/div>\n        <div class='gform-footer gform_footer top_label'> <button class='btn btn__primary' id='gform_submit_button_19'><span>Envoyer<\/span><\/button> <input type='hidden' name='gform_ajax' value='form_id=19&amp;title=&amp;description=&amp;tabindex=0&amp;theme=legacy&amp;hash=fb82e8c340f9a833bcde1600c4755eed' \/>\n            <input type='hidden' class='gform_hidden' name='gform_submission_method' data-js='gform_submission_method_19' value='iframe' \/>\n            <input type='hidden' class='gform_hidden' name='gform_theme' data-js='gform_theme_19' id='gform_theme_19' value='legacy' \/>\n            <input type='hidden' class='gform_hidden' name='gform_style_settings' data-js='gform_style_settings_19' id='gform_style_settings_19' value='' \/>\n            <input type='hidden' class='gform_hidden' name='is_submit_19' value='1' \/>\n            <input type='hidden' class='gform_hidden' name='gform_submit' value='19' \/>\n            \n            <input type='hidden' class='gform_hidden' name='gform_unique_id' value='' \/>\n            <input type='hidden' class='gform_hidden' name='state_19' value='WyJ7XCIxMi4xXCI6XCI1YWFlZWZiNzU3NDE1NWIwNWU5MDY0MTFiNjFlZTRmYlwiLFwiMTIuMlwiOlwiOTBhMzRkZWNiMzRmYmU2MjM2Y2M2ZmZiZGIyM2MyYmFcIixcIjEyLjNcIjpcIjMwZjY3OGY4NzQyNGVjMThjYzU2YjlkNzNlOTM1NWIyXCIsXCIxNi4xXCI6XCJlNDA1ZWNkY2NhMjVkMWE5ODNiMjc4MWY5ZDMwMzJmYlwifSIsIjI2MTVjYmM0OTI2MGM3Y2M2OTZkMDJiZTkyNmYyMjgzIl0=' \/>\n            <input type='hidden' autocomplete='off' class='gform_hidden' name='gform_target_page_number_19' id='gform_target_page_number_19' value='0' \/>\n            <input type='hidden' autocomplete='off' class='gform_hidden' name='gform_source_page_number_19' id='gform_source_page_number_19' value='1' \/>\n            <input type='hidden' name='gform_field_values' value='' \/>\n            <input type='hidden' name='gform_uploaded_files' id='gform_uploaded_files_19' value='' \/>\n        <\/div>\n                        <\/form>\n                        <\/div>\n\t\t                <iframe style='display:none;width:0px;height:0px;' src='about:blank' name='gform_ajax_frame_19' id='gform_ajax_frame_19' title='Cette iframe contient la logique n\u00e9cessaire pour manipuler Gravity Forms avec Ajax.'><\/iframe>\n\t\t                <script type=\"text\/javascript\">\n\/* <![CDATA[ *\/\n gform.initializeOnLoaded( function() {gformInitSpinner( 19, 'https:\/\/www.swecobelgium.be\/wp-content\/themes\/sweco\/assets\/dist\/oval.svg', true );jQuery('#gform_ajax_frame_19').on('load',function(){var contents = jQuery(this).contents().find('*').html();var is_postback = contents.indexOf('GF_AJAX_POSTBACK') >= 0;if(!is_postback){return;}var form_content = jQuery(this).contents().find('#gform_wrapper_19');var is_confirmation = jQuery(this).contents().find('#gform_confirmation_wrapper_19').length > 0;var is_redirect = contents.indexOf('gformRedirect(){') >= 0;var is_form = form_content.length > 0 && ! is_redirect && ! is_confirmation;var mt = parseInt(jQuery('html').css('margin-top'), 10) + parseInt(jQuery('body').css('margin-top'), 10) + 100;if(is_form){jQuery('#gform_wrapper_19').html(form_content.html());if(form_content.hasClass('gform_validation_error')){jQuery('#gform_wrapper_19').addClass('gform_validation_error');} else {jQuery('#gform_wrapper_19').removeClass('gform_validation_error');}setTimeout( function() { \/* delay the scroll by 50 milliseconds to fix a bug in chrome *\/  }, 50 );if(window['gformInitDatepicker']) {gformInitDatepicker();}if(window['gformInitPriceFields']) {gformInitPriceFields();}var current_page = jQuery('#gform_source_page_number_19').val();gformInitSpinner( 19, 'https:\/\/www.swecobelgium.be\/wp-content\/themes\/sweco\/assets\/dist\/oval.svg', true );jQuery(document).trigger('gform_page_loaded', [19, current_page]);window['gf_submitting_19'] = false;}else if(!is_redirect){var confirmation_content = jQuery(this).contents().find('.GF_AJAX_POSTBACK').html();if(!confirmation_content){confirmation_content = contents;}jQuery('#gform_wrapper_19').replaceWith(confirmation_content);jQuery(document).trigger('gform_confirmation_loaded', [19]);window['gf_submitting_19'] = false;wp.a11y.speak(jQuery('#gform_confirmation_message_19').text());}else{jQuery('#gform_19').append(contents);if(window['gformRedirect']) {gformRedirect();}}jQuery(document).trigger(\"gform_pre_post_render\", [{ formId: \"19\", currentPage: \"current_page\", abort: function() { this.preventDefault(); } }]);        if (event && event.defaultPrevented) {                return;        }        const gformWrapperDiv = document.getElementById( \"gform_wrapper_19\" );        if ( gformWrapperDiv ) {            const visibilitySpan = document.createElement( \"span\" );            visibilitySpan.id = \"gform_visibility_test_19\";            gformWrapperDiv.insertAdjacentElement( \"afterend\", visibilitySpan );        }        const visibilityTestDiv = document.getElementById( \"gform_visibility_test_19\" );        let postRenderFired = false;        function triggerPostRender() {            if ( postRenderFired ) {                return;            }            postRenderFired = true;            gform.core.triggerPostRenderEvents( 19, current_page );            if ( visibilityTestDiv ) {                visibilityTestDiv.parentNode.removeChild( visibilityTestDiv );            }        }        function debounce( func, wait, immediate ) {            var timeout;            return function() {                var context = this, args = arguments;                var later = function() {                    timeout = null;                    if ( !immediate ) func.apply( context, args );                };                var callNow = immediate && !timeout;                clearTimeout( timeout );                timeout = setTimeout( later, wait );                if ( callNow ) func.apply( context, args );            };        }        const debouncedTriggerPostRender = debounce( function() {            triggerPostRender();        }, 200 );        if ( visibilityTestDiv && visibilityTestDiv.offsetParent === null ) {            const observer = new MutationObserver( ( mutations ) => {                mutations.forEach( ( mutation ) => {                    if ( mutation.type === 'attributes' && visibilityTestDiv.offsetParent !== null ) {                        debouncedTriggerPostRender();                        observer.disconnect();                    }                });            });            observer.observe( document.body, {                attributes: true,                childList: false,                subtree: true,                attributeFilter: [ 'style', 'class' ],            });        } else {            triggerPostRender();        }    } );} ); \n\/* ]]> *\/\n<\/script>\n                <\/div>\n            <\/div>\n        \n\t<\/div>\n<\/section>\n","protected":false},"excerpt":{"rendered":"","protected":false},"featured_media":49013,"template":"","showroom_cats":[9220],"showroom_expertise":[9661,9672],"showroom_partners":[],"showroom_location":[],"showroom_client":[],"class_list":["post-49014","showroom_cpt","type-showroom_cpt","status-publish","has-post-thumbnail","hentry","showroom_cats-stabilite","showroom_expertise-health-life-sciences","showroom_expertise-high-performance-buildings"],"acf":[],"_links":{"self":[{"href":"https:\/\/www.swecobelgium.be\/fr\/wp-json\/wp\/v2\/showroom_cpt\/49014","targetHints":{"allow":["GET"]}}],"collection":[{"href":"https:\/\/www.swecobelgium.be\/fr\/wp-json\/wp\/v2\/showroom_cpt"}],"about":[{"href":"https:\/\/www.swecobelgium.be\/fr\/wp-json\/wp\/v2\/types\/showroom_cpt"}],"wp:featuredmedia":[{"embeddable":true,"href":"https:\/\/www.swecobelgium.be\/fr\/wp-json\/wp\/v2\/media\/49013"}],"wp:attachment":[{"href":"https:\/\/www.swecobelgium.be\/fr\/wp-json\/wp\/v2\/media?parent=49014"}],"wp:term":[{"taxonomy":"showroom_cats","embeddable":true,"href":"https:\/\/www.swecobelgium.be\/fr\/wp-json\/wp\/v2\/showroom_cats?post=49014"},{"taxonomy":"showroom_expertise","embeddable":true,"href":"https:\/\/www.swecobelgium.be\/fr\/wp-json\/wp\/v2\/showroom_expertise?post=49014"},{"taxonomy":"showroom_partners","embeddable":true,"href":"https:\/\/www.swecobelgium.be\/fr\/wp-json\/wp\/v2\/showroom_partners?post=49014"},{"taxonomy":"showroom_location","embeddable":true,"href":"https:\/\/www.swecobelgium.be\/fr\/wp-json\/wp\/v2\/showroom_location?post=49014"},{"taxonomy":"showroom_client","embeddable":true,"href":"https:\/\/www.swecobelgium.be\/fr\/wp-json\/wp\/v2\/showroom_client?post=49014"}],"curies":[{"name":"wp","href":"https:\/\/api.w.org\/{rel}","templated":true}]}}