{"id":7058,"date":"2021-06-15T15:40:23","date_gmt":"2021-06-15T15:40:23","guid":{"rendered":"https:\/\/www.swecobelgium.be\/projecten\/meetcampagne-arcelormittal-genk\/"},"modified":"2025-02-17T15:07:39","modified_gmt":"2025-02-17T14:07:39","slug":"campagne-de-mesurage-arcelormittal-genk","status":"publish","type":"showroom_cpt","link":"https:\/\/www.swecobelgium.be\/fr\/projets\/campagne-de-mesurage-arcelormittal-genk\/","title":{"rendered":"Campagne de mesurage ArcelorMittal Genk"},"content":{"rendered":"<section class=\"block fwmb\" >\n\t<div class=\"block__inner editor-content fwmb__inner fwmb__inner--right fwmb__inner--image\">\n\n        <div class=\"fwmb__media col col-12\">\n\t\t\t<img loading=\"lazy\" decoding=\"async\" width=\"1580\" height=\"526\" src=\"https:\/\/www.swecobelgium.be\/wp-content\/uploads\/sites\/12\/2021\/06\/meetcampagne_ArcelorMittal_1680x560.jpg\" class=\"attachment-fwmb-image size-fwmb-image\" alt=\"\" srcset=\"https:\/\/www.swecobelgium.be\/wp-content\/uploads\/sites\/12\/2021\/06\/meetcampagne_ArcelorMittal_1680x560.jpg 1580w, https:\/\/www.swecobelgium.be\/wp-content\/uploads\/sites\/12\/2021\/06\/meetcampagne_ArcelorMittal_1680x560-200x67.jpg 200w, https:\/\/www.swecobelgium.be\/wp-content\/uploads\/sites\/12\/2021\/06\/meetcampagne_ArcelorMittal_1680x560-768x256.jpg 768w, https:\/\/www.swecobelgium.be\/wp-content\/uploads\/sites\/12\/2021\/06\/meetcampagne_ArcelorMittal_1680x560-1536x511.jpg 1536w, https:\/\/www.swecobelgium.be\/wp-content\/uploads\/sites\/12\/2021\/06\/meetcampagne_ArcelorMittal_1680x560-520x173.jpg 520w, https:\/\/www.swecobelgium.be\/wp-content\/uploads\/sites\/12\/2021\/06\/meetcampagne_ArcelorMittal_1680x560-800x266.jpg 800w, https:\/\/www.swecobelgium.be\/wp-content\/uploads\/sites\/12\/2021\/06\/meetcampagne_ArcelorMittal_1680x560-901x300.jpg 901w\" sizes=\"auto, (max-width: 1580px) 100vw, 1580px\" \/>\t\t<\/div>\n\n        \n        \n\t<\/div>\n<\/section>\n\n<section class=\"block architects-intro block--white\" >\n\t<div class=\"block__inner architects-intro__inner\">\n\t\t<div class=\"col--11 col--start col--wrapper editor-content\">\n\t\t\t\t\t\t\t<div class=\"col col--5\">\n                    \n\t\t\t\t\t<h1 class=\"h1 hyphenate\">Campagne de mesurage ArcelorMittal Genk<\/h1>\t\t\t\t<\/div>\n\t\t\t\n\t\t\t\t\t\t\t<div class=\"col col--4 push--1\">\n\t\t\t\t\t\t\t\t\t\t<p><p>ArcelorMittal a fait appel \u00e0 Sweco Belgium pour une vaste campagne de mesurage sur les circuits et tours de refroidissement ainsi que pour l\u2019\u00e9laboration de la strat\u00e9gie de r\u00e9gulation optimale de ces installations.<\/p>\n<\/p>\n\t\t\t\t\t\t\t\t\t<\/div>\n\t\t\t\n            \t\t<\/div>\n\t<\/div>\n<\/section>\n\n\n<section class=\"block block--lightgray arc-facts\" >\n\t<div class=\"block__inner arc-facts__inner\">\n\t\t<div class=\"col--11 col--wrapper col--end editor-content\">\n\t\t\t\n            <dl class=\"items col col--12\">\n                                    <dt class=\"item item--left\">Klant<\/dt>\n                    <dd class=\"item item--right\">ArcelorMittal<\/dd>\n                                    <dt class=\"item item--left\">Locatie<\/dt>\n                    <dd class=\"item item--right\">Genk<\/dd>\n                                    <dt class=\"item item--left\">Periode<\/dt>\n                    <dd class=\"item item--right\">2016<\/dd>\n                            <\/dl>\n\n\t\t<\/div>\n\t<\/div>\n<\/section>\n\n\n<section class=\"block cb block--white\" >\n\t<div class=\"block__inner cb__inner cb__inner--one\">\n\t<div class=\"col--12 col--center col--wrapper\">\n\t\t<div class=\"col col--6 editor-content\">\n\t\t\t<h2>Optimisation \u00e9nerg\u00e9tique des installations de refroidissement<\/h2>\n<p>La demande concr\u00e8te consistait \u00e0 examiner quelles seraient les \u00e9ventuelles \u00e9conomies d\u2019\u00e9nergie qu\u2019entra\u00eenerait une r\u00e9novation en profondeur des installations de refroidissement. Pour ce faire, Sweco a mis en \u0153uvre une campagne de mesurage visant \u00e0 d\u00e9terminer les capacit\u00e9s \u00e9lectriques et thermiques. Nous avons \u00e9galement propos\u00e9 une strat\u00e9gie de r\u00e9gulation optimale qui combine une haute s\u00e9curit\u00e9 d\u2019exploitation op\u00e9rationnelle avec une consommation d\u2019\u00e9nergie minimale.<\/p>\n\t\t<\/div>\n\t<\/div>\n<\/div>\n<\/section>\n\n\n<section class=\"block cb block--lightgray\" >\n\t<div class=\"block__inner cb__inner cb__inner--one\">\n\t<div class=\"col--12 col--center col--wrapper\">\n\t\t<div class=\"col col--6 editor-content\">\n\t\t\t<h3>T\u00e9moignage<\/h3>\n<blockquote>\n<figure><i class=\"icon icon-quote\"><\/i><\/figure>\n<p>Gr\u00e2ce \u00e0 l\u2019approche pragmatique professionnelle de Sweco pendant la campagne de mesurage impliquant des services de production et d\u2019entretien internes, Sweco a \u00e9labor\u00e9 une strat\u00e9gie de r\u00e9gulation sur mesure qui entra\u00eene clairement des \u00e9conomies et nous aide \u00e0 garantir la fiabilit\u00e9 de l\u2019installation.<\/p><\/blockquote>\n\t\t<\/div>\n\t<\/div>\n<\/div>\n<\/section>\n\n\n<section class=\"block cb block--white\" >\n\t<div class=\"block__inner cb__inner cb__inner--one\">\n\t<div class=\"col--12 col--center col--wrapper\">\n\t\t<div class=\"col col--6 editor-content\">\n\t\t\t<p><img loading=\"lazy\" decoding=\"async\" class=\"alignnone size-full wp-image-7049\" src=\"https:\/\/swecobelgium.be\/wp-content\/uploads\/sites\/12\/2021\/06\/meetcampagne_ArcelorMittal1_980x653.jpg\" alt=\"\" width=\"980\" height=\"652\" srcset=\"https:\/\/www.swecobelgium.be\/wp-content\/uploads\/sites\/12\/2021\/06\/meetcampagne_ArcelorMittal1_980x653.jpg 980w, https:\/\/www.swecobelgium.be\/wp-content\/uploads\/sites\/12\/2021\/06\/meetcampagne_ArcelorMittal1_980x653-200x133.jpg 200w, https:\/\/www.swecobelgium.be\/wp-content\/uploads\/sites\/12\/2021\/06\/meetcampagne_ArcelorMittal1_980x653-768x511.jpg 768w, https:\/\/www.swecobelgium.be\/wp-content\/uploads\/sites\/12\/2021\/06\/meetcampagne_ArcelorMittal1_980x653-520x346.jpg 520w, https:\/\/www.swecobelgium.be\/wp-content\/uploads\/sites\/12\/2021\/06\/meetcampagne_ArcelorMittal1_980x653-800x532.jpg 800w, https:\/\/www.swecobelgium.be\/wp-content\/uploads\/sites\/12\/2021\/06\/meetcampagne_ArcelorMittal1_980x653-451x300.jpg 451w\" sizes=\"auto, (max-width: 980px) 100vw, 980px\" \/> <img loading=\"lazy\" decoding=\"async\" class=\"alignnone size-full wp-image-7052\" src=\"https:\/\/swecobelgium.be\/wp-content\/uploads\/sites\/12\/2021\/06\/meetcampagne_ArcelorMittal2_980x653.jpg\" alt=\"\" width=\"980\" height=\"652\" srcset=\"https:\/\/www.swecobelgium.be\/wp-content\/uploads\/sites\/12\/2021\/06\/meetcampagne_ArcelorMittal2_980x653.jpg 980w, https:\/\/www.swecobelgium.be\/wp-content\/uploads\/sites\/12\/2021\/06\/meetcampagne_ArcelorMittal2_980x653-200x133.jpg 200w, https:\/\/www.swecobelgium.be\/wp-content\/uploads\/sites\/12\/2021\/06\/meetcampagne_ArcelorMittal2_980x653-768x511.jpg 768w, https:\/\/www.swecobelgium.be\/wp-content\/uploads\/sites\/12\/2021\/06\/meetcampagne_ArcelorMittal2_980x653-520x346.jpg 520w, https:\/\/www.swecobelgium.be\/wp-content\/uploads\/sites\/12\/2021\/06\/meetcampagne_ArcelorMittal2_980x653-800x532.jpg 800w, https:\/\/www.swecobelgium.be\/wp-content\/uploads\/sites\/12\/2021\/06\/meetcampagne_ArcelorMittal2_980x653-451x300.jpg 451w\" sizes=\"auto, (max-width: 980px) 100vw, 980px\" \/> <img loading=\"lazy\" decoding=\"async\" class=\"alignnone size-full wp-image-7055\" src=\"https:\/\/swecobelgium.be\/wp-content\/uploads\/sites\/12\/2021\/06\/meetcampagne_ArcelorMittal3_980x653.jpg\" alt=\"\" width=\"980\" height=\"652\" srcset=\"https:\/\/www.swecobelgium.be\/wp-content\/uploads\/sites\/12\/2021\/06\/meetcampagne_ArcelorMittal3_980x653.jpg 980w, https:\/\/www.swecobelgium.be\/wp-content\/uploads\/sites\/12\/2021\/06\/meetcampagne_ArcelorMittal3_980x653-200x133.jpg 200w, https:\/\/www.swecobelgium.be\/wp-content\/uploads\/sites\/12\/2021\/06\/meetcampagne_ArcelorMittal3_980x653-768x511.jpg 768w, https:\/\/www.swecobelgium.be\/wp-content\/uploads\/sites\/12\/2021\/06\/meetcampagne_ArcelorMittal3_980x653-520x346.jpg 520w, https:\/\/www.swecobelgium.be\/wp-content\/uploads\/sites\/12\/2021\/06\/meetcampagne_ArcelorMittal3_980x653-800x532.jpg 800w, https:\/\/www.swecobelgium.be\/wp-content\/uploads\/sites\/12\/2021\/06\/meetcampagne_ArcelorMittal3_980x653-451x300.jpg 451w\" sizes=\"auto, (max-width: 980px) 100vw, 980px\" \/><\/p>\n\t\t<\/div>\n\t<\/div>\n<\/div>\n<\/section>\n\n\n    <section class=\"block block--white related-content\" >\n        <div class=\"block__inner related-content__inner\">\n            <div class=\"col--11 col--wrapper col--start col--stretch col--bottom \">\n                                    <div class=\"col col--12 editor-content related-content__title\">\n                        <h3 class=\"h3 hyphenate\">Projets associ\u00e9s<\/h3>                    <\/div>\n                \n                                    <div class=\"col col--4 item item--img\">\n\n                                                    <a href=\"https:\/\/swecobelgium.be\/fr\/projets\/etude-energetique-du-systeme-de-refroidissement-de-vynova-belgium\/\" title=\"\u00c9tude \u00e9nerg\u00e9tique du syst\u00e8me de refroidissement de Vynova Belgium\" >\n                                <div class=\"item__title\">\n                                    <p class=\"h4 hyphenate\">\u00c9tude \u00e9nerg\u00e9tique du syst\u00e8me de refroidissement de Vynova Belgium<\/p>                                    <p class=\"item__title--info\">\n                                                                                                                                                            <\/p>\n                                <\/div>\n                                <figure class=\"item__image\">\n                                    <img loading=\"lazy\" decoding=\"async\" width=\"520\" height=\"296\" src=\"https:\/\/www.swecobelgium.be\/wp-content\/uploads\/sites\/12\/2021\/05\/Vynova_47454_2500-520x296.jpg\" class=\"attachment-insights-featured size-insights-featured\" alt=\"\" \/>                                <\/figure>\n                            <\/a>\n                        \n                                            <\/div>\n                                    <div class=\"col col--4 item item--img\">\n\n                                                    <a href=\"https:\/\/swecobelgium.be\/fr\/projets\/paysage-energetique-du-denderland\/\" title=\"Paysage \u00e9nerg\u00e9tique du Denderland\" >\n                                <div class=\"item__title\">\n                                    <p class=\"h4 hyphenate\">Paysage \u00e9nerg\u00e9tique du Denderland<\/p>                                    <p class=\"item__title--info\">\n                                                                                                                                                            <\/p>\n                                <\/div>\n                                <figure class=\"item__image\">\n                                    <img loading=\"lazy\" decoding=\"async\" width=\"520\" height=\"296\" src=\"https:\/\/www.swecobelgium.be\/wp-content\/uploads\/sites\/12\/2021\/05\/energielandschap-Denderland_collage-520x296.jpg\" class=\"attachment-insights-featured size-insights-featured\" alt=\"\" \/>                                <\/figure>\n                            <\/a>\n                        \n                                            <\/div>\n                                    <div class=\"col col--4 item item--img\">\n\n                                                    <a href=\"https:\/\/swecobelgium.be\/fr\/projets\/etude-du-scenario-pour-le-quartier-sans-fossiles-de-muide-meulestede\/\" title=\"\u00c9tude du sc\u00e9nario pour le quartier sans fossiles de Muide Meulestede\" >\n                                <div class=\"item__title\">\n                                    <p class=\"h4 hyphenate\">\u00c9tude du sc\u00e9nario pour le quartier sans fossiles de Muide Meulestede<\/p>                                    <p class=\"item__title--info\">\n                                                                                                                                                            <\/p>\n                                <\/div>\n                                <figure class=\"item__image\">\n                                    <img loading=\"lazy\" decoding=\"async\" width=\"520\" height=\"296\" src=\"https:\/\/www.swecobelgium.be\/wp-content\/uploads\/sites\/12\/2021\/05\/TOMD9638_2500-520x296.jpg\" class=\"attachment-insights-featured size-insights-featured\" alt=\"\" \/>                                <\/figure>\n                            <\/a>\n                        \n                                            <\/div>\n                                    <div class=\"col col--4 item item--img\">\n\n                                                    <a href=\"https:\/\/swecobelgium.be\/fr\/projets\/conventions-energetiques-ineos-phenol\/\" title=\"Conventions \u00e9nerg\u00e9tiques Ineos Phenol\" >\n                                <div class=\"item__title\">\n                                    <p class=\"h4 hyphenate\">Conventions \u00e9nerg\u00e9tiques Ineos Phenol<\/p>                                    <p class=\"item__title--info\">\n                                                                                                                                                            <\/p>\n                                <\/div>\n                                <figure class=\"item__image\">\n                                    <img loading=\"lazy\" decoding=\"async\" width=\"520\" height=\"296\" src=\"https:\/\/www.swecobelgium.be\/wp-content\/uploads\/sites\/12\/2021\/05\/ineos-1580x480-1-520x296.jpg\" class=\"attachment-insights-featured size-insights-featured\" alt=\"\" \/>                                <\/figure>\n                            <\/a>\n                        \n                                            <\/div>\n                                    <div class=\"col col--4 item item--img\">\n\n                                                    <a href=\"https:\/\/swecobelgium.be\/fr\/projets\/consultance-en-energie-lotus-bakeries\/\" title=\"Consultance en \u00e9nergie Lotus Bakeries\" >\n                                <div class=\"item__title\">\n                                    <p class=\"h4 hyphenate\">Consultance en \u00e9nergie Lotus Bakeries<\/p>                                    <p class=\"item__title--info\">\n                                                                                                                                                            <\/p>\n                                <\/div>\n                                <figure class=\"item__image\">\n                                    <img loading=\"lazy\" decoding=\"async\" width=\"520\" height=\"296\" src=\"https:\/\/www.swecobelgium.be\/wp-content\/uploads\/sites\/12\/2021\/05\/Lotus-2500-520x296.jpg\" class=\"attachment-insights-featured size-insights-featured\" alt=\"\" \/>                                <\/figure>\n                            <\/a>\n                        \n                                            <\/div>\n                                    <div class=\"col col--4 item item--img\">\n\n                                                    <a href=\"https:\/\/swecobelgium.be\/fr\/projets\/encadrement-de-votre-gestion-energetique\/\" title=\"Encadrement de votre gestion \u00e9nerg\u00e9tique\" >\n                                <div class=\"item__title\">\n                                    <p class=\"h4 hyphenate\">Encadrement de votre gestion \u00e9nerg\u00e9tique<\/p>                                    <p class=\"item__title--info\">\n                                                                                                                                                            <\/p>\n                                <\/div>\n                                <figure class=\"item__image\">\n                                    <img loading=\"lazy\" decoding=\"async\" width=\"520\" height=\"296\" src=\"https:\/\/www.swecobelgium.be\/wp-content\/uploads\/sites\/12\/2021\/05\/IV-AA657A_ANALY_GR_20140924115855-1-520x296.jpg\" class=\"attachment-insights-featured size-insights-featured\" alt=\"\" \/>                                <\/figure>\n                            <\/a>\n                        \n                                            <\/div>\n                                    <div class=\"col col--4 item item--img\">\n\n                                                    <a href=\"https:\/\/swecobelgium.be\/fr\/projets\/convention-energetique-energiebeleidsovereenkomst-ebo-et-les-etapes-suivantes\/\" title=\"Convention \u00e9nerg\u00e9tique (energiebeleidsovereenkomst \u2013 EBO) et les \u00e9tapes suivantes\" >\n                                <div class=\"item__title\">\n                                    <p class=\"h4 hyphenate\">Convention \u00e9nerg\u00e9tique (energiebeleidsovereenkomst \u2013 EBO) et les \u00e9tapes suivantes<\/p>                                    <p class=\"item__title--info\">\n                                                                                                                                                            <\/p>\n                                <\/div>\n                                <figure class=\"item__image\">\n                                    <img loading=\"lazy\" decoding=\"async\" width=\"520\" height=\"296\" src=\"https:\/\/www.swecobelgium.be\/wp-content\/uploads\/sites\/12\/2021\/05\/energiebeheer-520x296.jpg\" class=\"attachment-insights-featured size-insights-featured\" alt=\"\" \/>                                <\/figure>\n                            <\/a>\n                        \n                                            <\/div>\n                                    <div class=\"col col--4 item item--img\">\n\n                                                    <a href=\"https:\/\/swecobelgium.be\/fr\/projets\/etude-energetique-eval-europe\/\" title=\"\u00c9tude \u00e9nerg\u00e9tique Eval Europe\" >\n                                <div class=\"item__title\">\n                                    <p class=\"h4 hyphenate\">\u00c9tude \u00e9nerg\u00e9tique Eval Europe<\/p>                                    <p class=\"item__title--info\">\n                                                                                                                                                            <\/p>\n                                <\/div>\n                                <figure class=\"item__image\">\n                                    <img loading=\"lazy\" decoding=\"async\" width=\"520\" height=\"296\" src=\"https:\/\/www.swecobelgium.be\/wp-content\/uploads\/sites\/12\/2021\/05\/Thumbnail_Eval-520x296.jpg\" class=\"attachment-insights-featured size-insights-featured\" alt=\"\" \/>                                <\/figure>\n                            <\/a>\n                        \n                                            <\/div>\n                                    <div class=\"col col--4 item item--img\">\n\n                                                    <a href=\"https:\/\/swecobelgium.be\/fr\/projets\/premier-parc-a-eoliennes-pour-siemens-en-belgique\/\" title=\"Premier parc \u00e0 \u00e9oliennes pour Siemens en Belgique\" >\n                                <div class=\"item__title\">\n                                    <p class=\"h4 hyphenate\">Premier parc \u00e0 \u00e9oliennes pour Siemens en Belgique<\/p>                                    <p class=\"item__title--info\">\n                                                                                                                                                            <\/p>\n                                <\/div>\n                                <figure class=\"item__image\">\n                                    <img loading=\"lazy\" decoding=\"async\" width=\"480\" height=\"270\" src=\"https:\/\/www.swecobelgium.be\/wp-content\/uploads\/sites\/12\/2021\/05\/Thumbnail_Siemens.jpg\" class=\"attachment-insights-featured size-insights-featured\" alt=\"\" srcset=\"https:\/\/www.swecobelgium.be\/wp-content\/uploads\/sites\/12\/2021\/05\/Thumbnail_Siemens.jpg 480w, https:\/\/www.swecobelgium.be\/wp-content\/uploads\/sites\/12\/2021\/05\/Thumbnail_Siemens-200x113.jpg 200w\" sizes=\"auto, (max-width: 480px) 100vw, 480px\" \/>                                <\/figure>\n                            <\/a>\n                        \n                                            <\/div>\n                \n                            <\/div>\n        <\/div>\n    <\/section>\n","protected":false},"excerpt":{"rendered":"<p>Optimisation \u00e9nerg\u00e9tique des installations de refroidissement d&rsquo;ArcelorMittal par Sweco Belgium pour des \u00e9conomies d\u2019\u00e9nergie et une s\u00e9curit\u00e9 optimale.<\/p>\n","protected":false},"featured_media":7048,"template":"","showroom_cats":[185],"showroom_expertise":[],"showroom_partners":[],"showroom_location":[],"showroom_client":[],"class_list":["post-7058","showroom_cpt","type-showroom_cpt","status-publish","has-post-thumbnail","hentry","showroom_cats-solutions-energetiques"],"acf":[],"_links":{"self":[{"href":"https:\/\/www.swecobelgium.be\/fr\/wp-json\/wp\/v2\/showroom_cpt\/7058","targetHints":{"allow":["GET"]}}],"collection":[{"href":"https:\/\/www.swecobelgium.be\/fr\/wp-json\/wp\/v2\/showroom_cpt"}],"about":[{"href":"https:\/\/www.swecobelgium.be\/fr\/wp-json\/wp\/v2\/types\/showroom_cpt"}],"wp:featuredmedia":[{"embeddable":true,"href":"https:\/\/www.swecobelgium.be\/fr\/wp-json\/wp\/v2\/media\/7048"}],"wp:attachment":[{"href":"https:\/\/www.swecobelgium.be\/fr\/wp-json\/wp\/v2\/media?parent=7058"}],"wp:term":[{"taxonomy":"showroom_cats","embeddable":true,"href":"https:\/\/www.swecobelgium.be\/fr\/wp-json\/wp\/v2\/showroom_cats?post=7058"},{"taxonomy":"showroom_expertise","embeddable":true,"href":"https:\/\/www.swecobelgium.be\/fr\/wp-json\/wp\/v2\/showroom_expertise?post=7058"},{"taxonomy":"showroom_partners","embeddable":true,"href":"https:\/\/www.swecobelgium.be\/fr\/wp-json\/wp\/v2\/showroom_partners?post=7058"},{"taxonomy":"showroom_location","embeddable":true,"href":"https:\/\/www.swecobelgium.be\/fr\/wp-json\/wp\/v2\/showroom_location?post=7058"},{"taxonomy":"showroom_client","embeddable":true,"href":"https:\/\/www.swecobelgium.be\/fr\/wp-json\/wp\/v2\/showroom_client?post=7058"}],"curies":[{"name":"wp","href":"https:\/\/api.w.org\/{rel}","templated":true}]}}